{"id":15156,"date":"2017-07-08T12:09:51","date_gmt":"2017-07-08T12:09:51","guid":{"rendered":"https:\/\/www.velopa.ch\/?post_type=project&#038;p=15156"},"modified":"2025-11-19T16:11:55","modified_gmt":"2025-11-19T15:11:55","slug":"abris-a-velos-ecoroof","status":"publish","type":"project","link":"https:\/\/www.velopa.ch\/fr\/abris-a-velos\/ecoroof\/","title":{"rendered":"EcoRoof"},"content":{"rendered":"<p><\/p><div class=\"et_d4_element et_pb_section et_pb_section_0  et_pb_css_mix_blend_mode et_section_regular et_block_section\">\n\t\t\t\t\n\t\t\t\t\n\t\t\t\t\n\t\t\t\t\n\t\t\t\t\n\t\t\t\t\n\t\t\t\t<div class=\"et_d4_element et_pb_row et_pb_row_0  et_pb_css_mix_blend_mode et_block_row\">\n\t\t\t\t<div class=\"et_d4_element et_pb_column_4_4 et_pb_column et_pb_column_0  et_pb_css_mix_blend_mode et-last-child et_block_column\">\n\t\t\t\t\n\t\t\t\t\n\t\t\t\t\n\t\t\t\t\n\t\t\t\t<div class=\"et_pb_module et_d4_element et_pb_image et_pb_image_0\">\n\t\t\t\t\n\t\t\t\t\n\t\t\t\t\n\t\t\t\t\n\t\t\t\t<span class=\"et_pb_image_wrap \"><img loading=\"lazy\" decoding=\"async\" width=\"2160\" height=\"730\" src=\"https:\/\/www.velopa.ch\/wp-content\/uploads\/2017\/07\/Abri_a_velos_EcoRoof_1.jpg\" alt title class=\"wp-image-15157\"><\/span>\n\t\t\t<\/div>\n\t\t\t<\/div>\n\t\t\t\t\n\t\t\t\t\n\t\t\t\t\n\t\t\t\t\n\t\t\t<\/div>\n\t\t\t\t\n\t\t\t\t\n\t\t\t<\/div><div class=\"et_d4_element et_pb_section et_pb_section_1  et_pb_css_mix_blend_mode et_section_regular et_block_section\">\n\t\t\t\t\n\t\t\t\t\n\t\t\t\t\n\t\t\t\t\n\t\t\t\t\n\t\t\t\t\n\t\t\t\t<div class=\"et_d4_element et_pb_row et_pb_row_1  et_pb_css_mix_blend_mode et_block_row\">\n\t\t\t\t<div class=\"et_d4_element et_pb_column_4_4 et_pb_column et_pb_column_1  et_pb_css_mix_blend_mode et-last-child et_block_column\">\n\t\t\t\t\n\t\t\t\t\n\t\t\t\t\n\t\t\t\t\n\t\t\t\t<div class=\"et_pb_module et_d4_element et_pb_text et_pb_text_0  et_pb_text_align_left et_pb_bg_layout_light\">\n\t\t\t\t\n\t\t\t\t\n\t\t\t\t\n\t\t\t\t\n\t\t\t\t<div class=\"et_pb_text_inner\"><h1 style=\"padding-bottom: 0px; background-color: #ffffff; color: #052433; font-weight: 500; line-height: 1.7em; text-align: center; font-family: CamphorStd-Bold, Helvetica, Arial, sans-serif !important;\">Abri \u00e0 v\u00e9los EcoRoof<\/h1><\/div>\n\t\t\t<\/div><div class=\"et_pb_module et_d4_element et_pb_text et_pb_text_1  et_pb_text_align_left et_pb_bg_layout_light\">\n\t\t\t\t\n\t\t\t\t\n\t\t\t\t\n\t\t\t\t\n\t\t\t\t<div class=\"et_pb_text_inner\"><p style=\"text-align: center;\">L\u2019abri \u00e0 v\u00e9los Eco\u00adRoof pro\u00adt\u00e8ge des intemp\u00e9\u00adries \u00e0 un prix tr\u00e8s acces\u00adsi\u00adble: id\u00e9al pour les v\u00e9los, mais \u00e9ga\u00adle\u00adment pour les pous\u00adset\u00adtes par exemple&nbsp;!<\/p><\/div>\n\t\t\t<\/div>\n\t\t\t<\/div>\n\t\t\t\t\n\t\t\t\t\n\t\t\t\t\n\t\t\t\t\n\t\t\t<\/div>\n\t\t\t\t\n\t\t\t\t\n\t\t\t<\/div><div class=\"et_d4_element et_pb_section et_pb_section_2  et_pb_css_mix_blend_mode et_section_regular et_block_section\">\n\t\t\t\t\n\t\t\t\t\n\t\t\t\t\n\t\t\t\t\n\t\t\t\t\n\t\t\t\t\n\t\t\t\t<div class=\"et_d4_element et_pb_row et_pb_row_2 ow_white_slider  et_pb_css_mix_blend_mode et_block_row\">\n\t\t\t\t<div class=\"et_d4_element et_pb_column_1_4 et_pb_column et_pb_column_2  et_pb_css_mix_blend_mode et_block_column\">\n\t\t\t\t\n\t\t\t\t\n\t\t\t\t\n\t\t\t\t\n\t\t\t\t<div class=\"et_pb_module et_d4_element et_pb_image et_pb_image_1\">\n\t\t\t\t\n\t\t\t\t\n\t\t\t\t\n\t\t\t\t\n\t\t\t\t<span class=\"et_pb_image_wrap \"><img loading=\"lazy\" decoding=\"async\" width=\"231\" height=\"231\" src=\"https:\/\/www.velopa.ch\/wp-content\/uploads\/2021\/03\/einkaufen.png\" alt title=\"einkaufen\" srcset=\"https:\/\/www.velopa.ch\/wp-content\/uploads\/2021\/03\/einkaufen.png 231w, https:\/\/www.velopa.ch\/wp-content\/uploads\/2021\/03\/einkaufen-150x150.png 150w\" sizes=\"(max-width: 231px) 100vw, 231px\" class=\"wp-image-53392\"><\/span>\n\t\t\t<\/div>\n\t\t\t<\/div><div class=\"et_d4_element et_pb_column_1_2 et_pb_column et_pb_column_3  et_pb_css_mix_blend_mode et_block_column\">\n\t\t\t\t\n\t\t\t\t\n\t\t\t\t\n\t\t\t\t\n\t\t\t\t<div class=\"et_pb_module et_d4_element et_pb_slider et_pb_slider_0 ow_mobile_text_valign_bottom et_hover_enabled et_pb_slider_fullwidth_off et_pb_slider_no_pagination\">\n\t\t\t\t<div class=\"et_pb_slides\">\n\t\t\t\t\t<div class=\"et_d4_element et_pb_slide et_pb_slide_0  et_pb_css_mix_blend_mode et_pb_bg_layout_dark et_pb_media_alignment_center et-pb-active-slide\" data-slide-id=\"et_pb_slide_0\">\n\t\t\t\t\n\t\t\t\t\n\t\t\t\t<div class=\"et_pb_container clearfix\">\n\t\t\t\t\t<div class=\"et_pb_slider_container_inner\">\n\t\t\t\t\t\t\n\t\t\t\t\t\t<div class=\"et_pb_slide_description\">\n\t\t\t\t\t\t\t<div class=\"et_pb_slide_content\"><h4 style=\"text-align: center;\"><span style=\"color: #1e5faa;\">Acheter en ligne<\/span><\/h4><\/div>\n\t\t\t\t\t\t\t\n\t\t\t\t\t\t<\/div>\n\t\t\t\t\t<\/div>\n\t\t\t\t<\/div>\n\t\t\t\t\n\t\t\t\t\n\t\t\t\t\n\t\t\t<\/div>\n\t\t\t\n\t\t\t\t<\/div>\n\t\t\t\t\n\t\t\t<\/div>\n\t\t\t\n\t\t\t<\/div><div class=\"et_d4_element et_pb_column_1_4 et_pb_column et_pb_column_4  et_pb_css_mix_blend_mode et-last-child et_block_column\">\n\t\t\t\t\n\t\t\t\t\n\t\t\t\t\n\t\t\t\t\n\t\t\t\t<div class=\"et_pb_button_module_wrapper et_pb_button_0_wrapper et_pb_button_alignment_center et_pb_module \">\n\t\t\t\t<a class=\"et_pb_button et_d4_element et_pb_button_0 ow-button-fix-2 et_hover_enabled et_pb_bg_layout_light et_block_module\" href=\"https:\/\/shop.velopa.ch\/fr\/produit\/ecoroof-fr\/\" target=\"_blank\" rel=\"nofollow\">Suite<\/a>\n\t\t\t<\/div>\n\t\t\t<\/div>\n\t\t\t\t\n\t\t\t\t\n\t\t\t\t\n\t\t\t\t\n\t\t\t<\/div>\n\t\t\t\t\n\t\t\t\t\n\t\t\t<\/div><div class=\"et_d4_element et_pb_section et_pb_section_3  et_pb_css_mix_blend_mode et_section_regular et_block_section\">\n\t\t\t\t\n\t\t\t\t\n\t\t\t\t\n\t\t\t\t\n\t\t\t\t\n\t\t\t\t\n\t\t\t\t<div class=\"et_d4_element et_pb_row et_pb_row_3  et_pb_css_mix_blend_mode et_block_row\">\n\t\t\t\t<div class=\"et_d4_element et_pb_column_4_4 et_pb_column et_pb_column_5  et_pb_css_mix_blend_mode et-last-child et_block_column\">\n\t\t\t\t\n\t\t\t\t\n\t\t\t\t\n\t\t\t\t\n\t\t\t\t<div class=\"et_pb_module et_d4_element et_pb_gallery et_pb_gallery_0  et_pb_bg_layout_light et_pb_gallery_grid\">\n\t\t\t\t<div class=\"et_pb_gallery_items et_pb_grid_items et_post_gallery clearfix\" data-per_page=\"4\"><div class=\"et_pb_gallery_item et_pb_grid_item et_pb_bg_layout_light et_pb_css_mix_blend_mode et_pb_gallery_item_0_0\"><div class=\"et_pb_gallery_image landscape\">\n\t\t\t\t\t<a href=\"https:\/\/www.velopa.ch\/wp-content\/uploads\/2017\/07\/Abri_a_velos_EcoRoof_2.jpg\" title=\"Abri \u00e0 v\u00e9los EcoRoof\">\n\t\t\t\t\t<img loading=\"lazy\" decoding=\"async\" width=\"1360\" height=\"760\" src=\"https:\/\/www.velopa.ch\/wp-content\/uploads\/2017\/07\/Abri_a_velos_EcoRoof_2.jpg\" srcset=\"https:\/\/www.velopa.ch\/wp-content\/uploads\/2017\/07\/Abri_a_velos_EcoRoof_2.jpg 479w, https:\/\/www.velopa.ch\/wp-content\/uploads\/2017\/07\/Abri_a_velos_EcoRoof_2.jpg 480w\" sizes=\"(max-width:479px) 479px, 100vw\" class=\"wp-image-36238\">\n\t\t\t\t\t<span class=\"et_overlay et_pb_inline_icon\" data-icon=\"T\"><\/span>\n\t\t\t\t<\/a>\n\t\t\t\t<\/div><\/div><div class=\"et_pb_gallery_item et_pb_grid_item et_pb_bg_layout_light et_pb_css_mix_blend_mode et_pb_gallery_item_0_1\"><div class=\"et_pb_gallery_image landscape\">\n\t\t\t\t\t<a href=\"https:\/\/www.velopa.ch\/wp-content\/uploads\/2017\/07\/Abri_a_velos_EcoRoof_2a.jpg\" title=\"Abri \u00e0 v\u00e9los EcoRoof\">\n\t\t\t\t\t<img loading=\"lazy\" decoding=\"async\" width=\"1360\" height=\"760\" src=\"https:\/\/www.velopa.ch\/wp-content\/uploads\/2017\/07\/Abri_a_velos_EcoRoof_2a.jpg\" srcset=\"https:\/\/www.velopa.ch\/wp-content\/uploads\/2017\/07\/Abri_a_velos_EcoRoof_2a.jpg 479w, https:\/\/www.velopa.ch\/wp-content\/uploads\/2017\/07\/Abri_a_velos_EcoRoof_2a.jpg 480w\" sizes=\"(max-width:479px) 479px, 100vw\" class=\"wp-image-36856\">\n\t\t\t\t\t<span class=\"et_overlay et_pb_inline_icon\" data-icon=\"T\"><\/span>\n\t\t\t\t<\/a>\n\t\t\t\t<\/div><\/div><div class=\"et_pb_gallery_item et_pb_grid_item et_pb_bg_layout_light et_pb_css_mix_blend_mode et_pb_gallery_item_0_2\"><div class=\"et_pb_gallery_image landscape\">\n\t\t\t\t\t<a href=\"https:\/\/www.velopa.ch\/wp-content\/uploads\/2017\/07\/Abri_a_velos_EcoRoof_4.jpg\" title=\"Abri \u00e0 v\u00e9los EcoRoof\">\n\t\t\t\t\t<img loading=\"lazy\" decoding=\"async\" width=\"1360\" height=\"760\" src=\"https:\/\/www.velopa.ch\/wp-content\/uploads\/2017\/07\/Abri_a_velos_EcoRoof_4.jpg\" srcset=\"https:\/\/www.velopa.ch\/wp-content\/uploads\/2017\/07\/Abri_a_velos_EcoRoof_4.jpg 479w, https:\/\/www.velopa.ch\/wp-content\/uploads\/2017\/07\/Abri_a_velos_EcoRoof_4.jpg 480w\" sizes=\"(max-width:479px) 479px, 100vw\" class=\"wp-image-36231\">\n\t\t\t\t\t<span class=\"et_overlay et_pb_inline_icon\" data-icon=\"T\"><\/span>\n\t\t\t\t<\/a>\n\t\t\t\t<\/div><\/div><div class=\"et_pb_gallery_item et_pb_grid_item et_pb_bg_layout_light et_pb_css_mix_blend_mode et_pb_gallery_item_0_3\"><div class=\"et_pb_gallery_image landscape\">\n\t\t\t\t\t<a href=\"https:\/\/www.velopa.ch\/wp-content\/uploads\/2017\/07\/Abri_a_velos_EcoRoof_5.jpg\" title=\"Abri \u00e0 v\u00e9los EcoRoof\">\n\t\t\t\t\t<img loading=\"lazy\" decoding=\"async\" width=\"1360\" height=\"760\" src=\"https:\/\/www.velopa.ch\/wp-content\/uploads\/2017\/07\/Abri_a_velos_EcoRoof_5.jpg\" srcset=\"https:\/\/www.velopa.ch\/wp-content\/uploads\/2017\/07\/Abri_a_velos_EcoRoof_5.jpg 479w, https:\/\/www.velopa.ch\/wp-content\/uploads\/2017\/07\/Abri_a_velos_EcoRoof_5.jpg 480w\" sizes=\"(max-width:479px) 479px, 100vw\" class=\"wp-image-36233\">\n\t\t\t\t\t<span class=\"et_overlay et_pb_inline_icon\" data-icon=\"T\"><\/span>\n\t\t\t\t<\/a>\n\t\t\t\t<\/div><\/div><div class=\"et_pb_gallery_item et_pb_grid_item et_pb_bg_layout_light et_pb_css_mix_blend_mode et_pb_gallery_item_0_4\"><div class=\"et_pb_gallery_image landscape\">\n\t\t\t\t\t<a href=\"https:\/\/www.velopa.ch\/wp-content\/uploads\/2017\/07\/Abri_a_velos_EcoRoof_6.jpg\" title=\"Abri \u00e0 v\u00e9los EcoRoof\">\n\t\t\t\t\t<img loading=\"lazy\" decoding=\"async\" width=\"1360\" height=\"760\" src=\"https:\/\/www.velopa.ch\/wp-content\/uploads\/2017\/07\/Abri_a_velos_EcoRoof_6.jpg\" srcset=\"https:\/\/www.velopa.ch\/wp-content\/uploads\/2017\/07\/Abri_a_velos_EcoRoof_6.jpg 479w, https:\/\/www.velopa.ch\/wp-content\/uploads\/2017\/07\/Abri_a_velos_EcoRoof_6.jpg 480w\" sizes=\"(max-width:479px) 479px, 100vw\" class=\"wp-image-36234\">\n\t\t\t\t\t<span class=\"et_overlay et_pb_inline_icon\" data-icon=\"T\"><\/span>\n\t\t\t\t<\/a>\n\t\t\t\t<\/div><\/div><div class=\"et_pb_gallery_item et_pb_grid_item et_pb_bg_layout_light et_pb_css_mix_blend_mode et_pb_gallery_item_0_5\"><div class=\"et_pb_gallery_image landscape\">\n\t\t\t\t\t<a href=\"https:\/\/www.velopa.ch\/wp-content\/uploads\/2017\/07\/Abri_a_velos_EcoRoof_7.jpg\" title=\"Abri \u00e0 v\u00e9los EcoRoof\">\n\t\t\t\t\t<img loading=\"lazy\" decoding=\"async\" width=\"1360\" height=\"760\" src=\"https:\/\/www.velopa.ch\/wp-content\/uploads\/2017\/07\/Abri_a_velos_EcoRoof_7.jpg\" srcset=\"https:\/\/www.velopa.ch\/wp-content\/uploads\/2017\/07\/Abri_a_velos_EcoRoof_7.jpg 479w, https:\/\/www.velopa.ch\/wp-content\/uploads\/2017\/07\/Abri_a_velos_EcoRoof_7.jpg 480w\" sizes=\"(max-width:479px) 479px, 100vw\" class=\"wp-image-36236\">\n\t\t\t\t\t<span class=\"et_overlay et_pb_inline_icon\" data-icon=\"T\"><\/span>\n\t\t\t\t<\/a>\n\t\t\t\t<\/div><\/div><div class=\"et_pb_gallery_item et_pb_grid_item et_pb_bg_layout_light et_pb_css_mix_blend_mode et_pb_gallery_item_0_6\"><div class=\"et_pb_gallery_image landscape\">\n\t\t\t\t\t<a href=\"https:\/\/www.velopa.ch\/wp-content\/uploads\/2017\/07\/Abri_a_velos_EcoRoof_8.jpg\" title=\"Abri \u00e0 v\u00e9los EcoRoof\">\n\t\t\t\t\t<img loading=\"lazy\" decoding=\"async\" width=\"1360\" height=\"760\" src=\"https:\/\/www.velopa.ch\/wp-content\/uploads\/2017\/07\/Abri_a_velos_EcoRoof_8.jpg\" srcset=\"https:\/\/www.velopa.ch\/wp-content\/uploads\/2017\/07\/Abri_a_velos_EcoRoof_8.jpg 479w, https:\/\/www.velopa.ch\/wp-content\/uploads\/2017\/07\/Abri_a_velos_EcoRoof_8.jpg 480w\" sizes=\"(max-width:479px) 479px, 100vw\" class=\"wp-image-36237\">\n\t\t\t\t\t<span class=\"et_overlay et_pb_inline_icon\" data-icon=\"T\"><\/span>\n\t\t\t\t<\/a>\n\t\t\t\t<\/div><\/div><div class=\"et_pb_gallery_item et_pb_grid_item et_pb_bg_layout_light et_pb_css_mix_blend_mode et_pb_gallery_item_0_7\"><div class=\"et_pb_gallery_image landscape\">\n\t\t\t\t\t<a href=\"https:\/\/www.velopa.ch\/wp-content\/uploads\/2017\/07\/Abri_a_velos_EcoRoof_9.jpg\" title=\"Abri \u00e0 v\u00e9los EcoRoof\">\n\t\t\t\t\t<img loading=\"lazy\" decoding=\"async\" width=\"1360\" height=\"760\" src=\"https:\/\/www.velopa.ch\/wp-content\/uploads\/2017\/07\/Abri_a_velos_EcoRoof_9.jpg\" srcset=\"https:\/\/www.velopa.ch\/wp-content\/uploads\/2017\/07\/Abri_a_velos_EcoRoof_9.jpg 479w, https:\/\/www.velopa.ch\/wp-content\/uploads\/2017\/07\/Abri_a_velos_EcoRoof_9.jpg 480w\" sizes=\"(max-width:479px) 479px, 100vw\" class=\"wp-image-36235\">\n\t\t\t\t\t<span class=\"et_overlay et_pb_inline_icon\" data-icon=\"T\"><\/span>\n\t\t\t\t<\/a>\n\t\t\t\t<\/div><\/div><\/div><div class=\"et_pb_gallery_pagination\"><\/div><\/div>\n\t\t\t<\/div>\n\t\t\t\t\n\t\t\t\t\n\t\t\t\t\n\t\t\t\t\n\t\t\t<\/div>\n\t\t\t\t\n\t\t\t\t\n\t\t\t<\/div><div class=\"et_d4_element et_pb_section et_pb_section_4  et_pb_css_mix_blend_mode et_section_regular et_block_section\">\n\t\t\t\t\n\t\t\t\t\n\t\t\t\t\n\t\t\t\t\n\t\t\t\t\n\t\t\t\t\n\t\t\t\t<div class=\"et_d4_element et_pb_row et_pb_row_4 ow_white_slider  et_pb_css_mix_blend_mode et_block_row\">\n\t\t\t\t<div class=\"et_d4_element et_pb_column_1_4 et_pb_column et_pb_column_6  et_pb_css_mix_blend_mode et_block_column\">\n\t\t\t\t\n\t\t\t\t\n\t\t\t\t\n\t\t\t\t\n\t\t\t\t<div class=\"et_pb_module et_d4_element et_pb_image et_pb_image_2\">\n\t\t\t\t\n\t\t\t\t\n\t\t\t\t\n\t\t\t\t\n\t\t\t\t<span class=\"et_pb_image_wrap \"><img loading=\"lazy\" decoding=\"async\" width=\"231\" height=\"231\" src=\"https:\/\/www.velopa.ch\/wp-content\/uploads\/2021\/03\/persoenliche-beratung.png\" alt title=\"persoenliche-beratung\" srcset=\"https:\/\/www.velopa.ch\/wp-content\/uploads\/2021\/03\/persoenliche-beratung.png 231w, https:\/\/www.velopa.ch\/wp-content\/uploads\/2021\/03\/persoenliche-beratung-150x150.png 150w\" sizes=\"(max-width: 231px) 100vw, 231px\" class=\"wp-image-53368\"><\/span>\n\t\t\t<\/div>\n\t\t\t<\/div><div class=\"et_d4_element et_pb_column_1_2 et_pb_column et_pb_column_7  et_pb_css_mix_blend_mode et_block_column\">\n\t\t\t\t\n\t\t\t\t\n\t\t\t\t\n\t\t\t\t\n\t\t\t\t<div class=\"et_pb_module et_d4_element et_pb_slider et_pb_slider_1 ow_mobile_text_valign_bottom et_hover_enabled et_pb_slider_fullwidth_off et_pb_slider_no_pagination\">\n\t\t\t\t<div class=\"et_pb_slides\">\n\t\t\t\t\t<div class=\"et_d4_element et_pb_slide et_pb_slide_1  et_pb_css_mix_blend_mode et_pb_bg_layout_dark et_pb_media_alignment_center et-pb-active-slide\" data-slide-id=\"et_pb_slide_1\">\n\t\t\t\t\n\t\t\t\t\n\t\t\t\t<div class=\"et_pb_container clearfix\">\n\t\t\t\t\t<div class=\"et_pb_slider_container_inner\">\n\t\t\t\t\t\t\n\t\t\t\t\t\t<div class=\"et_pb_slide_description\">\n\t\t\t\t\t\t\t<div class=\"et_pb_slide_content\"><h4 style=\"text-align: center;\"><span style=\"color: #1e5faa;\">Conseil sur place<\/span><\/h4><\/div>\n\t\t\t\t\t\t\t\n\t\t\t\t\t\t<\/div>\n\t\t\t\t\t<\/div>\n\t\t\t\t<\/div>\n\t\t\t\t\n\t\t\t\t\n\t\t\t\t\n\t\t\t<\/div>\n\t\t\t\n\t\t\t\t<\/div>\n\t\t\t\t\n\t\t\t<\/div>\n\t\t\t\n\t\t\t<\/div><div class=\"et_d4_element et_pb_column_1_4 et_pb_column et_pb_column_8  et_pb_css_mix_blend_mode et-last-child et_block_column\">\n\t\t\t\t\n\t\t\t\t\n\t\t\t\t\n\t\t\t\t\n\t\t\t\t<div class=\"et_pb_button_module_wrapper et_pb_button_1_wrapper et_pb_button_alignment_center et_pb_module \">\n\t\t\t\t<a class=\"et_pb_button et_d4_element et_pb_button_1 ow-button-fix-2 et_hover_enabled et_pb_bg_layout_light et_block_module\" href=\"https:\/\/www.velopa.ch\/fr\/conseil-sur-place?product=ecoroof\" target=\"_blank\" rel=\"nofollow\">Suite<\/a>\n\t\t\t<\/div>\n\t\t\t<\/div>\n\t\t\t\t\n\t\t\t\t\n\t\t\t\t\n\t\t\t\t\n\t\t\t<\/div>\n\t\t\t\t\n\t\t\t\t\n\t\t\t<\/div><div class=\"et_d4_element et_pb_section et_pb_section_5  et_pb_css_mix_blend_mode et_section_regular et_block_section\">\n\t\t\t\t\n\t\t\t\t\n\t\t\t\t\n\t\t\t\t\n\t\t\t\t\n\t\t\t\t\n\t\t\t\t<div class=\"et_d4_element et_pb_row et_pb_row_5  et_pb_css_mix_blend_mode et_block_row\">\n\t\t\t\t<div class=\"et_d4_element et_pb_column_1_2 et_pb_column et_pb_column_9  et_pb_css_mix_blend_mode et_block_column\">\n\t\t\t\t\n\t\t\t\t\n\t\t\t\t\n\t\t\t\t\n\t\t\t\t<div class=\"et_pb_module et_d4_element et_pb_text et_pb_text_2  et_pb_text_align_left et_pb_bg_layout_light\">\n\t\t\t\t\n\t\t\t\t\n\t\t\t\t\n\t\t\t\t\n\t\t\t\t<div class=\"et_pb_text_inner\"><h3>EcoRoof: l'abri \u00e0 v\u00e9los pour bricoleurs<\/h3><\/div>\n\t\t\t<\/div><div class=\"et_pb_module et_d4_element et_pb_text et_pb_text_3  et_pb_text_align_left et_pb_bg_layout_light\">\n\t\t\t\t\n\t\t\t\t\n\t\t\t\t\n\t\t\t\t\n\t\t\t\t<div class=\"et_pb_text_inner\"><p style=\"text-align: justify;\">Cette instal\u00adla\u00adtion \u00e9co\u00adno\u00admise sur le mon\u00adtage et le trans\u00adport mais pas sur la qua\u00adlit\u00e9. L\u2019abri \u00e0 v\u00e9los Eco\u00adRoof est livr\u00e9 sous la forme d\u2019un kit com\u00adpren\u00adant des tubes car\u00adr\u00e9s en alu\u00admi\u00adnium et des jon\u00adc\u00adtions en acier chrom\u00e9. \u00c0 mon\u00adter vous-m\u00eame de mani\u00e8re simple et rapide! L\u2019abri \u00e0 v\u00e9los Eco\u00adRoof est id\u00e9al pour les mai\u00adsons indi\u00advi\u00addu\u00adel\u00adles ou coll\u00adec\u00adti\u00adves ainsi que pour les par\u00adkings de peti\u00adtes ent\u00adre\u00adpri\u00adses, en pla\u00ad\u00e7ant par exemple deux Eco\u00adRoof c\u00f4te \u00e0&nbsp;c\u00f4te.<\/p>\n<p style=\"text-align: justify;\"><span style=\"color: #1e5faa;\"><b>Les opti\u00adons sui\u00advan\u00adtes sont dis\u00adpo\u00adnibles pour notre abri \u00e0 v\u00e9los EcoRoof:<\/b><\/span><\/p>\n<ul>\n<li>Parois lat\u00e9\u00adra\u00adles, droite ou gau\u00adche: plaque de poly\u00adcar\u00adbo\u00adnate (ondul\u00e9e) pour pro\u00adt\u00e9\u00adger des intemp\u00e9ries<\/li>\n<li>Paroi arri\u00e8re plaque de poly\u00adcar\u00adbo\u00adnate (ondul\u00e9e)<\/li>\n<li>Sup\u00adport \u00e0 v\u00e9los, distance des axes mini\u00admale con\u00adseil\u00adl\u00e9e: 45&nbsp;cm<\/li>\n<li>Rev\u00eate\u00adment par poudre de cou\u00adleur au&nbsp;choix<\/li>\n<\/ul>\n<p><\/p><\/div>\n\t\t\t<\/div>\n\t\t\t<\/div><div class=\"et_d4_element et_pb_column_1_2 et_pb_column et_pb_column_10  et_pb_css_mix_blend_mode et-last-child et_block_column\">\n\t\t\t\t\n\t\t\t\t\n\t\t\t\t\n\t\t\t\t\n\t\t\t\t<div class=\"et_pb_module et_d4_element et_pb_divider_0 et_pb_space et_pb_divider_hidden\"><div class=\"et_pb_divider_internal\"><\/div><\/div><div class=\"et_pb_module et_d4_element et_pb_text et_pb_text_4  et_pb_text_align_left et_pb_bg_layout_light\">\n\t\t\t\t\n\t\t\t\t\n\t\t\t\t\n\t\t\t\t\n\t\t\t\t<div class=\"et_pb_text_inner\"><p style=\"text-align: justify;\"><span style=\"background-color: #ffffff; font-size: 14px; color: #1e5faa;\"><b style=\"font-size: 14px;\">Astuces:<\/b><\/span><br>Pour le mon\u00adtage de l\u2019EcoRoof, vous aurez besoin de la notice et des outils sui\u00advants: une cl\u00e9 \u00e0 six pans, un cli\u00adquet \u00e0 douille, une per\u00adce\u00aduse-vis\u00adseuse \u00e0 per\u00adcus\u00adsion pour l\u2019ancrage au sol. L\u2019abri \u00e0 v\u00e9lo Eco\u00adRoof peut, dans cer\u00adtai\u00adnes con\u00addi\u00adti\u00adons, \u00eatre ancr\u00e9 au sol sans fon\u00adda\u00adtion. Tou\u00adte\u00adfois, il est recom\u00admand\u00e9 de cr\u00e9er une fon\u00adda\u00adtion dans les end\u00adroits expo\u00ads\u00e9s. Nous nous ferons un plai\u00adsir de vous con\u00adseil\u00adler personnellement.<\/p>\n<p><\/p><\/div>\n\t\t\t<\/div>\n\t\t\t<\/div>\n\t\t\t\t\n\t\t\t\t\n\t\t\t\t\n\t\t\t\t\n\t\t\t<\/div>\n\t\t\t\t\n\t\t\t\t\n\t\t\t<\/div><div id=\"ow_fix_height_399\" class=\"et_d4_element et_pb_section et_pb_section_6  et_pb_css_mix_blend_mode et_section_regular et_block_section\">\n\t\t\t\t\n\t\t\t\t\n\t\t\t\t\n\t\t\t\t\n\t\t\t\t\n\t\t\t\t\n\t\t\t\t<div class=\"et_d4_element et_pb_row et_pb_row_6  et_pb_css_mix_blend_mode et_block_row\">\n\t\t\t\t<div class=\"et_d4_element et_pb_column_1_3 et_pb_column et_pb_column_11 ow_mobile_insert_after  et_pb_css_mix_blend_mode et_block_column\">\n\t\t\t\t\n\t\t\t\t\n\t\t\t\t\n\t\t\t\t\n\t\t\t\t<div class=\"et_pb_module et_d4_element et_pb_blurb et_pb_blurb_0 ow_clickable_box  et_pb_text_align_center  et_pb_blurb_position_top et_block_module et_pb_bg_layout_light\">\n\t\t\t\t\n\t\t\t\t\n\t\t\t\t\n\t\t\t\t\n\t\t\t\t<div class=\"et_pb_blurb_content\">\n\t\t\t\t\t<div class=\"et_pb_main_blurb_image et_pb_css_mix_blend_mode\"><span class=\"et_pb_image_wrap et_pb_only_image_mode_wrap\"><img loading=\"lazy\" decoding=\"async\" width=\"231\" height=\"231\" src=\"https:\/\/www.velopa.ch\/wp-content\/uploads\/2021\/03\/tipps.png\" alt srcset=\"https:\/\/www.velopa.ch\/wp-content\/uploads\/2021\/03\/tipps.png 231w, https:\/\/www.velopa.ch\/wp-content\/uploads\/2021\/03\/tipps-150x150.png 150w\" sizes=\"(max-width: 231px) 100vw, 231px\" class=\"et-waypoint et_pb_animation_off et_pb_animation_off_tablet et_pb_animation_off_phone wp-image-53372\"><\/span><\/div>\n\t\t\t\t\t<div class=\"et_pb_blurb_container\">\n\t\t\t\t\t\t<h4 class=\"et_pb_module_header\"><span>Emplacement<\/span><\/h4>\n\t\t\t\t\t\t<div class=\"et_pb_blurb_description\"><p><\/p>\n<p>Quel est l\u2019emplacement id\u00e9al pour un abri \u00e0 v\u00e9los ? Nous vous l\u2019expliquons dans la&nbsp;vid\u00e9o.<\/p><\/div>\n\t\t\t\t\t<\/div>\n\t\t\t\t<\/div>\n\t\t\t<\/div>\n\t\t\t<\/div><div class=\"et_d4_element et_pb_column_2_3 et_pb_column et_pb_column_12 ow_mobile_insert_before ow_remove_bottom_margin  et_pb_css_mix_blend_mode et-last-child et_block_column\">\n\t\t\t\t\n\t\t\t\t\n\t\t\t\t\n\t\t\t\t\n\t\t\t\t<div class=\"et_pb_module et_d4_element et_pb_code et_pb_code_0 ow_video_full_height\">\n\t\t\t\t\n\t\t\t\t\n\t\t\t\t\n\t\t\t\t\n\t\t\t\t<div class=\"et_pb_code_inner\"><iframe loading=\"lazy\" width=\"1280\" height=\"720\" src=\"https:\/\/www.youtube.com\/embed\/FFAaN08P_Oo?rel=0\" frameborder=\"0\" allowfullscreen><\/iframe><\/div>\n\t\t\t<\/div>\n\t\t\t<\/div>\n\t\t\t\t\n\t\t\t\t\n\t\t\t\t\n\t\t\t\t\n\t\t\t<\/div>\n\t\t\t\t\n\t\t\t\t\n\t\t\t<\/div><div id=\"ow_fix_height_399\" class=\"et_d4_element et_pb_section et_pb_section_8  et_pb_css_mix_blend_mode et_section_regular et_block_section\">\n\t\t\t\t\n\t\t\t\t\n\t\t\t\t\n\t\t\t\t\n\t\t\t\t\n\t\t\t\t\n\t\t\t\t<div class=\"et_d4_element et_pb_row et_pb_row_7  et_pb_css_mix_blend_mode et_block_row\">\n\t\t\t\t<div class=\"et_d4_element et_pb_column_2_3 et_pb_column et_pb_column_13 ow_remove_bottom_margin  et_pb_css_mix_blend_mode et_block_column\">\n\t\t\t\t\n\t\t\t\t\n\t\t\t\t\n\t\t\t\t\n\t\t\t\t<div class=\"et_pb_module et_d4_element et_pb_code et_pb_code_1 ow_video_full_height\">\n\t\t\t\t\n\t\t\t\t\n\t\t\t\t\n\t\t\t\t\n\t\t\t\t<div class=\"et_pb_code_inner\"><iframe loading=\"lazy\" width=\"1280\" height=\"720\" src=\"https:\/\/www.youtube.com\/embed\/QgaLf8TUsNg?rel=0\" frameborder=\"0\" allowfullscreen><\/iframe><\/div>\n\t\t\t<\/div>\n\t\t\t<\/div><div class=\"et_d4_element et_pb_column_1_3 et_pb_column et_pb_column_14 ow_mobile_map_insert_after  et_pb_css_mix_blend_mode et-last-child et_block_column\">\n\t\t\t\t\n\t\t\t\t\n\t\t\t\t\n\t\t\t\t\n\t\t\t\t<div class=\"et_pb_module et_d4_element et_pb_blurb et_pb_blurb_1 ow_clickable_box  et_pb_text_align_center  et_pb_blurb_position_top et_block_module et_pb_bg_layout_light\">\n\t\t\t\t\n\t\t\t\t\n\t\t\t\t\n\t\t\t\t\n\t\t\t\t<div class=\"et_pb_blurb_content\">\n\t\t\t\t\t<div class=\"et_pb_main_blurb_image et_pb_css_mix_blend_mode\"><span class=\"et_pb_image_wrap et_pb_only_image_mode_wrap\"><img loading=\"lazy\" decoding=\"async\" width=\"231\" height=\"231\" src=\"https:\/\/www.velopa.ch\/wp-content\/uploads\/2021\/03\/tipps.png\" alt srcset=\"https:\/\/www.velopa.ch\/wp-content\/uploads\/2021\/03\/tipps.png 231w, https:\/\/www.velopa.ch\/wp-content\/uploads\/2021\/03\/tipps-150x150.png 150w\" sizes=\"(max-width: 231px) 100vw, 231px\" class=\"et-waypoint et_pb_animation_off et_pb_animation_off_tablet et_pb_animation_off_phone wp-image-53372\"><\/span><\/div>\n\t\t\t\t\t<div class=\"et_pb_blurb_container\">\n\t\t\t\t\t\t<h4 class=\"et_pb_module_header\"><span>Nombre de v\u00e9los ?<\/span><\/h4>\n\t\t\t\t\t\t<div class=\"et_pb_blurb_description\"><p>Lorsqu\u2019on envi\u00adsage d\u2019a\u00adche\u00adter un abri \u00e0 v\u00e9los, il est con\u00adseill\u00e9 de se poser au pr\u00e9\u00adalable quel\u00adques ques\u00adti\u00adons. Un point d\u00e9cisif est cer\u00adtai\u00adne\u00adment le nombre de v\u00e9los \u00e0 ran\u00adger \u00e0 l\u2019in\u00adt\u00e9\u00adri\u00adeur. \u00c0 ce sujet, il est cer\u00adtai\u00adne\u00adment utile de prendre dif\u00adf\u00e9r\u00adents \u00e9l\u00e9\u00adments en consid\u00e9ration\u2026<\/p><\/div>\n\t\t\t\t\t<\/div>\n\t\t\t\t<\/div>\n\t\t\t<\/div>\n\t\t\t<\/div>\n\t\t\t\t\n\t\t\t\t\n\t\t\t\t\n\t\t\t\t\n\t\t\t<\/div>\n\t\t\t\t\n\t\t\t\t\n\t\t\t<\/div><div id=\"ow_fix_height_234\" class=\"et_d4_element et_pb_section et_pb_section_9  et_pb_css_mix_blend_mode et_section_regular et_block_section\">\n\t\t\t\t\n\t\t\t\t\n\t\t\t\t\n\t\t\t\t\n\t\t\t\t\n\t\t\t\t\n\t\t\t\t<div class=\"et_d4_element et_pb_row et_pb_row_8  et_pb_css_mix_blend_mode et_block_row\">\n\t\t\t\t<div class=\"et_d4_element et_pb_column_1_4 et_pb_column et_pb_column_15 ow_remove_bottom_margin  et_pb_css_mix_blend_mode et_block_column\">\n\t\t\t\t\n\t\t\t\t\n\t\t\t\t\n\t\t\t\t\n\t\t\t\t<div class=\"et_pb_module et_d4_element et_pb_blurb et_pb_blurb_2  et_pb_text_align_center  et_pb_blurb_position_top et_block_module et_pb_bg_layout_light\">\n\t\t\t\t\n\t\t\t\t\n\t\t\t\t\n\t\t\t\t\n\t\t\t\t<div class=\"et_pb_blurb_content\">\n\t\t\t\t\t<div class=\"et_pb_main_blurb_image et_pb_css_mix_blend_mode\"><span class=\"et_pb_image_wrap et_pb_only_image_mode_wrap\"><img loading=\"lazy\" decoding=\"async\" width=\"105\" height=\"105\" src=\"https:\/\/www.velopa.ch\/wp-content\/uploads\/2017\/04\/download.png\" alt class=\"et-waypoint et_pb_animation_off et_pb_animation_off_tablet et_pb_animation_off_phone wp-image-8121\"><\/span><\/div>\n\t\t\t\t\t<div class=\"et_pb_blurb_container\">\n\t\t\t\t\t\t<h4 class=\"et_pb_module_header\"><span>T\u00e9l\u00e9chargements<\/span><\/h4>\n\t\t\t\t\t\t\n\t\t\t\t\t<\/div>\n\t\t\t\t<\/div>\n\t\t\t<\/div>\n\t\t\t<\/div><div class=\"et_d4_element et_pb_column_3_4 et_pb_column et_pb_column_16  et_pb_css_mix_blend_mode et-last-child et_block_column\">\n\t\t\t\t\n\t\t\t\t\n\t\t\t\t\n\t\t\t\t\n\t\t\t\t<div class=\"et_pb_module et_d4_element et_pb_tabs et_pb_tabs_0 \">\n\t\t\t\t\n\t\t\t\t\n\t\t\t\t\n\t\t\t\t\n\t\t\t\t<ul class=\"et_pb_tabs_controls clearfix\">\n\t\t\t\t\t<li class=\"et_pb_tab_0 et_pb_tab_active\"><a href=\"#\">Infor\u00adma\u00adtion sur le produit<\/a><\/li><li class=\"et_pb_tab_1\"><a href=\"#\">Carac\u00adt\u00e9\u00adris\u00adti\u00adques techniques<\/a><\/li><li class=\"et_pb_tab_2\"><a href=\"#\">Ins\u00adtruc\u00adtions<\/a><\/li>\n\t\t\t\t<\/ul>\n\t\t\t\t<div class=\"et_pb_all_tabs\">\n\t\t\t\t\t<div class=\"et_d4_element et_pb_tab et_pb_tab_0 clearfix et_pb_active_content\">\n\t\t\t\t\n\t\t\t\t\n\t\t\t\t\n\t\t\t\t\n\t\t\t\t<div class=\"et_pb_tab_content\"><h5 style=\"background-color: #ffffff;\"><a href=\"https:\/\/www.velopa.ch\/wp-content\/uploads\/Produktinformation\/FR\/DB_EcoRoof_FR.pdf\" target=\"_blank\" rel=\"noopener noreferrer\">\u25ba Fiche tech\u00adni\u00adque EcoRoof<\/a><\/h5>\n<h5 style=\"background-color: #ffffff;\"><a href=\"https:\/\/www.velopa.ch\/wp-content\/uploads\/Produktinformation\/Flaechenmaterialien\/DB_Flaechenmaterialien_FR.pdf\" target=\"_blank\" rel=\"noopener noreferrer\">\u25ba Mat\u00e9\u00adriaux de surface<\/a><\/h5>\n<h5><a href=\"https:\/\/www.velopa.ch\/wp-content\/uploads\/Produktinformation\/Zubehoer\/Diebstahlsicherung_FR.pdf\" target=\"_blank\" rel=\"noopener noreferrer\">\u25ba S\u00e9cu\u00adrit\u00e9<\/a><\/h5><\/div>\n\t\t\t<\/div><div class=\"et_d4_element et_pb_tab et_pb_tab_1 clearfix\">\n\t\t\t\t\n\t\t\t\t\n\t\t\t\t\n\t\t\t\t\n\t\t\t\t<div class=\"et_pb_tab_content\"><h5 style=\"background-color: #ffffff;\"><a href=\"https:\/\/www.velopa.ch\/wp-content\/uploads\/Technische_Daten\/FR\/EC-0001-EcoRoof-160-200-FR.PDF\" target=\"_blank\" rel=\"noopener noreferrer\">\u25ba Plan de fon\u00adda\u00adtion Eco\u00adRoof 160,&nbsp;200<\/a><\/h5><\/div>\n\t\t\t<\/div><div class=\"et_d4_element et_pb_tab et_pb_tab_2 clearfix\">\n\t\t\t\t\n\t\t\t\t\n\t\t\t\t\n\t\t\t\t\n\t\t\t\t<div class=\"et_pb_tab_content\"><h5 style=\"background-color: #ffffff;\"><a href=\"https:\/\/www.velopa.ch\/wp-content\/uploads\/Anleitungen\/FR\/NOTICE_DE_MONTAGE_EcoRoof.pdf\" target=\"_blank\" rel=\"noopener noreferrer\">\u25ba Notice de mon\u00adtage EcoRoof<\/a><\/h5><\/div>\n\t\t\t<\/div>\n\t\t\t\t<\/div>\n\t\t\t<\/div>\n\t\t\t<\/div>\n\t\t\t\t\n\t\t\t\t\n\t\t\t\t\n\t\t\t\t\n\t\t\t<\/div>\n\t\t\t\t\n\t\t\t\t\n\t\t\t<\/div><div class=\"et_d4_element et_pb_section et_pb_section_11  et_pb_css_mix_blend_mode et_section_regular et_block_section\">\n\t\t\t\t\n\t\t\t\t\n\t\t\t\t\n\t\t\t\t\n\t\t\t\t\n\t\t\t\t\n\t\t\t\t<div class=\"et_d4_element et_pb_row et_pb_row_9  et_pb_css_mix_blend_mode et_block_row\">\n\t\t\t\t<div class=\"et_d4_element et_pb_column_1_4 et_pb_column et_pb_column_17 ow_remove_bottom_margin ow_greybox_height_233  et_pb_css_mix_blend_mode et_block_column\">\n\t\t\t\t\n\t\t\t\t\n\t\t\t\t\n\t\t\t\t\n\t\t\t\t<div class=\"et_pb_module et_d4_element et_pb_blurb et_pb_blurb_3  et_pb_text_align_center  et_pb_blurb_position_top et_block_module et_pb_bg_layout_light\">\n\t\t\t\t\n\t\t\t\t\n\t\t\t\t\n\t\t\t\t\n\t\t\t\t<div class=\"et_pb_blurb_content\">\n\t\t\t\t\t<div class=\"et_pb_main_blurb_image et_pb_css_mix_blend_mode\"><span class=\"et_pb_image_wrap et_pb_only_image_mode_wrap\"><img loading=\"lazy\" decoding=\"async\" width=\"231\" height=\"231\" src=\"https:\/\/www.velopa.ch\/wp-content\/uploads\/2021\/03\/weitere-produkte.png\" alt srcset=\"https:\/\/www.velopa.ch\/wp-content\/uploads\/2021\/03\/weitere-produkte.png 231w, https:\/\/www.velopa.ch\/wp-content\/uploads\/2021\/03\/weitere-produkte-150x150.png 150w\" sizes=\"(max-width: 231px) 100vw, 231px\" class=\"et-waypoint et_pb_animation_off et_pb_animation_off_tablet et_pb_animation_off_phone wp-image-53344\"><\/span><\/div>\n\t\t\t\t\t<div class=\"et_pb_blurb_container\">\n\t\t\t\t\t\t<h4 class=\"et_pb_module_header\"><span>Autres produits<\/span><\/h4>\n\t\t\t\t\t\t\n\t\t\t\t\t<\/div>\n\t\t\t\t<\/div>\n\t\t\t<\/div>\n\t\t\t<\/div><div class=\"et_d4_element et_pb_column_3_4 et_pb_column et_pb_column_18  et_pb_css_mix_blend_mode et-last-child et_block_column\">\n\t\t\t\t\n\t\t\t\t\n\t\t\t\t\n\t\t\t\t\n\t\t\t\t<div class=\"et_pb_module et_d4_element et_pb_text et_pb_text_5  et_pb_text_align_left et_pb_bg_layout_light\">\n\t\t\t\t\n\t\t\t\t\n\t\t\t\t\n\t\t\t\t\n\t\t\t\t<div class=\"et_pb_text_inner\"><p>\n<\/p><div class=\"et_pb_portfolio_grid clearfix et_pb_module et_pb_bg_layout_light  et_pb_portfolio_0\"><div id=\"post-74029\" class=\"et_pb_portfolio_item et_pb_grid_item project type-project status-publish  has-post-thumbnail hentry project_category-carports\"><a href=\"https:\/\/www.velopa.ch\/fr\/abris-a-velos\/bikeroof-2\/\"><span class=\"et_portfolio_image\"><img loading=\"lazy\" decoding=\"async\" src=\"https:\/\/www.velopa.ch\/wp-content\/uploads\/2025\/04\/BikeRoof-2.0-Beitragsbild-1.jpg\" width=\"400\" height=\"284\"><span class=\"et_overlay et_pb_inline_icon\" data-icon=\"=\"><\/span><\/span><\/a><h2><a href=\"https:\/\/www.velopa.ch\/fr\/abris-a-velos\/bikeroof-2\/\">BikeRoof\u00ae 2.0<\/a><\/h2><\/div><div id=\"post-41374\" class=\"et_pb_portfolio_item et_pb_grid_item project type-project status-publish  has-post-thumbnail hentry project_category-carports\"><a href=\"https:\/\/www.velopa.ch\/fr\/abri-a-velos\/igloo\/\"><span class=\"et_portfolio_image\"><img loading=\"lazy\" decoding=\"async\" src=\"https:\/\/www.velopa.ch\/wp-content\/uploads\/2019\/08\/vorschau-igloo.jpg\" width=\"400\" height=\"284\"><span class=\"et_overlay et_pb_inline_icon\" data-icon=\"=\"><\/span><\/span><\/a><h2><a href=\"https:\/\/www.velopa.ch\/fr\/abri-a-velos\/igloo\/\">Igloo<\/a><\/h2><\/div><div id=\"post-33252\" class=\"et_pb_portfolio_item et_pb_grid_item project type-project status-publish  has-post-thumbnail hentry project_category-carports\"><a href=\"https:\/\/www.velopa.ch\/fr\/abris-a-velos\/lightroof\/\"><span class=\"et_portfolio_image\"><img loading=\"lazy\" decoding=\"async\" src=\"https:\/\/www.velopa.ch\/wp-content\/uploads\/2018\/08\/Lightroof_vorschau.jpg\" width=\"400\" height=\"284\"><span class=\"et_overlay et_pb_inline_icon\" data-icon=\"=\"><\/span><\/span><\/a><h2><a href=\"https:\/\/www.velopa.ch\/fr\/abris-a-velos\/lightroof\/\">LightRoof<\/a><\/h2><\/div><div id=\"post-9989\" class=\"et_pb_portfolio_item et_pb_grid_item project type-project status-publish  has-post-thumbnail hentry project_category-carports\"><a href=\"https:\/\/www.velopa.ch\/fr\/abris-a-velos\/bikeroof\/\"><span class=\"et_portfolio_image\"><img loading=\"lazy\" decoding=\"async\" src=\"https:\/\/www.velopa.ch\/wp-content\/uploads\/2017\/02\/Velounterstaende-Bikeroof-Vorschau.jpg\" width=\"400\" height=\"284\"><span class=\"et_overlay et_pb_inline_icon\" data-icon=\"=\"><\/span><\/span><\/a><h2><a href=\"https:\/\/www.velopa.ch\/fr\/abris-a-velos\/bikeroof\/\">BikeRoof\u00ae<\/a><\/h2><\/div><div id=\"post-11083\" class=\"et_pb_portfolio_item et_pb_grid_item project type-project status-publish  has-post-thumbnail hentry project_category-carports\"><a href=\"https:\/\/www.velopa.ch\/fr\/abris-a-velos\/bigroof\/\"><span class=\"et_portfolio_image\"><img loading=\"lazy\" decoding=\"async\" src=\"https:\/\/www.velopa.ch\/wp-content\/uploads\/2017\/06\/Vorschau-BigRoof.jpg\" width=\"400\" height=\"284\"><span class=\"et_overlay et_pb_inline_icon\" data-icon=\"=\"><\/span><\/span><\/a><h2><a href=\"https:\/\/www.velopa.ch\/fr\/abris-a-velos\/bigroof\/\">BigRoof<\/a><\/h2><\/div><div id=\"post-11105\" class=\"et_pb_portfolio_item et_pb_grid_item project type-project status-publish  has-post-thumbnail hentry project_category-carports\"><a href=\"https:\/\/www.velopa.ch\/fr\/abris-a-velos\/engadin\/\"><span class=\"et_portfolio_image\"><img loading=\"lazy\" decoding=\"async\" src=\"https:\/\/www.velopa.ch\/wp-content\/uploads\/2017\/06\/Vorschau-Engadin.jpg\" width=\"400\" height=\"284\"><span class=\"et_overlay et_pb_inline_icon\" data-icon=\"=\"><\/span><\/span><\/a><h2><a href=\"https:\/\/www.velopa.ch\/fr\/abris-a-velos\/engadin\/\">Engadin<\/a><\/h2><\/div><div id=\"post-15072\" class=\"et_pb_portfolio_item et_pb_grid_item project type-project status-publish  has-post-thumbnail hentry project_category-carports\"><a href=\"https:\/\/www.velopa.ch\/fr\/abris-a-velos\/minivit\/\"><span class=\"et_portfolio_image\"><img loading=\"lazy\" decoding=\"async\" src=\"https:\/\/www.velopa.ch\/wp-content\/uploads\/2017\/07\/MiniVit-DBG.jpg\" width=\"400\" height=\"284\"><span class=\"et_overlay et_pb_inline_icon\" data-icon=\"=\"><\/span><\/span><\/a><h2><a href=\"https:\/\/www.velopa.ch\/fr\/abris-a-velos\/minivit\/\">MiniVit<\/a><\/h2><\/div><div id=\"post-15156\" class=\"et_pb_portfolio_item et_pb_grid_item project type-project status-publish  has-post-thumbnail hentry project_category-carports\"><a href=\"https:\/\/www.velopa.ch\/fr\/abris-a-velos\/ecoroof\/\"><span class=\"et_portfolio_image\"><img loading=\"lazy\" decoding=\"async\" src=\"https:\/\/www.velopa.ch\/wp-content\/uploads\/2017\/06\/Vorschau-EcoRoof.jpg\" width=\"400\" height=\"284\"><span class=\"et_overlay et_pb_inline_icon\" data-icon=\"=\"><\/span><\/span><\/a><h2><a href=\"https:\/\/www.velopa.ch\/fr\/abris-a-velos\/ecoroof\/\">EcoRoof<\/a><\/h2><\/div><div id=\"post-15148\" class=\"et_pb_portfolio_item et_pb_grid_item project type-project status-publish  has-post-thumbnail hentry project_category-carports\"><a href=\"https:\/\/www.velopa.ch\/fr\/abris-a-velos\/miniroof\/\"><span class=\"et_portfolio_image\"><img loading=\"lazy\" decoding=\"async\" src=\"https:\/\/www.velopa.ch\/wp-content\/uploads\/2017\/06\/Vorschau-MiniRoof.jpg\" width=\"400\" height=\"284\"><span class=\"et_overlay et_pb_inline_icon\" data-icon=\"=\"><\/span><\/span><\/a><h2><a href=\"https:\/\/www.velopa.ch\/fr\/abris-a-velos\/miniroof\/\">MiniRoof<\/a><\/h2><\/div><div id=\"post-15190\" class=\"et_pb_portfolio_item et_pb_grid_item project type-project status-publish  has-post-thumbnail hentry project_category-carports\"><a href=\"https:\/\/www.velopa.ch\/fr\/abris-a-velos\/velobox\/\"><span class=\"et_portfolio_image\"><img loading=\"lazy\" decoding=\"async\" src=\"https:\/\/www.velopa.ch\/wp-content\/uploads\/2017\/06\/Vorschau-VeloBox.jpg\" width=\"400\" height=\"284\"><span class=\"et_overlay et_pb_inline_icon\" data-icon=\"=\"><\/span><\/span><\/a><h2><a href=\"https:\/\/www.velopa.ch\/fr\/abris-a-velos\/velobox\/\">VeloBox<\/a><\/h2><\/div><div id=\"post-15176\" class=\"et_pb_portfolio_item et_pb_grid_item project type-project status-publish  has-post-thumbnail hentry project_category-carports\"><a href=\"https:\/\/www.velopa.ch\/fr\/abris-a-velos\/bikesafe\/\"><span class=\"et_portfolio_image\"><img loading=\"lazy\" decoding=\"async\" src=\"https:\/\/www.velopa.ch\/wp-content\/uploads\/2017\/06\/Vorschau-BikeSafe.jpg\" width=\"400\" height=\"284\"><span class=\"et_overlay et_pb_inline_icon\" data-icon=\"=\"><\/span><\/span><\/a><h2><a href=\"https:\/\/www.velopa.ch\/fr\/abris-a-velos\/bikesafe\/\">BikeSafe<\/a><\/h2><\/div><div id=\"post-60628\" class=\"et_pb_portfolio_item et_pb_grid_item project type-project status-publish  has-post-thumbnail hentry project_category-carports\"><a href=\"https:\/\/www.velopa.ch\/fr\/velogarage-des-aout-2022\/\"><span class=\"et_portfolio_image\"><img loading=\"lazy\" decoding=\"async\" src=\"https:\/\/www.velopa.ch\/wp-content\/uploads\/2022\/04\/VeloGarage_Dachbegruenung.jpg\" width=\"400\" height=\"284\"><span class=\"et_overlay et_pb_inline_icon\" data-icon=\"=\"><\/span><\/span><\/a><h2><a href=\"https:\/\/www.velopa.ch\/fr\/velogarage-des-aout-2022\/\">VeloGarage<\/a><\/h2><\/div><div id=\"post-65101\" class=\"et_pb_portfolio_item et_pb_grid_item project type-project status-publish  has-post-thumbnail hentry project_category-carports\"><a href=\"https:\/\/www.velopa.ch\/fr\/abris-a-velos\/2radbox\/\"><span class=\"et_portfolio_image\"><img loading=\"lazy\" decoding=\"async\" src=\"https:\/\/www.velopa.ch\/wp-content\/uploads\/2023\/08\/2radbox_Vorschau.jpg\" width=\"400\" height=\"284\"><span class=\"et_overlay et_pb_inline_icon\" data-icon=\"=\"><\/span><\/span><\/a><h2><a href=\"https:\/\/www.velopa.ch\/fr\/abris-a-velos\/2radbox\/\">2radbox<\/a><\/h2><\/div><div id=\"post-15326\" class=\"et_pb_portfolio_item et_pb_grid_item project type-project status-publish  has-post-thumbnail hentry project_category-carports\"><a href=\"https:\/\/www.velopa.ch\/fr\/abris-a-velos\/abri-chalet\/\"><span class=\"et_portfolio_image\"><img loading=\"lazy\" decoding=\"async\" src=\"https:\/\/www.velopa.ch\/wp-content\/uploads\/2017\/06\/Vorschau_Chalet-Kopie-1.jpg\" width=\"400\" height=\"284\"><span class=\"et_overlay et_pb_inline_icon\" data-icon=\"=\"><\/span><\/span><\/a><h2><a href=\"https:\/\/www.velopa.ch\/fr\/abris-a-velos\/abri-chalet\/\">Chalet<\/a><\/h2><\/div><div id=\"post-15214\" class=\"et_pb_portfolio_item et_pb_grid_item project type-project status-publish  has-post-thumbnail hentry project_category-carports\"><a href=\"https:\/\/www.velopa.ch\/fr\/abris-a-velos\/parko\/\"><span class=\"et_portfolio_image\"><img loading=\"lazy\" decoding=\"async\" src=\"https:\/\/www.velopa.ch\/wp-content\/uploads\/2017\/06\/parko.jpg\" width=\"400\" height=\"284\"><span class=\"et_overlay et_pb_inline_icon\" data-icon=\"=\"><\/span><\/span><\/a><h2><a href=\"https:\/\/www.velopa.ch\/fr\/abris-a-velos\/parko\/\">Parko<\/a><\/h2><\/div><div id=\"post-15130\" class=\"et_pb_portfolio_item et_pb_grid_item project type-project status-publish  has-post-thumbnail hentry project_category-carports\"><a href=\"https:\/\/www.velopa.ch\/fr\/abris-a-velos\/omega\/\"><span class=\"et_portfolio_image\"><img loading=\"lazy\" decoding=\"async\" src=\"https:\/\/www.velopa.ch\/wp-content\/uploads\/2017\/06\/Vorschau-Omega.jpg\" width=\"400\" height=\"284\"><span class=\"et_overlay et_pb_inline_icon\" data-icon=\"=\"><\/span><\/span><\/a><h2><a href=\"https:\/\/www.velopa.ch\/fr\/abris-a-velos\/omega\/\">Omega\u00ae<\/a><\/h2><\/div><div id=\"post-42593\" class=\"et_pb_portfolio_item et_pb_grid_item project type-project status-publish  has-post-thumbnail hentry project_category-carports\"><a href=\"https:\/\/www.velopa.ch\/fr\/abris-lupo\/\"><span class=\"et_portfolio_image\"><img loading=\"lazy\" decoding=\"async\" src=\"https:\/\/www.velopa.ch\/wp-content\/uploads\/2019\/11\/Vorschau_Lupo.jpg\" width=\"400\" height=\"284\"><span class=\"et_overlay et_pb_inline_icon\" data-icon=\"=\"><\/span><\/span><\/a><h2><a href=\"https:\/\/www.velopa.ch\/fr\/abris-lupo\/\">Lupo<\/a><\/h2><\/div><div id=\"post-15091\" class=\"et_pb_portfolio_item et_pb_grid_item project type-project status-publish  has-post-thumbnail hentry project_category-carports\"><a href=\"https:\/\/www.velopa.ch\/fr\/abris-a-velos\/raurica\/\"><span class=\"et_portfolio_image\"><img loading=\"lazy\" decoding=\"async\" src=\"https:\/\/www.velopa.ch\/wp-content\/uploads\/2017\/06\/Raurica.jpg\" width=\"400\" height=\"284\"><span class=\"et_overlay et_pb_inline_icon\" data-icon=\"=\"><\/span><\/span><\/a><h2><a href=\"https:\/\/www.velopa.ch\/fr\/abris-a-velos\/raurica\/\">Raurica<\/a><\/h2><\/div><div id=\"post-53502\" class=\"et_pb_portfolio_item et_pb_grid_item project type-project status-publish  has-post-thumbnail hentry project_category-carports\"><a href=\"https:\/\/www.velopa.ch\/fr\/v-elements\/abri-a-velos\/akira\/\"><span class=\"et_portfolio_image\"><img loading=\"lazy\" decoding=\"async\" src=\"https:\/\/www.velopa.ch\/wp-content\/uploads\/2020\/09\/AkiraVorschau.jpg\" width=\"400\" height=\"284\"><span class=\"et_overlay et_pb_inline_icon\" data-icon=\"=\"><\/span><\/span><\/a><h2><a href=\"https:\/\/www.velopa.ch\/fr\/v-elements\/abri-a-velos\/akira\/\">Akira<\/a><\/h2><\/div><div id=\"post-15105\" class=\"et_pb_portfolio_item et_pb_grid_item project type-project status-publish  has-post-thumbnail hentry project_category-carports\"><a href=\"https:\/\/www.velopa.ch\/fr\/abris-a-velos\/techflat\/\"><span class=\"et_portfolio_image\"><img loading=\"lazy\" decoding=\"async\" src=\"https:\/\/www.velopa.ch\/wp-content\/uploads\/2017\/06\/Vorschau-Techflat.jpg\" width=\"400\" height=\"284\"><span class=\"et_overlay et_pb_inline_icon\" data-icon=\"=\"><\/span><\/span><\/a><h2><a href=\"https:\/\/www.velopa.ch\/fr\/abris-a-velos\/techflat\/\">Techflat<\/a><\/h2><\/div><div id=\"post-65640\" class=\"et_pb_portfolio_item et_pb_grid_item project type-project status-publish  has-post-thumbnail hentry project_category-carports\"><a href=\"https:\/\/www.velopa.ch\/fr\/abris-a-velos\/abri-a-velos-techflat\/\"><span class=\"et_portfolio_image\"><img loading=\"lazy\" decoding=\"async\" src=\"https:\/\/www.velopa.ch\/wp-content\/uploads\/2023\/11\/Techflat-Velohaus-1.jpg\" width=\"400\" height=\"284\"><span class=\"et_overlay et_pb_inline_icon\" data-icon=\"=\"><\/span><\/span><\/a><h2><a href=\"https:\/\/www.velopa.ch\/fr\/abris-a-velos\/abri-a-velos-techflat\/\">Abri \u00e0 v\u00e9los Techflat<\/a><\/h2><\/div><div id=\"post-15223\" class=\"et_pb_portfolio_item et_pb_grid_item project type-project status-publish  has-post-thumbnail hentry project_category-carports\"><a href=\"https:\/\/www.velopa.ch\/fr\/abris-a-velos\/delta\/\"><span class=\"et_portfolio_image\"><img loading=\"lazy\" decoding=\"async\" src=\"https:\/\/www.velopa.ch\/wp-content\/uploads\/2017\/06\/Vorschau-Delta.jpg\" width=\"400\" height=\"284\"><span class=\"et_overlay et_pb_inline_icon\" data-icon=\"=\"><\/span><\/span><\/a><h2><a href=\"https:\/\/www.velopa.ch\/fr\/abris-a-velos\/delta\/\">Delta\u00ae<\/a><\/h2><\/div><div id=\"post-15235\" class=\"et_pb_portfolio_item et_pb_grid_item project type-project status-publish  has-post-thumbnail hentry project_category-carports\"><a href=\"https:\/\/www.velopa.ch\/fr\/abris-a-velos\/quadro\/\"><span class=\"et_portfolio_image\"><img loading=\"lazy\" decoding=\"async\" src=\"https:\/\/www.velopa.ch\/wp-content\/uploads\/2017\/06\/Vorschau-Quadro.jpg\" width=\"400\" height=\"284\"><span class=\"et_overlay et_pb_inline_icon\" data-icon=\"=\"><\/span><\/span><\/a><h2><a href=\"https:\/\/www.velopa.ch\/fr\/abris-a-velos\/quadro\/\">Quadro<\/a><\/h2><\/div><div id=\"post-40525\" class=\"et_pb_portfolio_item et_pb_grid_item project type-project status-publish  has-post-thumbnail hentry project_category-carports\"><a href=\"https:\/\/www.velopa.ch\/fr\/abri-velos\/station\/\"><span class=\"et_portfolio_image\"><img loading=\"lazy\" decoding=\"async\" src=\"https:\/\/www.velopa.ch\/wp-content\/uploads\/2019\/05\/Vorschau_Station.jpg\" width=\"400\" height=\"284\"><span class=\"et_overlay et_pb_inline_icon\" data-icon=\"=\"><\/span><\/span><\/a><h2><a href=\"https:\/\/www.velopa.ch\/fr\/abri-velos\/station\/\">Station<\/a><\/h2><\/div><div id=\"post-15267\" class=\"et_pb_portfolio_item et_pb_grid_item project type-project status-publish  has-post-thumbnail hentry project_category-carports\"><a href=\"https:\/\/www.velopa.ch\/fr\/abris-a-velos\/etriers-dappui-edgetyre\/\"><span class=\"et_portfolio_image\"><img loading=\"lazy\" decoding=\"async\" src=\"https:\/\/www.velopa.ch\/wp-content\/uploads\/2017\/06\/Ueberdachung_Egde_Dachbegruenung.jpg\" width=\"400\" height=\"284\"><span class=\"et_overlay et_pb_inline_icon\" data-icon=\"=\"><\/span><\/span><\/a><h2><a href=\"https:\/\/www.velopa.ch\/fr\/abris-a-velos\/etriers-dappui-edgetyre\/\">EDGE<\/a><\/h2><\/div><div id=\"post-15250\" class=\"et_pb_portfolio_item et_pb_grid_item project type-project status-publish  has-post-thumbnail hentry project_category-carports\"><a href=\"https:\/\/www.velopa.ch\/fr\/abris-a-velos\/pilo\/\"><span class=\"et_portfolio_image\"><img loading=\"lazy\" decoding=\"async\" src=\"https:\/\/www.velopa.ch\/wp-content\/uploads\/2017\/06\/Vorschau-Pilo-1.jpg\" width=\"400\" height=\"284\"><span class=\"et_overlay et_pb_inline_icon\" data-icon=\"=\"><\/span><\/span><\/a><h2><a href=\"https:\/\/www.velopa.ch\/fr\/abris-a-velos\/pilo\/\">Pilo\u00ae<\/a><\/h2><\/div><div id=\"post-15169\" class=\"et_pb_portfolio_item et_pb_grid_item project type-project status-publish  has-post-thumbnail hentry project_category-carports\"><a href=\"https:\/\/www.velopa.ch\/fr\/abris-a-velos\/inoxroof\/\"><span class=\"et_portfolio_image\"><img loading=\"lazy\" decoding=\"async\" src=\"https:\/\/www.velopa.ch\/wp-content\/uploads\/2017\/06\/Vorschau-InoxRoof-1.jpg\" width=\"400\" height=\"284\"><span class=\"et_overlay et_pb_inline_icon\" data-icon=\"=\"><\/span><\/span><\/a><h2><a href=\"https:\/\/www.velopa.ch\/fr\/abris-a-velos\/inoxroof\/\">InoxRoof<\/a><\/h2><\/div><\/div><\/div>\n\t\t\t<\/div>\n\t\t\t<\/div>\n\t\t\t\t\n\t\t\t\t\n\t\t\t\t\n\t\t\t\t\n\t\t\t<\/div>\n\t\t\t\t\n\t\t\t\t\n\t\t\t<\/div><div class=\"et_d4_element et_pb_section et_pb_section_13  et_pb_css_mix_blend_mode et_section_regular et_block_section\">\n\t\t\t\t\n\t\t\t\t\n\t\t\t\t\n\t\t\t\t\n\t\t\t\t\n\t\t\t\t\n\t\t\t\t<div class=\"et_d4_element et_pb_row et_pb_row_10  et_pb_css_mix_blend_mode et_block_row\">\n\t\t\t\t<div class=\"et_d4_element et_pb_column_1_4 et_pb_column et_pb_column_19 ow_remove_bottom_margin ow_greybox_height_233  et_pb_css_mix_blend_mode et_block_column\">\n\t\t\t\t\n\t\t\t\t\n\t\t\t\t\n\t\t\t\t\n\t\t\t\t<div class=\"et_pb_module et_d4_element et_pb_blurb et_pb_blurb_4  et_pb_text_align_center  et_pb_blurb_position_top et_block_module et_pb_bg_layout_light\">\n\t\t\t\t\n\t\t\t\t\n\t\t\t\t\n\t\t\t\t\n\t\t\t\t<div class=\"et_pb_blurb_content\">\n\t\t\t\t\t<div class=\"et_pb_main_blurb_image et_pb_css_mix_blend_mode\"><span class=\"et_pb_image_wrap et_pb_only_image_mode_wrap\"><img loading=\"lazy\" decoding=\"async\" width=\"231\" height=\"231\" src=\"https:\/\/www.velopa.ch\/wp-content\/uploads\/2021\/03\/weitere-produkte.png\" alt srcset=\"https:\/\/www.velopa.ch\/wp-content\/uploads\/2021\/03\/weitere-produkte.png 231w, https:\/\/www.velopa.ch\/wp-content\/uploads\/2021\/03\/weitere-produkte-150x150.png 150w\" sizes=\"(max-width: 231px) 100vw, 231px\" class=\"et-waypoint et_pb_animation_off et_pb_animation_off_tablet et_pb_animation_off_phone wp-image-53344\"><\/span><\/div>\n\t\t\t\t\t<div class=\"et_pb_blurb_container\">\n\t\t\t\t\t\t<h4 class=\"et_pb_module_header\"><span>Options<\/span><\/h4>\n\t\t\t\t\t\t\n\t\t\t\t\t<\/div>\n\t\t\t\t<\/div>\n\t\t\t<\/div>\n\t\t\t<\/div><div class=\"et_d4_element et_pb_column_3_4 et_pb_column et_pb_column_20  et_pb_css_mix_blend_mode et-last-child et_block_column\">\n\t\t\t\t\n\t\t\t\t\n\t\t\t\t\n\t\t\t\t\n\t\t\t\t<div class=\"et_pb_module et_d4_element et_pb_text et_pb_text_6  et_pb_text_align_left et_pb_bg_layout_light\">\n\t\t\t\t\n\t\t\t\t\n\t\t\t\t\n\t\t\t\t\n\t\t\t\t<div class=\"et_pb_text_inner\"><p>\n<\/p><div class=\"et_pb_portfolio_grid clearfix et_pb_module et_pb_bg_layout_light  et_pb_portfolio_0\"><div id=\"post-15344\" class=\"et_pb_portfolio_item et_pb_grid_item project type-project status-publish  has-post-thumbnail hentry project_category-carports\"><a href=\"https:\/\/www.velopa.ch\/fr\/abris-a-velos\/eclairage-led-pour-abris\/\"><span class=\"et_portfolio_image\"><img loading=\"lazy\" decoding=\"async\" src=\"https:\/\/www.velopa.ch\/wp-content\/uploads\/2017\/06\/Vorschau-LED.jpg\" width=\"400\" height=\"284\"><span class=\"et_overlay et_pb_inline_icon\" data-icon=\"=\"><\/span><\/span><\/a><h2><a href=\"https:\/\/www.velopa.ch\/fr\/abris-a-velos\/eclairage-led-pour-abris\/\">Eclairage LED pour abris<\/a><\/h2><\/div><div id=\"post-15335\" class=\"et_pb_portfolio_item et_pb_grid_item project type-project status-publish  has-post-thumbnail hentry project_category-carports\"><a href=\"https:\/\/www.velopa.ch\/fr\/abris-a-velos\/station-de-charge-ebox\/\"><span class=\"et_portfolio_image\"><img loading=\"lazy\" decoding=\"async\" src=\"https:\/\/www.velopa.ch\/wp-content\/uploads\/2017\/06\/Vorschau_EBox-1.jpg\" width=\"400\" height=\"284\"><span class=\"et_overlay et_pb_inline_icon\" data-icon=\"=\"><\/span><\/span><\/a><h2><a href=\"https:\/\/www.velopa.ch\/fr\/abris-a-velos\/station-de-charge-ebox\/\">E~Box<\/a><\/h2><\/div><div id=\"post-46517\" class=\"et_pb_portfolio_item et_pb_grid_item project type-project status-publish  has-post-thumbnail hentry project_category-carports\"><a href=\"https:\/\/www.velopa.ch\/fr\/abris-a-velos\/vegetalisation-des-toitures-flore\/\"><span class=\"et_portfolio_image\"><img loading=\"lazy\" decoding=\"async\" src=\"https:\/\/www.velopa.ch\/wp-content\/uploads\/2017\/06\/Dachbegru\u0308nung1.jpg\" width=\"400\" height=\"284\"><span class=\"et_overlay et_pb_inline_icon\" data-icon=\"=\"><\/span><\/span><\/a><h2><a href=\"https:\/\/www.velopa.ch\/fr\/abris-a-velos\/vegetalisation-des-toitures-flore\/\">V\u00e9g\u00e9talisation des toits et des murs Flore<\/a><\/h2><\/div><div id=\"post-20080\" class=\"et_pb_portfolio_item et_pb_grid_item project type-project status-publish  has-post-thumbnail hentry project_category-carports\"><a href=\"https:\/\/www.velopa.ch\/fr\/abris-a-velos\/protection-des-oiseaux\/\"><span class=\"et_portfolio_image\"><img loading=\"lazy\" decoding=\"async\" src=\"https:\/\/www.velopa.ch\/wp-content\/uploads\/2017\/07\/Vogelschutz_4.png\" width=\"400\" height=\"284\"><span class=\"et_overlay et_pb_inline_icon\" data-icon=\"=\"><\/span><\/span><\/a><h2><a href=\"https:\/\/www.velopa.ch\/fr\/abris-a-velos\/protection-des-oiseaux\/\">Protection des oiseaux<\/a><\/h2><\/div><\/div><\/div>\n\t\t\t<\/div>\n\t\t\t<\/div>\n\t\t\t\t\n\t\t\t\t\n\t\t\t\t\n\t\t\t\t\n\t\t\t<\/div>\n\t\t\t\t\n\t\t\t\t\n\t\t\t<\/div><div id=\"ow_fix_height_399\" class=\"et_d4_element et_pb_section et_pb_section_15  et_pb_css_mix_blend_mode et_section_regular et_block_section\">\n\t\t\t\t\n\t\t\t\t\n\t\t\t\t\n\t\t\t\t\n\t\t\t\t\n\t\t\t\t\n\t\t\t\t<div class=\"et_d4_element et_pb_row et_pb_row_11  et_pb_css_mix_blend_mode et_block_row\">\n\t\t\t\t<div class=\"et_d4_element et_pb_column_1_3 et_pb_column et_pb_column_21 ow_mobile_insert_after  et_pb_css_mix_blend_mode et_block_column\">\n\t\t\t\t\n\t\t\t\t\n\t\t\t\t\n\t\t\t\t\n\t\t\t\t<div class=\"et_pb_module et_d4_element et_pb_blurb et_pb_blurb_5  et_pb_text_align_center  et_pb_blurb_position_top et_block_module et_pb_bg_layout_light\">\n\t\t\t\t\n\t\t\t\t\n\t\t\t\t\n\t\t\t\t\n\t\t\t\t<div class=\"et_pb_blurb_content\">\n\t\t\t\t\t<div class=\"et_pb_main_blurb_image et_pb_css_mix_blend_mode\"><span class=\"et_pb_image_wrap et_pb_only_image_mode_wrap\"><img loading=\"lazy\" decoding=\"async\" width=\"231\" height=\"231\" src=\"https:\/\/www.velopa.ch\/wp-content\/uploads\/2021\/03\/persoenliche-beratung.png\" alt srcset=\"https:\/\/www.velopa.ch\/wp-content\/uploads\/2021\/03\/persoenliche-beratung.png 231w, https:\/\/www.velopa.ch\/wp-content\/uploads\/2021\/03\/persoenliche-beratung-150x150.png 150w\" sizes=\"(max-width: 231px) 100vw, 231px\" class=\"et-waypoint et_pb_animation_off et_pb_animation_off_tablet et_pb_animation_off_phone wp-image-53368\"><\/span><\/div>\n\t\t\t\t\t<div class=\"et_pb_blurb_container\">\n\t\t\t\t\t\t<h4 class=\"et_pb_module_header\"><span>Conseil personnalis\u00e9<\/span><\/h4>\n\t\t\t\t\t\t<div class=\"et_pb_blurb_description\"><p><\/p>\n<p class style=\"text-align: center;\">Nous vous pr\u00e9\u00adsen\u00adtons les nombreu\u00adses pos\u00adsi\u00adbi\u00adli\u00adt\u00e9s et les dif\u00adf\u00e9\u00adren\u00adtes ver\u00adsi\u00adons de nos pro\u00adduits direc\u00adte\u00adment sur site ou dans l\u2019une de nos sal\u00adles d\u2019exposition \u00e0 Dor\u00adnach, Sprei\u00adten\u00adbach ou Vil\u00adlars-Ste-Croix. Cont\u00adac\u00adtez-nous pour rece\u00advoir un con\u00adseil personnalis\u00e9.<\/p>\n<p class=\"et-fb-mce-line-break-holder\" style=\"text-align: center;\"><\/p><\/div>\n\t\t\t\t\t<\/div>\n\t\t\t\t<\/div>\n\t\t\t<\/div>\n\t\t\t<\/div><div class=\"et_d4_element et_pb_column_2_3 et_pb_column et_pb_column_22 ow_mobile_insert_before ow_remove_bottom_margin  et_pb_css_mix_blend_mode et-last-child et_block_column\">\n\t\t\t\t\n\t\t\t\t\n\t\t\t\t\n\t\t\t\t\n\t\t\t\t<div class=\"et_pb_module et_d4_element et_pb_code et_pb_code_2\">\n\t\t\t\t\n\t\t\t\t\n\t\t\t\t\n\t\t\t\t\n\t\t\t\t<div class=\"et_pb_code_inner\"><!-- Begin Brevo Form -->\n<!-- START - We recommend to place the below code in head tag of your website html  -->\n\n<style>\n  @font-face {\n    font-display: block;\n    font-family: Roboto;\n    src: url(https:\/\/assets.brevo.com\/font\/Roboto\/Latin\/normal\/normal\/7529907e9eaf8ebb5220c5f9850e3811.woff2) format(\"woff2\"),\n      url(https:\/\/assets.brevo.com\/font\/Roboto\/Latin\/normal\/normal\/25c678feafdc175a70922a116c9be3e7.woff) format(\"woff\");\n  }\n\n  @font-face {\n    font-display: fallback;\n    font-family: Roboto;\n    font-weight: 600;\n    src: url(https:\/\/assets.brevo.com\/font\/Roboto\/Latin\/medium\/normal\/6e9caeeafb1f3491be3e32744bc30440.woff2) format(\"woff2\"),\n      url(https:\/\/assets.brevo.com\/font\/Roboto\/Latin\/medium\/normal\/71501f0d8d5aa95960f6475d5487d4c2.woff) format(\"woff\");\n  }\n\n  @font-face {\n    font-display: fallback;\n    font-family: Roboto;\n    font-weight: 700;\n    src: url(https:\/\/assets.brevo.com\/font\/Roboto\/Latin\/bold\/normal\/3ef7cf158f310cf752d5ad08cd0e7e60.woff2) format(\"woff2\"),\n      url(https:\/\/assets.brevo.com\/font\/Roboto\/Latin\/bold\/normal\/ece3a1d82f18b60bcce0211725c476aa.woff) format(\"woff\");\n  }\n\n  #sib-container input:-ms-input-placeholder {\n    text-align: left;\n    font-family: \"Helvetica\", sans-serif;\n    color: #c0ccda;\n  }\n\n  #sib-container input::placeholder {\n    text-align: left;\n    font-family: \"Helvetica\", sans-serif;\n    color: #c0ccda;\n  }\n\n  #sib-container textarea::placeholder {\n    text-align: left;\n    font-family: \"Helvetica\", sans-serif;\n    color: #c0ccda;\n  }\n\n  #sib-container a {\n    text-decoration: underline;\n    color: #2bb2fc;\n  }\n\n  .sib-form.altered {\n    padding: 0;\n  }\n\n  .sib-form.altered #sib-container {\n    padding: 0;\n    background: transparent;\n  }\n\n  .sib-form.altered .entry__label {\n    margin-bottom: 0;\n    font-size: 13px;\n    font-weight: normal;\n    color: #FFFFFF;\n  }\n\n\n  .sib-form.altered.footer .entry__field {\n    margin: 0;\n    background-color: #FFFFFF;\n    color: #0a0a0a;\n    border: none;\n    border-radius: 0;\n    flex-grow: 1;\n    font-size: 13px;\n  }\n\n  .sib-form.altered.footer .form__label-row {\n    position: relative;\n    margin-bottom: 8px;\n  }\n\n  .sib-form.altered .sib-form-block {\n    padding: 0;\n    flex-grow: 1;\n  }\n\n  .sib-form.altered .input:not(textarea) {\n    height: 32px;\n  }\n\n  .sib-form.altered .input.large:not(textarea) {\n    height: 45px;\n  }\n\n  .sib-form.altered .entry__choice {\n    font-size: 13px;\n    line-height: 1.5;\n    text-align: left;\n    color: #FFFFFF;\n    background-color: transparent;\n  }\n\n  .sib-form.altered .input_replaced:checked+.checkbox_tick_positive {\n    background: #005faf;\n    border-color: #005faf;\n  }\n\n  .sib-form.altered #sib-container a {\n    text-decoration: underline;\n    color: #005faf;\n  }\n\n  .flex-center-2 {\n    display: flex;\n    align-items: center;\n    gap: 1rem;\n  }\n\n  .sib-form.altered .sib-form-block__button {\n    font-size: 14px;\n    text-align: left;\n    font-weight: 700;\n    font-family: \"Helvetica\", sans-serif;\n    color: #005faf;\n    background-color: #e5e5e5;\n    border-radius: 3px;\n    border-width: 0px;\n    min-height: auto;\n    transition: color 0.2s ease-in-out, background 0.2s ease-in-out;\n    padding: 5px 15px;\n  }\n\n  .sib-form.altered .sib-form-block__button:hover {\n    background: #005faf;\n    color: #e5e5e5;\n  }\n\n  .sib-form.altered .sib-form-block__button.blue {\n    background: #006eb8;\n    color: #e5e5e5;\n  }\n\n  .sib-form.altered .sib-form-block__button.blue:hover {\n    color: #006eb8;\n    background-color: #e5e5e5;\n  }\n\n  .sib-form.altered .entry_errored .entry__error--primary {\n    position: absolute;\n    width: 200px;\n    background-color: #e51b00;\n    background-image: linear-gradient(#e51b00 43%, #ba1600 100%);\n    border-radius: 6px;\n    color: #f3f3f3 !important;\n    font-size: 13px;\n    line-height: 1.2em;\n    max-width: 16em;\n    padding: 0.4em 0.6em;\n    text-shadow: #901100 0 -1px 0;\n    box-shadow: rgba(0, 0, 0, 0.65) 0 2px 7px, inset #ff3c3c 0 1px 0px;\n    z-index: 99;\n    left: 50px;\n    top: 32px\n  }\n\n  .sib-form.altered .entry_errored .entry__error--primary::before {\n    position: absolute;\n    content: \"\";\n    background-color: #e51b00;\n    border: 1px solid #9f1300;\n    border-right: none;\n    border-bottom: none;\n    top: -4px;\n    left: 16px;\n    height: 10px;\n    transform: rotate(45deg);\n    width: 10px;\n  }\n\n  @media (min-width: 768px) {\n    .split-grid {\n      width: 100%;\n      display: grid;\n      column-gap: 10px;\n      grid-template-columns: 1fr 1fr;\n    }\n  }\n\n  .split-grid .entry__choice {\n    margin: 0 !important;\n  }\n\n\n  .sib-form.altered .input_replaced:checked+.checkbox_tick_positive {\n    background: #005faf;\n    border-color: #005faf;\n  }\n\n  .sib-form.altered.footer .form__label-row {\n    flex-direction: column;\n  }\n\n  .sib-form.altered #sib-container a {\n    text-decoration: underline;\n    color: #FFFFFF;\n  }\n<\/style>\n<link rel=\"stylesheet\" href=\"https:\/\/sibforms.com\/forms\/end-form\/build\/sib-styles.css\">\n\n\n\n<!-- Begin Brevo Form -->\n<!-- START - We recommend to place the below code in head tag of your website html  -->\n<!-- Style  for this form is already placed with newsletter subscription in the footer -->\n<!--  END - We recommend to place the above code in head tag of your website html -->\n\n<!-- START - We recommend to place the below code where you want the form in your website html  -->\n<div class=\"sib-form altered\" style=\"text-align: center;\">\n  <div id=\"sib-form-container\" class=\"sib-form-container\">\n    <div id=\"error-message\" class=\"sib-form-message-panel\" style=\"font-size:16px; text-align:left; font-family:\">\n      <div class=\"sib-form-message-panel__text sib-form-message-panel__text--center\">\n        <svg viewBox=\"0 0 512 512\" class=\"sib-icon sib-notification__icon\">\n          <path d=\"M256 40c118.621 0 216 96.075 216 216 0 119.291-96.61 216-216 216-119.244 0-216-96.562-216-216 0-119.203 96.602-216 216-216m0-32C119.043 8 8 119.083 8 256c0 136.997 111.043 248 248 248s248-111.003 248-248C504 119.083 392.957 8 256 8zm-11.49 120h22.979c6.823 0 12.274 5.682 11.99 12.5l-7 168c-.268 6.428-5.556 11.5-11.99 11.5h-8.979c-6.433 0-11.722-5.073-11.99-11.5l-7-168c-.283-6.818 5.167-12.5 11.99-12.5zM256 340c-15.464 0-28 12.536-28 28s12.536 28 28 28 28-12.536 28-28-12.536-28-28-28z\" \/>\n        <\/svg>\n        <span class=\"sib-form-message-panel__inner-text\"> Les infor\u00adma\u00adti\u00adons four\u00adnies ne sont pas val\u00adables. Veuil\u00adlez v\u00e9ri\u00adfier le for\u00admat du champ et r\u00e9essayer.&nbsp;<\/span>\n      <\/div>\n    <\/div>\n    <div><\/div>\n    <div id=\"success-message\" class=\"sib-form-message-panel\" style=\"font-size:16px; text-align:left; font-family:\">\n      <div class=\"sib-form-message-panel__text sib-form-message-panel__text--center\">\n        <svg viewBox=\"0 0 512 512\" class=\"sib-icon sib-notification__icon\">\n          <path d=\"M256 8C119.033 8 8 119.033 8 256s111.033 248 248 248 248-111.033 248-248S392.967 8 256 8zm0 464c-118.664 0-216-96.055-216-216 0-118.663 96.055-216 216-216 118.664 0 216 96.055 216 216 0 118.663-96.055 216-216 216zm141.63-274.961L217.15 376.071c-4.705 4.667-12.303 4.637-16.97-.068l-85.878-86.572c-4.667-4.705-4.637-12.303.068-16.97l8.52-8.451c4.705-4.667 12.303-4.637 16.97.068l68.976 69.533 163.441-162.13c4.705-4.667 12.303-4.637 16.97.068l8.451 8.52c4.668 4.705 4.637 12.303-.068 16.97z\" \/>\n        <\/svg>\n        <span class=\"sib-form-message-panel__inner-text\"> Votre demande de cont\u00adact a \u00e9t\u00e9 accept\u00e9e.&nbsp;<\/span>\n      <\/div>\n    <\/div>\n    <div><\/div>\n\n\n    <div id=\"sib-container\" class=\"sib-container--large sib-container--vertical\" style=\"text-align:center; direction:ltr\">\n\n      <form id=\"sib-form\" method=\"POST\" action=\"https:\/\/10ee27a1.sibforms.com\/serve\/MUIFAMMlxSQP9v2_dNHg_Pl2RMbernLtF1UwYcquVnTXz1SzxZrZpWFWd5wqaYPd_ChtQNq4KbPQLYRsUy7v5F-uqVIn64wEoNxNJIC0DMkPfkSaf4iBwIxWmeHb6triO7dAnoM0ptOC-TahyAHT7CRBZIKydhGJj9lwjhO5aNbK3269EE8f8JDOFVfJI8dp644DRt5HQt5ryPZF\" data-type=\"subscription\">\n\n        <div class=\"split-grid\">\n          <div>\n            <div class=\"sib-select sib-form-block\" data-required=\"true\">\n              <div class=\"form__entry entry_block\">\n                <div class=\"form__label-row \">\n                  <div class=\"required__field\">*<\/div>\n                  <div class=\"entry__field\">\n                    <select class=\"input\" id=\"ANREDE\" name=\"ANREDE\" data-required=\"true\">\n<option value disabled selected hidden>Choisir <\/option>\n\n<option class=\"sib-menu__item\" value=\"1\">\n                        Monsieur\n                      <\/option>\n<option class=\"sib-menu__item\" value=\"2\">\n                        Madame\n                      <\/option>\n                    <\/select>\n                  <\/div>\n                <\/div>\n                <label class=\"entry__error entry__error--primary\">\n                <\/label>\n              <\/div>\n            <\/div>\n\n            <div class=\"sib-input sib-form-block\">\n              <div class=\"form__entry entry_block\">\n                <div class=\"form__label-row \">\n                  <div class=\"required__field\">*<\/div>\n                  <div class=\"entry__field\">\n                    <input class=\"input \" placeholder=\"Pr\u00e9nom\" maxlength=\"200\" type=\"text\" id=\"FIRSTNAME\" name=\"FIRSTNAME\" autocomplete=\"off\" data-required=\"true\" required>\n                  <\/div>\n                <\/div>\n\n                <label class=\"entry__error entry__error--primary\">\n                <\/label>\n              <\/div>\n            <\/div>\n\n            <div class=\"sib-input sib-form-block\">\n              <div class=\"form__entry entry_block\">\n                <div class=\"form__label-row \">\n                  <div class=\"required__field\">*<\/div>\n\n                  <div class=\"entry__field\">\n                    <input class=\"input \" placeholder=\"Nom\" maxlength=\"200\" type=\"text\" id=\"LASTNAME\" name=\"LASTNAME\" autocomplete=\"off\" data-required=\"true\" required>\n                  <\/div>\n                <\/div>\n\n                <label class=\"entry__error entry__error--primary\">\n                <\/label>\n              <\/div>\n            <\/div>\n\n            <div class=\"sib-input sib-form-block\">\n              <div class=\"form__entry entry_block\">\n                <div class=\"form__label-row \">\n\n                  <div class=\"entry__field\" style=\"margin-left: 15px;\">\n                    <input class=\"input \" placeholder=\"Entreprise\" maxlength=\"200\" type=\"text\" id=\"FIRMA\" name=\"FIRMA\" autocomplete=\"off\">\n                  <\/div>\n                <\/div>\n\n                <label class=\"entry__error entry__error--primary\">\n                <\/label>\n              <\/div>\n            <\/div>\n\n            <div class=\"sib-select sib-form-block\" data-required=\"true\">\n              <div class=\"form__entry entry_block\">\n                <div class=\"form__label-row \">\n                  <div class=\"required__field\">*<\/div>\n\n                  <div class=\"entry__field\">\n                    <select class=\"input\" id=\"LA_BRANCHE\" name=\"LA_BRANCHE\" data-required=\"true\">\n<option value disabled selected hidden>Branche<\/option>\n\n<option class=\"sib-menu__item\" value=\"1\">\n                        Architectes\n                      <\/option>\n<option class=\"sib-menu__item\" value=\"2\">\n                        Architectes paysagers\n                      <\/option>\n<option class=\"sib-menu__item\" value=\"3\">\n                        Planificateurs &amp; chefs de chantier\n                      <\/option>\n<option class=\"sib-menu__item\" value=\"4\">\n                        Ing\u00e9nieurs\n                      <\/option>\n<option class=\"sib-menu__item\" value=\"5\">\n                        Entreprises g\u00e9n\u00e9rales\n                      <\/option>\n<option class=\"sib-menu__item\" value=\"6\">\n                        Entreprises totales\n                      <\/option>\n<option class=\"sib-menu__item\" value=\"7\">\n                        Entreprises de construction\n                      <\/option>\n<option class=\"sib-menu__item\" value=\"8\">\n                        Gestionnaires immobiliers\n                      <\/option>\n<option class=\"sib-menu__item\" value=\"9\">\n                        Coop\u00e9rative d\u2019habitation\n                      <\/option>\n<option class=\"sib-menu__item\" value=\"10\">\n                        Priv\u00e9s\n                      <\/option>\n<option class=\"sib-menu__item\" value=\"11\">\n                        Gestion des installations\n                      <\/option>\n<option class=\"sib-menu__item\" value=\"12\">\n                        Communes &amp; villes\n                      <\/option>\n<option class=\"sib-menu__item\" value=\"13\">\n                        Services d\u2019urbanisme|\n                      <\/option>\n<option class=\"sib-menu__item\" value=\"14\">\n                        P\u00e9pini\u00e8res municipales\n                      <\/option>\n<option class=\"sib-menu__item\" value=\"15\">\n                        Ecoles\n                      <\/option>\n<option class=\"sib-menu__item\" value=\"16\">\n                        Garderies\n                      <\/option>\n<option class=\"sib-menu__item\" value=\"17\">\n                        Installations sportives\n                      <\/option>\n<option class=\"sib-menu__item\" value=\"18\">\n                        Service de sant\u00e9 publique\n                      <\/option>\n<option class=\"sib-menu__item\" value=\"19\">\n                        Entreprises de services\n                      <\/option>\n<option class=\"sib-menu__item\" value=\"20\">\n                        Gastronomie &amp; H\u00f4tellerie\n                      <\/option>\n<option class=\"sib-menu__item\" value=\"21\">\n                        Gastronomie &amp; H\u00f4tellerie|3300 Institution\n                      <\/option>\n<option class=\"sib-menu__item\" value=\"22\">\n                        Soci\u00e9t\u00e9s de transpor\n                      <\/option>\n<option class=\"sib-menu__item\" value=\"23\">\n                        Postes &amp; T\u00e9l\u00e9communications\n                      <\/option>\n<option class=\"sib-menu__item\" value=\"24\">\n                        Organisations gouvernementales\n                      <\/option>\n<option class=\"sib-menu__item\" value=\"25\">\n                        Banques\n                      <\/option>\n<option class=\"sib-menu__item\" value=\"26\">\n                        Assurances\n                      <\/option>\n<option class=\"sib-menu__item\" value=\"27\">\n                        Etablissements fiduciaires\n                      <\/option>\n<option class=\"sib-menu__item\" value=\"28\">\n                        Entreprises industrielles\n                      <\/option>\n<option class=\"sib-menu__item\" value=\"29\">\n                        M\u00e9tallurgie et sid\u00e9rurgie\n                      <\/option>\n<option class=\"sib-menu__item\" value=\"30\">\n                        Serrurerie\n                      <\/option>\n<option class=\"sib-menu__item\" value=\"31\">\n                        Quincaillerie\n                      <\/option>\n<option class=\"sib-menu__item\" value=\"32\">\n                        Secteur de l\u2019artisanat\n                      <\/option>\n<option class=\"sib-menu__item\" value=\"33\">\n                        Jardinage et am\u00e9nagement paysager\n                      <\/option>\n<option class=\"sib-menu__item\" value=\"34\">\n                        Revendeurs\n                      <\/option>\n<option class=\"sib-menu__item\" value=\"35\">\n                        Magasins de v\u00e9los\n                      <\/option>\n<option class=\"sib-menu__item\" value=\"36\">\n                        Lobby des v\u00e9los\n                      <\/option>\n                    <\/select>\n                  <\/div>\n                <\/div>\n                <label class=\"entry__error entry__error--primary\">\n                <\/label>\n              <\/div>\n            <\/div>\n\n            <div class=\"sib-input sib-form-block\">\n              <div class=\"form__entry entry_block\">\n                <div class=\"form__label-row \">\n                  <div class=\"required__field\">*<\/div>\n\n                  <div class=\"entry__field\">\n                    <input class=\"input \" placeholder=\"Rue et N\u00b0\" maxlength=\"200\" type=\"text\" id=\"ADRESSE\" name=\"ADRESSE\" autocomplete=\"off\" data-required=\"true\" required>\n                  <\/div>\n                <\/div>\n\n                <label class=\"entry__error entry__error--primary\">\n                <\/label>\n              <\/div>\n            <\/div>\n\n            <div class=\"sib-input sib-form-block\">\n              <div class=\"form__entry entry_block\">\n                <div class=\"form__label-row \">\n                  <div class=\"required__field\">*<\/div>\n\n                  <div class=\"entry__field\">\n                    <input maxlength=\"200\" placeholder=\"CP\" type=\"text\" data-numeric=\"true\" class=\"input \" id=\"PLZ\" name=\"PLZ\" autocomplete=\"off\" data-required=\"true\" required>\n                  <\/div>\n                <\/div>\n                <label class=\"entry__error entry__error--primary\">\n                <\/label>\n              <\/div>\n            <\/div>\n\n          <\/div>\n\n          <div>\n\n\n\n\n\n            <div class=\"sib-input sib-form-block\">\n              <div class=\"form__entry entry_block\">\n                <div class=\"form__label-row \">\n                  <div class=\"required__field\">*<\/div>\n\n                  <div class=\"entry__field\">\n                    <input class=\"input \" placeholder=\"Ville\" maxlength=\"200\" type=\"text\" id=\"ORT\" name=\"ORT\" autocomplete=\"off\" data-required=\"true\" required>\n                  <\/div>\n                <\/div>\n\n                <label class=\"entry__error entry__error--primary\">\n                <\/label>\n              <\/div>\n            <\/div>\n\n            <div class=\"sib-input sib-form-block\">\n              <div class=\"form__entry entry_block\">\n                <div class=\"form__label-row \">\n                  <div class=\"required__field\">*<\/div>\n                  <div class=\"entry__field\">\n                    <input class=\"input \" placeholder=\"Adresse mail\" type=\"text\" id=\"EMAIL\" name=\"EMAIL\" autocomplete=\"off\" data-required=\"true\" required>\n                  <\/div>\n                <\/div>\n\n                <label class=\"entry__error entry__error--primary\">\n                <\/label>\n              <\/div>\n            <\/div>\n\n            <div class=\"sib-input sib-form-block\">\n              <div class=\"form__entry entry_block\">\n                <div class=\"form__label-row \">\n                  <div class=\"required__field\">*<\/div>\n\n                  <div class=\"entry__field\">\n                    <input class=\"input \" placeholder=\"T\u00e9l\u00e9phone\" maxlength=\"200\" type=\"text\" id=\"TELEFON\" name=\"TELEFON\" autocomplete=\"off\" data-required=\"true\" required>\n                  <\/div>\n                <\/div>\n\n                <label class=\"entry__error entry__error--primary\">\n                <\/label>\n              <\/div>\n            <\/div>\n\n            <div class=\"sib-input sib-form-block\">\n              <div class=\"form__entry entry_block\">\n                <div class=\"form__label-row \">\n\n                  <div class=\"entry__field\" style=\"margin-left: 15px;\">\n                    <textarea rows=\"3\" class=\"input\" style=\"padding: 0 8px;\" placeholder=\"Votre Message\" maxlength=\"500\" id=\"IHRE_MITTEILUNG\" name=\"IHRE_MITTEILUNG\" autocomplete=\"off\"><\/textarea>\n                  <\/div>\n                <\/div>\n\n                <label class=\"entry__error entry__error--primary\">\n                <\/label>\n              <\/div>\n            <\/div>\n\n\n\n          <\/div>\n        <\/div>\n\n        <div class=\"split-grid\">\n\n          <div>\n\n            <div class=\"sib-optin sib-form-block\" data-required=\"true\">\n              <div class=\"form__entry entry_mcq\">\n                <div class=\"form__label-row \">\n                  <div class=\"entry__choice\" style=\"margin-left: 15px;\">\n                    <label style=\"padding-left: 15px;\">\n                      <input type=\"checkbox\" class=\"input_replaced\" value=\"1\" id=\"OPT_IN\" name=\"OPT_IN\" required>\n                      <span class=\"checkbox checkbox_tick_positive\"><\/span> J\u2019ac\u00adcepte la <a href=\"https:\/\/www.velopa.ch\/fr\/protection-des-donnees\/\" target=\"_blank\" style=\"color: #FFFFFF\">poli\u00adtique de confidentialit\u00e9<\/a>\n                      <span class=\"required__field\">*<\/span>\n                    <\/label>\n                  <\/div>\n                <\/div>\n                <label class=\"entry__error entry__error--primary\">\n                <\/label>\n              <\/div>\n            <\/div>\n\n            <div class=\"sib-form-block\" style=\" margin-top: 5px; margin-left: 15px\">\n              <button class=\"sib-form-block__button sib-form-block__button-with-loader\" type=\"submit\">\n                <svg class=\"icon clickable__icon progress-indicator__icon sib-hide-loader-icon\" viewBox=\"0 0 512 512\">\n                  <path d=\"M460.116 373.846l-20.823-12.022c-5.541-3.199-7.54-10.159-4.663-15.874 30.137-59.886 28.343-131.652-5.386-189.946-33.641-58.394-94.896-95.833-161.827-99.676C261.028 55.961 256 50.751 256 44.352V20.309c0-6.904 5.808-12.337 12.703-11.982 83.556 4.306 160.163 50.864 202.11 123.677 42.063 72.696 44.079 162.316 6.031 236.832-3.14 6.148-10.75 8.461-16.728 5.01z\" \/>\n                <\/svg>\n                Envoyer\n              <\/button>\n            <\/div>\n\n\n            <input type=\"text\" name=\"email_address_check\" value class=\"input--hidden\">\n            <input type=\"hidden\" name=\"locale\" value=\"en\">\n\n          <\/div>\n          <div>\n\n          <\/div>\n        <\/div>\n\n      <\/form>\n    <\/div>\n  <\/div>\n<\/div>\n<!-- END - We recommend to place the above code where you want the form in your website html  -->\n\n<!-- Script code for this form is placed in the footer -->\n\n<!-- End Brevo Form --><\/div>\n\t\t\t<\/div>\n\t\t\t<\/div>\n\t\t\t\t\n\t\t\t\t\n\t\t\t\t\n\t\t\t\t\n\t\t\t<\/div>\n\t\t\t\t\n\t\t\t\t\n\t\t\t<\/div><div id=\"ow_fix_height_225\" class=\"et_d4_element et_pb_section et_pb_section_17  et_pb_css_mix_blend_mode et_section_regular et_block_section\">\n\t\t\t\t\n\t\t\t\t\n\t\t\t\t\n\t\t\t\t\n\t\t\t\t\n\t\t\t\t\n\t\t\t\t<div class=\"et_d4_element et_pb_row et_pb_row_12  et_pb_css_mix_blend_mode et_block_row\">\n\t\t\t\t<div class=\"et_d4_element et_pb_column_1_3 et_pb_column et_pb_column_23 ow_mobile_insert_after  et_pb_css_mix_blend_mode et_block_column\">\n\t\t\t\t\n\t\t\t\t\n\t\t\t\t\n\t\t\t\t\n\t\t\t\t<div class=\"et_pb_module et_d4_element et_pb_slider et_pb_slider_2 et_hover_enabled et_pb_slider_fullwidth_off et_pb_slider_no_pagination et_slider_auto et_slider_speed_7000\">\n\t\t\t\t<div class=\"et_pb_slides\">\n\t\t\t\t\t<div class=\"et_d4_element et_pb_slide et_pb_slide_2  et_pb_css_mix_blend_mode et_pb_bg_layout_dark et_pb_media_alignment_center et_pb_slider_with_overlay et-pb-active-slide\" data-slide-id=\"et_pb_slide_2\">\n\t\t\t\t\n\t\t\t\t<div class=\"et_pb_slide_overlay_container\"><\/div>\n\t\t\t\t<div class=\"et_pb_container clearfix\">\n\t\t\t\t\t<div class=\"et_pb_slider_container_inner\">\n\t\t\t\t\t\t\n\t\t\t\t\t\t<div class=\"et_pb_slide_description\">\n\t\t\t\t\t\t\t<div class=\"et_pb_slide_content\"><p style=\"text-align: center;\"><strong>R\u00e9f\u00e9\u00adren\u00adces<\/strong><\/p><\/div>\n\t\t\t\t\t\t\t<div class=\"et_pb_button_wrapper\"><a class=\"et_pb_button et_pb_more_button\" href=\"https:\/\/www.velopa.ch\/fr\/references\/\">Plus d\u2019in\u00adfos<\/a><\/div>\n\t\t\t\t\t\t<\/div>\n\t\t\t\t\t<\/div>\n\t\t\t\t<\/div>\n\t\t\t\t\n\t\t\t\t\n\t\t\t\t\n\t\t\t<\/div>\n\t\t\t\n\t\t\t\t<\/div>\n\t\t\t\t\n\t\t\t<\/div>\n\t\t\t\n\t\t\t<\/div><div class=\"et_d4_element et_pb_column_1_3 et_pb_column et_pb_column_24 ow_mobile_insert_after  et_pb_css_mix_blend_mode et_block_column\">\n\t\t\t\t\n\t\t\t\t\n\t\t\t\t\n\t\t\t\t\n\t\t\t\t<div class=\"et_pb_module et_d4_element et_pb_slider et_pb_slider_3 et_hover_enabled et_pb_slider_fullwidth_off et_pb_slider_no_pagination et_slider_auto et_slider_speed_7000\">\n\t\t\t\t<div class=\"et_pb_slides\">\n\t\t\t\t\t<div class=\"et_d4_element et_pb_slide et_pb_slide_3  et_pb_css_mix_blend_mode et_pb_bg_layout_dark et_pb_media_alignment_center et_pb_slider_with_overlay et-pb-active-slide\" data-slide-id=\"et_pb_slide_3\">\n\t\t\t\t\n\t\t\t\t<div class=\"et_pb_slide_overlay_container\"><\/div>\n\t\t\t\t<div class=\"et_pb_container clearfix\">\n\t\t\t\t\t<div class=\"et_pb_slider_container_inner\">\n\t\t\t\t\t\t\n\t\t\t\t\t\t<div class=\"et_pb_slide_description\">\n\t\t\t\t\t\t\t<div class=\"et_pb_slide_content\"><p style=\"text-align: center;\"><strong>Responsa\u00adbi\u00adlit\u00e9<\/strong><\/p><\/div>\n\t\t\t\t\t\t\t<div class=\"et_pb_button_wrapper\"><a class=\"et_pb_button et_pb_more_button\" href=\"https:\/\/www.velopa.ch\/fr\/responsabilite\/\">Plus d\u2019in\u00adfos<\/a><\/div>\n\t\t\t\t\t\t<\/div>\n\t\t\t\t\t<\/div>\n\t\t\t\t<\/div>\n\t\t\t\t\n\t\t\t\t\n\t\t\t\t\n\t\t\t<\/div>\n\t\t\t\n\t\t\t\t<\/div>\n\t\t\t\t\n\t\t\t<\/div>\n\t\t\t\n\t\t\t<\/div><div class=\"et_d4_element et_pb_column_1_3 et_pb_column et_pb_column_25 ow_mobile_insert_after  et_pb_css_mix_blend_mode et-last-child et_block_column\">\n\t\t\t\t\n\t\t\t\t\n\t\t\t\t\n\t\t\t\t\n\t\t\t\t<div class=\"et_pb_module et_d4_element et_pb_slider et_pb_slider_4 et_hover_enabled et_pb_slider_fullwidth_off et_pb_slider_no_pagination et_slider_auto et_slider_speed_7000\">\n\t\t\t\t<div class=\"et_pb_slides\">\n\t\t\t\t\t<div class=\"et_d4_element et_pb_slide et_pb_slide_4  et_pb_css_mix_blend_mode et_pb_bg_layout_dark et_pb_media_alignment_center et_pb_slider_with_overlay et-pb-active-slide\" data-slide-id=\"et_pb_slide_4\">\n\t\t\t\t\n\t\t\t\t<div class=\"et_pb_slide_overlay_container\"><\/div>\n\t\t\t\t<div class=\"et_pb_container clearfix\">\n\t\t\t\t\t<div class=\"et_pb_slider_container_inner\">\n\t\t\t\t\t\t\n\t\t\t\t\t\t<div class=\"et_pb_slide_description\">\n\t\t\t\t\t\t\t<div class=\"et_pb_slide_content\"><p style=\"text-align: center;\"><strong>Nou\u00adveau partenariat<\/strong><\/p><\/div>\n\t\t\t\t\t\t\t<div class=\"et_pb_button_wrapper\"><a class=\"et_pb_button et_pb_more_button\" href=\"https:\/\/www.velopa.ch\/fr\/velopa-et-v-locker-concluent-un-partenariat-strategique\/\">Plus d\u2019in\u00adfos<\/a><\/div>\n\t\t\t\t\t\t<\/div>\n\t\t\t\t\t<\/div>\n\t\t\t\t<\/div>\n\t\t\t\t\n\t\t\t\t\n\t\t\t\t\n\t\t\t<\/div>\n\t\t\t\n\t\t\t\t<\/div>\n\t\t\t\t\n\t\t\t<\/div>\n\t\t\t\n\t\t\t<\/div>\n\t\t\t\t\n\t\t\t\t\n\t\t\t\t\n\t\t\t\t\n\t\t\t<\/div>\n\t\t\t\t\n\t\t\t\t\n\t\t\t<\/div><div class=\"et_d4_element et_pb_section et_pb_section_19 ow_buttons_top ow_category_modul_big  et_pb_css_mix_blend_mode et_section_regular et_block_section\">\n\t\t\t\t\n\t\t\t\t\n\t\t\t\t\n\t\t\t\t\n\t\t\t\t\n\t\t\t\t\n\t\t\t\t<div class=\"et_d4_element et_pb_row et_pb_row_13 ow_buttons_responsive  et_pb_css_mix_blend_mode et_block_row\">\n\t\t\t\t<div class=\"et_d4_element et_pb_column_1_2 et_pb_column et_pb_column_26 ow_buttom_text_column  et_pb_css_mix_blend_mode et_block_column\">\n\t\t\t\t\n\t\t\t\t\n\t\t\t\t\n\t\t\t\t\n\t\t\t\t<div class=\"et_pb_module et_d4_element et_pb_blurb et_pb_blurb_6  et_pb_text_align_center  et_pb_blurb_position_top et_block_module et_pb_bg_layout_light\">\n\t\t\t\t\n\t\t\t\t\n\t\t\t\t\n\t\t\t\t\n\t\t\t\t<div class=\"et_pb_blurb_content\">\n\t\t\t\t\t<div class=\"et_pb_main_blurb_image et_pb_css_mix_blend_mode\"><span class=\"et_pb_image_wrap et_pb_only_image_mode_wrap\"><img loading=\"lazy\" decoding=\"async\" width=\"231\" height=\"231\" src=\"https:\/\/www.velopa.ch\/wp-content\/uploads\/2021\/03\/alle-produkte.png\" alt srcset=\"https:\/\/www.velopa.ch\/wp-content\/uploads\/2021\/03\/alle-produkte.png 231w, https:\/\/www.velopa.ch\/wp-content\/uploads\/2021\/03\/alle-produkte-150x150.png 150w\" sizes=\"(max-width: 231px) 100vw, 231px\" class=\"et-waypoint et_pb_animation_off et_pb_animation_off_tablet et_pb_animation_off_phone wp-image-53352\"><\/span><\/div>\n\t\t\t\t\t<div class=\"et_pb_blurb_container\">\n\t\t\t\t\t\t<h4 class=\"et_pb_module_header\"><span>Toutes les cat\u00e9gories<\/span><\/h4>\n\t\t\t\t\t\t<div class=\"et_pb_blurb_description\"><p><\/p>\n<p class style=\"text-align: center;\">D\u00e9cou\u00advrez notre vaste assor\u00adti\u00adment de pro\u00adduits dans les domaines du sta\u00adti\u00adon\u00adne\u00adment, de la cou\u00adver\u00adture, de la s\u00e9cu\u00adri\u00adsa\u00adtion et des am\u00e9\u00adnage\u00adments d\u2019espaces ext\u00e9\u00adri\u00adeurs. Cette grande vari\u00e9t\u00e9 de pro\u00adduits fait de nous le par\u00adten\u00adaire id\u00e9al en mati\u00e8re de mobi\u00adlier urbain.<\/p><\/div>\n\t\t\t\t\t<\/div>\n\t\t\t\t<\/div>\n\t\t\t<\/div>\n\t\t\t<\/div><div class=\"et_d4_element et_pb_column_1_4 et_pb_column et_pb_column_27  et_pb_css_mix_blend_mode et_block_column\">\n\t\t\t\t\n\t\t\t\t\n\t\t\t\t\n\t\t\t\t\n\t\t\t\t<div class=\"et_pb_button_module_wrapper et_pb_button_2_wrapper et_pb_button_alignment_center et_pb_module \">\n\t\t\t\t<a class=\"et_pb_button et_d4_element et_pb_button_2 et_hover_enabled et_pb_bg_layout_light et_block_module\" href=\"https:\/\/www.velopa.ch\/fr\/clients-prives\/\">Pro\u00adduits pour particuliers<\/a>\n\t\t\t<\/div><div class=\"et_pb_button_module_wrapper et_pb_button_3_wrapper et_pb_button_alignment_center et_pb_module \">\n\t\t\t\t<a class=\"et_pb_button et_d4_element et_pb_button_3 et_hover_enabled et_pb_bg_layout_light et_block_module\" href=\"https:\/\/www.velopa.ch\/fr\/etriers-dappui\/\">Etrier d\u2019appui<\/a>\n\t\t\t<\/div><div class=\"et_pb_button_module_wrapper et_pb_button_4_wrapper et_pb_button_alignment_center et_pb_module \">\n\t\t\t\t<a class=\"et_pb_button et_d4_element et_pb_button_4 et_hover_enabled et_pb_bg_layout_light et_block_module\" href=\"https:\/\/www.velopa.ch\/fr\/abris-pour-voyageurs\/\">Abris pour voyageurs<\/a>\n\t\t\t<\/div><div class=\"et_pb_button_module_wrapper et_pb_button_5_wrapper et_pb_button_alignment_center et_pb_module \">\n\t\t\t\t<a class=\"et_pb_button et_d4_element et_pb_button_5 et_hover_enabled et_pb_bg_layout_light et_block_module\" href=\"https:\/\/www.velopa.ch\/fr\/systemes-de-delimitation\/\">Sys\u00adt\u00e8\u00admes de d\u00e9limitation<\/a>\n\t\t\t<\/div><div class=\"et_pb_button_module_wrapper et_pb_button_6_wrapper et_pb_button_alignment_center et_pb_module \">\n\t\t\t\t<a class=\"et_pb_button et_d4_element et_pb_button_6 et_hover_enabled et_pb_bg_layout_light et_block_module\" href=\"https:\/\/www.velopa.ch\/fr\/poubelles-et-cendriers\/\">Pou\u00adbel\u00adles et Cendriers<\/a>\n\t\t\t<\/div>\n\t\t\t<\/div><div class=\"et_d4_element et_pb_column_1_4 et_pb_column et_pb_column_28  et_pb_css_mix_blend_mode et-last-child et_block_column\">\n\t\t\t\t\n\t\t\t\t\n\t\t\t\t\n\t\t\t\t\n\t\t\t\t<div class=\"et_pb_button_module_wrapper et_pb_button_7_wrapper et_pb_button_alignment_center et_pb_module \">\n\t\t\t\t<a class=\"et_pb_button et_d4_element et_pb_button_7 et_hover_enabled et_pb_bg_layout_light et_block_module\" href=\"https:\/\/www.velopa.ch\/fr\/systemes-de-stationnement\/\">Sys\u00adt\u00e8\u00admes de stationnement<\/a>\n\t\t\t<\/div><div class=\"et_pb_button_module_wrapper et_pb_button_8_wrapper et_pb_button_alignment_center et_pb_module \">\n\t\t\t\t<a class=\"et_pb_button et_d4_element et_pb_button_8 et_hover_enabled et_pb_bg_layout_light et_block_module\" href=\"https:\/\/www.velopa.ch\/fr\/abris-a-velos\/\">Abris \u00e0&nbsp;v\u00e9los<\/a>\n\t\t\t<\/div><div class=\"et_pb_button_module_wrapper et_pb_button_9_wrapper et_pb_button_alignment_center et_pb_module \">\n\t\t\t\t<a class=\"et_pb_button et_d4_element et_pb_button_9 et_hover_enabled et_pb_bg_layout_light et_block_module\" href=\"https:\/\/www.velopa.ch\/fr\/abris-pour-fumeurs\/\">Abris pour fumeurs<\/a>\n\t\t\t<\/div><div class=\"et_pb_button_module_wrapper et_pb_button_10_wrapper et_pb_button_alignment_center et_pb_module \">\n\t\t\t\t<a class=\"et_pb_button et_d4_element et_pb_button_10 et_hover_enabled et_pb_bg_layout_light et_block_module\" href=\"https:\/\/www.velopa.ch\/fr\/bancs-sieges-tables\/\">Bancs \u2013 Si\u00e8\u00adges \u2013 Tables<\/a>\n\t\t\t<\/div><div class=\"et_pb_button_module_wrapper et_pb_button_11_wrapper et_pb_button_alignment_center et_pb_module \">\n\t\t\t\t<a class=\"et_pb_button et_d4_element et_pb_button_11 et_hover_enabled et_pb_bg_layout_light et_block_module\" href=\"https:\/\/www.velopa.ch\/fr\/jardinieres-et-protection-darbres\/\">Jar\u00addi\u00adni\u00e8\u00adres et Pro\u00adtec\u00adtion d\u2019arbres<\/a>\n\t\t\t<\/div>\n\t\t\t<\/div>\n\t\t\t\t\n\t\t\t\t\n\t\t\t\t\n\t\t\t\t\n\t\t\t<\/div>\n\t\t\t\t\n\t\t\t\t\n\t\t\t<\/div><div class=\"et_d4_element et_pb_section et_pb_section_21 ow_buttons_bottom ow_category_modul_small  et_pb_css_mix_blend_mode et_section_regular et_block_section\">\n\t\t\t\t\n\t\t\t\t\n\t\t\t\t\n\t\t\t\t\n\t\t\t\t\n\t\t\t\t\n\t\t\t\t<div class=\"et_d4_element et_pb_row et_pb_row_14 ow_buttons_responsive  et_pb_css_mix_blend_mode et_block_row\">\n\t\t\t\t<div class=\"et_d4_element et_pb_column_1_4 et_pb_column et_pb_column_29  et_pb_css_mix_blend_mode et_block_column\">\n\t\t\t\t\n\t\t\t\t\n\t\t\t\t\n\t\t\t\t\n\t\t\t\t<div class=\"et_pb_button_module_wrapper et_pb_button_12_wrapper et_pb_button_alignment_center et_pb_module \">\n\t\t\t\t<a class=\"et_pb_button et_d4_element et_pb_button_12 et_hover_enabled et_pb_bg_layout_light et_block_module\" href=\"https:\/\/shop.velopa.ch\/fr\/categorie-produit\/promotions\/\">Pro\u00admo\u00adti\u00adons<\/a>\n\t\t\t<\/div><div class=\"et_pb_button_module_wrapper et_pb_button_13_wrapper et_pb_button_alignment_center et_pb_module \">\n\t\t\t\t<a class=\"et_pb_button et_d4_element et_pb_button_13 et_hover_enabled et_pb_bg_layout_light et_block_module\" href=\"https:\/\/www.velopa.ch\/fr\/v-elements\/\">v\u2011elements\u00ae<\/a>\n\t\t\t<\/div>\n\t\t\t<\/div><div class=\"et_d4_element et_pb_column_1_4 et_pb_column et_pb_column_30  et_pb_css_mix_blend_mode et_block_column\">\n\t\t\t\t\n\t\t\t\t\n\t\t\t\t\n\t\t\t\t\n\t\t\t\t<div class=\"et_pb_button_module_wrapper et_pb_button_14_wrapper et_pb_button_alignment_center et_pb_module \">\n\t\t\t\t<a class=\"et_pb_button et_d4_element et_pb_button_14 et_hover_enabled et_pb_bg_layout_light et_block_module\" href=\"https:\/\/www.velopa.ch\/fr\/collections\/\">Coll\u00adec\u00adtions<\/a>\n\t\t\t<\/div><div class=\"et_pb_button_module_wrapper et_pb_button_15_wrapper et_pb_button_alignment_center et_pb_module \">\n\t\t\t\t<a class=\"et_pb_button et_d4_element et_pb_button_15 et_hover_enabled et_pb_bg_layout_light et_block_module\" href=\"https:\/\/www.velopa.ch\/fr\/blog\/\">Blog<\/a>\n\t\t\t<\/div>\n\t\t\t<\/div><div class=\"et_d4_element et_pb_column_1_4 et_pb_column et_pb_column_31  et_pb_css_mix_blend_mode et_block_column\">\n\t\t\t\t\n\t\t\t\t\n\t\t\t\t\n\t\t\t\t\n\t\t\t\t<div class=\"et_pb_button_module_wrapper et_pb_button_16_wrapper et_pb_button_alignment_center et_pb_module \">\n\t\t\t\t<a class=\"et_pb_button et_d4_element et_pb_button_16 et_hover_enabled et_pb_bg_layout_light et_block_module\" href=\"https:\/\/www.velopa.ch\/fr\/systemes-de-parking-de-grande-taille\/\">Sys\u00adt\u00e8\u00admes de par\u00adking de grande taille<\/a>\n\t\t\t<\/div><div class=\"et_pb_button_module_wrapper et_pb_button_17_wrapper et_pb_button_alignment_center et_pb_module \">\n\t\t\t\t<a class=\"et_pb_button et_d4_element et_pb_button_17 et_hover_enabled et_pb_bg_layout_light et_block_module\" href=\"https:\/\/shop.velopa.ch\/fr\/\">Shop<\/a>\n\t\t\t<\/div>\n\t\t\t<\/div><div class=\"et_d4_element et_pb_column_1_4 et_pb_column et_pb_column_32  et_pb_css_mix_blend_mode et-last-child et_block_column\">\n\t\t\t\t\n\t\t\t\t\n\t\t\t\t\n\t\t\t\t\n\t\t\t\t<div class=\"et_pb_button_module_wrapper et_pb_button_18_wrapper et_pb_button_alignment_center et_pb_module \">\n\t\t\t\t<a class=\"et_pb_button et_d4_element et_pb_button_18 et_hover_enabled et_pb_bg_layout_light et_block_module\" href=\"https:\/\/www.velopa.ch\/fr\/infrastructure-pour-les-velos\/\">Infra\u00adstruc\u00adture pour les&nbsp;velos<\/a>\n\t\t\t<\/div><div class=\"et_pb_button_module_wrapper et_pb_button_19_wrapper et_pb_button_alignment_center et_pb_module \">\n\t\t\t\t<a class=\"et_pb_button et_d4_element et_pb_button_19 et_hover_enabled et_pb_bg_layout_light et_block_module\" href=\"https:\/\/www.velopa.ch\/fr\/\">Retour \u00e0 la page d\u2019accueil<\/a>\n\t\t\t<\/div>\n\t\t\t<\/div>\n\t\t\t\t\n\t\t\t\t\n\t\t\t\t\n\t\t\t\t\n\t\t\t<\/div>\n\t\t\t\t\n\t\t\t\t\n\t\t\t<\/div><div id=\"ow_fix_height_234\" class=\"et_d4_element et_pb_section et_pb_section_22  et_pb_css_mix_blend_mode et_section_regular et_block_section\">\n\t\t\t\t\n\t\t\t\t\n\t\t\t\t\n\t\t\t\t\n\t\t\t\t\n\t\t\t\t\n\t\t\t\t<div class=\"et_d4_element et_pb_row et_pb_row_15  et_pb_css_mix_blend_mode et_block_row\">\n\t\t\t\t<div class=\"et_d4_element et_pb_column_1_4 et_pb_column et_pb_column_33  et_pb_css_mix_blend_mode et_block_column\">\n\t\t\t\t\n\t\t\t\t\n\t\t\t\t\n\t\t\t\t\n\t\t\t\t<div class=\"et_pb_module et_d4_element et_pb_blurb et_pb_blurb_7 ow_clickable_box  et_pb_text_align_center  et_pb_blurb_position_top et_block_module et_pb_bg_layout_light\">\n\t\t\t\t\n\t\t\t\t\n\t\t\t\t\n\t\t\t\t\n\t\t\t\t<div class=\"et_pb_blurb_content\">\n\t\t\t\t\t<div class=\"et_pb_main_blurb_image et_pb_css_mix_blend_mode\"><span class=\"et_pb_image_wrap et_pb_only_image_mode_wrap\"><img loading=\"lazy\" decoding=\"async\" width=\"231\" height=\"231\" src=\"https:\/\/www.velopa.ch\/wp-content\/uploads\/2021\/03\/iconall.png\" alt srcset=\"https:\/\/www.velopa.ch\/wp-content\/uploads\/2021\/03\/iconall.png 231w, https:\/\/www.velopa.ch\/wp-content\/uploads\/2021\/03\/iconall-150x150.png 150w\" sizes=\"(max-width: 231px) 100vw, 231px\" class=\"et-waypoint et_pb_animation_off et_pb_animation_off_tablet et_pb_animation_off_phone wp-image-53396\"><\/span><\/div>\n\t\t\t\t\t<div class=\"et_pb_blurb_container\">\n\t\t\t\t\t\t<h4 class=\"et_pb_module_header\"><span>\u25ba Solutions<\/span><\/h4>\n\t\t\t\t\t\t<div class=\"et_pb_blurb_description\"><p><a href=\"https:\/\/www.velopa.ch\/fr\/solutions\/\">link<\/a><\/p><\/div>\n\t\t\t\t\t<\/div>\n\t\t\t\t<\/div>\n\t\t\t<\/div>\n\t\t\t<\/div><div class=\"et_d4_element et_pb_column_1_4 et_pb_column et_pb_column_34  et_pb_css_mix_blend_mode et_block_column\">\n\t\t\t\t\n\t\t\t\t\n\t\t\t\t\n\t\t\t\t\n\t\t\t\t<div class=\"et_pb_module et_d4_element et_pb_blurb et_pb_blurb_8 ow_clickable_box  et_pb_text_align_center  et_pb_blurb_position_top et_block_module et_pb_bg_layout_light\">\n\t\t\t\t\n\t\t\t\t\n\t\t\t\t\n\t\t\t\t\n\t\t\t\t<div class=\"et_pb_blurb_content\">\n\t\t\t\t\t<div class=\"et_pb_main_blurb_image et_pb_css_mix_blend_mode\"><span class=\"et_pb_image_wrap et_pb_only_image_mode_wrap\"><img loading=\"lazy\" decoding=\"async\" width=\"231\" height=\"231\" src=\"https:\/\/www.velopa.ch\/wp-content\/uploads\/2021\/03\/kontakt.png\" alt srcset=\"https:\/\/www.velopa.ch\/wp-content\/uploads\/2021\/03\/kontakt.png 231w, https:\/\/www.velopa.ch\/wp-content\/uploads\/2021\/03\/kontakt-150x150.png 150w\" sizes=\"(max-width: 231px) 100vw, 231px\" class=\"et-waypoint et_pb_animation_off et_pb_animation_off_tablet et_pb_animation_off_phone wp-image-53362\"><\/span><\/div>\n\t\t\t\t\t<div class=\"et_pb_blurb_container\">\n\t\t\t\t\t\t<h4 class=\"et_pb_module_header\"><span>\u25ba Contact<\/span><\/h4>\n\t\t\t\t\t\t<div class=\"et_pb_blurb_description\"><p><a href=\"https:\/\/www.velopa.ch\/fr\/contact\/\">link<\/a><\/p><\/div>\n\t\t\t\t\t<\/div>\n\t\t\t\t<\/div>\n\t\t\t<\/div>\n\t\t\t<\/div><div class=\"et_d4_element et_pb_column_1_4 et_pb_column et_pb_column_35  et_pb_css_mix_blend_mode et_block_column\">\n\t\t\t\t\n\t\t\t\t\n\t\t\t\t\n\t\t\t\t\n\t\t\t\t<div class=\"et_pb_module et_d4_element et_pb_blurb et_pb_blurb_9 ow_clickable_box  et_pb_text_align_center  et_pb_blurb_position_top et_block_module et_pb_bg_layout_light\">\n\t\t\t\t\n\t\t\t\t\n\t\t\t\t\n\t\t\t\t\n\t\t\t\t<div class=\"et_pb_blurb_content\">\n\t\t\t\t\t<div class=\"et_pb_main_blurb_image et_pb_css_mix_blend_mode\"><span class=\"et_pb_image_wrap et_pb_only_image_mode_wrap\"><img loading=\"lazy\" decoding=\"async\" width=\"231\" height=\"231\" src=\"https:\/\/www.velopa.ch\/wp-content\/uploads\/2021\/03\/persoenliche-beratung.png\" alt srcset=\"https:\/\/www.velopa.ch\/wp-content\/uploads\/2021\/03\/persoenliche-beratung.png 231w, https:\/\/www.velopa.ch\/wp-content\/uploads\/2021\/03\/persoenliche-beratung-150x150.png 150w\" sizes=\"(max-width: 231px) 100vw, 231px\" class=\"et-waypoint et_pb_animation_off et_pb_animation_off_tablet et_pb_animation_off_phone wp-image-53368\"><\/span><\/div>\n\t\t\t\t\t<div class=\"et_pb_blurb_container\">\n\t\t\t\t\t\t<h4 class=\"et_pb_module_header\"><span>\u25ba Conseil personnalis\u00e9<\/span><\/h4>\n\t\t\t\t\t\t<div class=\"et_pb_blurb_description\"><p><a href=\"https:\/\/www.velopa.ch\/fr\/contact\/#conseil-personnalise\">link<\/a><\/p><\/div>\n\t\t\t\t\t<\/div>\n\t\t\t\t<\/div>\n\t\t\t<\/div>\n\t\t\t<\/div><div class=\"et_d4_element et_pb_column_1_4 et_pb_column et_pb_column_36  et_pb_css_mix_blend_mode et-last-child et_block_column\">\n\t\t\t\t\n\t\t\t\t\n\t\t\t\t\n\t\t\t\t\n\t\t\t\t<div class=\"et_pb_module et_d4_element et_pb_blurb et_pb_blurb_10 ow_clickable_box  et_pb_text_align_center  et_pb_blurb_position_top et_block_module et_pb_bg_layout_light\">\n\t\t\t\t\n\t\t\t\t\n\t\t\t\t\n\t\t\t\t\n\t\t\t\t<div class=\"et_pb_blurb_content\">\n\t\t\t\t\t<div class=\"et_pb_main_blurb_image et_pb_css_mix_blend_mode\"><span class=\"et_pb_image_wrap et_pb_only_image_mode_wrap\"><img loading=\"lazy\" decoding=\"async\" width=\"231\" height=\"231\" src=\"https:\/\/www.velopa.ch\/wp-content\/uploads\/2021\/03\/katalog.png\" alt srcset=\"https:\/\/www.velopa.ch\/wp-content\/uploads\/2021\/03\/katalog.png 231w, https:\/\/www.velopa.ch\/wp-content\/uploads\/2021\/03\/katalog-150x150.png 150w\" sizes=\"(max-width: 231px) 100vw, 231px\" class=\"et-waypoint et_pb_animation_off et_pb_animation_off_tablet et_pb_animation_off_phone wp-image-53360\"><\/span><\/div>\n\t\t\t\t\t<div class=\"et_pb_blurb_container\">\n\t\t\t\t\t\t<h4 class=\"et_pb_module_header\"><span>\u25ba Catalogue<\/span><\/h4>\n\t\t\t\t\t\t<div class=\"et_pb_blurb_description\"><p><a href=\"https:\/\/www.velopa.ch\/fr\/catalogue\/\">link<\/a><\/p><\/div>\n\t\t\t\t\t<\/div>\n\t\t\t\t<\/div>\n\t\t\t<\/div>\n\t\t\t<\/div>\n\t\t\t\t\n\t\t\t\t\n\t\t\t\t\n\t\t\t\t\n\t\t\t<\/div>\n\t\t\t\t\n\t\t\t\t\n\t\t\t<\/div>\n","protected":false},"excerpt":{"rendered":"","protected":false},"author":6,"featured_media":11662,"comment_status":"open","ping_status":"closed","template":"","meta":{"_acf_changed":false,"wp_typography_post_enhancements_disabled":false,"_et_pb_use_builder":"on","_et_pb_old_content":"","_et_gb_content_width":"","footnotes":""},"project_tag":[],"class_list":["post-15156","project","type-project","status-publish","has-post-thumbnail","hentry","project_category-abris-a-velos","project_category-velounterstaende-fr"],"acf":[],"yoast_head":"<!-- This site is optimized with the Yoast SEO plugin v28.4 - https:\/\/yoast.com\/product\/yoast-seo-wordpress\/ -->\n<title>Abri \u00e0 v\u00e9los EcoRoof - Velopa Suisse<\/title>\n<meta name=\"description\" content=\"Nachhaltig und schlicht \u2013 der funktionale Unterstand ist ideal zum Schutz von Velos, Kinderwagen und vieles mehr.\" \/>\n<meta name=\"robots\" content=\"index, follow, max-snippet:-1, max-image-preview:large, max-video-preview:-1\" \/>\n<link rel=\"canonical\" href=\"https:\/\/www.velopa.ch\/fr\/abris-a-velos\/ecoroof\/\" \/>\n<meta property=\"og:locale\" content=\"fr_FR\" \/>\n<meta property=\"og:type\" content=\"article\" \/>\n<meta property=\"og:title\" content=\"Abri \u00e0 v\u00e9los EcoRoof - Velopa Suisse\" \/>\n<meta property=\"og:description\" content=\"Nachhaltig und schlicht \u2013 der funktionale Unterstand ist ideal zum Schutz von Velos, Kinderwagen und vieles mehr.\" \/>\n<meta property=\"og:url\" content=\"https:\/\/www.velopa.ch\/fr\/abris-a-velos\/ecoroof\/\" \/>\n<meta property=\"og:site_name\" content=\"Velopa Suisse\" \/>\n<meta property=\"article:modified_time\" content=\"2025-11-19T15:11:55+00:00\" \/>\n<meta property=\"og:image\" content=\"https:\/\/www.velopa.ch\/wp-content\/uploads\/2017\/06\/Vorschau-EcoRoof.jpg\" \/>\n\t<meta property=\"og:image:width\" content=\"494\" \/>\n\t<meta property=\"og:image:height\" content=\"470\" \/>\n\t<meta property=\"og:image:type\" content=\"image\/jpeg\" \/>\n<meta name=\"twitter:card\" content=\"summary_large_image\" \/>\n<meta name=\"twitter:label1\" content=\"Dur\u00e9e de lecture estim\u00e9e\" \/>\n\t<meta name=\"twitter:data1\" content=\"10 minutes\" \/>\n<script type=\"application\/ld+json\" class=\"yoast-schema-graph\">{\"@context\":\"https:\\\/\\\/schema.org\",\"@graph\":[{\"@type\":\"WebPage\",\"@id\":\"https:\\\/\\\/www.velopa.ch\\\/fr\\\/abris-a-velos\\\/ecoroof\\\/\",\"url\":\"https:\\\/\\\/www.velopa.ch\\\/fr\\\/abris-a-velos\\\/ecoroof\\\/\",\"name\":\"Abri \u00e0 v\u00e9los EcoRoof - Velopa Suisse\",\"isPartOf\":{\"@id\":\"https:\\\/\\\/www.velopa.ch\\\/fr\\\/#website\"},\"primaryImageOfPage\":{\"@id\":\"https:\\\/\\\/www.velopa.ch\\\/fr\\\/abris-a-velos\\\/ecoroof\\\/#primaryimage\"},\"image\":{\"@id\":\"https:\\\/\\\/www.velopa.ch\\\/fr\\\/abris-a-velos\\\/ecoroof\\\/#primaryimage\"},\"thumbnailUrl\":\"https:\\\/\\\/www.velopa.ch\\\/wp-content\\\/uploads\\\/2017\\\/06\\\/Vorschau-EcoRoof.jpg\",\"datePublished\":\"2017-07-08T12:09:51+00:00\",\"dateModified\":\"2025-11-19T15:11:55+00:00\",\"description\":\"Nachhaltig und schlicht \u2013 der funktionale Unterstand ist ideal zum Schutz von Velos, Kinderwagen und vieles mehr.\",\"breadcrumb\":{\"@id\":\"https:\\\/\\\/www.velopa.ch\\\/fr\\\/abris-a-velos\\\/ecoroof\\\/#breadcrumb\"},\"inLanguage\":\"fr-FR\",\"potentialAction\":[{\"@type\":\"ReadAction\",\"target\":[\"https:\\\/\\\/www.velopa.ch\\\/fr\\\/abris-a-velos\\\/ecoroof\\\/\"]}]},{\"@type\":\"ImageObject\",\"inLanguage\":\"fr-FR\",\"@id\":\"https:\\\/\\\/www.velopa.ch\\\/fr\\\/abris-a-velos\\\/ecoroof\\\/#primaryimage\",\"url\":\"https:\\\/\\\/www.velopa.ch\\\/wp-content\\\/uploads\\\/2017\\\/06\\\/Vorschau-EcoRoof.jpg\",\"contentUrl\":\"https:\\\/\\\/www.velopa.ch\\\/wp-content\\\/uploads\\\/2017\\\/06\\\/Vorschau-EcoRoof.jpg\",\"width\":494,\"height\":470,\"caption\":\"EcoRoof\"},{\"@type\":\"BreadcrumbList\",\"@id\":\"https:\\\/\\\/www.velopa.ch\\\/fr\\\/abris-a-velos\\\/ecoroof\\\/#breadcrumb\",\"itemListElement\":[{\"@type\":\"ListItem\",\"position\":1,\"name\":\"Home\",\"item\":\"https:\\\/\\\/www.velopa.ch\\\/fr\\\/\"},{\"@type\":\"ListItem\",\"position\":2,\"name\":\"EcoRoof\"}]},{\"@type\":\"WebSite\",\"@id\":\"https:\\\/\\\/www.velopa.ch\\\/fr\\\/#website\",\"url\":\"https:\\\/\\\/www.velopa.ch\\\/fr\\\/\",\"name\":\"Velopa Suisse\",\"description\":\"Professionelle Veloparkier- , \u00dcberdachungs- und Absperrsysteme\",\"potentialAction\":[{\"@type\":\"SearchAction\",\"target\":{\"@type\":\"EntryPoint\",\"urlTemplate\":\"https:\\\/\\\/www.velopa.ch\\\/fr\\\/?s={search_term_string}\"},\"query-input\":{\"@type\":\"PropertyValueSpecification\",\"valueRequired\":true,\"valueName\":\"search_term_string\"}}],\"inLanguage\":\"fr-FR\"}]}<\/script>\n<!-- \/ Yoast SEO plugin. -->","yoast_head_json":{"title":"Abri \u00e0 v\u00e9los EcoRoof - Velopa Suisse","description":"Nachhaltig und schlicht \u2013 der funktionale Unterstand ist ideal zum Schutz von Velos, Kinderwagen und vieles mehr.","robots":{"index":"index","follow":"follow","max-snippet":"max-snippet:-1","max-image-preview":"max-image-preview:large","max-video-preview":"max-video-preview:-1"},"canonical":"https:\/\/www.velopa.ch\/fr\/abris-a-velos\/ecoroof\/","og_locale":"fr_FR","og_type":"article","og_title":"Abri \u00e0 v\u00e9los EcoRoof - Velopa Suisse","og_description":"Nachhaltig und schlicht \u2013 der funktionale Unterstand ist ideal zum Schutz von Velos, Kinderwagen und vieles mehr.","og_url":"https:\/\/www.velopa.ch\/fr\/abris-a-velos\/ecoroof\/","og_site_name":"Velopa Suisse","article_modified_time":"2025-11-19T15:11:55+00:00","og_image":[{"width":494,"height":470,"url":"https:\/\/www.velopa.ch\/wp-content\/uploads\/2017\/06\/Vorschau-EcoRoof.jpg","type":"image\/jpeg"}],"twitter_card":"summary_large_image","twitter_misc":{"Dur\u00e9e de lecture estim\u00e9e":"10 minutes"},"schema":{"@context":"https:\/\/schema.org","@graph":[{"@type":"WebPage","@id":"https:\/\/www.velopa.ch\/fr\/abris-a-velos\/ecoroof\/","url":"https:\/\/www.velopa.ch\/fr\/abris-a-velos\/ecoroof\/","name":"Abri \u00e0 v\u00e9los EcoRoof - Velopa Suisse","isPartOf":{"@id":"https:\/\/www.velopa.ch\/fr\/#website"},"primaryImageOfPage":{"@id":"https:\/\/www.velopa.ch\/fr\/abris-a-velos\/ecoroof\/#primaryimage"},"image":{"@id":"https:\/\/www.velopa.ch\/fr\/abris-a-velos\/ecoroof\/#primaryimage"},"thumbnailUrl":"https:\/\/www.velopa.ch\/wp-content\/uploads\/2017\/06\/Vorschau-EcoRoof.jpg","datePublished":"2017-07-08T12:09:51+00:00","dateModified":"2025-11-19T15:11:55+00:00","description":"Nachhaltig und schlicht \u2013 der funktionale Unterstand ist ideal zum Schutz von Velos, Kinderwagen und vieles mehr.","breadcrumb":{"@id":"https:\/\/www.velopa.ch\/fr\/abris-a-velos\/ecoroof\/#breadcrumb"},"inLanguage":"fr-FR","potentialAction":[{"@type":"ReadAction","target":["https:\/\/www.velopa.ch\/fr\/abris-a-velos\/ecoroof\/"]}]},{"@type":"ImageObject","inLanguage":"fr-FR","@id":"https:\/\/www.velopa.ch\/fr\/abris-a-velos\/ecoroof\/#primaryimage","url":"https:\/\/www.velopa.ch\/wp-content\/uploads\/2017\/06\/Vorschau-EcoRoof.jpg","contentUrl":"https:\/\/www.velopa.ch\/wp-content\/uploads\/2017\/06\/Vorschau-EcoRoof.jpg","width":494,"height":470,"caption":"EcoRoof"},{"@type":"BreadcrumbList","@id":"https:\/\/www.velopa.ch\/fr\/abris-a-velos\/ecoroof\/#breadcrumb","itemListElement":[{"@type":"ListItem","position":1,"name":"Home","item":"https:\/\/www.velopa.ch\/fr\/"},{"@type":"ListItem","position":2,"name":"EcoRoof"}]},{"@type":"WebSite","@id":"https:\/\/www.velopa.ch\/fr\/#website","url":"https:\/\/www.velopa.ch\/fr\/","name":"Velopa Suisse","description":"Professionelle Veloparkier- , \u00dcberdachungs- und Absperrsysteme","potentialAction":[{"@type":"SearchAction","target":{"@type":"EntryPoint","urlTemplate":"https:\/\/www.velopa.ch\/fr\/?s={search_term_string}"},"query-input":{"@type":"PropertyValueSpecification","valueRequired":true,"valueName":"search_term_string"}}],"inLanguage":"fr-FR"}]}},"_links":{"self":[{"href":"https:\/\/www.velopa.ch\/fr\/wp-json\/wp\/v2\/project\/15156","targetHints":{"allow":["GET"]}}],"collection":[{"href":"https:\/\/www.velopa.ch\/fr\/wp-json\/wp\/v2\/project"}],"about":[{"href":"https:\/\/www.velopa.ch\/fr\/wp-json\/wp\/v2\/types\/project"}],"author":[{"embeddable":true,"href":"https:\/\/www.velopa.ch\/fr\/wp-json\/wp\/v2\/users\/6"}],"replies":[{"embeddable":true,"href":"https:\/\/www.velopa.ch\/fr\/wp-json\/wp\/v2\/comments?post=15156"}],"version-history":[{"count":16,"href":"https:\/\/www.velopa.ch\/fr\/wp-json\/wp\/v2\/project\/15156\/revisions"}],"predecessor-version":[{"id":77090,"href":"https:\/\/www.velopa.ch\/fr\/wp-json\/wp\/v2\/project\/15156\/revisions\/77090"}],"wp:featuredmedia":[{"embeddable":true,"href":"https:\/\/www.velopa.ch\/fr\/wp-json\/wp\/v2\/media\/11662"}],"wp:attachment":[{"href":"https:\/\/www.velopa.ch\/fr\/wp-json\/wp\/v2\/media?parent=15156"}],"wp:term":[{"taxonomy":"project_tag","embeddable":true,"href":"https:\/\/www.velopa.ch\/fr\/wp-json\/wp\/v2\/project_tag?post=15156"}],"curies":[{"name":"wp","href":"https:\/\/api.w.org\/{rel}","templated":true}]}}