{"id":21975,"date":"2017-07-27T08:15:56","date_gmt":"2017-07-27T08:15:56","guid":{"rendered":"https:\/\/www.velopa.ch\/?page_id=21975"},"modified":"2018-05-17T08:59:52","modified_gmt":"2018-05-17T08:59:52","slug":"mentions-legales","status":"publish","type":"page","link":"https:\/\/www.velopa.ch\/fr\/mentions-legales\/","title":{"rendered":"Mentions l\u00e9gales"},"content":{"rendered":"<p>[et_pb_section bb_built=\u201c1\u201d admin_label=\u201csection\u201d custom_padding=\u201c28px||14px|\u201d custom_padding_tablet=\u201c14px|||\u201d custom_padding_last_edited=\u201con|desktop\u201d][et_pb_row admin_label=\u201crow\u201d custom_padding=\u201c30px|50px|25px|50px\u201d custom_padding_phone=\u201d|25px||25px\u201d column_padding_mobile=\u201con\u201d custom_padding_last_edited=\u201con|desktop\u201d custom_margin_last_edited=\u201con|desktop\u201d background_position=\u201ctop_left\u201d background_repeat=\u201crepeat\u201d background_size=\u201cinitial\u201d _builder_version=\u201c3.0.99\u201d][et_pb_column type=\u201c4_4\u201d][et_pb_text custom_margin_phone=\u201d|30px||30px\u201d background_layout=\u201clight\u201d use_border_color=\u201coff\u201d background_position=\u201ctop_left\u201d background_repeat=\u201crepeat\u201d background_size=\u201cinitial\u201d _builder_version=\u201c3.0.99\u201d]<\/p>\n<h1>Mentions l\u00e9gales<\/h1>\n<p>[\/et_pb_text][\/et_pb_column][\/et_pb_row][\/et_pb_section][et_pb_section bb_built=\u201c1\u201d admin_label=\u201csection\u201d custom_padding=\u201c14px||14px|\u201d custom_padding_last_edited=\u201con|desktop\u201d transparent_background=\u201coff\u201d allow_player_pause=\u201coff\u201d inner_shadow=\u201coff\u201d parallax=\u201coff\u201d parallax_method=\u201con\u201d make_fullwidth=\u201coff\u201d use_custom_width=\u201coff\u201d width_unit=\u201con\u201d make_equal=\u201coff\u201d use_custom_gutter=\u201coff\u201d][et_pb_row admin_label=\u201crow\u201d custom_padding=\u201c30px|50px|30px|50px\u201d custom_padding_phone=\u201d|25px||25px\u201d column_padding_mobile=\u201con\u201d custom_padding_last_edited=\u201con|tablet\u201d custom_margin_tablet=\u201c0px|||\u201d custom_margin_last_edited=\u201con|tablet\u201d allow_player_pause=\u201coff\u201d parallax=\u201coff\u201d parallax_method=\u201con\u201d parallax_1=\u201coff\u201d parallax_method_1=\u201coff\u201d make_fullwidth=\u201coff\u201d use_custom_width=\u201coff\u201d width_unit=\u201con\u201d use_custom_gutter=\u201coff\u201d make_equal=\u201coff\u201d custom_css_main_element=\u201cborder: 1px solid #eaeaea;\u201d background_position=\u201ctop_left\u201d background_repeat=\u201crepeat\u201d background_size=\u201cinitial\u201d][et_pb_column type=\u201c4_4\u201d][et_pb_text text_line_height_last_edited=\u201con|desktop\u201d header_line_height_last_edited=\u201con|desktop\u201d custom_margin_phone=\u201d|30px||30px\u201d background_layout=\u201clight\u201d text_orientation=\u201cleft\u201d use_border_color=\u201coff\u201d border_color=\u201d#ffffff\u201d border_style=\u201csolid\u201d background_position=\u201ctop_left\u201d background_repeat=\u201crepeat\u201d background_size=\u201cinitial\u201d]<\/p>\n<h3>Inscription au registre du commerce<\/h3>\n<p>[\/et_pb_text][et_pb_text custom_margin_phone=\u201d|30px||30px\u201d background_layout=\u201clight\u201d text_orientation=\u201cleft\u201d use_border_color=\u201coff\u201d border_color=\u201d#ffffff\u201d border_style=\u201csolid\u201d background_position=\u201ctop_left\u201d background_repeat=\u201crepeat\u201d background_size=\u201cinitial\u201d]<\/p>\n<p style=\"text-align: justify;\">Sec\u00adteurs d\u2019ac\u00adti\u00advit\u00e9 enre\u00adgis\u00adtr\u00e9s de l\u2019entreprise : pro\u00adduc\u00adtion, dis\u00adtri\u00adbu\u00adtion et explo\u00adita\u00adtion des sys\u00adt\u00e8\u00admes de par\u00adquage <span class=\"caps\">VELOPA<\/span> pour v\u00e9los, motos et voitures, des pote\u00adlets de d\u00e9li\u00admi\u00adta\u00adtion pour par\u00adkings, acc\u00e8s \u00e0 des cours int\u00e9\u00adri\u00adeu\u00adres, entr\u00e9es de gara\u00adges, rues, chem\u00adins etc. ainsi que des pro\u00adduits con\u00adne\u00adxes : par\u00adti\u00adci\u00adpa\u00adtion ainsi que l\u2019acquisition et la vente de bre\u00advets, licen\u00adces et aut\u00adres droits de pro\u00adpri\u00e9t\u00e9 indus\u00adtri\u00adelle; par\u00adti\u00adci\u00adpa\u00adtion \u00e0 d\u2019autres acti\u00advi\u00adt\u00e9s, tel\u00adles que l\u2019ac\u00adqui\u00adsi\u00adtion, la d\u00e9ten\u00adtion et la vente de biens immobiliers.<\/p>\n<p>N\u00b0 : <span class=\"caps\">CH<\/span>\u2013\u200b020.3.927.636\u20130<br> Si\u00e8ge juri\u00addi\u00adque : 8957 Spreitenbach<\/p>\n<p>[\/et_pb_text][\/et_pb_column][\/et_pb_row][\/et_pb_section][et_pb_section bb_built=\u201c1\u201d admin_label=\u201csection\u201d custom_padding=\u201c14px||14px|\u201d custom_padding_last_edited=\u201con|desktop\u201d][et_pb_row admin_label=\u201crow\u201d custom_padding=\u201c30px|50px|30px|50px\u201d custom_padding_phone=\u201d|25px||25px\u201d column_padding_mobile=\u201con\u201d custom_padding_last_edited=\u201con|tablet\u201d custom_margin_tablet=\u201c0px|||\u201d custom_margin_last_edited=\u201con|tablet\u201d custom_css_main_element=\u201cborder: 1px solid #eaeaea;\u201d background_position=\u201ctop_left\u201d background_repeat=\u201crepeat\u201d background_size=\u201cinitial\u201d][et_pb_column type=\u201c4_4\u201d][et_pb_text text_line_height_last_edited=\u201con|desktop\u201d header_line_height_last_edited=\u201con|desktop\u201d custom_margin_phone=\u201d|30px||30px\u201d background_layout=\u201clight\u201d text_orientation=\u201cleft\u201d use_border_color=\u201coff\u201d border_color=\u201d#ffffff\u201d border_style=\u201csolid\u201d background_position=\u201ctop_left\u201d background_repeat=\u201crepeat\u201d background_size=\u201cinitial\u201d]<\/p>\n<h3>Clause de non-responsabilit\u00e9<\/h3>\n<p>[\/et_pb_text][et_pb_text custom_margin_phone=\u201d|30px||30px\u201d background_layout=\u201clight\u201d text_orientation=\u201cleft\u201d use_border_color=\u201coff\u201d border_color=\u201d#ffffff\u201d border_style=\u201csolid\u201d background_position=\u201ctop_left\u201d background_repeat=\u201crepeat\u201d background_size=\u201cinitial\u201d]<\/p>\n<p style=\"text-align: justify;\">Le pro\u00adpri\u00e9\u00adtaire de la page d\u00e9cline toute responsa\u00adbi\u00adlit\u00e9 en ce qui con\u00adcerne l\u2019exactitude, la pr\u00e9\u00adcis\u00adion, la per\u00adti\u00adnence, la fia\u00adbi\u00adlit\u00e9 ou l\u2019exhaustivit\u00e9 des infor\u00adma\u00adti\u00adons four\u00adnies. Les droits de d\u00e9dom\u00adma\u00adge\u00adment \u00e0 l\u2019en\u00adcontre de l\u2019auteur \u00e0 la suite de dom\u00admages mat\u00e9\u00adri\u00adels ou imma\u00adt\u00e9\u00adri\u00adels dus \u00e0 l\u2019acc\u00e8s, l\u2019utilisation ou la non uti\u00adli\u00adsa\u00adtion des infor\u00adma\u00adti\u00adons publi\u00e9es, r\u00e9sul\u00adtant d\u2019une mau\u00advaise uti\u00adli\u00adsa\u00adtion de la con\u00adne\u00adxion ou \u00e0 la suite de d\u00e9fauts tech\u00adni\u00adques sont exclus. Tou\u00adtes les off\u00adres sont sans enga\u00adge\u00adment. L\u2019auteur se r\u00e9serve expres\u00ads\u00e9\u00adment le droit de chan\u00adger sans aucun pr\u00e9a\u00advis cer\u00adtai\u00adnes par\u00adties ou l\u2019offre com\u00adpl\u00e8te, d\u2019y appor\u00adter des amen\u00adde\u00adments, de les sup\u00adp\u00adri\u00admer ou d\u2019arr\u00eater tem\u00adpo\u00adrai\u00adre\u00adment ou d\u00e9fi\u00adni\u00adti\u00adve\u00adment la publication.<\/p>\n<p>[\/et_pb_text][\/et_pb_column][\/et_pb_row][\/et_pb_section][et_pb_section bb_built=\u201c1\u201d admin_label=\u201csection\u201d custom_padding=\u201c14px||14px|\u201d custom_padding_last_edited=\u201con|desktop\u201d][et_pb_row admin_label=\u201crow\u201d custom_padding=\u201c30px|50px|30px|50px\u201d custom_padding_phone=\u201d|25px||25px\u201d column_padding_mobile=\u201con\u201d custom_padding_last_edited=\u201con|tablet\u201d custom_margin_tablet=\u201c0px|||\u201d custom_margin_last_edited=\u201con|tablet\u201d custom_css_main_element=\u201cborder: 1px solid #eaeaea;\u201d background_position=\u201ctop_left\u201d background_repeat=\u201crepeat\u201d background_size=\u201cinitial\u201d][et_pb_column type=\u201c4_4\u201d][et_pb_text text_line_height_last_edited=\u201con|desktop\u201d header_line_height_last_edited=\u201con|desktop\u201d custom_margin_phone=\u201d|30px||30px\u201d background_layout=\u201clight\u201d text_orientation=\u201cleft\u201d use_border_color=\u201coff\u201d border_color=\u201d#ffffff\u201d border_style=\u201csolid\u201d background_position=\u201ctop_left\u201d background_repeat=\u201crepeat\u201d background_size=\u201cinitial\u201d]<\/p>\n<h3>Responsabilit\u00e9 concernant les liens<\/h3>\n<p>[\/et_pb_text][et_pb_text custom_margin_phone=\u201d|30px||30px\u201d background_layout=\u201clight\u201d text_orientation=\u201cleft\u201d use_border_color=\u201coff\u201d border_color=\u201d#ffffff\u201d border_style=\u201csolid\u201d background_position=\u201ctop_left\u201d background_repeat=\u201crepeat\u201d background_size=\u201cinitial\u201d]<\/p>\n<p style=\"text-align: justify;\">Les r\u00e9f\u00e9\u00adren\u00adces \u00e0 ou liens directs vers des sites inter\u00adnet tiers sortent du cadre de nos responsa\u00adbi\u00adli\u00adt\u00e9s. Toute responsa\u00adbi\u00adlit\u00e9 est reje\u00adt\u00e9e pour ces sites inter\u00adnet. L\u2019acc\u00e8s et l\u2019utilisation de tels sites inter\u00adnet se font aux ris\u00adques et p\u00e9rils de l\u2019utilisateur ou de l\u2019utilisatrice.<\/p>\n<p>[\/et_pb_text][\/et_pb_column][\/et_pb_row][\/et_pb_section][et_pb_section bb_built=\u201c1\u201d admin_label=\u201csection\u201d custom_padding=\u201c14px||60px|\u201d custom_padding_last_edited=\u201con|desktop\u201d _builder_version=\u201c3.0.99\u201d][et_pb_row admin_label=\u201crow\u201d custom_padding=\u201c30px|50px|30px|50px\u201d custom_padding_phone=\u201d|25px||25px\u201d column_padding_mobile=\u201con\u201d custom_padding_last_edited=\u201con|tablet\u201d custom_margin_tablet=\u201c0px|||\u201d custom_margin_last_edited=\u201con|tablet\u201d custom_css_main_element=\u201cborder: 1px solid #eaeaea;\u201d background_position=\u201ctop_left\u201d background_repeat=\u201crepeat\u201d background_size=\u201cinitial\u201d][et_pb_column type=\u201c4_4\u201d][et_pb_text text_line_height_last_edited=\u201con|desktop\u201d header_line_height_last_edited=\u201con|desktop\u201d custom_margin_phone=\u201d|30px||30px\u201d background_layout=\u201clight\u201d text_orientation=\u201cleft\u201d use_border_color=\u201coff\u201d border_color=\u201d#ffffff\u201d border_style=\u201csolid\u201d background_position=\u201ctop_left\u201d background_repeat=\u201crepeat\u201d background_size=\u201cinitial\u201d _builder_version=\u201c3.0.99\u201d]<\/p>\n<h3>Propri\u00e9t\u00e9 intellectuelle<\/h3>\n<p>[\/et_pb_text][et_pb_text custom_margin_phone=\u201d|30px||30px\u201d background_layout=\u201clight\u201d text_orientation=\u201cleft\u201d use_border_color=\u201coff\u201d border_color=\u201d#ffffff\u201d border_style=\u201csolid\u201d background_position=\u201ctop_left\u201d background_repeat=\u201crepeat\u201d background_size=\u201cinitial\u201d]<\/p>\n<p style=\"text-align: justify;\">Tous les droits d\u2019auteur et aut\u00adres droits li\u00e9s aux con\u00adte\u00adnus, illus\u00adtra\u00adti\u00adons, pho\u00adtos ou aut\u00adres fichiers du site inter\u00adnet sont la pro\u00adpri\u00e9t\u00e9 exclu\u00adsive de l\u2019entreprise Velopa <span class=\"caps\">AG<\/span> ou d\u2019autres pro\u00adpri\u00e9\u00adtai\u00adres men\u00adti\u00adonn\u00e9s. Le con\u00adsen\u00adte\u00adment \u00e9crit des pro\u00adpri\u00e9\u00adtai\u00adres doit \u00eatre obtenu au pr\u00e9\u00adalable avant la repro\u00adduc\u00adtion de tout \u00e9l\u00e9ment.<\/p>\n<p>[\/et_pb_text][\/et_pb_column][\/et_pb_row][\/et_pb_section][et_pb_section bb_built=\u201c1\u201d admin_label=\u201csection\u201d custom_padding=\u201c60px|0px|60px|0px\u201d custom_padding_tablet=\u201c70px|||\u201d custom_padding_phone=\u201c14px||60px|\u201d module_id=\u201cow_fix_height_234\u201d custom_padding_last_edited=\u201con|tablet\u201d _builder_version=\u201c3.0.99\u201d custom_margin_phone=\u201c0px||0px|\u201d custom_margin_last_edited=\u201con|phone\u201d global_module=\u201c10011\u201d][et_pb_row admin_label=\u201crow\u201d global_parent=\u201c10011\u201d custom_padding=\u201c0px|0px|0px|0px\u201d background_position=\u201ctop_left\u201d background_repeat=\u201crepeat\u201d background_size=\u201cinitial\u201d _builder_version=\u201c3.0.99\u201d custom_margin=\u201d||0px|\u201d custom_margin_phone=\u201c0px||0px|\u201d custom_margin_last_edited=\u201con|phone\u201d custom_padding_last_edited=\u201con|phone\u201d][et_pb_column type=\u201c1_4\u201d][et_pb_blurb global_parent=\u201c10011\u201d title=\u201d\u25ba Solu\u00adti\u00adons\u201d image=\u201chttps:\/\/www.velopa.ch\/wp-content\/uploads\/2016\/12\/iconloesungen.png\u201d animation=\u201coff\u201d text_orientation=\u201ccenter\u201d module_class=\u201cow_clickable_box\u201d header_font_size=\u201c17px\u201d body_line_height=\u201c1em\u201d background_color=\u201d#eaeaea\u201d custom_padding=\u201c45px|25px|35px|25px\u201d custom_padding_tablet=\u201d||32px|\u201d custom_padding_last_edited=\u201con|tablet\u201d url_new_window=\u201coff\u201d use_icon=\u201coff\u201d icon_color=\u201d#514f4f\u201d use_circle=\u201coff\u201d circle_color=\u201d#514f4f\u201d use_circle_border=\u201coff\u201d circle_border_color=\u201d#514f4f\u201d icon_placement=\u201ctop\u201d use_icon_font_size=\u201coff\u201d background_layout=\u201clight\u201d use_border_color=\u201coff\u201d border_color=\u201d#ffffff\u201d border_style=\u201csolid\u201d background_position=\u201ctop_left\u201d background_repeat=\u201crepeat\u201d background_size=\u201cinitial\u201d image_max_width=\u201c100%\u201d]<\/p>\n<p><a href=\"https:\/\/www.velopa.ch\/fr\/solutions\/\">link<\/a><\/p>\n<p>[\/et_pb_blurb][\/et_pb_column][et_pb_column type=\u201c1_4\u201d][et_pb_blurb global_parent=\u201c10011\u201d title=\u201d\u25ba Cont\u00adact\u201d image=\u201chttps:\/\/www.velopa.ch\/wp-content\/uploads\/2017\/04\/kontakt.png\u201d animation=\u201coff\u201d text_orientation=\u201ccenter\u201d module_class=\u201cow_clickable_box\u201d header_font_size=\u201c17px\u201d body_line_height=\u201c1em\u201d background_color=\u201d#eaeaea\u201d custom_padding=\u201c45px|25px|35px|25px\u201d custom_padding_tablet=\u201d||32px|\u201d custom_padding_last_edited=\u201con|phone\u201d url_new_window=\u201coff\u201d use_icon=\u201coff\u201d icon_color=\u201d#514f4f\u201d use_circle=\u201coff\u201d circle_color=\u201d#514f4f\u201d use_circle_border=\u201coff\u201d circle_border_color=\u201d#514f4f\u201d icon_placement=\u201ctop\u201d use_icon_font_size=\u201coff\u201d background_layout=\u201clight\u201d use_border_color=\u201coff\u201d border_color=\u201d#ffffff\u201d border_style=\u201csolid\u201d background_position=\u201ctop_left\u201d background_repeat=\u201crepeat\u201d background_size=\u201cinitial\u201d image_max_width=\u201c100%\u201d]<\/p>\n<p><a href=\"https:\/\/www.velopa.ch\/fr\/contact\/\">link<\/a><\/p>\n<p>[\/et_pb_blurb][\/et_pb_column][et_pb_column type=\u201c1_4\u201d][et_pb_blurb global_parent=\u201c10011\u201d title=\u201d\u25ba Con\u00adseil per\u00adson\u00adna\u00adlis\u00e9\u201d image=\u201chttps:\/\/www.velopa.ch\/wp-content\/uploads\/2017\/04\/persoenliche-beratung.png\u201d animation=\u201coff\u201d text_orientation=\u201ccenter\u201d module_class=\u201cow_clickable_box\u201d header_font_size=\u201c17px\u201d body_line_height=\u201c1em\u201d background_color=\u201d#eaeaea\u201d custom_padding=\u201c45px|25px|35px|25px\u201d custom_padding_tablet=\u201d||32px|\u201d custom_padding_last_edited=\u201con|phone\u201d url_new_window=\u201coff\u201d use_icon=\u201coff\u201d icon_color=\u201d#514f4f\u201d use_circle=\u201coff\u201d circle_color=\u201d#514f4f\u201d use_circle_border=\u201coff\u201d circle_border_color=\u201d#514f4f\u201d icon_placement=\u201ctop\u201d use_icon_font_size=\u201coff\u201d background_layout=\u201clight\u201d use_border_color=\u201coff\u201d border_color=\u201d#ffffff\u201d border_style=\u201csolid\u201d background_position=\u201ctop_left\u201d background_repeat=\u201crepeat\u201d background_size=\u201cinitial\u201d image_max_width=\u201c100%\u201d]<\/p>\n<p><a href=\"https:\/\/www.velopa.ch\/fr\/contact\/#conseil-personnalise\">link<\/a><\/p>\n<p>[\/et_pb_blurb][\/et_pb_column][et_pb_column type=\u201c1_4\u201d][et_pb_blurb global_parent=\u201c10011\u201d title=\u201d\u25ba Cata\u00adlo\u00adgue\u201d image=\u201chttps:\/\/www.velopa.ch\/wp-content\/uploads\/2017\/04\/katalog.png\u201d animation=\u201coff\u201d text_orientation=\u201ccenter\u201d module_class=\u201cow_clickable_box\u201d header_font_size=\u201c17px\u201d body_line_height=\u201c1em\u201d background_color=\u201d#eaeaea\u201d custom_padding=\u201c45px|25px|35px|25px\u201d custom_padding_tablet=\u201d||32px|\u201d custom_padding_last_edited=\u201con|phone\u201d url_new_window=\u201coff\u201d use_icon=\u201coff\u201d icon_color=\u201d#514f4f\u201d use_circle=\u201coff\u201d circle_color=\u201d#514f4f\u201d use_circle_border=\u201coff\u201d circle_border_color=\u201d#514f4f\u201d icon_placement=\u201ctop\u201d use_icon_font_size=\u201coff\u201d background_layout=\u201clight\u201d use_border_color=\u201coff\u201d border_color=\u201d#ffffff\u201d border_style=\u201csolid\u201d background_position=\u201ctop_left\u201d background_repeat=\u201crepeat\u201d background_size=\u201cinitial\u201d image_max_width=\u201c100%\u201d]<\/p>\n<p><a href=\"https:\/\/www.velopa.ch\/fr\/catalogue\/\">link<\/a><\/p>\n<p>[\/et_pb_blurb][\/et_pb_column][\/et_pb_row][\/et_pb_section]<\/p>\n","protected":false},"excerpt":{"rendered":"<p>Men\u00adti\u00adons l\u00e9ga\u00adles Inscrip\u00adtion au registre du com\u00admerce Sec\u00adteurs d\u2019ac\u00adti\u00advit\u00e9 enre\u00adgis\u00adtr\u00e9s de l\u2019entreprise : pro\u00adduc\u00adtion, dis\u00adtri\u00adbu\u00adtion et explo\u00adita\u00adtion des sys\u00adt\u00e8\u00admes de par\u00adquage <span class=\"caps\">VELOPA<\/span> pour v\u00e9los, motos et voitures, des pote\u00adlets de d\u00e9li\u00admi\u00adta\u00adtion pour par\u00adkings, acc\u00e8s \u00e0 des cours int\u00e9\u00adri\u00adeu\u00adres, entr\u00e9es de gara\u00adges, rues, chem\u00adins etc. ainsi que des pro\u00adduits con\u00adne\u00adxes : par\u00adti\u00adci\u00adpa\u00adtion ainsi que l\u2019acquisition et&nbsp;[\u2026]<\/p>\n","protected":false},"author":2,"featured_media":0,"parent":0,"menu_order":0,"comment_status":"closed","ping_status":"closed","template":"","meta":{"_acf_changed":false,"_et_pb_use_builder":"on","_et_pb_old_content":"","_et_gb_content_width":"","wp_typography_post_enhancements_disabled":false,"footnotes":""},"class_list":["post-21975","page","type-page","status-publish","hentry"],"acf":[],"yoast_head":"<!-- This site is optimized with the Yoast SEO plugin v27.2 - https:\/\/yoast.com\/product\/yoast-seo-wordpress\/ -->\n<title>Mentions l\u00e9gales - Velopa Schweiz<\/title>\n<meta name=\"robots\" content=\"index, follow, max-snippet:-1, max-image-preview:large, max-video-preview:-1\" \/>\n<link rel=\"canonical\" href=\"https:\/\/www.velopa.ch\/fr\/mentions-legales\/\" \/>\n<meta property=\"og:locale\" content=\"fr_FR\" \/>\n<meta property=\"og:type\" content=\"article\" \/>\n<meta property=\"og:title\" content=\"Mentions l\u00e9gales - Velopa Schweiz\" \/>\n<meta property=\"og:description\" content=\"Mentions l\u00e9gales Inscription au registre du commerce Secteurs d&#039;activit\u00e9 enregistr\u00e9s de l\u2019entreprise : production, distribution et exploitation des syst\u00e8mes de parquage VELOPA pour v\u00e9los, motos et voitures, des potelets de d\u00e9limitation pour parkings, acc\u00e8s \u00e0 des cours int\u00e9rieures, entr\u00e9es de garages, rues, chemins etc. ainsi que des produits connexes : participation ainsi que l\u2019acquisition et [&hellip;]\" \/>\n<meta property=\"og:url\" content=\"https:\/\/www.velopa.ch\/fr\/mentions-legales\/\" \/>\n<meta property=\"og:site_name\" content=\"Velopa Schweiz\" \/>\n<meta property=\"article:modified_time\" content=\"2018-05-17T08:59:52+00:00\" \/>\n<meta name=\"twitter:card\" content=\"summary_large_image\" \/>\n<meta name=\"twitter:label1\" content=\"Dur\u00e9e de lecture estim\u00e9e\" \/>\n\t<meta name=\"twitter:data1\" content=\"9 minutes\" \/>\n<script type=\"application\/ld+json\" class=\"yoast-schema-graph\">{\"@context\":\"https:\/\/schema.org\",\"@graph\":[{\"@type\":\"WebPage\",\"@id\":\"https:\/\/www.velopa.ch\/fr\/mentions-legales\/\",\"url\":\"https:\/\/www.velopa.ch\/fr\/mentions-legales\/\",\"name\":\"Mentions l\u00e9gales - Velopa Schweiz\",\"isPartOf\":{\"@id\":\"https:\/\/www.velopa.ch\/fr\/#website\"},\"datePublished\":\"2017-07-27T08:15:56+00:00\",\"dateModified\":\"2018-05-17T08:59:52+00:00\",\"breadcrumb\":{\"@id\":\"https:\/\/www.velopa.ch\/fr\/mentions-legales\/#breadcrumb\"},\"inLanguage\":\"fr-FR\",\"potentialAction\":[{\"@type\":\"ReadAction\",\"target\":[\"https:\/\/www.velopa.ch\/fr\/mentions-legales\/\"]}]},{\"@type\":\"BreadcrumbList\",\"@id\":\"https:\/\/www.velopa.ch\/fr\/mentions-legales\/#breadcrumb\",\"itemListElement\":[{\"@type\":\"ListItem\",\"position\":1,\"name\":\"Home\",\"item\":\"https:\/\/www.velopa.ch\/fr\/\"},{\"@type\":\"ListItem\",\"position\":2,\"name\":\"Men\u00adti\u00adons l\u00e9gales\"}]},{\"@type\":\"WebSite\",\"@id\":\"https:\/\/www.velopa.ch\/fr\/#website\",\"url\":\"https:\/\/www.velopa.ch\/fr\/\",\"name\":\"Velopa Schweiz\",\"description\":\"Professionelle Veloparkier- , \u00dcberdachungs- und Absperrsysteme\",\"potentialAction\":[{\"@type\":\"SearchAction\",\"target\":{\"@type\":\"EntryPoint\",\"urlTemplate\":\"https:\/\/www.velopa.ch\/fr\/?s={search_term_string}\"},\"query-input\":{\"@type\":\"PropertyValueSpecification\",\"valueRequired\":true,\"valueName\":\"search_term_string\"}}],\"inLanguage\":\"fr-FR\"}]}<\/script>\n<!-- \/ Yoast SEO plugin. -->","yoast_head_json":{"title":"Mentions l\u00e9gales - Velopa Schweiz","robots":{"index":"index","follow":"follow","max-snippet":"max-snippet:-1","max-image-preview":"max-image-preview:large","max-video-preview":"max-video-preview:-1"},"canonical":"https:\/\/www.velopa.ch\/fr\/mentions-legales\/","og_locale":"fr_FR","og_type":"article","og_title":"Mentions l\u00e9gales - Velopa Schweiz","og_description":"Mentions l\u00e9gales Inscription au registre du commerce Secteurs d'activit\u00e9 enregistr\u00e9s de l\u2019entreprise : production, distribution et exploitation des syst\u00e8mes de parquage VELOPA pour v\u00e9los, motos et voitures, des potelets de d\u00e9limitation pour parkings, acc\u00e8s \u00e0 des cours int\u00e9rieures, entr\u00e9es de garages, rues, chemins etc. ainsi que des produits connexes : participation ainsi que l\u2019acquisition et [&hellip;]","og_url":"https:\/\/www.velopa.ch\/fr\/mentions-legales\/","og_site_name":"Velopa Schweiz","article_modified_time":"2018-05-17T08:59:52+00:00","twitter_card":"summary_large_image","twitter_misc":{"Dur\u00e9e de lecture estim\u00e9e":"9 minutes"},"schema":{"@context":"https:\/\/schema.org","@graph":[{"@type":"WebPage","@id":"https:\/\/www.velopa.ch\/fr\/mentions-legales\/","url":"https:\/\/www.velopa.ch\/fr\/mentions-legales\/","name":"Mentions l\u00e9gales - Velopa Schweiz","isPartOf":{"@id":"https:\/\/www.velopa.ch\/fr\/#website"},"datePublished":"2017-07-27T08:15:56+00:00","dateModified":"2018-05-17T08:59:52+00:00","breadcrumb":{"@id":"https:\/\/www.velopa.ch\/fr\/mentions-legales\/#breadcrumb"},"inLanguage":"fr-FR","potentialAction":[{"@type":"ReadAction","target":["https:\/\/www.velopa.ch\/fr\/mentions-legales\/"]}]},{"@type":"BreadcrumbList","@id":"https:\/\/www.velopa.ch\/fr\/mentions-legales\/#breadcrumb","itemListElement":[{"@type":"ListItem","position":1,"name":"Home","item":"https:\/\/www.velopa.ch\/fr\/"},{"@type":"ListItem","position":2,"name":"Men\u00adti\u00adons l\u00e9gales"}]},{"@type":"WebSite","@id":"https:\/\/www.velopa.ch\/fr\/#website","url":"https:\/\/www.velopa.ch\/fr\/","name":"Velopa Schweiz","description":"Professionelle Veloparkier- , \u00dcberdachungs- und Absperrsysteme","potentialAction":[{"@type":"SearchAction","target":{"@type":"EntryPoint","urlTemplate":"https:\/\/www.velopa.ch\/fr\/?s={search_term_string}"},"query-input":{"@type":"PropertyValueSpecification","valueRequired":true,"valueName":"search_term_string"}}],"inLanguage":"fr-FR"}]}},"_links":{"self":[{"href":"https:\/\/www.velopa.ch\/fr\/wp-json\/wp\/v2\/pages\/21975","targetHints":{"allow":["GET"]}}],"collection":[{"href":"https:\/\/www.velopa.ch\/fr\/wp-json\/wp\/v2\/pages"}],"about":[{"href":"https:\/\/www.velopa.ch\/fr\/wp-json\/wp\/v2\/types\/page"}],"author":[{"embeddable":true,"href":"https:\/\/www.velopa.ch\/fr\/wp-json\/wp\/v2\/users\/2"}],"replies":[{"embeddable":true,"href":"https:\/\/www.velopa.ch\/fr\/wp-json\/wp\/v2\/comments?post=21975"}],"version-history":[{"count":0,"href":"https:\/\/www.velopa.ch\/fr\/wp-json\/wp\/v2\/pages\/21975\/revisions"}],"wp:attachment":[{"href":"https:\/\/www.velopa.ch\/fr\/wp-json\/wp\/v2\/media?parent=21975"}],"curies":[{"name":"wp","href":"https:\/\/api.w.org\/{rel}","templated":true}]}}