{"id":18841,"date":"2017-07-18T13:27:40","date_gmt":"2017-07-18T13:27:40","guid":{"rendered":"https:\/\/www.velopa.ch\/?page_id=18841"},"modified":"2026-04-30T16:25:17","modified_gmt":"2026-04-30T14:25:17","slug":"entreprise","status":"publish","type":"page","link":"https:\/\/www.velopa.ch\/fr\/entreprise\/","title":{"rendered":"Entreprise"},"content":{"rendered":"<p>[et_pb_section fb_built=\u201c1\u201d custom_padding_last_edited=\u201con|phone\u201d disabled_on=\u201con|on|on\u201d admin_label=\u201csection\u201d module_id=\u201cunser-unternehmen\u201d _builder_version=\u201c4.16\u201d custom_padding=\u201c28px|0px|14px|0px\u201d custom_padding_tablet=\u201d\u201d custom_padding_phone=\u201c35px||14px|\u201d disabled=\u201con\u201d global_colors_info=\u201d{}\u201d][et_pb_row column_padding_mobile=\u201con\u201d admin_label=\u201crow\u201d _builder_version=\u201c4.16\u201d background_size=\u201cinitial\u201d background_position=\u201ctop_left\u201d background_repeat=\u201crepeat\u201d custom_padding=\u201c0px|0px|0px|0px\u201d global_colors_info=\u201d{}\u201d][et_pb_column type=\u201c4_4\u201d _builder_version=\u201c4.16\u201d custom_padding=\u201d|||\u201d global_colors_info=\u201d{}\u201d custom_padding__hover=\u201d|||\u201d][et_pb_image src=\u201chttps:\/\/www.velopa.ch\/wp-content\/uploads\/2016\/12\/Ueber_uns\u20111.jpg\u201d align_tablet=\u201ccenter\u201d align_phone=\u201d\u201d align_last_edited=\u201con|desktop\u201d _builder_version=\u201c4.16\u201d animation=\u201coff\u201d global_colors_info=\u201d{}\u201d][\/et_pb_image][\/et_pb_column][\/et_pb_row][\/et_pb_section][et_pb_section fb_built=\u201c1\u201d custom_padding_last_edited=\u201con|phone\u201d admin_label=\u201csection\u201d module_id=\u201cunser-unternehmen\u201d _builder_version=\u201c4.16\u201d custom_padding=\u201c28px|0px|14px|0px\u201d custom_padding_tablet=\u201d\u201d custom_padding_phone=\u201c35px||14px|\u201d locked=\u201coff\u201d global_colors_info=\u201d{}\u201d][et_pb_row column_padding_mobile=\u201con\u201d admin_label=\u201crow\u201d _builder_version=\u201c4.16\u201d background_size=\u201cinitial\u201d background_position=\u201ctop_left\u201d background_repeat=\u201crepeat\u201d custom_padding=\u201c0px|0px|0px|0px\u201d global_colors_info=\u201d{}\u201d][et_pb_column type=\u201c4_4\u201d _builder_version=\u201c4.16\u201d custom_padding=\u201d|||\u201d global_colors_info=\u201d{}\u201d custom_padding__hover=\u201d|||\u201d][et_pb_image src=\u201chttps:\/\/www.velopa.ch\/wp-content\/uploads\/2024\/09\/Velopa_AG_rend_la_ville.jpg\u201d title_text=\u201cVelopa_AG_rend_la_ville\u201d align_tablet=\u201ccenter\u201d align_phone=\u201d\u201d align_last_edited=\u201con|desktop\u201d _builder_version=\u201c4.21.0\u201d animation=\u201coff\u201d global_colors_info=\u201d{}\u201d][\/et_pb_image][\/et_pb_column][\/et_pb_row][\/et_pb_section][et_pb_section fb_built=\u201c1\u201d custom_padding_last_edited=\u201con|phone\u201d disabled_on=\u201con|on|on\u201d admin_label=\u201csection\u201d _builder_version=\u201c4.16\u201d custom_padding=\u201c14px||14px|\u201d custom_padding_tablet=\u201d\u201d custom_padding_phone=\u201c20px||14px|\u201d disabled=\u201con\u201d global_colors_info=\u201d{}\u201d][et_pb_row column_padding_mobile=\u201con\u201d custom_padding_last_edited=\u201con|phone\u201d admin_label=\u201crow\u201d _builder_version=\u201c4.16\u201d background_size=\u201cinitial\u201d background_position=\u201ctop_left\u201d background_repeat=\u201crepeat\u201d custom_margin_phone=\u201d-107px|||\u201d custom_padding=\u201c30px|50px|40px|50px\u201d custom_padding_tablet=\u201d\u201d custom_padding_phone=\u201d|25px||25px\u201d custom_css_main_element=\u201cborder: 1px solid #eaeaea;\u201d global_colors_info=\u201d{}\u201d][et_pb_column type=\u201c4_4\u201d _builder_version=\u201c4.16\u201d custom_padding=\u201d|||\u201d global_colors_info=\u201d{}\u201d custom_padding__hover=\u201d|||\u201d][et_pb_text _builder_version=\u201c4.16\u201d background_size=\u201cinitial\u201d background_position=\u201ctop_left\u201d background_repeat=\u201crepeat\u201d custom_margin_phone=\u201d|30px||30px\u201d global_colors_info=\u201d{}\u201d]<\/p>\n<h1 style=\"padding-bottom: 0px; background-color: #ffffff; color: #052433; font-weight: 500; line-height: 1.7em; text-align: center; font-family: CamphorStd-Bold, Helvetica, Arial, sans-serif !important;\">Entreprise<\/h1>\n<p>[\/et_pb_text][et_pb_text _builder_version=\u201c4.16\u201d background_size=\u201cinitial\u201d background_position=\u201ctop_left\u201d background_repeat=\u201crepeat\u201d custom_margin_phone=\u201d|30px||30px\u201d global_colors_info=\u201d{}\u201d]<\/p>\n<p style=\"text-align: center;\">La soci\u00e9t\u00e9 Velopa <span class=\"caps\">AG<\/span> avec sa cin\u00adquan\u00adtaine de col\u00adla\u00adbo\u00adra\u00adteurs est, en Suisse, le pre\u00admier four\u00adnis\u00adseur de pro\u00adduits et de solu\u00adti\u00adons dans le domaine des abris, des sys\u00adt\u00e8\u00admes de sta\u00adti\u00adon\u00adne\u00adment, des sys\u00adt\u00e8\u00admes de d\u00e9li\u00admi\u00adta\u00adtion, et du mobi\u00adlier urbain, tant pour les ent\u00adre\u00adpri\u00adses (<span class=\"caps\">B2B<\/span>) que pour les par\u00adti\u00adcu\u00adliers (<span class=\"caps\">B2C<\/span>).<\/p>\n<p>[\/et_pb_text][\/et_pb_column][\/et_pb_row][\/et_pb_section][et_pb_section fb_built=\u201c1\u201d custom_padding_last_edited=\u201con|phone\u201d disabled_on=\u201coff|off|off\u201d admin_label=\u201cNiederlassungen\u201d _builder_version=\u201c4.27.6\u201d custom_padding=\u201c14px||14px|\u201d custom_padding_tablet=\u201d\u201d custom_padding_phone=\u201c20px||14px|\u201d locked=\u201coff\u201d global_colors_info=\u201d{}\u201d][et_pb_row column_padding_mobile=\u201con\u201d custom_padding_last_edited=\u201con|phone\u201d admin_label=\u201crow\u201d _builder_version=\u201c4.16\u201d background_size=\u201cinitial\u201d background_position=\u201ctop_left\u201d background_repeat=\u201crepeat\u201d custom_margin_phone=\u201d-107px|||\u201d custom_padding=\u201c30px|50px|40px|50px\u201d custom_padding_tablet=\u201d\u201d custom_padding_phone=\u201d|25px||25px\u201d custom_css_main_element=\u201cborder: 1px solid #eaeaea;\u201d global_colors_info=\u201d{}\u201d][et_pb_column type=\u201c4_4\u201d _builder_version=\u201c4.16\u201d custom_padding=\u201d|||\u201d global_colors_info=\u201d{}\u201d custom_padding__hover=\u201d|||\u201d][et_pb_gallery gallery_ids=\u201c36857,80322,36858,36859\u201d _builder_version=\u201c4.27.6\u201d _module_preset=\u201cdefault\u201d title_font_size=\u201c12px\u201d hover_enabled=\u201c0\u201d global_colors_info=\u201d{}\u201d sticky_enabled=\u201c0\u201d][\/et_pb_gallery][\/et_pb_column][\/et_pb_row][\/et_pb_section][et_pb_section fb_built=\u201c1\u201d custom_padding_last_edited=\u201con|tablet\u201d disabled_on=\u201con|on|on\u201d admin_label=\u201csection\u201d _builder_version=\u201c4.16\u201d custom_padding=\u201c0px||60px|\u201d custom_padding_tablet=\u201c0px|||\u201d custom_padding_phone=\u201c0px||20px|\u201d disabled=\u201con\u201d global_colors_info=\u201d{}\u201d][et_pb_row column_structure=\u201c1_2,1_2\u201d column_padding_mobile=\u201con\u201d custom_padding_last_edited=\u201con|phone\u201d admin_label=\u201crow\u201d _builder_version=\u201c4.16\u201d background_size=\u201cinitial\u201d background_position=\u201ctop_left\u201d background_repeat=\u201crepeat\u201d custom_margin_phone=\u201d-107px|||\u201d custom_padding=\u201c30px|50px|30px|50px\u201d custom_padding_tablet=\u201d\u201d custom_padding_phone=\u201c30px|25px||25px\u201d custom_css_main_element=\u201cborder: 1px solid #eaeaea;\u201d global_colors_info=\u201d{}\u201d][et_pb_column type=\u201c1_2\u201d _builder_version=\u201c4.16\u201d custom_padding=\u201d|||\u201d global_colors_info=\u201d{}\u201d custom_padding__hover=\u201d|||\u201d][et_pb_text _builder_version=\u201c4.21.0\u201d background_size=\u201cinitial\u201d background_position=\u201ctop_left\u201d background_repeat=\u201crepeat\u201d custom_margin_phone=\u201d|30px||30px\u201d global_colors_info=\u201d{}\u201d]<\/p>\n<h3>Votre d\u00e9fi est notre inspiration<\/h3>\n<p>[\/et_pb_text][et_pb_text _builder_version=\u201c4.16\u201d background_size=\u201cinitial\u201d background_position=\u201ctop_left\u201d background_repeat=\u201crepeat\u201d custom_margin_phone=\u201d|30px||30px\u201d border_style=\u201csolid\u201d global_colors_info=\u201d{}\u201d]<\/p>\n<p style=\"text-align: justify;\">Nous appor\u00adtons une plus-value signi\u00adfi\u00adca\u00adtive aux am\u00e9\u00adnage\u00adments ext\u00e9\u00adri\u00adeurs publics, pri\u00adv\u00e9s et com\u00admer\u00adciaux. Nos solu\u00adti\u00adons con\u00adtri\u00adbuent for\u00adte\u00adment \u00e0 accroitre l\u2019attractivit\u00e9 des desti\u00adna\u00adti\u00adons tou\u00adris\u00adti\u00adques, des lieux de tra\u00advail, des \u00e9ta\u00adblis\u00adse\u00adments sco\u00adlai\u00adres, des vil\u00adles, des com\u00admu\u00adnes, des trans\u00adports en com\u00admun et des envi\u00adron\u00adne\u00adments r\u00e9sidentiels.<\/p>\n<p>[\/et_pb_text][\/et_pb_column][et_pb_column type=\u201c1_2\u201d _builder_version=\u201c4.16\u201d custom_padding=\u201d|||\u201d global_colors_info=\u201d{}\u201d custom_padding__hover=\u201d|||\u201d][et_pb_divider show_divider=\u201coff\u201d disabled_on=\u201con|on|off\u201d _builder_version=\u201c4.16\u201d height=\u201c50px\u201d global_colors_info=\u201d{}\u201d][\/et_pb_divider][et_pb_text _builder_version=\u201c4.16\u201d background_size=\u201cinitial\u201d background_position=\u201ctop_left\u201d background_repeat=\u201crepeat\u201d custom_margin_phone=\u201d|30px||30px\u201d border_style=\u201csolid\u201d global_colors_info=\u201d{}\u201d]<\/p>\n<p class style=\"text-align: start; background-color: #ffffff;\">En r\u00e8gle g\u00e9n\u00e9\u00adrale, nous con\u00adce\u00advons et fabri\u00adquons nos pro\u00adduits avec des res\u00adsour\u00adces en interne, nous garan\u00adtis\u00adsons la meil\u00adleure qua\u00adlit\u00e9 pos\u00adsi\u00adble, nous r\u00e9pon\u00addons avec fle\u00adxi\u00adbi\u00adlit\u00e9 aux deman\u00addes et exi\u00adgen\u00adces sp\u00e9\u00adci\u00adfi\u00adques, et nous appor\u00adtons ainsi une con\u00adtri\u00adbu\u00adtion essen\u00adti\u00adelle \u00e0 la place indus\u00adtri\u00adelle. La soci\u00e9t\u00e9 Velopa <span class=\"caps\">SA<\/span> est une ent\u00adre\u00adprise du groupe Hammer.<\/p>\n<p>[\/et_pb_text][\/et_pb_column][\/et_pb_row][\/et_pb_section][et_pb_section fb_built=\u201c1\u201d custom_padding_last_edited=\u201con|tablet\u201d disabled_on=\u201coff|off|off\u201d admin_label=\u201cAllgemeines Velopa\u201d _builder_version=\u201c4.21.0\u201d custom_padding=\u201c0px||14px||false|false\u201d custom_padding_tablet=\u201c0px|||\u201d custom_padding_phone=\u201c0px||20px|\u201d locked=\u201coff\u201d global_colors_info=\u201d{}\u201d][et_pb_row column_structure=\u201c1_2,1_2\u201d column_padding_mobile=\u201con\u201d custom_padding_last_edited=\u201con|phone\u201d admin_label=\u201crow\u201d _builder_version=\u201c4.16\u201d background_size=\u201cinitial\u201d background_position=\u201ctop_left\u201d background_repeat=\u201crepeat\u201d custom_margin_phone=\u201d-107px|||\u201d custom_padding=\u201c30px|50px|30px|50px\u201d custom_padding_tablet=\u201d\u201d custom_padding_phone=\u201c30px|25px||25px\u201d custom_css_main_element=\u201cborder: 1px solid #eaeaea;\u201d global_colors_info=\u201d{}\u201d][et_pb_column type=\u201c1_2\u201d _builder_version=\u201c4.16\u201d custom_padding=\u201d|||\u201d global_colors_info=\u201d{}\u201d custom_padding__hover=\u201d|||\u201d][et_pb_text _builder_version=\u201c4.21.0\u201d background_size=\u201cinitial\u201d background_position=\u201ctop_left\u201d background_repeat=\u201crepeat\u201d custom_margin_phone=\u201d|30px||30px\u201d global_colors_info=\u201d{}\u201d]<\/p>\n<h3>Velopa AG - des solutions d'avenir pour des espaces ext\u00e9rieurs attrayants<\/h3>\n<p>[\/et_pb_text][et_pb_text _builder_version=\u201c4.21.0\u201d background_size=\u201cinitial\u201d background_position=\u201ctop_left\u201d background_repeat=\u201crepeat\u201d custom_margin_phone=\u201d|30px||30px\u201d border_style=\u201csolid\u201d global_colors_info=\u201d{}\u201d]<\/p>\n<p>Des solu\u00adti\u00adons vari\u00e9es qui posent des jalons \u2013 avec notre large gamme, nous pro\u00adpo\u00adsons des solu\u00adti\u00adons inno\u00advan\u00adtes pour des solu\u00adti\u00adons d\u2019in\u00adfra\u00adstruc\u00adture d\u2019a\u00adve\u00adnir. Les pro\u00adduits et ser\u00advices per\u00adson\u00adna\u00adli\u00adsables dans le domaine des sys\u00adt\u00e8\u00admes de sta\u00adti\u00adon\u00adne\u00adment pour v\u00e9los, du mobi\u00adlier urbain styl\u00e9, des abris et des sys\u00adt\u00e8\u00admes de d\u00e9li\u00admi\u00adta\u00adtion inno\u00advants sont la r\u00e9ponse par\u00adfaite \u00e0 tous les d\u00e9fis d\u2019infrastructure.<\/p>\n<p>Avec nos 70 col\u00adla\u00adbo\u00adra\u00adteurs, nous som\u00admes le pre\u00admier four\u00adnis\u00adseur suisse de pro\u00adduits et de solu\u00adti\u00adons dans le domaine des sys\u00adt\u00e8\u00admes de sta\u00adti\u00adon\u00adne\u00adment, des abris, des sys\u00adt\u00e8\u00admes de d\u00e9li\u00admi\u00adta\u00adtion et du mobi\u00adlier urbain. Nous nous con\u00adsid\u00e9\u00adrons comme un par\u00adten\u00adaire fia\u00adble pour l\u2019a\u00adm\u00e9\u00adnage\u00adment d\u2019e\u00adspaces attra\u00adyants. Qu\u2019il s\u2019a\u00adgisse d\u2019e\u00adspaces publics, pro\u00adfes\u00adsi\u00adon\u00adnels ou pri\u00adv\u00e9s, nous con\u00adtri\u00adbuons essen\u00adti\u00adel\u00adle\u00adment \u00e0 aug\u00admen\u00adter l\u2019at\u00adtrac\u00adti\u00advit\u00e9 des insti\u00adtu\u00adti\u00adons de for\u00adma\u00adtion, des desti\u00adna\u00adti\u00adons tou\u00adris\u00adti\u00adques, des employ\u00adeurs, des vil\u00adles, des com\u00admu\u00adnes, des trans\u00adports publics ou des envi\u00adron\u00adne\u00adments r\u00e9si\u00addentiels avec notre vaste assortiment.<\/p>\n<p>[\/et_pb_text][\/et_pb_column][et_pb_column type=\u201c1_2\u201d _builder_version=\u201c4.16\u201d custom_padding=\u201d|||\u201d global_colors_info=\u201d{}\u201d custom_padding__hover=\u201d|||\u201d][et_pb_divider show_divider=\u201coff\u201d disabled_on=\u201con|on|off\u201d _builder_version=\u201c4.16\u201d height=\u201c50px\u201d custom_padding=\u201d||21px|||\u201d global_colors_info=\u201d{}\u201d][\/et_pb_divider][et_pb_text _builder_version=\u201c4.21.0\u201d background_size=\u201cinitial\u201d background_position=\u201ctop_left\u201d background_repeat=\u201crepeat\u201d custom_margin_phone=\u201d|30px||30px\u201d border_style=\u201csolid\u201d global_colors_info=\u201d{}\u201d]<\/p>\n<p>Outre l\u2019in\u00adter\u00adac\u00adtion sociale, nous pro\u00admou\u00advons ainsi l\u2019a\u00adve\u00adnir de l\u2019a\u00adm\u00e9\u00adnage\u00adment du ter\u00adri\u00adtoire et de la mobi\u00adlit\u00e9 dans les envi\u00adron\u00adne\u00adments publics et pri\u00adv\u00e9s. Nos solu\u00adti\u00adons con\u00adtri\u00adbuent \u00e0 la cr\u00e9a\u00adtion d\u2019e\u00adspaces dur\u00ada\u00adbles et agr\u00e9\u00ada\u00adbles \u00e0 vivre, qui r\u00e9pon\u00addent aux beso\u00adins de tout le&nbsp;monde.<\/p>\n<p>En tant qu\u2019entre\u00adprise du groupe Ham\u00admer, nous d\u00e9ve\u00adl\u00ado\u00adp\u00adpons et pro\u00addui\u00adsons prin\u00adci\u00adpa\u00adle\u00adment \u00e0 par\u00adtir de sources de fabri\u00adca\u00adtion pro\u00adpres \u00e0 l\u2019entre\u00adprise et appor\u00adtons ainsi une con\u00adtri\u00adbu\u00adtion importante \u00e0 la place indus\u00adtri\u00adelle suisse. Une qua\u00adlit\u00e9 maxi\u00admale et une uti\u00adli\u00adsa\u00adtion respec\u00adtueuse des res\u00adsour\u00adces avec des mat\u00e9\u00adriaux dur\u00ada\u00adbles lors de la pro\u00adduc\u00adtion sont au pre\u00admier plan.<br>Gr\u00e2ce \u00e0 notre longue exp\u00e9\u00adri\u00adence, \u00e0 nos com\u00adp\u00e9\u00adten\u00adces \u00e9le\u00adv\u00e9es en mati\u00e8re de con\u00adseil et \u00e0 notre exper\u00adtise dans le design, la con\u00ads\u00adtruc\u00adtion m\u00e9tal\u00adli\u00adque et les nou\u00advel\u00adles tech\u00adno\u00adlo\u00adgies, nous nous adap\u00adtons <span data-position=\"786\">de<\/span>&nbsp;<span data-position=\"789\">mani\u00e8re<\/span>&nbsp;<span data-position=\"797\">fle\u00adxi\u00adble <\/span>aux beso\u00adins et aux exi\u00adgen\u00adces de nos clients.<\/p>\n<p>[\/et_pb_text][\/et_pb_column][\/et_pb_row][\/et_pb_section][et_pb_section fb_built=\u201c1\u201d custom_padding_last_edited=\u201con|phone\u201d admin_label=\u201csection\u201d module_id=\u201cgeschichte-und-organisation\u201d _builder_version=\u201c4.21.0\u201d custom_padding=\u201c14px|0px|14px|0px|false|false\u201d custom_padding_tablet=\u201d\u201d custom_padding_phone=\u201c35px||14px|\u201d global_colors_info=\u201d{}\u201d][et_pb_row column_padding_mobile=\u201con\u201d admin_label=\u201crow\u201d _builder_version=\u201c4.16\u201d background_size=\u201cinitial\u201d background_position=\u201ctop_left\u201d background_repeat=\u201crepeat\u201d custom_padding=\u201c0px|0px|0px|0px\u201d global_colors_info=\u201d{}\u201d][et_pb_column type=\u201c4_4\u201d _builder_version=\u201c4.16\u201d custom_padding=\u201d|||\u201d global_colors_info=\u201d{}\u201d custom_padding__hover=\u201d|||\u201d][et_pb_image src=\u201chttps:\/\/www.velopa.ch\/wp-content\/uploads\/2016\/12\/Ueber_uns_1.jpg\u201d align_tablet=\u201ccenter\u201d align_phone=\u201d\u201d align_last_edited=\u201con|desktop\u201d _builder_version=\u201c4.16\u201d animation=\u201coff\u201d global_colors_info=\u201d{}\u201d][\/et_pb_image][\/et_pb_column][\/et_pb_row][\/et_pb_section][et_pb_section fb_built=\u201c1\u201d disabled_on=\u201coff|off|off\u201d admin_label=\u201cLeitbild Velopa\u201d _builder_version=\u201c4.21.0\u201d _module_preset=\u201cdefault\u201d custom_padding=\u201c14px||14px||false|false\u201d locked=\u201coff\u201d global_colors_info=\u201d{}\u201d][et_pb_row column_structure=\u201c1_3,1_3,1_3\u201d _builder_version=\u201c4.21.0\u201d _module_preset=\u201cdefault\u201d min_height=\u201c591.4px\u201d custom_padding=\u201d||1px|||\u201d global_colors_info=\u201d{}\u201d][et_pb_column type=\u201c1_3\u201d _builder_version=\u201c4.21.0\u201d _module_preset=\u201cdefault\u201d global_colors_info=\u201d{}\u201d][et_pb_toggle title=\u201cNotre vision\u201d admin_label=\u201cVision\u201d _builder_version=\u201c4.21.0\u201d _module_preset=\u201cdefault\u201d background_color=\u201d#eaeaea\u201d global_colors_info=\u201d{}\u201d]<\/p>\n<p><img loading=\"lazy\" decoding=\"async\" class=\"alignnone wp-image-70503 size-full\" src=\"https:\/\/www.velopa.ch\/wp-content\/uploads\/2024\/09\/Unsere-Vision-notre-vision.jpg\" alt width=\"300\" height=\"168\"><\/p>\n<p>En col\u00adla\u00adbo\u00adra\u00adtion avec nos par\u00adten\u00adaires et nos cli\u00adents, nous cr\u00e9\u00adons avec ent\u00adhousi\u00adasme et pas\u00adsion des solu\u00adti\u00adons indi\u00advi\u00addu\u00adel\u00adles qui cr\u00e9\u00adent une esth\u00e9\u00adtique fon\u00adc\u00adtion\u00adnelle dans les espaces ext\u00e9\u00adri\u00adeurs \u2013 effi\u00adcace et ori\u00aden\u00adt\u00e9e vers l\u2019a\u00adve\u00adnir.<br>Nous met\u00adtons l\u2019ac\u00adcent sur la qua\u00adlit\u00e9 et la dura\u00adbi\u00adlit\u00e9 maxi\u00adma\u00adles afin de garan\u00adtir que nos solu\u00adti\u00adons ne r\u00e9pon\u00addent pas seu\u00adle\u00adment aux beso\u00adins actuels, mais qu\u2019el\u00adles inspi\u00adrent et enri\u00adchis\u00adsent \u00e9ga\u00adle\u00adment les g\u00e9n\u00e9\u00adra\u00adti\u00adons futures.<br>Nous nous enga\u00adge\u00adons \u00e0 cr\u00e9er des envi\u00adron\u00adne\u00adments agr\u00e9\u00ada\u00adbles \u00e0 vivre, bien con\u00ad\u00e7us et durables.<\/p>\n<p>[\/et_pb_toggle][\/et_pb_column][et_pb_column type=\u201c1_3\u201d _builder_version=\u201c4.21.0\u201d _module_preset=\u201cdefault\u201d global_colors_info=\u201d{}\u201d][et_pb_toggle title=\u201cNotre mis\u00adsion\u201d admin_label=\u201cMission\u201d _builder_version=\u201c4.21.0\u201d _module_preset=\u201cdefault\u201d background_color=\u201d#eaeaea\u201d custom_margin=\u201d||||false|false\u201d custom_padding=\u201d||||false|false\u201d locked=\u201coff\u201d global_colors_info=\u201d{}\u201d]<\/p>\n<p><img loading=\"lazy\" decoding=\"async\" class=\"alignnone wp-image-70501 size-full\" src=\"https:\/\/www.velopa.ch\/wp-content\/uploads\/2024\/09\/Unsere-Mission-notre-mission.jpg\" alt width=\"300\" height=\"168\"><\/p>\n<p>Nous cr\u00e9\u00adons l\u2019in\u00adter\u00adface entre les per\u00adson\u00adnes, la mobi\u00adlit\u00e9 urbaine et les espaces publics:<\/p>\n<ul>\n<li style=\"list-style-type: none;\">\n<ul>\n<li>Pro\u00admou\u00advoir et cr\u00e9er la pro\u00adtec\u00adtion et l\u2019ordre de la micro-mobilit\u00e9.<\/li>\n<li>Assurer la s\u00e9cu\u00adrit\u00e9 objec\u00adtive et sub\u00adjec\u00adtive dans la cir\u00adcu\u00adla\u00adtion routi\u00e8re.<\/li>\n<li>Am\u00e9\u00adna\u00adger des espaces ext\u00e9\u00adri\u00adeurs fon\u00adc\u00adtion\u00adnels et attrayants.<\/li>\n<li>D\u00e9ve\u00adlo\u00adp\u00adper des solu\u00adti\u00adons inno\u00advan\u00adtes ori\u00aden\u00adt\u00e9es vers l\u2019avenir.<\/li>\n<\/ul>\n<\/li>\n<\/ul>\n<p>[\/et_pb_toggle][\/et_pb_column][et_pb_column type=\u201c1_3\u201d _builder_version=\u201c4.21.0\u201d _module_preset=\u201cdefault\u201d global_colors_info=\u201d{}\u201d][et_pb_toggle title=\u201cNos valeurs\u201d admin_label=\u201cWerte\u201d _builder_version=\u201c4.21.0\u201d _module_preset=\u201cdefault\u201d background_color=\u201d#eaeaea\u201d locked=\u201coff\u201d global_colors_info=\u201d{}\u201d]<\/p>\n<p><img loading=\"lazy\" decoding=\"async\" class=\"alignnone wp-image-70505 size-full\" src=\"https:\/\/www.velopa.ch\/wp-content\/uploads\/2024\/09\/Unsere-Werte-nos-valeurs.jpg\" alt width=\"300\" height=\"168\"><\/p>\n<p>Une cul\u00adture d\u2019entre\u00adprise posi\u00adtive et bas\u00e9e sur la con\u00adfi\u00adance cr\u00e9e la base de nos acti\u00advi\u00adt\u00e9s avec les cli\u00adents, les par\u00adten\u00adaires et les col\u00adla\u00adbo\u00adra\u00adteurs.<br>Chez Velopa, nous atta\u00adchons donc de l\u2019im\u00adportance \u00e0 une rela\u00adtion respec\u00adtueuse et valo\u00adri\u00adsante. Une com\u00admu\u00adni\u00adca\u00adtion ouverte et hon\u00adn\u00eate, qui se refl\u00e8te dans la struc\u00adture orga\u00adni\u00adsa\u00adti\u00adon\u00adnelle plate et trans\u00adpa\u00adrente, est \u00e9ga\u00adle\u00adment tr\u00e8s importante pour nous.<br>En tant qu\u2019\u00e9\u00adquipe forte et exp\u00e9\u00adri\u00admen\u00adt\u00e9e, nous misons sur l\u2019ou\u00adver\u00adture et la fia\u00adbi\u00adlit\u00e9 mutu\u00adel\u00adles pour att\u00adeindre des objec\u00adtifs com\u00admuns en \u00e9troite collaboration.<\/p>\n<p>[\/et_pb_toggle][\/et_pb_column][\/et_pb_row][\/et_pb_section][et_pb_section fb_built=\u201c1\u201d custom_padding_last_edited=\u201con|phone\u201d admin_label=\u201cGreat place to work\u201d module_id=\u201cow_fix_height_399\u201d _builder_version=\u201c4.21.0\u201d custom_padding=\u201c14px||14px|\u201d custom_padding_tablet=\u201d\u201d custom_padding_phone=\u201c0px||14px|\u201d global_colors_info=\u201d{}\u201d][et_pb_row column_structure=\u201c2_3,1_3\u201d column_padding_mobile=\u201con\u201d custom_padding_last_edited=\u201con|phone\u201d admin_label=\u201crow\u201d module_id=\u201cgptw\u201d _builder_version=\u201c4.16\u201d background_size=\u201cinitial\u201d background_position=\u201ctop_left\u201d background_repeat=\u201crepeat\u201d custom_padding=\u201c0px|0px|0px|0px\u201d custom_padding_tablet=\u201d\u201d custom_padding_phone=\u201c14px|||\u201d global_colors_info=\u201d{}\u201d][et_pb_column type=\u201c2_3\u201d module_class=\u201cow_remove_bottom_margin\u201d _builder_version=\u201c4.16\u201d custom_padding=\u201d|||\u201d global_colors_info=\u201d{}\u201d custom_padding__hover=\u201d|||\u201d][et_pb_slider show_pagination=\u201coff\u201d _builder_version=\u201c4.21.0\u201d header_font_size=\u201c40px\u201d body_font_size=\u201c16px\u201d custom_padding=\u201c195px|0px|195px|0px\u201d custom_padding_tablet=\u201d|||\u201d custom_padding_phone=\u201d|||\u201d auto=\u201con\u201d link_option_url=\u201chttps:\/\/www.greatplacetowork.ch\/workplace\/item\/3389\/Hammer+Group\u201d link_option_url_new_window=\u201con\u201d custom_css_slide_description=\u201canimation-name: fadeIn;\u201d top_padding=\u201c195px\u201d bottom_padding=\u201c195px\u201d remove_inner_shadow=\u201con\u201d show_inner_shadow=\u201coff\u201d global_colors_info=\u201d{}\u201d button_text_size__hover_enabled=\u201coff\u201d button_text_size__hover=\u201cnull\u201d button_one_text_size__hover_enabled=\u201coff\u201d button_one_text_size__hover=\u201cnull\u201d button_two_text_size__hover_enabled=\u201coff\u201d button_two_text_size__hover=\u201cnull\u201d button_text_color__hover_enabled=\u201coff\u201d button_text_color__hover=\u201cnull\u201d button_one_text_color__hover_enabled=\u201coff\u201d button_one_text_color__hover=\u201cnull\u201d button_two_text_color__hover_enabled=\u201coff\u201d button_two_text_color__hover=\u201cnull\u201d button_border_width__hover_enabled=\u201coff\u201d button_border_width__hover=\u201cnull\u201d button_one_border_width__hover_enabled=\u201coff\u201d button_one_border_width__hover=\u201cnull\u201d button_two_border_width__hover_enabled=\u201coff\u201d button_two_border_width__hover=\u201cnull\u201d button_border_color__hover_enabled=\u201coff\u201d button_border_color__hover=\u201cnull\u201d button_one_border_color__hover_enabled=\u201coff\u201d button_one_border_color__hover=\u201cnull\u201d button_two_border_color__hover_enabled=\u201coff\u201d button_two_border_color__hover=\u201cnull\u201d button_border_radius__hover_enabled=\u201coff\u201d button_border_radius__hover=\u201cnull\u201d button_one_border_radius__hover_enabled=\u201coff\u201d button_one_border_radius__hover=\u201cnull\u201d button_two_border_radius__hover_enabled=\u201coff\u201d button_two_border_radius__hover=\u201cnull\u201d button_letter_spacing__hover_enabled=\u201coff\u201d button_letter_spacing__hover=\u201cnull\u201d button_one_letter_spacing__hover_enabled=\u201coff\u201d button_one_letter_spacing__hover=\u201cnull\u201d button_two_letter_spacing__hover_enabled=\u201coff\u201d button_two_letter_spacing__hover=\u201cnull\u201d button_bg_color__hover_enabled=\u201coff\u201d button_bg_color__hover=\u201cnull\u201d button_one_bg_color__hover_enabled=\u201coff\u201d button_one_bg_color__hover=\u201cnull\u201d button_two_bg_color__hover_enabled=\u201coff\u201d button_two_bg_color__hover=\u201cnull\u201d][et_pb_slide use_bg_overlay=\u201con\u201d bg_overlay_color=\u201crgba(0,0,0,0.04)\u201d _builder_version=\u201c4.21.0\u201d background_color=\u201d#ffffff\u201d background_image=\u201chttps:\/\/www.velopa.ch\/wp-content\/uploads\/2023\/08\/gptw-small-de-Kopie\u20111.jpg\u201d background_enable_image=\u201con\u201d global_colors_info=\u201d{}\u201d button_text_size__hover_enabled=\u201coff\u201d button_one_text_size__hover_enabled=\u201coff\u201d button_two_text_size__hover_enabled=\u201coff\u201d button_text_color__hover_enabled=\u201coff\u201d button_one_text_color__hover_enabled=\u201coff\u201d button_two_text_color__hover_enabled=\u201coff\u201d button_border_width__hover_enabled=\u201coff\u201d button_one_border_width__hover_enabled=\u201coff\u201d button_two_border_width__hover_enabled=\u201coff\u201d button_border_color__hover_enabled=\u201coff\u201d button_one_border_color__hover_enabled=\u201coff\u201d button_two_border_color__hover_enabled=\u201coff\u201d button_border_radius__hover_enabled=\u201coff\u201d button_one_border_radius__hover_enabled=\u201coff\u201d button_two_border_radius__hover_enabled=\u201coff\u201d button_letter_spacing__hover_enabled=\u201coff\u201d button_one_letter_spacing__hover_enabled=\u201coff\u201d button_two_letter_spacing__hover_enabled=\u201coff\u201d button_bg_color__hover_enabled=\u201coff\u201d button_one_bg_color__hover_enabled=\u201coff\u201d button_two_bg_color__hover_enabled=\u201coff\u201d sticky_transition=\u201con\u201d]<\/p>\n<h2>&nbsp;<\/h2>\n<p class style=\"text-align: center;\">[\/et_pb_slide][\/et_pb_slider][\/et_pb_column][et_pb_column type=\u201c1_3\u201d _builder_version=\u201c4.16\u201d custom_padding=\u201d|||\u201d global_colors_info=\u201d{}\u201d custom_padding__hover=\u201d|||\u201d][et_pb_blurb title=\u201d\u25baGreat Place to Work\u201d image=\u201chttps:\/\/www.velopa.ch\/wp-content\/uploads\/2021\/03\/zertifikation.png\u201d image_icon_width=\u201c50%\u201d module_class=\u201cow_clickable_box\u201d _builder_version=\u201c4.16\u201d header_font_size=\u201c17px\u201d background_color=\u201d#eaeaea\u201d background_size=\u201cinitial\u201d background_position=\u201ctop_left\u201d background_repeat=\u201crepeat\u201d text_orientation=\u201ccenter\u201d custom_padding=\u201c30px|30px|30px|30px\u201d animation=\u201coff\u201d image_max_width=\u201c50%\u201d global_colors_info=\u201d{}\u201d]<\/p>\n<p class style=\"text-align: center;\">Le groupe Ham\u00admer et ses filia\u00adles ont obtenu le cer\u00adti\u00adfi\u00adcat \u00abGreat Place to Work\u00bb. Nos col\u00adla\u00adbo\u00adra\u00adteurs nous appr\u00e9\u00adci\u00adent et nous con\u00adsid\u00e8\u00adrent comme un employ\u00adeur digne de con\u00adfi\u00adance, ce qui nous rend tr\u00e8s fiers.<a href=\"https:\/\/www.greatplacetowork.ch\/workplace\/item\/3389\/Hammer+Group\" target=\"_blank\" rel=\"noopener noreferrer\">Link<\/a><\/p>\n<p class=\"et-fb-mce-line-break-holder\" style=\"text-align: center;\">[\/et_pb_blurb][\/et_pb_column][\/et_pb_row][\/et_pb_section][et_pb_section fb_built=\u201c1\u201d custom_padding_last_edited=\u201con|phone\u201d admin_label=\u201csection\u201d _builder_version=\u201c4.16\u201d custom_padding=\u201c14px||14px|\u201d custom_padding_tablet=\u201d\u201d custom_padding_phone=\u201c20px||14px|\u201d global_colors_info=\u201d{}\u201d][et_pb_row column_padding_mobile=\u201con\u201d custom_padding_last_edited=\u201con|phone\u201d admin_label=\u201crow\u201d _builder_version=\u201c4.21.0\u201d background_size=\u201cinitial\u201d background_position=\u201ctop_left\u201d background_repeat=\u201crepeat\u201d custom_margin_phone=\u201d-107px|||\u201d custom_padding=\u201c30px|50px|40px|50px\u201d custom_padding_tablet=\u201d\u201d custom_padding_phone=\u201c20px|25px|30px|25px|false|false\u201d custom_css_main_element=\u201cborder: 1px solid #eaeaea;\u201d global_colors_info=\u201d{}\u201d][et_pb_column type=\u201c4_4\u201d _builder_version=\u201c4.16\u201d custom_padding=\u201d|||\u201d global_colors_info=\u201d{}\u201d custom_padding__hover=\u201d|||\u201d][et_pb_text _builder_version=\u201c4.21.0\u201d background_size=\u201cinitial\u201d background_position=\u201ctop_left\u201d background_repeat=\u201crepeat\u201d custom_margin_phone=\u201d|30px||30px\u201d global_colors_info=\u201d{}\u201d]<\/p>\n<h1 style=\"padding-bottom: 0px; background-color: #ffffff; color: #052433; font-weight: 500; line-height: 1.7em; text-align: center; font-family: CamphorStd-Bold, Helvetica, Arial, sans-serif !important;\">Historique de Velopa AG:<\/h1>\n<p>[\/et_pb_text][et_pb_text disabled_on=\u201con|on|on\u201d _builder_version=\u201c4.16\u201d background_size=\u201cinitial\u201d background_position=\u201ctop_left\u201d background_repeat=\u201crepeat\u201d custom_margin_phone=\u201d|30px||30px\u201d disabled=\u201con\u201d global_colors_info=\u201d{}\u201d]<\/p>\n<p style=\"text-align: center;\">En 1929, Mr Groe\u00adnendal, un N\u00e9er\u00adlan\u00addais ing\u00e9\u00adnieux, a cr\u00e9\u00e9 la soci\u00e9t\u00e9 de vente Velopa GmbH \u00e0 Zurich. Il n\u2019existe mal\u00adheu\u00adreu\u00adse\u00adment plus aucune photo du fon\u00adda\u00adteur de la soci\u00e9t\u00e9. Les pre\u00admiers \u00e9l\u00e9\u00adments de sta\u00adti\u00adon\u00adne\u00adment de v\u00e9los que l\u2019entreprise ven\u00addait alors n\u2019ont cess\u00e9 d\u2019\u00e9\u00advo\u00adluer au fil des ann\u00e9es. La soci\u00e9t\u00e9 pro\u00adpose ainsi aujour\u00add\u2019hui un large \u00e9ven\u00adtail de sys\u00adt\u00e8\u00admes con\u00adfor\u00adta\u00adbles r\u00e9pond\u00adant aux exi\u00adgen\u00adces moder\u00adnes en mati\u00e8re de zones de sta\u00adti\u00adon\u00adne\u00adment et de transit.<\/p>\n<p>[\/et_pb_text][\/et_pb_column][\/et_pb_row][\/et_pb_section][et_pb_section fb_built=\u201c1\u201d custom_padding_last_edited=\u201con|tablet\u201d admin_label=\u201csection\u201d _builder_version=\u201c4.21.0\u201d custom_padding=\u201c14px|0px|14px|0px|false|false\u201d custom_padding_tablet=\u201d||0px|\u201d custom_padding_phone=\u201c20px||0px|\u201d global_colors_info=\u201d{}\u201d][et_pb_row column_padding_mobile=\u201con\u201d custom_padding_last_edited=\u201con|tablet\u201d admin_label=\u201crow\u201d _builder_version=\u201c4.16\u201d background_size=\u201cinitial\u201d background_position=\u201ctop_left\u201d background_repeat=\u201crepeat\u201d custom_padding=\u201c0px|0px|0px|0px\u201d custom_padding_tablet=\u201d||0px|\u201d custom_padding_phone=\u201d||0px|\u201d global_colors_info=\u201d{}\u201d][et_pb_column type=\u201c4_4\u201d _builder_version=\u201c4.16\u201d custom_padding=\u201d|||\u201d global_colors_info=\u201d{}\u201d custom_padding__hover=\u201d|||\u201d][et_pb_gallery gallery_ids=\u201c34595,34596,34594,34593\u201d show_title_and_caption=\u201coff\u201d zoom_icon_color=\u201d#1e5faa\u201d hover_icon=\u201cT||divi||400\u201d disabled_on=\u201con|on|on\u201d _builder_version=\u201c4.16\u201d title_font_size=\u201c13px\u201d disabled=\u201con\u201d global_colors_info=\u201d{}\u201d][\/et_pb_gallery][et_pb_text _builder_version=\u201c4.21.0\u201d _module_preset=\u201cdefault\u201d global_colors_info=\u201d{}\u201d]<\/p>\n<h3 style=\"text-align: center;\">De l'original \u00e0 la gamme compl\u00e8te de solutions<\/h3>\n<p>[\/et_pb_text][et_pb_image src=\u201chttps:\/\/www.velopa.ch\/wp-content\/uploads\/2024\/10\/Velopa-AG-Histoire_FR.jpg\u201d title_text=\u201cVelopa <span class=\"caps\">AG<\/span> Histoire_FR\u201d _builder_version=\u201c4.21.0\u201d _module_preset=\u201cdefault\u201d global_colors_info=\u201d{}\u201d][\/et_pb_image][\/et_pb_column][\/et_pb_row][\/et_pb_section][et_pb_section fb_built=\u201c1\u201d custom_padding_last_edited=\u201con|tablet\u201d disabled_on=\u201con|on|on\u201d admin_label=\u201csection\u201d _builder_version=\u201c4.16\u201d custom_padding=\u201c0px||14px|\u201d custom_padding_tablet=\u201c0px|||\u201d custom_padding_phone=\u201c0px||20px|\u201d disabled=\u201con\u201d global_colors_info=\u201d{}\u201d][et_pb_row column_structure=\u201c1_2,1_2\u201d column_padding_mobile=\u201con\u201d custom_padding_last_edited=\u201con|phone\u201d admin_label=\u201crow\u201d _builder_version=\u201c4.16\u201d background_size=\u201cinitial\u201d background_position=\u201ctop_left\u201d background_repeat=\u201crepeat\u201d custom_margin_phone=\u201d-107px|||\u201d custom_padding=\u201c30px|48px|30px|50px\u201d custom_padding_tablet=\u201d\u201d custom_padding_phone=\u201c30px|25px||25px\u201d custom_css_main_element=\u201cborder: 1px solid #eaeaea;\u201d global_colors_info=\u201d{}\u201d][et_pb_column type=\u201c1_2\u201d _builder_version=\u201c4.16\u201d custom_padding=\u201d|||\u201d global_colors_info=\u201d{}\u201d custom_padding__hover=\u201d|||\u201d][et_pb_text _builder_version=\u201c4.16\u201d background_size=\u201cinitial\u201d background_position=\u201ctop_left\u201d background_repeat=\u201crepeat\u201d custom_margin_phone=\u201d|30px||30px\u201d global_colors_info=\u201d{}\u201d]<\/p>\n<h3>De la reprise par Hammer \u00e0 nos jours<\/h3>\n<p>[\/et_pb_text][et_pb_text _builder_version=\u201c4.21.0\u201d background_size=\u201cinitial\u201d background_position=\u201ctop_left\u201d background_repeat=\u201crepeat\u201d custom_margin_phone=\u201d|30px||30px\u201d global_colors_info=\u201d{}\u201d]<\/p>\n<p style=\"text-align: justify;\"><strong>En 1982<\/strong>, l\u2019entreprise a \u00e9t\u00e9 reprise \u00e0 100% par la soci\u00e9t\u00e9 coop\u00e9\u00adra\u00adtive<strong> <a href=\"http:\/\/hammer.ch\/\" target=\"_blank\" rel=\"noopener noreferrer\">Ham\u00admer<\/a><\/strong>, elle-m\u00eame fon\u00add\u00e9e en 1928 et bas\u00e9e \u00e0 Zurich. Elle b\u00e9n\u00e9\u00adfi\u00adcie donc aujour\u00add\u2019hui des syn\u00ader\u00adgies d\u2019un groupe indus\u00adtriel fort, inno\u00advant et atta\u00adch\u00e9 au p\u00f4le \u00e9co\u00adno\u00admi\u00adque suisse.<\/p>\n<p style=\"text-align: justify;\"><strong>En 2014<\/strong>, la soci\u00e9t\u00e9 coop\u00e9\u00adra\u00adtive Ham\u00admer a sign\u00e9 un par\u00adten\u00adariat coop\u00e9\u00adra\u00adtif exclu\u00adsif pour le mar\u00adch\u00e9 suisse avec la soci\u00e9t\u00e9 alle\u00admande Zieg\u00adler, lea\u00adder du mar\u00adch\u00e9 en Alle\u00adma\u00adgne. Sous la d\u00e9no\u00admi\u00adna\u00adtion sociale \u00abZieg\u00adler Aus\u00adsen\u00adan\u00adla\u00adgen <span class=\"caps\">AG<\/span>\u00bb, cette ent\u00adre\u00adprise est prin\u00adci\u00adpa\u00adle\u00adment ax\u00e9e sur les sec\u00adteurs du mobi\u00adlier urbain et des am\u00e9\u00adnage\u00adments ext\u00e9\u00adri\u00adeurs. L\u2019entreprise Ham\u00admer ne vend pas uni\u00adquement la gamme com\u00adpl\u00e8te des pro\u00adduits de la soci\u00e9t\u00e9 Zieg\u00adler GmbH en Suisse, elle pro\u00adpose \u00e9ga\u00adle\u00adment un large \u00e9ven\u00adtail de pro\u00adduits d\u2019autres par\u00adten\u00adaires exclusifs.<\/p>\n<p style=\"text-align: justify;\"><strong>En 2015<\/strong>, la soci\u00e9t\u00e9 coop\u00e9\u00adra\u00adtive Ham\u00admer a repris la soci\u00e9t\u00e9 UW-Tech GmbH bas\u00e9e \u00e0 Dor\u00adnach et \u00e9ga\u00adle\u00adment pr\u00e9\u00adsente sur le mar\u00adch\u00e9 du sta\u00adti\u00adon\u00adne\u00adment de v\u00e9los. La soci\u00e9t\u00e9 UW-Tech GmbH con\u00adstruit des abris \u00e0 v\u00e9los et aut\u00adres solu\u00adti\u00adons de sta\u00adti\u00adon\u00adne\u00adment de v\u00e9los depuis une ving\u00adtaine d\u2019ann\u00e9es \u2013 prin\u00adci\u00adpa\u00adle\u00adment desti\u00adn\u00e9s aux mai\u00adsons et jard\u00adins des particuliers.<\/p>\n<p>[\/et_pb_text][\/et_pb_column][et_pb_column type=\u201c1_2\u201d _builder_version=\u201c4.16\u201d custom_padding=\u201d|||\u201d global_colors_info=\u201d{}\u201d custom_padding__hover=\u201d|||\u201d][et_pb_divider show_divider=\u201coff\u201d disabled_on=\u201con|on|off\u201d _builder_version=\u201c4.16\u201d height=\u201c50px\u201d global_colors_info=\u201d{}\u201d][\/et_pb_divider][et_pb_text admin_label=\u201cHistorie\u201d _builder_version=\u201c4.21.0\u201d background_size=\u201cinitial\u201d background_position=\u201ctop_left\u201d background_repeat=\u201crepeat\u201d custom_margin_phone=\u201d|30px||30px\u201d global_colors_info=\u201d{}\u201d]<\/p>\n<p class style=\"background-color: #ffffff; text-align: justify;\">Les pro\u00adduits sont majo\u00adri\u00adtaire\u00adment con\u00ad\u00e7us par une \u00e9quipe suisse de desi\u00adgners inno\u00advants et en par\u00adtie fabri\u00adqu\u00e9s en Suisse, ou don\u00adn\u00e9s en sous-trai\u00adtance \u00e0 des par\u00adten\u00adaires de fabri\u00adca\u00adtion exter\u00adnes cer\u00adti\u00adfi\u00e9s. La UW-Tech GmbH est l\u2019un des prin\u00adci\u00adpaux four\u00adnis\u00adseurs suis\u00adses dans le seg\u00adment de la cli\u00adent\u00e8le priv\u00e9e.<\/p>\n<p class style=\"background-color: #ffffff; text-align: justify;\"><strong>En 2016<\/strong>, les trois ent\u00adre\u00adpri\u00adses ont \u00e9t\u00e9 regrou\u00adp\u00e9es dans les domaines de la stra\u00adt\u00e9\u00adgie, de l\u2019organisation et la com\u00admu\u00adni\u00adca\u00adtion sous les mar\u00adques d\u00e9po\u00ads\u00e9es \u00ab Velopa Pro \u00bb, \u00ab Velopa Home \u00bb et \u00ab Velopa City \u00bb. La fusion juri\u00addi\u00adque a fina\u00adle\u00adment eu lieu en 2017. Nous avons alors opt\u00e9 pour le nom de soci\u00e9t\u00e9 le plus connu sur le mar\u00adch\u00e9, \u00e0 savoir \u00ab Velopa <span class=\"caps\">AG<\/span>&nbsp;\u00bb.<\/p>\n<p class style=\"background-color: #ffffff; text-align: justify;\">Aujourd\u2019hui la soci\u00e9t\u00e9 Velopa <span class=\"caps\">AG<\/span> est, sur le mar\u00adch\u00e9 suisse, le plus grand four\u00adnis\u00adseur de pro\u00adduits et ser\u00advices desti\u00adn\u00e9s aux ent\u00adre\u00adpri\u00adses, orga\u00adni\u00adsa\u00adti\u00adons, ser\u00advices publics et pri\u00adv\u00e9s en mati\u00e8re de sta\u00adti\u00adon\u00adne\u00adment, de cou\u00adver\u00adture, de d\u00e9li\u00admi\u00adta\u00adtion et meub\u00adler des espaces ext\u00e9\u00adri\u00adeurs. Nous cr\u00e9\u00adons ainsi une valeur ajou\u00adt\u00e9e maxi\u00admale dans l\u2019e\u00adspace public, les zones de ren\u00adcontre urbai\u00adnes, les envi\u00adron\u00adne\u00adments r\u00e9si\u00addentiels et les espaces commerciaux.<\/p>\n<p>[\/et_pb_text][\/et_pb_column][\/et_pb_row][\/et_pb_section][et_pb_section fb_built=\u201c1\u201d custom_padding_last_edited=\u201con|tablet\u201d admin_label=\u201csection\u201d module_id=\u201cow_fix_height_234\u201d _builder_version=\u201c4.16\u201d custom_padding=\u201c14px|0px|16px|0px\u201d custom_padding_tablet=\u201c0px|||\u201d custom_padding_phone=\u201c20px|||\u201d global_colors_info=\u201d{}\u201d][et_pb_row column_structure=\u201c1_4,3_4\u201d padding_mobile=\u201coff\u201d column_padding_mobile=\u201con\u201d admin_label=\u201crow\u201d _builder_version=\u201c4.16\u201d background_size=\u201cinitial\u201d background_position=\u201ctop_left\u201d background_repeat=\u201crepeat\u201d custom_margin_tablet=\u201c70px|||\u201d custom_margin_phone=\u201c90px|||\u201d custom_margin_last_edited=\u201con|phone\u201d custom_padding=\u201c0px|0px|0px|0px\u201d global_colors_info=\u201d{}\u201d][et_pb_column type=\u201c1_4\u201d module_class=\u201cow_remove_bottom_margin\u201d _builder_version=\u201c4.16\u201d custom_padding=\u201d|||\u201d global_colors_info=\u201d{}\u201d custom_padding__hover=\u201d|||\u201d][et_pb_blurb title=\u201cT\u00e9l\u00e9chargements\u201d image=\u201chttps:\/\/www.velopa.ch\/wp-content\/uploads\/2021\/03\/download.png\u201d image_icon_width=\u201c58%\u201d _builder_version=\u201c4.16\u201d header_font_size=\u201c17px\u201d background_color=\u201d#eaeaea\u201d background_size=\u201cinitial\u201d background_position=\u201ctop_left\u201d background_repeat=\u201crepeat\u201d text_orientation=\u201ccenter\u201d custom_padding=\u201c48px|25px|35px|25px\u201d animation=\u201coff\u201d image_max_width=\u201c58%\u201d global_colors_info=\u201d{}\u201d][\/et_pb_blurb][\/et_pb_column][et_pb_column type=\u201c3_4\u201d _builder_version=\u201c4.16\u201d custom_padding=\u201d|||\u201d global_colors_info=\u201d{}\u201d custom_padding__hover=\u201d|||\u201d][et_pb_tabs _builder_version=\u201c4.27.4\u201d tab_font_size=\u201c15px\u201d background_size=\u201cinitial\u201d background_position=\u201ctop_left\u201d background_repeat=\u201crepeat\u201d global_colors_info=\u201d{}\u201d][et_pb_tab title=\u201cBrochure\u201d _builder_version=\u201c4.21.0\u201d body_font=\u201d||||\u201d body_line_height=\u201c2em\u201d tab_font=\u201d||||\u201d tab_line_height=\u201c2em\u201d background_size=\u201cinitial\u201d background_position=\u201ctop_left\u201d background_repeat=\u201crepeat\u201d body_line_height_tablet=\u201c2em\u201d body_line_height_phone=\u201c2em\u201d tab_line_height_tablet=\u201c2em\u201d tab_line_height_phone=\u201c2em\u201d global_colors_info=\u201d{}\u201d]<\/p>\n<h5><a href=\"https:\/\/www.velopa.ch\/wp-content\/uploads\/Kataloge\/Impressions_by_Velopa_F.web.pdf\" target=\"_blank\" rel=\"noopener noreferrer\">\u25ba Impres\u00adsi\u00adons by Velopa<\/a><\/h5>\n<p>[\/et_pb_tab][et_pb_tab title=\u201cOrganigramme\u201d _builder_version=\u201c4.27.4\u201d body_font=\u201d||||\u201d body_line_height=\u201c2em\u201d tab_font=\u201d||||\u201d tab_line_height=\u201c2em\u201d background_size=\u201cinitial\u201d background_position=\u201ctop_left\u201d background_repeat=\u201crepeat\u201d body_line_height_tablet=\u201c2em\u201d body_line_height_phone=\u201c2em\u201d tab_line_height_tablet=\u201c2em\u201d tab_line_height_phone=\u201c2em\u201d global_colors_info=\u201d{}\u201d]<\/p>\n<h5 style=\"background-color: #ffffff;\"><a href=\"https:\/\/www.velopa.ch\/wp-content\/uploads\/2026\/02\/Organigramm-Velopa-2026.pdf\" target=\"_blank\" rel=\"noopener noreferrer\">\u25ba Orga\u00adni\u00adgramme Velopa<\/a><\/h5>\n<h5 style=\"background-color: #ffffff;\"><a href=\"https:\/\/www.velopa.ch\/wp-content\/uploads\/2025\/05\/Organigramm-Hammer-Gruppe-2025.png\" target=\"_blank\" rel=\"noopener noreferrer\">\u25ba&nbsp;Orga\u00adni\u00adgramme Ham\u00admer&nbsp;Group&nbsp;<\/a><\/h5>\n<p>[\/et_pb_tab][\/et_pb_tabs][\/et_pb_column][\/et_pb_row][\/et_pb_section][et_pb_section fb_built=\u201c1\u201d custom_padding_last_edited=\u201con|tablet\u201d admin_label=\u201csection\u201d module_id=\u201cow_fix_height_399\u201d _builder_version=\u201c4.16\u201d custom_padding=\u201c14px||14px|\u201d custom_padding_tablet=\u201c0px||0px|\u201d custom_padding_phone=\u201c0px||0px|\u201d global_colors_info=\u201d{}\u201d][et_pb_row column_structure=\u201c1_3,2_3\u201d padding_mobile=\u201coff\u201d column_padding_mobile=\u201con\u201d admin_label=\u201crow\u201d module_id=\u201ccompetence\u201d _builder_version=\u201c4.16\u201d background_size=\u201cinitial\u201d background_position=\u201ctop_left\u201d background_repeat=\u201crepeat\u201d custom_padding=\u201c0px|0px|0px|0px\u201d global_colors_info=\u201d{}\u201d][et_pb_column type=\u201c1_3\u201d module_class=\u201cow_mobile_insert_after\u201d _builder_version=\u201c4.16\u201d custom_padding=\u201d|||\u201d global_colors_info=\u201d{}\u201d custom_padding__hover=\u201d|||\u201d][et_pb_blurb title=\u201cComp\u00e9tence de pro\u00adduc\u00adtion au sein du groupe\u201d image=\u201chttps:\/\/www.velopa.ch\/wp-content\/uploads\/2021\/03\/schweiz.png\u201d image_icon_width=\u201c50%\u201d module_id=\u201cow_fix_height_399\u201d _builder_version=\u201c4.16\u201d header_font_size=\u201c17px\u201d header_line_height=\u201c1.4em\u201d background_color=\u201d#eaeaea\u201d background_size=\u201cinitial\u201d background_position=\u201ctop_left\u201d background_repeat=\u201crepeat\u201d text_orientation=\u201ccenter\u201d custom_padding=\u201c30px|30px|30px|30px\u201d animation=\u201coff\u201d image_max_width=\u201c50%\u201d global_colors_info=\u201d{}\u201d]<\/p>\n<p class style=\"text-align: center;\">Notre par\u00adten\u00adaire de pro\u00adduc\u00adtion est la soci\u00e9t\u00e9 suisse Wasta bas\u00e9e \u00e0 Stans <span class=\"caps\">NW<\/span>. Depuis 1991, la Wasta <span class=\"caps\">AG<\/span> est pr\u00e9\u00adsente dans le domaine de la con\u00ads\u00adtruc\u00adtion m\u00e9tal\u00adli\u00adque et des travaux de serr\u00adure\u00adrie. Son important savoir-faire est garant de la qua\u00adlit\u00e9 sup\u00e9\u00adri\u00adeure de ses produits.<\/p>\n<p class style=\"text-align: center;\">[\/et_pb_blurb][\/et_pb_column][et_pb_column type=\u201c2_3\u201d module_class=\u201cow_mobile_insert_before ow_remove_bottom_margin\u201d _builder_version=\u201c4.16\u201d custom_padding=\u201d|||\u201d global_colors_info=\u201d{}\u201d custom_padding__hover=\u201d|||\u201d][et_pb_video src=\u201chttps:\/\/www.youtube.com\/watch?v=Q4MLEHHHmRI\u201d module_class=\u201cow_video_full_height\u201d _builder_version=\u201c4.16\u201d global_colors_info=\u201d{}\u201d][\/et_pb_video][\/et_pb_column][\/et_pb_row][\/et_pb_section][et_pb_section fb_built=\u201c1\u201d custom_padding_last_edited=\u201con|tablet\u201d admin_label=\u201csection\u201d module_id=\u201czertifizierung\u201d _builder_version=\u201c4.16\u201d custom_padding=\u201c14px||14px|\u201d custom_padding_tablet=\u201d||0px|\u201d custom_padding_phone=\u201c20px||5px|\u201d global_colors_info=\u201d{}\u201d][et_pb_row column_structure=\u201c1_2,1_2\u201d column_padding_mobile=\u201con\u201d custom_padding_last_edited=\u201con|phone\u201d admin_label=\u201crow\u201d _builder_version=\u201c4.16\u201d background_size=\u201cinitial\u201d background_position=\u201ctop_left\u201d background_repeat=\u201crepeat\u201d custom_margin_phone=\u201d-107px|||\u201d custom_padding=\u201c30px|50px|30px|50px\u201d custom_padding_tablet=\u201d\u201d custom_padding_phone=\u201d|25px||25px\u201d custom_css_main_element=\u201cborder: 1px solid #eaeaea;\u201d global_colors_info=\u201d{}\u201d][et_pb_column type=\u201c1_2\u201d _builder_version=\u201c4.16\u201d custom_padding=\u201d|||\u201d global_colors_info=\u201d{}\u201d custom_padding__hover=\u201d|||\u201d][et_pb_text _builder_version=\u201c4.16\u201d background_size=\u201cinitial\u201d background_position=\u201ctop_left\u201d background_repeat=\u201crepeat\u201d custom_margin_phone=\u201d|30px||30px\u201d global_colors_info=\u201d{}\u201d]<\/p>\n<h3>Certifications et normes l\u00e9gales<\/h3>\n<p class style=\"text-align: center;\">[\/et_pb_text][et_pb_text _builder_version=\u201c4.16\u201d background_size=\u201cinitial\u201d background_position=\u201ctop_left\u201d background_repeat=\u201crepeat\u201d custom_margin_phone=\u201d|30px||30px\u201d global_colors_info=\u201d{}\u201d]<\/p>\n<p style=\"text-align: justify;\">L\u2019<span class=\"caps\">UE<\/span> ainsi que la Suisse se basent sur la norme <span class=\"caps\">DIN<\/span> <span class=\"caps\">EN<\/span> 1090 pour la con\u00adfor\u00admit\u00e9 juri\u00addi\u00adque des struc\u00adtures por\u00adteu\u00adses en acier. Ces nor\u00admes impo\u00adsent des exi\u00adgen\u00adces au niveau des qua\u00adli\u00adfi\u00adca\u00adti\u00adons du con\u00ads\u00adtruc\u00adteur ainsi que des pro\u00adduits et des pro\u00adc\u00e9\u00add\u00e9s de pro\u00adduc\u00adtion. Seu\u00adles les ent\u00adre\u00adpri\u00adses ayant la cer\u00adti\u00adfi\u00adca\u00adtion <span class=\"caps\">EN<\/span> 1090 garan\u00adtis\u00adsent la s\u00e9cu\u00adrit\u00e9 juri\u00addi\u00adque en ce qui con\u00adcerne les garan\u00adties du pro\u00adduit tant pour le fabri\u00adcant que pour l\u2019utilisateur\/exploitant.<\/p>\n<p class style=\"text-align: center;\">[\/et_pb_text][\/et_pb_column][et_pb_column type=\u201c1_2\u201d _builder_version=\u201c4.16\u201d custom_padding=\u201d|||\u201d global_colors_info=\u201d{}\u201d custom_padding__hover=\u201d|||\u201d][et_pb_divider show_divider=\u201coff\u201d disabled_on=\u201con|on|off\u201d _builder_version=\u201c4.16\u201d height=\u201c50px\u201d global_colors_info=\u201d{}\u201d][\/et_pb_divider][et_pb_text _builder_version=\u201c4.16\u201d background_size=\u201cinitial\u201d background_position=\u201ctop_left\u201d background_repeat=\u201crepeat\u201d custom_margin_phone=\u201d|30px||30px\u201d global_colors_info=\u201d{}\u201d]<\/p>\n<p class style=\"background-color: #ffffff; text-align: justify;\">La soci\u00e9t\u00e9 Velopa <span class=\"caps\">AG<\/span> ainsi que ses ent\u00adre\u00adpri\u00adses sous-trai\u00adtan\u00adtes sont tou\u00adtes cer\u00adti\u00adfi\u00e9es <span class=\"caps\">EN<\/span> 1090. Elles ex\u00e9\u00adcu\u00adtent leurs pro\u00adpres con\u00adtr\u00f4\u00adles de pro\u00adduc\u00adtion en usine et sont r\u00e9gu\u00adli\u00e8\u00adre\u00adment sou\u00admi\u00adses \u00e0 des inspec\u00adtions par les auto\u00adri\u00adt\u00e9s comp\u00e9tentes.<\/p>\n<p class style=\"text-align: center;\">[\/et_pb_text][\/et_pb_column][\/et_pb_row][\/et_pb_section][et_pb_section fb_built=\u201c1\u201d custom_padding_last_edited=\u201con|phone\u201d admin_label=\u201csection\u201d module_id=\u201cow_fix_height_399\u201d _builder_version=\u201c4.16\u201d custom_padding=\u201c14px||14px|\u201d custom_padding_tablet=\u201d\u201d custom_padding_phone=\u201c0px||14px|\u201d global_colors_info=\u201d{}\u201d][et_pb_row column_structure=\u201c2_3,1_3\u201d column_padding_mobile=\u201con\u201d custom_padding_last_edited=\u201con|phone\u201d admin_label=\u201crow\u201d _builder_version=\u201c4.16\u201d background_size=\u201cinitial\u201d background_position=\u201ctop_left\u201d background_repeat=\u201crepeat\u201d custom_padding=\u201c0px|0px|0px|0px\u201d custom_padding_tablet=\u201d\u201d custom_padding_phone=\u201c14px|||\u201d global_colors_info=\u201d{}\u201d][et_pb_column type=\u201c2_3\u201d module_class=\u201cow_remove_bottom_margin\u201d _builder_version=\u201c4.16\u201d custom_padding=\u201d|||\u201d global_colors_info=\u201d{}\u201d custom_padding__hover=\u201d|||\u201d][et_pb_slider show_pagination=\u201coff\u201d _builder_version=\u201c4.16\u201d header_font_size=\u201c40px\u201d body_font_size=\u201c16px\u201d custom_padding=\u201c195px|0px|195px|0px\u201d custom_padding_tablet=\u201d|||\u201d custom_padding_phone=\u201d|||\u201d auto=\u201con\u201d custom_css_slide_description=\u201canimation-name: fadeIn;\u201d top_padding=\u201c195px\u201d bottom_padding=\u201c195px\u201d remove_inner_shadow=\u201con\u201d show_inner_shadow=\u201coff\u201d global_colors_info=\u201d{}\u201d button_text_size__hover_enabled=\u201coff\u201d button_text_size__hover=\u201cnull\u201d button_one_text_size__hover_enabled=\u201coff\u201d button_one_text_size__hover=\u201cnull\u201d button_two_text_size__hover_enabled=\u201coff\u201d button_two_text_size__hover=\u201cnull\u201d button_text_color__hover_enabled=\u201coff\u201d button_text_color__hover=\u201cnull\u201d button_one_text_color__hover_enabled=\u201coff\u201d button_one_text_color__hover=\u201cnull\u201d button_two_text_color__hover_enabled=\u201coff\u201d button_two_text_color__hover=\u201cnull\u201d button_border_width__hover_enabled=\u201coff\u201d button_border_width__hover=\u201cnull\u201d button_one_border_width__hover_enabled=\u201coff\u201d button_one_border_width__hover=\u201cnull\u201d button_two_border_width__hover_enabled=\u201coff\u201d button_two_border_width__hover=\u201cnull\u201d button_border_color__hover_enabled=\u201coff\u201d button_border_color__hover=\u201cnull\u201d button_one_border_color__hover_enabled=\u201coff\u201d button_one_border_color__hover=\u201cnull\u201d button_two_border_color__hover_enabled=\u201coff\u201d button_two_border_color__hover=\u201cnull\u201d button_border_radius__hover_enabled=\u201coff\u201d button_border_radius__hover=\u201cnull\u201d button_one_border_radius__hover_enabled=\u201coff\u201d button_one_border_radius__hover=\u201cnull\u201d button_two_border_radius__hover_enabled=\u201coff\u201d button_two_border_radius__hover=\u201cnull\u201d button_letter_spacing__hover_enabled=\u201coff\u201d button_letter_spacing__hover=\u201cnull\u201d button_one_letter_spacing__hover_enabled=\u201coff\u201d button_one_letter_spacing__hover=\u201cnull\u201d button_two_letter_spacing__hover_enabled=\u201coff\u201d button_two_letter_spacing__hover=\u201cnull\u201d button_bg_color__hover_enabled=\u201coff\u201d button_bg_color__hover=\u201cnull\u201d button_one_bg_color__hover_enabled=\u201coff\u201d button_one_bg_color__hover=\u201cnull\u201d button_two_bg_color__hover_enabled=\u201coff\u201d button_two_bg_color__hover=\u201cnull\u201d][et_pb_slide use_bg_overlay=\u201con\u201d bg_overlay_color=\u201crgba(0,0,0,0.04)\u201d _builder_version=\u201c4.16\u201d background_color=\u201d#ffffff\u201d background_image=\u201chttps:\/\/www.velopa.ch\/wp-content\/uploads\/2017\/03\/Zertifikation_EN1090.jpg\u201d global_colors_info=\u201d{}\u201d button_text_size__hover_enabled=\u201coff\u201d button_one_text_size__hover_enabled=\u201coff\u201d button_two_text_size__hover_enabled=\u201coff\u201d button_text_color__hover_enabled=\u201coff\u201d button_one_text_color__hover_enabled=\u201coff\u201d button_two_text_color__hover_enabled=\u201coff\u201d button_border_width__hover_enabled=\u201coff\u201d button_one_border_width__hover_enabled=\u201coff\u201d button_two_border_width__hover_enabled=\u201coff\u201d button_border_color__hover_enabled=\u201coff\u201d button_one_border_color__hover_enabled=\u201coff\u201d button_two_border_color__hover_enabled=\u201coff\u201d button_border_radius__hover_enabled=\u201coff\u201d button_one_border_radius__hover_enabled=\u201coff\u201d button_two_border_radius__hover_enabled=\u201coff\u201d button_letter_spacing__hover_enabled=\u201coff\u201d button_one_letter_spacing__hover_enabled=\u201coff\u201d button_two_letter_spacing__hover_enabled=\u201coff\u201d button_bg_color__hover_enabled=\u201coff\u201d button_one_bg_color__hover_enabled=\u201coff\u201d button_two_bg_color__hover_enabled=\u201coff\u201d sticky_transition=\u201con\u201d]<\/p>\n<h2><\/h2>\n<p class style=\"text-align: center;\">[\/et_pb_slide][\/et_pb_slider][\/et_pb_column][et_pb_column type=\u201c1_3\u201d _builder_version=\u201c4.16\u201d custom_padding=\u201d|||\u201d global_colors_info=\u201d{}\u201d custom_padding__hover=\u201d|||\u201d][et_pb_blurb title=\u201cCertification\u201d image=\u201chttps:\/\/www.velopa.ch\/wp-content\/uploads\/2021\/03\/zertifikation.png\u201d image_icon_width=\u201c50%\u201d _builder_version=\u201c4.21.0\u201d header_font_size=\u201c17px\u201d background_color=\u201d#eaeaea\u201d background_size=\u201cinitial\u201d background_position=\u201ctop_left\u201d background_repeat=\u201crepeat\u201d text_orientation=\u201ccenter\u201d custom_padding=\u201c30px|30px|30px|30px\u201d animation=\u201coff\u201d link_option_url=\u201chttps:\/\/www.velopa.ch\/wp-content\/uploads\/2024\/01\/<span class=\"caps\">EN1090<\/span>.pdf\u201d image_max_width=\u201c50%\u201d global_colors_info=\u201d{}\u201d]<\/p>\n<p class style=\"text-align: center;\">Tous nos sites de pro\u00adduc\u00adtions sont cer\u00adti\u00adfi\u00e9s <span class=\"caps\">ISO<\/span> 9001 et <span class=\"caps\">EN<\/span>&nbsp;1090<\/p>\n<p class style=\"text-align: center;\">[\/et_pb_blurb][\/et_pb_column][\/et_pb_row][\/et_pb_section][et_pb_section fb_built=\u201c1\u201d custom_padding_last_edited=\u201con|tablet\u201d admin_label=\u201csection\u201d module_id=\u201cow_fix_height_399\u201d _builder_version=\u201c4.16\u201d custom_padding=\u201c14px||14px|\u201d custom_padding_tablet=\u201c0px||0px|\u201d custom_padding_phone=\u201c0px||0px|\u201d global_colors_info=\u201d{}\u201d][et_pb_row column_structure=\u201c1_3,2_3\u201d padding_mobile=\u201coff\u201d column_padding_mobile=\u201con\u201d admin_label=\u201crow\u201d module_id=\u201cservices\u201d _builder_version=\u201c4.16\u201d background_size=\u201cinitial\u201d background_position=\u201ctop_left\u201d background_repeat=\u201crepeat\u201d custom_padding=\u201c0px|0px|0px|0px\u201d global_colors_info=\u201d{}\u201d][et_pb_column type=\u201c1_3\u201d module_class=\u201cow_mobile_insert_after\u201d _builder_version=\u201c4.16\u201d custom_padding=\u201d|||\u201d global_colors_info=\u201d{}\u201d custom_padding__hover=\u201d|||\u201d][et_pb_blurb title=\u201cVelopa Swiss Qua\u00adlity\u201d image=\u201chttps:\/\/www.velopa.ch\/wp-content\/uploads\/2021\/03\/garantie.png\u201d image_icon_width=\u201c50%\u201d _builder_version=\u201c4.16\u201d header_font_size=\u201c17px\u201d background_color=\u201d#eaeaea\u201d background_size=\u201cinitial\u201d background_position=\u201ctop_left\u201d background_repeat=\u201crepeat\u201d text_orientation=\u201ccenter\u201d custom_padding=\u201c30px|30px|30px|30px\u201d animation=\u201coff\u201d image_max_width=\u201c50%\u201d global_colors_info=\u201d{}\u201d]<\/p>\n<p class style=\"text-align: center;\">Chaque pro\u00adduit ou sys\u00adt\u00e8me n\u00e9ces\u00adsite un ent\u00adre\u00adtien r\u00e9gu\u00adlier. Cet ent\u00adre\u00adtien garan\u00adtit \u00e0 votre instal\u00adla\u00adtion une longue dur\u00e9e de vie et une s\u00e9cu\u00adrit\u00e9 maxi\u00admale lors de son emploi.<\/p>\n<p class style=\"text-align: center;\">[\/et_pb_blurb][\/et_pb_column][et_pb_column type=\u201c2_3\u201d module_class=\u201cow_mobile_insert_before ow_remove_bottom_margin\u201d _builder_version=\u201c4.16\u201d custom_padding=\u201d|||\u201d global_colors_info=\u201d{}\u201d custom_padding__hover=\u201d|||\u201d][et_pb_slider show_pagination=\u201coff\u201d _builder_version=\u201c4.16\u201d header_font_size=\u201c40px\u201d body_font_size=\u201c16px\u201d custom_padding=\u201c182px|0px|182px|0px\u201d custom_padding_tablet=\u201d|||\u201d custom_padding_phone=\u201d|||\u201d auto=\u201con\u201d custom_css_slide_description=\u201canimation-name: fadeIn;\u201d box_shadow_style=\u201cpreset6\u201d box_shadow_blur=\u201c10px\u201d box_shadow_color=\u201crgba(0,0,0,0.1)\u201d top_padding=\u201c182px\u201d bottom_padding=\u201c182px\u201d show_inner_shadow=\u201con\u201d global_colors_info=\u201d{}\u201d button_text_size__hover_enabled=\u201coff\u201d button_text_size__hover=\u201cnull\u201d button_one_text_size__hover_enabled=\u201coff\u201d button_one_text_size__hover=\u201cnull\u201d button_two_text_size__hover_enabled=\u201coff\u201d button_two_text_size__hover=\u201cnull\u201d button_text_color__hover_enabled=\u201coff\u201d button_text_color__hover=\u201cnull\u201d button_one_text_color__hover_enabled=\u201coff\u201d button_one_text_color__hover=\u201cnull\u201d button_two_text_color__hover_enabled=\u201coff\u201d button_two_text_color__hover=\u201cnull\u201d button_border_width__hover_enabled=\u201coff\u201d button_border_width__hover=\u201cnull\u201d button_one_border_width__hover_enabled=\u201coff\u201d button_one_border_width__hover=\u201cnull\u201d button_two_border_width__hover_enabled=\u201coff\u201d button_two_border_width__hover=\u201cnull\u201d button_border_color__hover_enabled=\u201coff\u201d button_border_color__hover=\u201cnull\u201d button_one_border_color__hover_enabled=\u201coff\u201d button_one_border_color__hover=\u201cnull\u201d button_two_border_color__hover_enabled=\u201coff\u201d button_two_border_color__hover=\u201cnull\u201d button_border_radius__hover_enabled=\u201coff\u201d button_border_radius__hover=\u201cnull\u201d button_one_border_radius__hover_enabled=\u201coff\u201d button_one_border_radius__hover=\u201cnull\u201d button_two_border_radius__hover_enabled=\u201coff\u201d button_two_border_radius__hover=\u201cnull\u201d button_letter_spacing__hover_enabled=\u201coff\u201d button_letter_spacing__hover=\u201cnull\u201d button_one_letter_spacing__hover_enabled=\u201coff\u201d button_one_letter_spacing__hover=\u201cnull\u201d button_two_letter_spacing__hover_enabled=\u201coff\u201d button_two_letter_spacing__hover=\u201cnull\u201d button_bg_color__hover_enabled=\u201coff\u201d button_bg_color__hover=\u201cnull\u201d button_one_bg_color__hover_enabled=\u201coff\u201d button_one_bg_color__hover=\u201cnull\u201d button_two_bg_color__hover_enabled=\u201coff\u201d button_two_bg_color__hover=\u201cnull\u201d][et_pb_slide use_bg_overlay=\u201con\u201d bg_overlay_color=\u201crgba(0,0,0,0.22)\u201d _builder_version=\u201c4.16\u201d background_color=\u201d#ffffff\u201d background_image=\u201chttps:\/\/www.velopa.ch\/wp-content\/uploads\/2017\/04\/Service_und_Garantieleistungen.jpg\u201d global_colors_info=\u201d{}\u201d button_text_size__hover_enabled=\u201coff\u201d button_one_text_size__hover_enabled=\u201coff\u201d button_two_text_size__hover_enabled=\u201coff\u201d button_text_color__hover_enabled=\u201coff\u201d button_one_text_color__hover_enabled=\u201coff\u201d button_two_text_color__hover_enabled=\u201coff\u201d button_border_width__hover_enabled=\u201coff\u201d button_one_border_width__hover_enabled=\u201coff\u201d button_two_border_width__hover_enabled=\u201coff\u201d button_border_color__hover_enabled=\u201coff\u201d button_one_border_color__hover_enabled=\u201coff\u201d button_two_border_color__hover_enabled=\u201coff\u201d button_border_radius__hover_enabled=\u201coff\u201d button_one_border_radius__hover_enabled=\u201coff\u201d button_two_border_radius__hover_enabled=\u201coff\u201d button_letter_spacing__hover_enabled=\u201coff\u201d button_one_letter_spacing__hover_enabled=\u201coff\u201d button_two_letter_spacing__hover_enabled=\u201coff\u201d button_bg_color__hover_enabled=\u201coff\u201d button_one_bg_color__hover_enabled=\u201coff\u201d button_two_bg_color__hover_enabled=\u201coff\u201d sticky_transition=\u201con\u201d]<\/p>\n<h2><span class=\"C-1\">&nbsp;<\/span>Prestations de service et de garantie<\/h2>\n<p class=\"et-fb-mce-line-break-holder\" style=\"text-align: center;\">[\/et_pb_slide][\/et_pb_slider][\/et_pb_column][\/et_pb_row][\/et_pb_section][et_pb_section fb_built=\u201c1\u201d custom_padding_last_edited=\u201con|desktop\u201d admin_label=\u201csection\u201d module_id=\u201cservice-und-garantieleistung\u201d _builder_version=\u201c4.16\u201d custom_padding=\u201c14px||60px|\u201d custom_padding_tablet=\u201c0px|||\u201d custom_padding_phone=\u201c5px||80px|\u201d global_colors_info=\u201d{}\u201d][et_pb_row column_structure=\u201c1_2,1_2\u201d column_padding_mobile=\u201con\u201d custom_padding_last_edited=\u201con|phone\u201d admin_label=\u201crow\u201d _builder_version=\u201c4.16\u201d background_size=\u201cinitial\u201d background_position=\u201ctop_left\u201d background_repeat=\u201crepeat\u201d custom_margin_phone=\u201d-107px|||\u201d custom_padding=\u201c30px|50px|30px|50px\u201d custom_padding_tablet=\u201d\u201d custom_padding_phone=\u201d|25px||25px\u201d custom_css_main_element=\u201cborder: 1px solid #eaeaea;\u201d global_colors_info=\u201d{}\u201d][et_pb_column type=\u201c1_2\u201d _builder_version=\u201c4.16\u201d custom_padding=\u201d|||\u201d global_colors_info=\u201d{}\u201d custom_padding__hover=\u201d|||\u201d][et_pb_text _builder_version=\u201c4.16\u201d background_size=\u201cinitial\u201d background_position=\u201ctop_left\u201d background_repeat=\u201crepeat\u201d custom_margin_phone=\u201d|30px||30px\u201d global_colors_info=\u201d{}\u201d]<\/p>\n<h3><span style=\"line-height: 1.2em;\">Service et Garantie:<\/span><\/h3>\n<p class=\"et-fb-mce-line-break-holder\" style=\"text-align: center;\">[\/et_pb_text][et_pb_text _builder_version=\u201c4.21.0\u201d background_size=\u201cinitial\u201d background_position=\u201ctop_left\u201d background_repeat=\u201crepeat\u201d custom_margin_phone=\u201d|30px||30px\u201d border_style=\u201csolid\u201d global_colors_info=\u201d{}\u201d]<\/p>\n<p style=\"text-align: justify;\"><span style=\"text-align: left;\"><span style=\"color: #1e5faa;\"><b>Ser\u00advice<\/b><\/span><\/span><span style=\"color: #1e5faa;\"><b>:<\/b><\/span><b style=\"font-size: 14px; background-color: #ffffff; color: #1e5faa;\">&nbsp;<br><\/b>Gr\u00e2ce au cont\u00adrat de ser\u00advice Velopa Pro, nous som\u00admes \u00e0 m\u00eame de vous offrir, pour un grand nombre de nos pro\u00adduits, un ent\u00adre\u00adtien annuel pr\u00e9\u00adven\u00adtif et une main\u00adten\u00adance cor\u00adrec\u00adtive. Nous ser\u00adi\u00adons \u00e9ga\u00adle\u00adment ravis de vous pro\u00adpo\u00adser un ser\u00advice sur mesure, adapt\u00e9 \u00e0 vos beso\u00adins sp\u00e9cifiques.<\/p>\n<p class style=\"text-align: justify;\"><span style=\"text-align: left;\"><span style=\"color: #1e5faa;\"><b>Garan\u00adtie<\/b><\/span><\/span><span style=\"color: #1e5faa;\"><b>:<\/b><\/span><b style=\"background-color: #ffffff; font-size: 14px; color: #1e5faa;\">&nbsp;<br><\/b>Con\u00adfor\u00adm\u00e9\u00adment \u00e0 la norme <span class=\"caps\">SIA<\/span> 118, tous nos pro\u00adduits et sys\u00adt\u00e8\u00admes b\u00e9n\u00e9\u00adfi\u00adci\u00adent&nbsp;de&nbsp;:<\/p>\n<ul>\n<li style=\"text-align: justify;\">2 ans de garan\u00adtie compl\u00e8te<\/li>\n<li style=\"text-align: justify;\">5 ans de garan\u00adtie pour les vices cach\u00e9s<\/li>\n<li style=\"text-align: justify;\">10 ans de garan\u00adtie pour l\u2019ap\u00adpro\u00advi\u00adsi\u00adon\u00adne\u00adment en pi\u00e8\u00adces de rechange<\/li>\n<\/ul>\n<p><span style=\"color: #1e5faa;\"><b>Con\u00adseils per\u00adson\u00adna\u00adli\u00ads\u00e9s<\/b><\/span><span style=\"background-color: #ffffff; font-size: 14px; color: #1e5faa;\"><b>:<\/b><\/span><b style=\"background-color: #ffffff; font-size: 14px; color: #1e5faa;\">&nbsp;<br><\/b>Rares sont les pro\u00adjets com\u00adple\u00adxes pou\u00advant \u00eatre trai\u00adt\u00e9s uni\u00adquement par t\u00e9l\u00e9\u00adphone. Nous serons ravis de vous pro\u00adpo\u00adser des solu\u00adti\u00adons inno\u00advan\u00adtes, allant du pre\u00admier cont\u00adact per\u00adson\u00adnel ainsi qu\u2019une visite des lieux, jusqu\u2019\u00e0 une pla\u00adni\u00adfi\u00adca\u00adtion indi\u00advi\u00addu\u00adelle, et des con\u00adseils per\u00adson\u00adna\u00adli\u00ads\u00e9s con\u00adcer\u00adnant les acces\u00adsoires importants et le mon\u00adtage sur&nbsp;place.<\/p>\n<p class style=\"text-align: justify;\"><span style=\"text-align: left;\"><span style=\"color: #1e5faa;\"><b>Liv\u00adrai\u00adson et mon\u00adtage<\/b><\/span><\/span><span style=\"background-color: #ffffff; font-size: 14px; color: #1e5faa;\"><b style=\"font-size: 14px;\">:<\/b><\/span><b style=\"background-color: #ffffff; font-size: 14px; color: #1e5faa;\">&nbsp;<br><\/b>Nos \u00e9quipes de mon\u00adtage exp\u00e9\u00adri\u00admen\u00adt\u00e9es et com\u00adp\u00e9\u00adten\u00adtes uti\u00adli\u00adsent un mat\u00e9\u00adriel de mon\u00adtage sp\u00e9\u00adcia\u00adlis\u00e9. Elles vous garan\u00adtis\u00adsent un mon\u00adtage pro\u00adfes\u00adsi\u00adon\u00adnel et effi\u00adcace de votre pro\u00adduit ou de votre sys\u00adt\u00e8me. Qu\u2019il s\u2019agisse de chan\u00adtiers importants, de sites d\u2019entreprise, de parcs ou espaces verts, de cam\u00adpus uni\u00adver\u00adsi\u00adtaires ou de jard\u00adins priv\u00e9s:<\/p>\n<p class=\"et-fb-mce-line-break-holder\" style=\"text-align: center;\">[\/et_pb_text][\/et_pb_column][et_pb_column type=\u201c1_2\u201d _builder_version=\u201c4.16\u201d custom_padding=\u201d|||\u201d global_colors_info=\u201d{}\u201d custom_padding__hover=\u201d|||\u201d][et_pb_divider show_divider=\u201coff\u201d disabled_on=\u201con|on|off\u201d _builder_version=\u201c4.16\u201d height=\u201c90px\u201d global_colors_info=\u201d{}\u201d][\/et_pb_divider][et_pb_text _builder_version=\u201c4.21.0\u201d background_size=\u201cinitial\u201d background_position=\u201ctop_left\u201d background_repeat=\u201crepeat\u201d custom_margin_phone=\u201d|30px||30px\u201d border_style=\u201csolid\u201d global_colors_info=\u201d{}\u201d]<\/p>\n<p class style=\"background-color: #ffffff; text-align: justify;\">nos tech\u00adni\u00adci\u00adens de mon\u00adtage sont sp\u00e9\u00adcia\u00adle\u00adment for\u00adm\u00e9s et ma\u00ee\u00adtri\u00adsent par\u00adfai\u00adte\u00adment tou\u00adtes les situa\u00adtions. Nous nous ferons un plai\u00adsir de vous pro\u00adpo\u00adser une offre de liv\u00adrai\u00adson et de mon\u00adtage adap\u00adt\u00e9e \u00e0 votre lieu de liv\u00adrai\u00adson sp\u00e9cifique.<br><b><\/b><\/p>\n<p style=\"text-align: justify;\"><span style=\"text-align: left;\"><span style=\"color: #1e5faa;\"><b>L\u2019auto-assemblage<\/b><\/span><\/span><span style=\"background-color: #ffffff; font-size: 14px; color: #1e5faa;\"><b style=\"font-size: 14px;\">:<\/b><\/span><b style=\"background-color: #ffffff; font-size: 14px; color: #1e5faa;\">&nbsp;<br><\/b>Beau\u00adcoup de nos pro\u00adduits ont \u00e9t\u00e9 con\u00ad\u00e7us de fa\u00e7on \u00e0 pou\u00advoir \u00eatre instal\u00adl\u00e9s faci\u00adle\u00adment par quelqu\u2019un d\u2019habile \u00e0 l\u2019aide de nos ins\u00adtruc\u00adtions de mon\u00adtage. Nous vous con\u00adseil\u00adlons de sui\u00advre scru\u00adpu\u00adleu\u00adse\u00adment les ins\u00adtruc\u00adtions. Selon la nature du pro\u00adduit, il vous fau\u00addra entre 2 et 4 heu\u00adres pour l\u2019assembler vous-m\u00eame. Veuil\u00adlez \u00e9ga\u00adle\u00adment tenir compte des pro\u00adc\u00e9\u00addu\u00adres respec\u00adti\u00adves d\u2019autorisation de con\u00adstruire loca\u00adles. Beau\u00adcoup de com\u00admu\u00adnes n\u2019exigent pas de per\u00admis de b\u00e2tir pour de peti\u00adtes con\u00ads\u00adtruc\u00adtions. Nous vous recom\u00adman\u00addons cepen\u00addant de vous infor\u00admer aupr\u00e8s de votre admi\u00adnis\u00adtra\u00adtion com\u00admu\u00adnale con\u00adcer\u00adnant la r\u00e9gle\u00admen\u00adta\u00adtion en vigueur. Nous som\u00admes \u00e0 votre dis\u00adpo\u00adsi\u00adtion pour vous aider en cas de pro\u00adbl\u00e8me ou d\u2019incertitude.<\/p>\n<p class style=\"text-align: justify; background-color: #ffffff;\"><span style=\"text-align: left;\"><span style=\"color: #1e5faa;\"><b>Loca\u00adtion<\/b><\/span><\/span><span style=\"background-color: #ffffff; font-size: 14px; color: #1e5faa;\"><b style=\"font-size: 14px;\">:<\/b><\/span><b style=\"background-color: #ffffff; font-size: 14px; color: #1e5faa;\">&nbsp;<br><\/b>Vous orga\u00adnisez un \u00e9v\u00e9\u00adne\u00adment plus important et avez pon\u00adc\u00adtu\u00adel\u00adle\u00adment besoin d\u2019un sys\u00adt\u00e8me de sta\u00adti\u00adon\u00adne\u00adment de v\u00e9los ? Nous off\u00adrons des solu\u00adti\u00adons de loca\u00adtion per\u00adson\u00adna\u00adli\u00ads\u00e9es \u00e0 assem\u00adbler soi-m\u00eame. Nous pou\u00advons \u00e9ga\u00adle\u00adment les faire mon\u00adter par notre \u00e9quipe de mon\u00adtage \u00e0 votre demande. Nous serons ravis de vous pro\u00adpo\u00adser une offre de loca\u00adtion et des pre\u00adsta\u00adti\u00adons de ser\u00advice et de garan\u00adtie adap\u00adt\u00e9es \u00e0 vos besoins<\/p>\n<p class=\"et-fb-mce-line-break-holder\" style=\"text-align: center;\">[\/et_pb_text][\/et_pb_column][\/et_pb_row][\/et_pb_section][et_pb_section fb_built=\u201c1\u201d custom_padding_last_edited=\u201con|phone\u201d admin_label=\u201csection\u201d module_id=\u201czufriedene-kunden\u201d _builder_version=\u201c4.16\u201d custom_padding=\u201c60px|0px|14px|0px\u201d custom_padding_tablet=\u201d||0px|\u201d custom_padding_phone=\u201c55px||5px|\u201d global_colors_info=\u201d{}\u201d][et_pb_row padding_mobile=\u201coff\u201d column_padding_mobile=\u201con\u201d admin_label=\u201crow\u201d _builder_version=\u201c4.16\u201d background_size=\u201cinitial\u201d background_position=\u201ctop_left\u201d background_repeat=\u201crepeat\u201d custom_padding=\u201c0px|0px|0px|0px\u201d global_colors_info=\u201d{}\u201d][et_pb_column type=\u201c4_4\u201d _builder_version=\u201c4.16\u201d custom_padding=\u201d|||\u201d global_colors_info=\u201d{}\u201d custom_padding__hover=\u201d|||\u201d][et_pb_image src=\u201chttps:\/\/www.velopa.ch\/wp-content\/uploads\/2017\/07\/Offene_Stellen.jpg\u201d align_tablet=\u201ccenter\u201d align_phone=\u201d\u201d align_last_edited=\u201con|desktop\u201d _builder_version=\u201c4.16\u201d animation=\u201coff\u201d global_colors_info=\u201d{}\u201d][\/et_pb_image][\/et_pb_column][\/et_pb_row][\/et_pb_section][et_pb_section fb_built=\u201c1\u201d custom_padding_last_edited=\u201con|desktop\u201d admin_label=\u201csection\u201d _builder_version=\u201c4.16\u201d custom_padding=\u201c14px||14px|\u201d custom_padding_tablet=\u201d\u201d custom_padding_phone=\u201c20px||14px|\u201d locked=\u201coff\u201d global_colors_info=\u201d{}\u201d][et_pb_row column_padding_mobile=\u201con\u201d custom_padding_last_edited=\u201con|phone\u201d admin_label=\u201crow\u201d _builder_version=\u201c4.16\u201d background_size=\u201cinitial\u201d background_position=\u201ctop_left\u201d background_repeat=\u201crepeat\u201d custom_margin_phone=\u201d-107px|||\u201d custom_padding=\u201c30px|50px|30px|50px|false|false\u201d custom_padding_tablet=\u201d\u201d custom_padding_phone=\u201d|25px||25px\u201d custom_css_main_element=\u201cborder: 1px solid #eaeaea;\u201d global_colors_info=\u201d{}\u201d][et_pb_column type=\u201c4_4\u201d _builder_version=\u201c4.16\u201d custom_padding=\u201d|||\u201d global_colors_info=\u201d{}\u201d custom_padding__hover=\u201d|||\u201d][et_pb_text _builder_version=\u201c4.21.0\u201d background_size=\u201cinitial\u201d background_position=\u201ctop_left\u201d background_repeat=\u201crepeat\u201d custom_margin_phone=\u201d|30px||30px\u201d border_style=\u201csolid\u201d global_colors_info=\u201d{}\u201d]<\/p>\n<h1 style=\"padding-bottom: 0px; background-color: #ffffff; color: #052433; font-weight: 500; line-height: 1.7em; text-align: center; font-family: CamphorStd-Bold, Helvetica, Arial, sans-serif !important;\">Postes vacants<\/h1>\n<p class=\"et-fb-mce-line-break-holder\" style=\"text-align: center;\">[\/et_pb_text][\/et_pb_column][\/et_pb_row][\/et_pb_section][et_pb_section fb_built=\u201c1\u201d custom_padding_last_edited=\u201con|desktop\u201d disabled_on=\u201con|on|on\u201d admin_label=\u201cJobinserat <span class=\"caps\">DE<\/span>\u201d _builder_version=\u201c4.16\u201d custom_padding=\u201c14px||14px|\u201d custom_padding_tablet=\u201d\u201d custom_padding_phone=\u201c20px||14px|\u201d disabled=\u201con\u201d locked=\u201coff\u201d global_colors_info=\u201d{}\u201d][et_pb_row column_padding_mobile=\u201con\u201d custom_padding_last_edited=\u201con|phone\u201d admin_label=\u201crow\u201d _builder_version=\u201c4.16\u201d background_size=\u201cinitial\u201d background_position=\u201ctop_left\u201d background_repeat=\u201crepeat\u201d custom_margin_phone=\u201d-107px|||\u201d custom_padding=\u201c30px|50px|30px|50px|false|false\u201d custom_padding_tablet=\u201d\u201d custom_padding_phone=\u201d|25px||25px\u201d custom_css_main_element=\u201cborder: 1px solid #eaeaea;\u201d global_colors_info=\u201d{}\u201d][et_pb_column type=\u201c4_4\u201d _builder_version=\u201c4.16\u201d custom_padding=\u201d|||\u201d global_colors_info=\u201d{}\u201d custom_padding__hover=\u201d|||\u201d][et_pb_text _builder_version=\u201c4.21.0\u201d background_size=\u201cinitial\u201d background_position=\u201ctop_left\u201d background_repeat=\u201crepeat\u201d custom_margin_phone=\u201d|30px||30px\u201d border_style=\u201csolid\u201d global_colors_info=\u201d{}\u201d][\/et_pb_text][et_pb_text _builder_version=\u201c4.21.0\u201d background_size=\u201cinitial\u201d background_position=\u201ctop_left\u201d background_repeat=\u201crepeat\u201d custom_margin_phone=\u201d|30px||30px\u201d border_style=\u201csolid\u201d global_colors_info=\u201d{}\u201d]<\/p>\n<p class=\"Default\" style=\"text-align: center;\"><span style=\"color: #000000;\"><a style=\"color: #000000;\" href=\"https:\/\/www.velopa.ch\/wp-content\/uploads\/2024\/07\/Kundenberater.pdf\" target=\"_blank\" rel=\"noopener\"><b><span style=\"font-size: 14pt;\">Kundenberater\/in tech\u00adni\u00adscher Ver\u00adkauf Innen\u00addienst (100%)<\/span><\/b><\/a><\/span><\/p>\n<p class=\"Default\" style=\"text-align: center;\"><span style=\"font-size: 10.0pt;\">Velopa <span class=\"caps\">AG<\/span> ist die f\u00fch\u00adrende Schwei\u00adzer Unter\u00adneh\u00admung f\u00fcr inno\u00adva\u00adti\u00adves Aus\u00adsen\u00adraum- und Stadt\u00admo\u00adbi\u00adliar.<br><\/span><span style=\"font-size: 10.0pt; color: windowtext;\">Unsere Pro\u00addukte sind Teil lebens\u00adwer\u00adter Aus\u00adsen\u00adr\u00e4ume \u2013 f\u00fcr Gene\u00adra\u00adtio\u00adnen. <\/span><span style=\"font-size: 10.0pt;\">Zur Erwei\u00adte\u00adrung unse\u00adres Teams der Abtei\u00adlung \u201eVelopa Pro\u201c, im Bereich Par\u00adkier\u00adsys\u00adteme, \u00dcber\u00adda\u00adchen, Absper\u00adren, suchen wir per sofort oder nach Ver\u00adein\u00adba\u00adrung eine(n):<\/span><\/p>\n<p style=\"text-align: center;\"><a href=\"https:\/\/www.velopa.ch\/wp-content\/uploads\/2024\/07\/Kundenberater.pdf\" target=\"_blank\" rel=\"noopener\"><strong>Zum Stel\u00adlen\u00adin\u00adse\u00adrat<\/strong><\/a><\/p>\n<p>[\/et_pb_text][\/et_pb_column][\/et_pb_row][\/et_pb_section][et_pb_section fb_built=\u201c1\u201d custom_padding_last_edited=\u201con|phone\u201d admin_label=\u201cJobs Ham\u00admer Group\u201d module_id=\u201cjobs\u201d _builder_version=\u201c4.16\u201d custom_padding=\u201c60px|0px|14px|0px\u201d custom_padding_tablet=\u201d||0px|\u201d custom_padding_phone=\u201c55px||5px|\u201d locked=\u201coff\u201d global_colors_info=\u201d{}\u201d][et_pb_row padding_mobile=\u201coff\u201d column_padding_mobile=\u201con\u201d admin_label=\u201crow\u201d _builder_version=\u201c4.16\u201d background_size=\u201cinitial\u201d background_position=\u201ctop_left\u201d background_repeat=\u201crepeat\u201d custom_padding=\u201c0px|0px|0px|0px\u201d global_colors_info=\u201d{}\u201d][et_pb_column type=\u201c4_4\u201d _builder_version=\u201c4.16\u201d custom_padding=\u201d|||\u201d global_colors_info=\u201d{}\u201d custom_padding__hover=\u201d|||\u201d][et_pb_image src=\u201chttps:\/\/www.velopa.ch\/wp-content\/uploads\/2021\/11\/Jobs-Hammer.jpg\u201d title_text=\u201cJobs Ham\u00admer\u201d align_tablet=\u201ccenter\u201d align_phone=\u201d\u201d align_last_edited=\u201con|desktop\u201d _builder_version=\u201c4.16\u201d animation=\u201coff\u201d global_colors_info=\u201d{}\u201d][\/et_pb_image][\/et_pb_column][\/et_pb_row][\/et_pb_section][et_pb_section fb_built=\u201c1\u201d custom_padding_last_edited=\u201con|desktop\u201d admin_label=\u201csection\u201d _builder_version=\u201c4.16\u201d custom_padding=\u201c14px||14px|\u201d custom_padding_tablet=\u201d\u201d custom_padding_phone=\u201c20px||14px|\u201d locked=\u201coff\u201d global_colors_info=\u201d{}\u201d][et_pb_row column_padding_mobile=\u201con\u201d custom_padding_last_edited=\u201con|phone\u201d admin_label=\u201crow\u201d _builder_version=\u201c4.16\u201d background_size=\u201cinitial\u201d background_position=\u201ctop_left\u201d background_repeat=\u201crepeat\u201d custom_margin_phone=\u201d-107px|||\u201d custom_padding=\u201c30px|50px|30px|50px|false|false\u201d custom_padding_tablet=\u201d\u201d custom_padding_phone=\u201d|25px||25px\u201d custom_css_main_element=\u201cborder: 1px solid #eaeaea;\u201d global_colors_info=\u201d{}\u201d][et_pb_column type=\u201c4_4\u201d _builder_version=\u201c4.16\u201d custom_padding=\u201d|||\u201d global_colors_info=\u201d{}\u201d custom_padding__hover=\u201d|||\u201d][et_pb_text _builder_version=\u201c4.21.0\u201d background_size=\u201cinitial\u201d background_position=\u201ctop_left\u201d background_repeat=\u201crepeat\u201d custom_margin_phone=\u201d|30px||30px\u201d border_style=\u201csolid\u201d global_colors_info=\u201d{}\u201d]<\/p>\n<h1 style=\"padding-bottom: 0px; background-color: #ffffff; color: #052433; font-weight: 500; line-height: 1.7em; text-align: center; font-family: CamphorStd-Bold, Helvetica, Arial, sans-serif !important;\">Postes vacants dans les entreprises du groupe Hammer<\/h1>\n<p>[\/et_pb_text][\/et_pb_column][\/et_pb_row][\/et_pb_section][et_pb_section fb_built=\u201c1\u201d custom_padding_last_edited=\u201con|desktop\u201d disabled_on=\u201coff|off|off\u201d admin_label=\u201cJobinserat <span class=\"caps\">DE<\/span>\u201d _builder_version=\u201c4.16\u201d custom_padding=\u201c14px||14px|\u201d custom_padding_tablet=\u201d\u201d custom_padding_phone=\u201c20px||14px|\u201d locked=\u201coff\u201d global_colors_info=\u201d{}\u201d][et_pb_row column_padding_mobile=\u201con\u201d custom_padding_last_edited=\u201con|phone\u201d admin_label=\u201crow\u201d _builder_version=\u201c4.16\u201d background_size=\u201cinitial\u201d background_position=\u201ctop_left\u201d background_repeat=\u201crepeat\u201d custom_margin_phone=\u201d-107px|||\u201d custom_padding=\u201c30px|50px|30px|50px|false|false\u201d custom_padding_tablet=\u201d\u201d custom_padding_phone=\u201d|25px||25px\u201d custom_css_main_element=\u201cborder: 1px solid #eaeaea;\u201d global_colors_info=\u201d{}\u201d][et_pb_column type=\u201c4_4\u201d _builder_version=\u201c4.16\u201d custom_padding=\u201d|||\u201d global_colors_info=\u201d{}\u201d custom_padding__hover=\u201d|||\u201d][et_pb_text _builder_version=\u201c4.21.0\u201d background_size=\u201cinitial\u201d background_position=\u201ctop_left\u201d background_repeat=\u201crepeat\u201d custom_margin_phone=\u201d|30px||30px\u201d border_style=\u201csolid\u201d global_colors_info=\u201d{}\u201d]<\/p>\n<h3 style=\"padding-bottom: 0px; background-color: #ffffff; color: #052433; font-weight: 500; line-height: 1.7em; text-align: center; font-family: CamphorStd-Bold, Helvetica, Arial, sans-serif !important;\">Aucun poste vacant actuellement<\/h3>\n<p>[\/et_pb_text][\/et_pb_column][\/et_pb_row][\/et_pb_section][et_pb_section fb_built=\u201c1\u201d custom_padding_last_edited=\u201con|tablet\u201d admin_label=\u201cFooter Icons <span class=\"caps\">FR<\/span>\u201d module_id=\u201cow_fix_height_234\u201d _builder_version=\u201c4.16\u201d custom_margin_tablet=\u201d\u201d custom_margin_phone=\u201c0px||0px|\u201d custom_margin_last_edited=\u201con|phone\u201d custom_padding=\u201c60px|0px|60px|0px\u201d custom_padding_tablet=\u201c70px|||\u201d custom_padding_phone=\u201c14px||60px|\u201d global_colors_info=\u201d{}\u201d][et_pb_row column_structure=\u201c1_4,1_4,1_4,1_4\u201d custom_padding_last_edited=\u201con|phone\u201d admin_label=\u201crow\u201d _builder_version=\u201c4.16\u201d background_size=\u201cinitial\u201d background_position=\u201ctop_left\u201d background_repeat=\u201crepeat\u201d custom_margin=\u201d||0px|\u201d custom_margin_tablet=\u201d\u201d custom_margin_phone=\u201c0px||0px|\u201d custom_margin_last_edited=\u201con|phone\u201d custom_padding=\u201c0px|0px|0px|0px\u201d custom_padding_tablet=\u201d\u201d custom_padding_phone=\u201d\u201d global_colors_info=\u201d{}\u201d][et_pb_column type=\u201c1_4\u201d _builder_version=\u201c4.16\u201d custom_padding=\u201d|||\u201d global_colors_info=\u201d{}\u201d custom_padding__hover=\u201d|||\u201d][et_pb_blurb title=\u201d\u25ba Solu\u00adti\u00adons\u201d image=\u201chttps:\/\/www.velopa.ch\/wp-content\/uploads\/2021\/03\/iconall.png\u201d image_icon_width=\u201c57%\u201d module_class=\u201cow_clickable_box\u201d _builder_version=\u201c4.16\u201d header_font_size=\u201c17px\u201d body_line_height=\u201c1em\u201d background_color=\u201d#eaeaea\u201d background_size=\u201cinitial\u201d background_position=\u201ctop_left\u201d background_repeat=\u201crepeat\u201d text_orientation=\u201ccenter\u201d custom_padding=\u201c45px|25px|35px|25px\u201d custom_padding_tablet=\u201d||32px|\u201d custom_padding_phone=\u201d\u201d custom_padding_last_edited=\u201con|tablet\u201d animation=\u201coff\u201d use_border_color=\u201coff\u201d border_color=\u201d#ffffff\u201d border_style=\u201csolid\u201d image_max_width=\u201c57%\u201d global_colors_info=\u201d{}\u201d]<\/p>\n<p><a href=\"https:\/\/www.velopa.ch\/fr\/solutions\/\">link<\/a><\/p>\n<p>[\/et_pb_blurb][\/et_pb_column][et_pb_column type=\u201c1_4\u201d _builder_version=\u201c4.16\u201d custom_padding=\u201d|||\u201d global_colors_info=\u201d{}\u201d custom_padding__hover=\u201d|||\u201d][et_pb_blurb title=\u201d\u25ba Cont\u00adact\u201d image=\u201chttps:\/\/www.velopa.ch\/wp-content\/uploads\/2021\/03\/kontakt.png\u201d image_icon_width=\u201c57%\u201d module_class=\u201cow_clickable_box\u201d _builder_version=\u201c4.16\u201d header_font_size=\u201c17px\u201d body_line_height=\u201c1em\u201d background_color=\u201d#eaeaea\u201d background_size=\u201cinitial\u201d background_position=\u201ctop_left\u201d background_repeat=\u201crepeat\u201d text_orientation=\u201ccenter\u201d custom_padding=\u201c45px|25px|35px|25px\u201d custom_padding_tablet=\u201d||32px|\u201d custom_padding_phone=\u201d\u201d custom_padding_last_edited=\u201con|phone\u201d animation=\u201coff\u201d use_border_color=\u201coff\u201d border_color=\u201d#ffffff\u201d border_style=\u201csolid\u201d image_max_width=\u201c57%\u201d global_colors_info=\u201d{}\u201d]<\/p>\n<p><a href=\"https:\/\/www.velopa.ch\/fr\/contact\/\">link<\/a><\/p>\n<p>[\/et_pb_blurb][\/et_pb_column][et_pb_column type=\u201c1_4\u201d _builder_version=\u201c4.16\u201d custom_padding=\u201d|||\u201d global_colors_info=\u201d{}\u201d custom_padding__hover=\u201d|||\u201d][et_pb_blurb title=\u201d\u25ba Con\u00adseil per\u00adson\u00adna\u00adlis\u00e9\u201d image=\u201chttps:\/\/www.velopa.ch\/wp-content\/uploads\/2021\/03\/persoenliche-beratung.png\u201d image_icon_width=\u201c57%\u201d module_class=\u201cow_clickable_box\u201d _builder_version=\u201c4.16\u201d header_font_size=\u201c17px\u201d body_line_height=\u201c1em\u201d background_color=\u201d#eaeaea\u201d background_size=\u201cinitial\u201d background_position=\u201ctop_left\u201d background_repeat=\u201crepeat\u201d text_orientation=\u201ccenter\u201d custom_padding=\u201c45px|25px|35px|25px\u201d custom_padding_tablet=\u201d||32px|\u201d custom_padding_phone=\u201d\u201d custom_padding_last_edited=\u201con|phone\u201d animation=\u201coff\u201d use_border_color=\u201coff\u201d border_color=\u201d#ffffff\u201d border_style=\u201csolid\u201d image_max_width=\u201c57%\u201d global_colors_info=\u201d{}\u201d]<\/p>\n<p><a href=\"https:\/\/www.velopa.ch\/fr\/contact\/#conseil-personnalise\">link<\/a><\/p>\n<p>[\/et_pb_blurb][\/et_pb_column][et_pb_column type=\u201c1_4\u201d _builder_version=\u201c4.16\u201d custom_padding=\u201d|||\u201d global_colors_info=\u201d{}\u201d custom_padding__hover=\u201d|||\u201d][et_pb_blurb title=\u201d\u25ba Cata\u00adlo\u00adgue\u201d image=\u201chttps:\/\/www.velopa.ch\/wp-content\/uploads\/2021\/03\/katalog.png\u201d image_icon_width=\u201c57%\u201d module_class=\u201cow_clickable_box\u201d _builder_version=\u201c4.16\u201d header_font_size=\u201c17px\u201d body_line_height=\u201c1em\u201d background_color=\u201d#eaeaea\u201d background_size=\u201cinitial\u201d background_position=\u201ctop_left\u201d background_repeat=\u201crepeat\u201d text_orientation=\u201ccenter\u201d custom_padding=\u201c45px|25px|35px|25px\u201d custom_padding_tablet=\u201d||32px|\u201d custom_padding_phone=\u201d\u201d custom_padding_last_edited=\u201con|phone\u201d animation=\u201coff\u201d use_border_color=\u201coff\u201d border_color=\u201d#ffffff\u201d border_style=\u201csolid\u201d image_max_width=\u201c57%\u201d global_colors_info=\u201d{}\u201d]<\/p>\n<p><a href=\"https:\/\/www.velopa.ch\/fr\/catalogue\/\">link<\/a><\/p>\n<p>[\/et_pb_blurb][\/et_pb_column][\/et_pb_row][\/et_pb_section]<\/p>\n","protected":false},"excerpt":{"rendered":"<p>Ent\u00adre\u00adprise La soci\u00e9t\u00e9 Velopa <span class=\"caps\">AG<\/span> avec sa cin\u00adquan\u00adtaine de col\u00adla\u00adbo\u00adra\u00adteurs est, en Suisse, le pre\u00admier four\u00adnis\u00adseur de pro\u00adduits et de solu\u00adti\u00adons dans le domaine des abris, des sys\u00adt\u00e8\u00admes de sta\u00adti\u00adon\u00adne\u00adment, des sys\u00adt\u00e8\u00admes de d\u00e9li\u00admi\u00adta\u00adtion, et du mobi\u00adlier urbain, tant pour les ent\u00adre\u00adpri\u00adses (<span class=\"caps\">B2B<\/span>) que pour les par\u00adti\u00adcu\u00adliers (<span class=\"caps\">B2C<\/span>). Votre d\u00e9fi est notre inspi\u00adra\u00adti\u00adonNous appor\u00adtons&nbsp;une&nbsp;[\u2026]<\/p>\n","protected":false},"author":2,"featured_media":0,"parent":0,"menu_order":0,"comment_status":"closed","ping_status":"closed","template":"","meta":{"_acf_changed":false,"_et_pb_use_builder":"on","_et_pb_old_content":"","_et_gb_content_width":"","wp_typography_post_enhancements_disabled":false,"footnotes":""},"class_list":["post-18841","page","type-page","status-publish","hentry"],"acf":[],"yoast_head":"<!-- This site is optimized with the Yoast SEO plugin v27.2 - https:\/\/yoast.com\/product\/yoast-seo-wordpress\/ -->\n<title>Entreprise - Velopa Suisse<\/title>\n<meta name=\"description\" content=\"Gr\u00e2ce \u00e0 notre expertise, nous cr\u00e9ons des solutions d&#039;infrastructure qui rendent les espaces ext\u00e9rieurs plus agr\u00e9ables \u00e0 vivre.\" \/>\n<meta name=\"robots\" content=\"index, follow, max-snippet:-1, max-image-preview:large, max-video-preview:-1\" \/>\n<link rel=\"canonical\" href=\"https:\/\/www.velopa.ch\/fr\/entreprise\/\" \/>\n<meta property=\"og:locale\" content=\"fr_FR\" \/>\n<meta property=\"og:type\" content=\"article\" \/>\n<meta property=\"og:title\" content=\"Entreprise - Velopa Suisse\" \/>\n<meta property=\"og:description\" content=\"Gr\u00e2ce \u00e0 notre expertise, nous cr\u00e9ons des solutions d&#039;infrastructure qui rendent les espaces ext\u00e9rieurs plus agr\u00e9ables \u00e0 vivre.\" \/>\n<meta property=\"og:url\" content=\"https:\/\/www.velopa.ch\/fr\/entreprise\/\" \/>\n<meta property=\"og:site_name\" content=\"Velopa Schweiz\" \/>\n<meta property=\"article:modified_time\" content=\"2026-04-30T14:25:17+00:00\" \/>\n<meta property=\"og:image\" content=\"https:\/\/www.velopa.ch\/wp-content\/uploads\/2024\/09\/Unsere-Vision-notre-vision.jpg\" \/>\n<meta name=\"twitter:card\" content=\"summary_large_image\" \/>\n<meta name=\"twitter:label1\" content=\"Dur\u00e9e de lecture estim\u00e9e\" \/>\n\t<meta name=\"twitter:data1\" content=\"11 minutes\" \/>\n<script type=\"application\/ld+json\" class=\"yoast-schema-graph\">{\"@context\":\"https:\/\/schema.org\",\"@graph\":[{\"@type\":\"WebPage\",\"@id\":\"https:\/\/www.velopa.ch\/fr\/entreprise\/\",\"url\":\"https:\/\/www.velopa.ch\/fr\/entreprise\/\",\"name\":\"Entreprise - Velopa Suisse\",\"isPartOf\":{\"@id\":\"https:\/\/www.velopa.ch\/fr\/#website\"},\"primaryImageOfPage\":{\"@id\":\"https:\/\/www.velopa.ch\/fr\/entreprise\/#primaryimage\"},\"image\":{\"@id\":\"https:\/\/www.velopa.ch\/fr\/entreprise\/#primaryimage\"},\"thumbnailUrl\":\"https:\/\/www.velopa.ch\/wp-content\/uploads\/2024\/09\/Unsere-Vision-notre-vision.jpg\",\"datePublished\":\"2017-07-18T13:27:40+00:00\",\"dateModified\":\"2026-04-30T14:25:17+00:00\",\"description\":\"Gr\u00e2ce \u00e0 notre expertise, nous cr\u00e9ons des solutions d'infrastructure qui rendent les espaces ext\u00e9rieurs plus agr\u00e9ables \u00e0 vivre.\",\"breadcrumb\":{\"@id\":\"https:\/\/www.velopa.ch\/fr\/entreprise\/#breadcrumb\"},\"inLanguage\":\"fr-FR\",\"potentialAction\":[{\"@type\":\"ReadAction\",\"target\":[\"https:\/\/www.velopa.ch\/fr\/entreprise\/\"]}]},{\"@type\":\"ImageObject\",\"inLanguage\":\"fr-FR\",\"@id\":\"https:\/\/www.velopa.ch\/fr\/entreprise\/#primaryimage\",\"url\":\"https:\/\/www.velopa.ch\/wp-content\/uploads\/2024\/09\/Unsere-Vision-notre-vision.jpg\",\"contentUrl\":\"https:\/\/www.velopa.ch\/wp-content\/uploads\/2024\/09\/Unsere-Vision-notre-vision.jpg\"},{\"@type\":\"BreadcrumbList\",\"@id\":\"https:\/\/www.velopa.ch\/fr\/entreprise\/#breadcrumb\",\"itemListElement\":[{\"@type\":\"ListItem\",\"position\":1,\"name\":\"Home\",\"item\":\"https:\/\/www.velopa.ch\/fr\/\"},{\"@type\":\"ListItem\",\"position\":2,\"name\":\"Entreprise\"}]},{\"@type\":\"WebSite\",\"@id\":\"https:\/\/www.velopa.ch\/fr\/#website\",\"url\":\"https:\/\/www.velopa.ch\/fr\/\",\"name\":\"Velopa Schweiz\",\"description\":\"Professionelle Veloparkier- , \u00dcberdachungs- und Absperrsysteme\",\"potentialAction\":[{\"@type\":\"SearchAction\",\"target\":{\"@type\":\"EntryPoint\",\"urlTemplate\":\"https:\/\/www.velopa.ch\/fr\/?s={search_term_string}\"},\"query-input\":{\"@type\":\"PropertyValueSpecification\",\"valueRequired\":true,\"valueName\":\"search_term_string\"}}],\"inLanguage\":\"fr-FR\"}]}<\/script>\n<!-- \/ Yoast SEO plugin. -->","yoast_head_json":{"title":"Entreprise - Velopa Suisse","description":"Gr\u00e2ce \u00e0 notre expertise, nous cr\u00e9ons des solutions d'infrastructure qui rendent les espaces ext\u00e9rieurs plus agr\u00e9ables \u00e0 vivre.","robots":{"index":"index","follow":"follow","max-snippet":"max-snippet:-1","max-image-preview":"max-image-preview:large","max-video-preview":"max-video-preview:-1"},"canonical":"https:\/\/www.velopa.ch\/fr\/entreprise\/","og_locale":"fr_FR","og_type":"article","og_title":"Entreprise - Velopa Suisse","og_description":"Gr\u00e2ce \u00e0 notre expertise, nous cr\u00e9ons des solutions d'infrastructure qui rendent les espaces ext\u00e9rieurs plus agr\u00e9ables \u00e0 vivre.","og_url":"https:\/\/www.velopa.ch\/fr\/entreprise\/","og_site_name":"Velopa Schweiz","article_modified_time":"2026-04-30T14:25:17+00:00","og_image":[{"url":"https:\/\/www.velopa.ch\/wp-content\/uploads\/2024\/09\/Unsere-Vision-notre-vision.jpg","type":"","width":"","height":""}],"twitter_card":"summary_large_image","twitter_misc":{"Dur\u00e9e de lecture estim\u00e9e":"11 minutes"},"schema":{"@context":"https:\/\/schema.org","@graph":[{"@type":"WebPage","@id":"https:\/\/www.velopa.ch\/fr\/entreprise\/","url":"https:\/\/www.velopa.ch\/fr\/entreprise\/","name":"Entreprise - Velopa Suisse","isPartOf":{"@id":"https:\/\/www.velopa.ch\/fr\/#website"},"primaryImageOfPage":{"@id":"https:\/\/www.velopa.ch\/fr\/entreprise\/#primaryimage"},"image":{"@id":"https:\/\/www.velopa.ch\/fr\/entreprise\/#primaryimage"},"thumbnailUrl":"https:\/\/www.velopa.ch\/wp-content\/uploads\/2024\/09\/Unsere-Vision-notre-vision.jpg","datePublished":"2017-07-18T13:27:40+00:00","dateModified":"2026-04-30T14:25:17+00:00","description":"Gr\u00e2ce \u00e0 notre expertise, nous cr\u00e9ons des solutions d'infrastructure qui rendent les espaces ext\u00e9rieurs plus agr\u00e9ables \u00e0 vivre.","breadcrumb":{"@id":"https:\/\/www.velopa.ch\/fr\/entreprise\/#breadcrumb"},"inLanguage":"fr-FR","potentialAction":[{"@type":"ReadAction","target":["https:\/\/www.velopa.ch\/fr\/entreprise\/"]}]},{"@type":"ImageObject","inLanguage":"fr-FR","@id":"https:\/\/www.velopa.ch\/fr\/entreprise\/#primaryimage","url":"https:\/\/www.velopa.ch\/wp-content\/uploads\/2024\/09\/Unsere-Vision-notre-vision.jpg","contentUrl":"https:\/\/www.velopa.ch\/wp-content\/uploads\/2024\/09\/Unsere-Vision-notre-vision.jpg"},{"@type":"BreadcrumbList","@id":"https:\/\/www.velopa.ch\/fr\/entreprise\/#breadcrumb","itemListElement":[{"@type":"ListItem","position":1,"name":"Home","item":"https:\/\/www.velopa.ch\/fr\/"},{"@type":"ListItem","position":2,"name":"Entreprise"}]},{"@type":"WebSite","@id":"https:\/\/www.velopa.ch\/fr\/#website","url":"https:\/\/www.velopa.ch\/fr\/","name":"Velopa Schweiz","description":"Professionelle Veloparkier- , \u00dcberdachungs- und Absperrsysteme","potentialAction":[{"@type":"SearchAction","target":{"@type":"EntryPoint","urlTemplate":"https:\/\/www.velopa.ch\/fr\/?s={search_term_string}"},"query-input":{"@type":"PropertyValueSpecification","valueRequired":true,"valueName":"search_term_string"}}],"inLanguage":"fr-FR"}]}},"_links":{"self":[{"href":"https:\/\/www.velopa.ch\/fr\/wp-json\/wp\/v2\/pages\/18841","targetHints":{"allow":["GET"]}}],"collection":[{"href":"https:\/\/www.velopa.ch\/fr\/wp-json\/wp\/v2\/pages"}],"about":[{"href":"https:\/\/www.velopa.ch\/fr\/wp-json\/wp\/v2\/types\/page"}],"author":[{"embeddable":true,"href":"https:\/\/www.velopa.ch\/fr\/wp-json\/wp\/v2\/users\/2"}],"replies":[{"embeddable":true,"href":"https:\/\/www.velopa.ch\/fr\/wp-json\/wp\/v2\/comments?post=18841"}],"version-history":[{"count":3,"href":"https:\/\/www.velopa.ch\/fr\/wp-json\/wp\/v2\/pages\/18841\/revisions"}],"predecessor-version":[{"id":80430,"href":"https:\/\/www.velopa.ch\/fr\/wp-json\/wp\/v2\/pages\/18841\/revisions\/80430"}],"wp:attachment":[{"href":"https:\/\/www.velopa.ch\/fr\/wp-json\/wp\/v2\/media?parent=18841"}],"curies":[{"name":"wp","href":"https:\/\/api.w.org\/{rel}","templated":true}]}}