{"id":747,"date":"2016-12-16T13:54:52","date_gmt":"2016-12-16T13:54:52","guid":{"rendered":"https:\/\/www.velopa.ch\/?page_id=747\/"},"modified":"2026-04-28T17:59:02","modified_gmt":"2026-04-28T15:59:02","slug":"ueber-uns","status":"publish","type":"page","link":"https:\/\/www.velopa.ch\/de\/ueber-uns\/","title":{"rendered":"\u00dcber uns"},"content":{"rendered":"<p>[et_pb_section fb_built=\u201c1\u201d custom_padding_last_edited=\u201con|phone\u201d disabled_on=\u201con|on|on\u201d admin_label=\u201csection\u201d module_id=\u201cunser-unternehmen\u201d _builder_version=\u201c4.16\u201d custom_padding=\u201c28px|0px|14px|0px\u201d custom_padding_tablet=\u201d\u201d custom_padding_phone=\u201c35px||14px|\u201d disabled=\u201con\u201d global_colors_info=\u201d{}\u201d][et_pb_row column_padding_mobile=\u201con\u201d admin_label=\u201crow\u201d _builder_version=\u201c4.16\u201d background_size=\u201cinitial\u201d background_position=\u201ctop_left\u201d background_repeat=\u201crepeat\u201d custom_padding=\u201c0px|0px|0px|0px\u201d global_colors_info=\u201d{}\u201d][et_pb_column type=\u201c4_4\u201d _builder_version=\u201c4.16\u201d custom_padding=\u201d|||\u201d global_colors_info=\u201d{}\u201d custom_padding__hover=\u201d|||\u201d][et_pb_image src=\u201chttps:\/\/www.velopa.ch\/wp-content\/uploads\/2016\/12\/Ueber_uns\u20111.jpg\u201d align_tablet=\u201ccenter\u201d align_phone=\u201d\u201d align_last_edited=\u201con|desktop\u201d _builder_version=\u201c4.16\u201d animation=\u201coff\u201d global_colors_info=\u201d{}\u201d][\/et_pb_image][\/et_pb_column][\/et_pb_row][\/et_pb_section][et_pb_section fb_built=\u201c1\u201d custom_padding_last_edited=\u201con|phone\u201d disabled_on=\u201coff|off|off\u201d admin_label=\u201csection\u201d module_id=\u201cunser-unternehmen\u201d _builder_version=\u201c4.16\u201d custom_padding=\u201c28px|0px|14px|0px\u201d custom_padding_tablet=\u201d\u201d custom_padding_phone=\u201c35px||14px|\u201d locked=\u201coff\u201d global_colors_info=\u201d{}\u201d][et_pb_row column_padding_mobile=\u201con\u201d admin_label=\u201crow\u201d _builder_version=\u201c4.16\u201d background_size=\u201cinitial\u201d background_position=\u201ctop_left\u201d background_repeat=\u201crepeat\u201d custom_padding=\u201c0px|0px|0px|0px\u201d global_colors_info=\u201d{}\u201d][et_pb_column type=\u201c4_4\u201d _builder_version=\u201c4.16\u201d custom_padding=\u201d|||\u201d global_colors_info=\u201d{}\u201d custom_padding__hover=\u201d|||\u201d][et_pb_image src=\u201chttps:\/\/www.velopa.ch\/wp-content\/uploads\/2024\/09\/Velopa-AG_Velopa-macht-die-Stadt.jpg\u201d title_text=\u201cVelopa AG_Velopa macht die Stadt\u201d align_tablet=\u201ccenter\u201d align_phone=\u201d\u201d align_last_edited=\u201con|desktop\u201d _builder_version=\u201c4.27.6\u201d animation=\u201coff\u201d global_colors_info=\u201d{}\u201d][\/et_pb_image][\/et_pb_column][\/et_pb_row][\/et_pb_section][et_pb_section fb_built=\u201c1\u201d custom_padding_last_edited=\u201con|phone\u201d disabled_on=\u201con|on|on\u201d admin_label=\u201csection\u201d _builder_version=\u201c4.16\u201d custom_padding=\u201c14px||14px|\u201d custom_padding_tablet=\u201d\u201d custom_padding_phone=\u201c20px||14px|\u201d disabled=\u201con\u201d global_colors_info=\u201d{}\u201d][et_pb_row column_padding_mobile=\u201con\u201d custom_padding_last_edited=\u201con|phone\u201d admin_label=\u201crow\u201d _builder_version=\u201c4.16\u201d background_size=\u201cinitial\u201d background_position=\u201ctop_left\u201d background_repeat=\u201crepeat\u201d custom_margin_phone=\u201d-107px|||\u201d custom_padding=\u201c30px|50px|40px|50px\u201d custom_padding_tablet=\u201d\u201d custom_padding_phone=\u201d|25px||25px\u201d custom_css_main_element=\u201cborder: 1px solid #eaeaea;\u201d global_colors_info=\u201d{}\u201d][et_pb_column type=\u201c4_4\u201d _builder_version=\u201c4.16\u201d custom_padding=\u201d|||\u201d global_colors_info=\u201d{}\u201d custom_padding__hover=\u201d|||\u201d][et_pb_text _builder_version=\u201c4.16\u201d background_size=\u201cinitial\u201d background_position=\u201ctop_left\u201d background_repeat=\u201crepeat\u201d custom_margin_phone=\u201d|30px||30px\u201d global_colors_info=\u201d{}\u201d]<\/p>\n<h1 style=\"padding-bottom: 0px; background-color: #ffffff; color: #052433; font-weight: 500; line-height: 1.7em; text-align: center; font-family: CamphorStd-Bold, Helvetica, Arial, sans-serif !important;\">Unternehmen<\/h1>\n<p>[\/et_pb_text][et_pb_text _builder_version=\u201c4.21.0\u201d background_size=\u201cinitial\u201d background_position=\u201ctop_left\u201d background_repeat=\u201crepeat\u201d custom_margin_phone=\u201d|30px||30px\u201d global_colors_info=\u201d{}\u201d]<\/p>\n<p style=\"text-align: center;\">Velopa <span class=\"caps\">AG<\/span> mit ihren rund 50 Mit\u00adar\u00adbei\u00adtern ist die schweiz\u00adweit f\u00fch\u00adrende Anbie\u00adte\u00adrin von Pro\u00adduk\u00adten und L\u00f6sun\u00adgen im Bereich von Par\u00adkier\u00adsys\u00adte\u00admen,<br>\u00dcber\u00adda\u00adchun\u00adgen, Absperr\u00adsys\u00adte\u00admen und Stadt\u00admo\u00adbi\u00adliar sowohl f\u00fcr Gesch\u00e4fts\u00adkun\u00adden (<span class=\"caps\">B2B<\/span>) wie auch f\u00fcr pri\u00advate Anwen\u00addun\u00adgen (<span class=\"caps\">B2C<\/span>).<\/p>\n<p>[\/et_pb_text][\/et_pb_column][\/et_pb_row][\/et_pb_section][et_pb_section fb_built=\u201c1\u201d custom_padding_last_edited=\u201con|phone\u201d disabled_on=\u201coff|off|off\u201d admin_label=\u201cVision\u201d _builder_version=\u201c4.27.6\u201d custom_padding=\u201c14px||14px|\u201d custom_padding_tablet=\u201d\u201d custom_padding_phone=\u201c20px||14px|\u201d hover_enabled=\u201c0\u201d locked=\u201coff\u201d global_colors_info=\u201d{}\u201d sticky_enabled=\u201c0\u201d][et_pb_row column_padding_mobile=\u201con\u201d custom_padding_last_edited=\u201con|phone\u201d admin_label=\u201crow\u201d _builder_version=\u201c4.16\u201d background_size=\u201cinitial\u201d background_position=\u201ctop_left\u201d background_repeat=\u201crepeat\u201d custom_margin_phone=\u201d-107px|||\u201d custom_padding=\u201c30px|50px|40px|50px\u201d custom_padding_tablet=\u201d\u201d custom_padding_phone=\u201d|25px||25px\u201d hover_enabled=\u201c0\u201d custom_css_main_element=\u201cborder: 1px solid #eaeaea;\u201d global_colors_info=\u201d{}\u201d sticky_enabled=\u201c0\u201d][et_pb_column type=\u201c4_4\u201d _builder_version=\u201c4.16\u201d custom_padding=\u201d|||\u201d global_colors_info=\u201d{}\u201d custom_padding__hover=\u201d|||\u201d][et_pb_text _builder_version=\u201c4.21.0\u201d background_size=\u201cinitial\u201d background_position=\u201ctop_left\u201d background_repeat=\u201crepeat\u201d custom_margin_phone=\u201d|30px||30px\u201d global_colors_info=\u201d{}\u201d]<\/p>\n<h1 style=\"padding-bottom: 0px; background-color: #ffffff; color: #052433; font-weight: 500; line-height: 1.7em; text-align: center; font-family: CamphorStd-Bold, Helvetica, Arial, sans-serif !important;\">\"Unsere Produkte sind Teil lebenswerter Aussenr\u00e4ume \u2013 f\u00fcr Generationen.\"<\/h1>\n<p>[\/et_pb_text][\/et_pb_column][\/et_pb_row][\/et_pb_section][et_pb_section fb_built=\u201c1\u201d custom_padding_last_edited=\u201con|phone\u201d disabled_on=\u201coff|off|off\u201d admin_label=\u201cNiederlassungen\u201d _builder_version=\u201c4.27.6\u201d custom_padding=\u201c14px||14px|\u201d custom_padding_tablet=\u201d\u201d custom_padding_phone=\u201c20px||14px|\u201d hover_enabled=\u201c0\u201d locked=\u201coff\u201d global_colors_info=\u201d{}\u201d sticky_enabled=\u201c0\u201d][et_pb_row column_padding_mobile=\u201con\u201d custom_padding_last_edited=\u201con|phone\u201d admin_label=\u201crow\u201d _builder_version=\u201c4.16\u201d background_size=\u201cinitial\u201d background_position=\u201ctop_left\u201d background_repeat=\u201crepeat\u201d custom_margin_phone=\u201d-107px|||\u201d custom_padding=\u201c30px|50px|40px|50px\u201d custom_padding_tablet=\u201d\u201d custom_padding_phone=\u201d|25px||25px\u201d hover_enabled=\u201c0\u201d custom_css_main_element=\u201cborder: 1px solid #eaeaea;\u201d global_colors_info=\u201d{}\u201d sticky_enabled=\u201c0\u201d][et_pb_column type=\u201c4_4\u201d _builder_version=\u201c4.16\u201d custom_padding=\u201d|||\u201d global_colors_info=\u201d{}\u201d custom_padding__hover=\u201d|||\u201d][et_pb_gallery _builder_version=\u201c4.27.6\u201d _module_preset=\u201cdefault\u201d gallery_ids=\u201c10301,80321,10300,18755\u201d hover_enabled=\u201c0\u201d sticky_enabled=\u201c0\u201d title_font_size=\u201c12px\u201d][\/et_pb_gallery][\/et_pb_column][\/et_pb_row][\/et_pb_section][et_pb_section fb_built=\u201c1\u201d custom_padding_last_edited=\u201con|tablet\u201d admin_label=\u201cAllgemeines Velopa\u201d _builder_version=\u201c4.21.0\u201d custom_padding=\u201c0px||14px||false|false\u201d custom_padding_tablet=\u201c0px|||\u201d custom_padding_phone=\u201c0px||20px|\u201d global_colors_info=\u201d{}\u201d][et_pb_row column_structure=\u201c1_2,1_2\u201d column_padding_mobile=\u201con\u201d custom_padding_last_edited=\u201con|phone\u201d admin_label=\u201crow\u201d _builder_version=\u201c4.16\u201d background_size=\u201cinitial\u201d background_position=\u201ctop_left\u201d background_repeat=\u201crepeat\u201d custom_margin_phone=\u201d-107px|||\u201d custom_padding=\u201c30px|50px|30px|50px\u201d custom_padding_tablet=\u201d\u201d custom_padding_phone=\u201c30px|25px||25px\u201d custom_css_main_element=\u201cborder: 1px solid #eaeaea;\u201d global_colors_info=\u201d{}\u201d][et_pb_column type=\u201c1_2\u201d _builder_version=\u201c4.16\u201d custom_padding=\u201d|||\u201d global_colors_info=\u201d{}\u201d custom_padding__hover=\u201d|||\u201d][et_pb_text _builder_version=\u201c4.27.6\u201d background_size=\u201cinitial\u201d background_position=\u201ctop_left\u201d background_repeat=\u201crepeat\u201d custom_margin_phone=\u201d|30px||30px\u201d custom_padding=\u201d|0px||||\u201d global_colors_info=\u201d{}\u201d]<\/p>\n<h3>Velopa AG - zukunftsweisende Infrastrukturl\u00f6sungen f\u00fcr attraktive Aussenr\u00e4ume<\/h3>\n<p>[\/et_pb_text][et_pb_text _builder_version=\u201c4.27.6\u201d background_size=\u201cinitial\u201d background_position=\u201ctop_left\u201d background_repeat=\u201crepeat\u201d custom_margin_phone=\u201d|30px||30px\u201d border_style=\u201csolid\u201d global_colors_info=\u201d{}\u201d]<\/p>\n<p style=\"text-align: left;\">Viel\u00adf\u00e4l\u00adtige L\u00f6sun\u00adgen, die Mass\u00adst\u00e4be set\u00adzen \u2013 mit unse\u00adrem brei\u00adten Spek\u00adtrum bie\u00adten wir inno\u00adva\u00adtive L\u00f6sun\u00adgen f\u00fcr zukunfts\u00adwei\u00adsende Infra\u00adstruk\u00adtur\u00adl\u00f6\u00adsun\u00adgen. Die indi\u00advi\u00addua\u00adli\u00adsier\u00adba\u00adren Pro\u00addukte und Ser\u00advices im Bereich von Velo\u00adpar\u00adkier\u00adsys\u00adte\u00admen, stil\u00advol\u00adlem Aus\u00adsen\u00admo\u00adbi\u00adliar, \u00dcber\u00adda\u00adchun\u00adgen und inno\u00adva\u00adti\u00adven Absperr\u00adsys\u00adte\u00admen sind die per\u00adfekte Ant\u00adwort auf jede infra\u00adstruk\u00adtu\u00adrelle Herausforderung.<\/p>\n<p style=\"text-align: left;\">Mit unse\u00adren rund 70 Mit\u00adar\u00adbei\u00adten\u00adden sind wir die schweiz\u00adweit f\u00fch\u00adrende Anbie\u00adte\u00adrin von Pro\u00adduk\u00adten und L\u00f6sun\u00adgen im Bereich von Par\u00adkier\u00adsys\u00adte\u00admen,<br>\u00dcber\u00adda\u00adchun\u00adgen, Absperr\u00adsys\u00adte\u00admen und Stadt\u00admo\u00adbi\u00adliar. Wir sehen uns als zuver\u00adl\u00e4s\u00adsige Part\u00adne\u00adrin bei der Gestal\u00adtung von attrak\u00adti\u00adven Frei\u00adr\u00e4u\u00admen. Ob \u00f6ffent\u00adli\u00adche, betrieb\u00adli\u00adche oder pri\u00advate Aus\u00adsen\u00adbe\u00adrei\u00adche, mit dem umfas\u00adsen\u00adden Sor\u00adti\u00adment leis\u00adten wir einen wesent\u00adli\u00adchen Bei\u00adtrag zur Attrak\u00adti\u00advi\u00adt\u00e4ts\u00adstei\u00adge\u00adrung von Bil\u00addungs\u00adin\u00adsti\u00adtu\u00adtio\u00adnen, Tou\u00adris\u00admus\u00adzie\u00adlen, Arbeit\u00adge\u00adben\u00adden, St\u00e4d\u00adten, Gemein\u00adden, \u00f6ffent\u00adli\u00adchem Ver\u00adkehr oder Wohnumgebungen.<\/p>\n<p>[\/et_pb_text][\/et_pb_column][et_pb_column type=\u201c1_2\u201d _builder_version=\u201c4.16\u201d custom_padding=\u201d|||\u201d global_colors_info=\u201d{}\u201d custom_padding__hover=\u201d|||\u201d][et_pb_divider show_divider=\u201coff\u201d disabled_on=\u201con|on|off\u201d _builder_version=\u201c4.27.6\u201d height=\u201c50px\u201d custom_padding=\u201d||46px|||\u201d global_colors_info=\u201d{}\u201d][\/et_pb_divider][et_pb_text _builder_version=\u201c4.21.0\u201d background_size=\u201cinitial\u201d background_position=\u201ctop_left\u201d background_repeat=\u201crepeat\u201d custom_margin_phone=\u201d|30px||30px\u201d border_style=\u201csolid\u201d global_colors_info=\u201d{}\u201d]<\/p>\n<p>Damit f\u00f6r\u00addern wir neben der sozia\u00adlen Inter\u00adak\u00adtion auch die Zukunft der Raum\u00adpla\u00adnung und Mobi\u00adli\u00adt\u00e4t in \u00f6ffent\u00adli\u00adchen sowie pri\u00adva\u00adten Umge\u00adbun\u00adgen. Unsere L\u00f6sun\u00adgen tra\u00adgen zur Schaf\u00adfung nach\u00adhal\u00adti\u00adger und lebens\u00adwer\u00adter Aus\u00adsen\u00adr\u00e4ume bei, die den Bed\u00fcrf\u00adnis\u00adsen der Men\u00adschen gerecht werden.<\/p>\n<p><span style=\"font-size: 14px; text-align: start; background-color: #ffffff;\">Als ein Unter\u00adneh\u00admen der <a href=\"https:\/\/hammer.ch\/\">Ham\u00admer Group<\/a>&nbsp;ent\u00adwi\u00adckeln und pro\u00addu\u00adzie\u00adren wir \u00fcber\u00adwie\u00adgend aus unter\u00adneh\u00admens\u00adei\u00adge\u00adnen Fer\u00adti\u00adgungs\u00adquel\u00adlen und leis\u00adten damit auch einen wich\u00adti\u00adgen Bei\u00adtrag zum Werk\u00adplatz Schweiz. Dabei ste\u00adhen h\u00f6chste Qua\u00adli\u00adt\u00e4t und der res\u00adsour\u00adcen\u00adscho\u00adnende Umgang mit nach\u00adhal\u00adti\u00adgen Mate\u00adria\u00adlien bei der Pro\u00adduk\u00adtion im Vor\u00adder\u00adgrund.<br><\/span>Mit unse\u00adrer lang\u00adj\u00e4h\u00adri\u00adgen Erfah\u00adrung, hohen Bera\u00adtungs\u00adkom\u00adpe\u00adtenz und Exper\u00adtise in Design, Metall\u00adbau und neuen Tech\u00adno\u00adlo\u00adgien pas\u00adsen wir uns fle\u00adxi\u00adbel den Bed\u00fcrf\u00adnis\u00adsen und Anfor\u00adde\u00adrun\u00adgen unse\u00adrer Kun\u00adden&nbsp;an.<\/p>\n<p>[\/et_pb_text][\/et_pb_column][\/et_pb_row][\/et_pb_section][et_pb_section fb_built=\u201c1\u201d custom_padding_last_edited=\u201con|phone\u201d admin_label=\u201csection\u201d module_id=\u201cgeschichte-und-organisation\u201d _builder_version=\u201c4.21.0\u201d custom_padding=\u201c14px|0px|14px|0px|false|false\u201d custom_padding_tablet=\u201d\u201d custom_padding_phone=\u201c35px||14px|\u201d global_colors_info=\u201d{}\u201d][et_pb_row column_padding_mobile=\u201con\u201d admin_label=\u201crow\u201d _builder_version=\u201c4.16\u201d background_size=\u201cinitial\u201d background_position=\u201ctop_left\u201d background_repeat=\u201crepeat\u201d custom_padding=\u201c0px|0px|0px|0px\u201d global_colors_info=\u201d{}\u201d][et_pb_column type=\u201c4_4\u201d _builder_version=\u201c4.16\u201d custom_padding=\u201d|||\u201d global_colors_info=\u201d{}\u201d custom_padding__hover=\u201d|||\u201d][et_pb_image src=\u201chttps:\/\/www.velopa.ch\/wp-content\/uploads\/2016\/12\/Ueber_uns_1.jpg\u201d align_tablet=\u201ccenter\u201d align_phone=\u201d\u201d align_last_edited=\u201con|desktop\u201d _builder_version=\u201c4.27.6\u201d animation=\u201coff\u201d global_colors_info=\u201d{}\u201d][\/et_pb_image][\/et_pb_column][\/et_pb_row][\/et_pb_section][et_pb_section fb_built=\u201c1\u201d disabled_on=\u201coff|off|off\u201d admin_label=\u201cLeitbild Velopa\u201d _builder_version=\u201c4.21.0\u201d _module_preset=\u201cdefault\u201d min_height=\u201c690.4px\u201d custom_padding=\u201c14px||14px||false|false\u201d global_colors_info=\u201d{}\u201d][et_pb_row column_structure=\u201c1_3,1_3,1_3\u201d _builder_version=\u201c4.21.0\u201d _module_preset=\u201cdefault\u201d custom_padding=\u201d||1px|||\u201d global_colors_info=\u201d{}\u201d][et_pb_column type=\u201c1_3\u201d _builder_version=\u201c4.21.0\u201d _module_preset=\u201cdefault\u201d global_colors_info=\u201d{}\u201d][et_pb_toggle title=\u201cUnsere Vision\u201d open=\u201con\u201d admin_label=\u201cVision\u201d _builder_version=\u201c4.27.6\u201d _module_preset=\u201cdefault\u201d background_color=\u201d#eaeaea\u201d global_colors_info=\u201d{}\u201d]<\/p>\n<p><img loading=\"lazy\" decoding=\"async\" class=\"alignnone wp-image-70502 size-full\" src=\"https:\/\/www.velopa.ch\/wp-content\/uploads\/2024\/09\/Unsere-Vision-notre-vision.jpg\" alt width=\"300\" height=\"168\"><\/p>\n<p>Gemein\u00adsam mit unse\u00adren Part\u00adnern und Kun\u00adden kre\u00adieren wir mit Begeis\u00adte\u00adrung und Lei\u00adden\u00adschaft indi\u00advi\u00addu\u00adelle L\u00f6sun\u00adgen, die funk\u00adtio\u00adnale \u00c4sthe\u00adtik in Aus\u00adsen\u00adr\u00e4u\u00admen schaf\u00adfen \u2013 wirk\u00adsam und zukunfts\u00adori\u00aden\u00adtiert.<br>Wir set\u00adzen dabei auf h\u00f6chste Qua\u00adli\u00adt\u00e4t und Nach\u00adhal\u00adtig\u00adkeit, um sicher\u00adzu\u00adstel\u00adlen, dass unsere L\u00f6sun\u00adgen nicht nur den heu\u00adti\u00adgen Anfor\u00adde\u00adrun\u00adgen gerecht wer\u00adden, son\u00addern auch zuk\u00fcnf\u00adtige Gene\u00adra\u00adtio\u00adnen inspi\u00adrie\u00adren und berei\u00adchern. Unser Enga\u00adge\u00adment gilt der Schaf\u00adfung lebens\u00adwer\u00adter Umge\u00adbun\u00adgen, die durch\u00addacht gestal\u00adtet und dau\u00ader\u00adhaft best\u00e4n\u00addig&nbsp;sind.<\/p>\n<p>[\/et_pb_toggle][\/et_pb_column][et_pb_column type=\u201c1_3\u201d _builder_version=\u201c4.21.0\u201d _module_preset=\u201cdefault\u201d global_colors_info=\u201d{}\u201d][et_pb_toggle title=\u201cUnsere Mis\u00adsion\u201d open=\u201con\u201d admin_label=\u201cVision\u201d _builder_version=\u201c4.21.0\u201d _module_preset=\u201cdefault\u201d background_color=\u201d#eaeaea\u201d locked=\u201coff\u201d global_colors_info=\u201d{}\u201d]<\/p>\n<p><img loading=\"lazy\" decoding=\"async\" class=\"alignnone wp-image-70500 size-full\" src=\"https:\/\/www.velopa.ch\/wp-content\/uploads\/2024\/09\/Unsere-Mission-notre-mission.jpg\" alt width=\"300\" height=\"168\"><\/p>\n<p>Wir gestal\u00adten die Schnitt\u00adstelle zwi\u00adschen Men\u00adschen, urba\u00adner Mobi\u00adli\u00adt\u00e4t und lebens\u00adwer\u00adten Aussenr\u00e4umen:<\/p>\n<h6><\/h6>\n<ul>\n<li>Schutz und Ord\u00adnung der Mikro\u00admo\u00adbi\u00adli\u00adt\u00e4t im pri\u00adva\u00adten sowie \u00f6ffent\u00adli\u00adchen Bereich f\u00f6rdern.<\/li>\n<li>F\u00fcr eine objek\u00adtive und sub\u00adjek\u00adtive Sicher\u00adheit im Stras\u00adsen\u00adver\u00adkehr sorgen.<\/li>\n<li>Funk\u00adtio\u00adnale und attrak\u00adtive Aus\u00adsen\u00adr\u00e4ume mit Cha\u00adrak\u00adter gestalten.<\/li>\n<li>Inno\u00adva\u00adtive L\u00f6sun\u00adgen mit Zukunfts\u00adaus\u00adsich\u00adten entwickeln.<\/li>\n<\/ul>\n<p>[\/et_pb_toggle][\/et_pb_column][et_pb_column type=\u201c1_3\u201d _builder_version=\u201c4.21.0\u201d _module_preset=\u201cdefault\u201d global_colors_info=\u201d{}\u201d][et_pb_toggle title=\u201cUnsere Werte\u201d open=\u201con\u201d admin_label=\u201cWerte\u201d _builder_version=\u201c4.21.0\u201d _module_preset=\u201cdefault\u201d background_color=\u201d#eaeaea\u201d locked=\u201coff\u201d global_colors_info=\u201d{}\u201d]<\/p>\n<p><img loading=\"lazy\" decoding=\"async\" class=\"alignnone wp-image-70504 size-full\" src=\"https:\/\/www.velopa.ch\/wp-content\/uploads\/2024\/09\/Unsere-Werte-nos-valeurs.jpg\" alt width=\"300\" height=\"168\"><\/p>\n<p>Eine posi\u00adtive und ver\u00adtrau\u00adens\u00advolle Unter\u00adneh\u00admens\u00adkul\u00adtur schafft die Grund\u00adlage unse\u00adrer t\u00e4g\u00adli\u00adchen Akti\u00advi\u00adt\u00e4\u00adten mit Kun\u00adden, Part\u00adnern und Mit\u00adar\u00adbei\u00adten\u00adden. Bei Velopa legen wir Wert auf einen respekt\u00advol\u00adlen und&nbsp;wert\u00adsch\u00e4t\u00adzen\u00adden Umgang. Eine offene und ehr\u00adli\u00adche Kom\u00admu\u00adni\u00adka\u00adtion, wel\u00adche sich in der fla\u00adchen und trans\u00adpa\u00adren\u00adten Orga\u00adni\u00adsa\u00adti\u00adons\u00adstruk\u00adtur wider\u00adspie\u00adgelt, ist f\u00fcr uns eben\u00adfalls von gros\u00adser Bedeu\u00adtung.<br>Als star\u00adkes und erfah\u00adre\u00adnes Team set\u00adzen wir auf gegen\u00adsei\u00adtige Offen\u00adheit und Ver\u00adl\u00e4ss\u00adlich\u00adkeit, um in enger Zusam\u00admen\u00adar\u00adbeit gemein\u00adsame Ziele zu erreichen.<\/p>\n<p>[\/et_pb_toggle][\/et_pb_column][\/et_pb_row][\/et_pb_section][et_pb_section fb_built=\u201c1\u201d custom_padding_last_edited=\u201con|phone\u201d admin_label=\u201cGreat place to work\u201d module_id=\u201cow_fix_height_399\u201d _builder_version=\u201c4.21.0\u201d custom_padding=\u201c14px||14px|\u201d custom_padding_tablet=\u201d\u201d custom_padding_phone=\u201c0px||14px|\u201d global_colors_info=\u201d{}\u201d][et_pb_row column_structure=\u201c2_3,1_3\u201d column_padding_mobile=\u201con\u201d custom_padding_last_edited=\u201con|phone\u201d admin_label=\u201crow\u201d module_id=\u201cgptw\u201d _builder_version=\u201c4.16\u201d background_size=\u201cinitial\u201d background_position=\u201ctop_left\u201d background_repeat=\u201crepeat\u201d custom_padding=\u201c0px|0px|0px|0px\u201d custom_padding_tablet=\u201d\u201d custom_padding_phone=\u201c14px|||\u201d global_colors_info=\u201d{}\u201d][et_pb_column type=\u201c2_3\u201d module_class=\u201cow_remove_bottom_margin\u201d _builder_version=\u201c4.16\u201d custom_padding=\u201d|||\u201d global_colors_info=\u201d{}\u201d custom_padding__hover=\u201d|||\u201d][et_pb_slider show_pagination=\u201coff\u201d _builder_version=\u201c4.21.0\u201d header_font_size=\u201c40px\u201d body_font_size=\u201c16px\u201d custom_padding=\u201c195px|0px|195px|0px\u201d custom_padding_tablet=\u201d|||\u201d custom_padding_phone=\u201d|||\u201d auto=\u201con\u201d link_option_url=\u201chttps:\/\/www.greatplacetowork.ch\/workplace\/item\/3389\/Hammer+Group\u201d link_option_url_new_window=\u201con\u201d custom_css_slide_description=\u201canimation-name: fadeIn;\u201d top_padding=\u201c195px\u201d bottom_padding=\u201c195px\u201d remove_inner_shadow=\u201con\u201d show_inner_shadow=\u201coff\u201d global_colors_info=\u201d{}\u201d button_text_size__hover_enabled=\u201coff\u201d button_text_size__hover=\u201cnull\u201d button_one_text_size__hover_enabled=\u201coff\u201d button_one_text_size__hover=\u201cnull\u201d button_two_text_size__hover_enabled=\u201coff\u201d button_two_text_size__hover=\u201cnull\u201d button_text_color__hover_enabled=\u201coff\u201d button_text_color__hover=\u201cnull\u201d button_one_text_color__hover_enabled=\u201coff\u201d button_one_text_color__hover=\u201cnull\u201d button_two_text_color__hover_enabled=\u201coff\u201d button_two_text_color__hover=\u201cnull\u201d button_border_width__hover_enabled=\u201coff\u201d button_border_width__hover=\u201cnull\u201d button_one_border_width__hover_enabled=\u201coff\u201d button_one_border_width__hover=\u201cnull\u201d button_two_border_width__hover_enabled=\u201coff\u201d button_two_border_width__hover=\u201cnull\u201d button_border_color__hover_enabled=\u201coff\u201d button_border_color__hover=\u201cnull\u201d button_one_border_color__hover_enabled=\u201coff\u201d button_one_border_color__hover=\u201cnull\u201d button_two_border_color__hover_enabled=\u201coff\u201d button_two_border_color__hover=\u201cnull\u201d button_border_radius__hover_enabled=\u201coff\u201d button_border_radius__hover=\u201cnull\u201d button_one_border_radius__hover_enabled=\u201coff\u201d button_one_border_radius__hover=\u201cnull\u201d button_two_border_radius__hover_enabled=\u201coff\u201d button_two_border_radius__hover=\u201cnull\u201d button_letter_spacing__hover_enabled=\u201coff\u201d button_letter_spacing__hover=\u201cnull\u201d button_one_letter_spacing__hover_enabled=\u201coff\u201d button_one_letter_spacing__hover=\u201cnull\u201d button_two_letter_spacing__hover_enabled=\u201coff\u201d button_two_letter_spacing__hover=\u201cnull\u201d button_bg_color__hover_enabled=\u201coff\u201d button_bg_color__hover=\u201cnull\u201d button_one_bg_color__hover_enabled=\u201coff\u201d button_one_bg_color__hover=\u201cnull\u201d button_two_bg_color__hover_enabled=\u201coff\u201d button_two_bg_color__hover=\u201cnull\u201d][et_pb_slide use_bg_overlay=\u201con\u201d bg_overlay_color=\u201crgba(0,0,0,0.04)\u201d _builder_version=\u201c4.21.0\u201d background_color=\u201d#ffffff\u201d background_image=\u201chttps:\/\/www.velopa.ch\/wp-content\/uploads\/2023\/08\/gptw-small-de-Kopie.jpg\u201d background_enable_image=\u201con\u201d global_colors_info=\u201d{}\u201d button_text_size__hover_enabled=\u201coff\u201d button_one_text_size__hover_enabled=\u201coff\u201d button_two_text_size__hover_enabled=\u201coff\u201d button_text_color__hover_enabled=\u201coff\u201d button_one_text_color__hover_enabled=\u201coff\u201d button_two_text_color__hover_enabled=\u201coff\u201d button_border_width__hover_enabled=\u201coff\u201d button_one_border_width__hover_enabled=\u201coff\u201d button_two_border_width__hover_enabled=\u201coff\u201d button_border_color__hover_enabled=\u201coff\u201d button_one_border_color__hover_enabled=\u201coff\u201d button_two_border_color__hover_enabled=\u201coff\u201d button_border_radius__hover_enabled=\u201coff\u201d button_one_border_radius__hover_enabled=\u201coff\u201d button_two_border_radius__hover_enabled=\u201coff\u201d button_letter_spacing__hover_enabled=\u201coff\u201d button_one_letter_spacing__hover_enabled=\u201coff\u201d button_two_letter_spacing__hover_enabled=\u201coff\u201d button_bg_color__hover_enabled=\u201coff\u201d button_one_bg_color__hover_enabled=\u201coff\u201d button_two_bg_color__hover_enabled=\u201coff\u201d sticky_transition=\u201con\u201d]<\/p>\n<h2>&nbsp;<\/h2>\n<p class=\"et-fb-mce-line-break-holder\" style=\"text-align: center;\">[\/et_pb_slide][\/et_pb_slider][\/et_pb_column][et_pb_column type=\u201c1_3\u201d _builder_version=\u201c4.16\u201d custom_padding=\u201d|||\u201d global_colors_info=\u201d{}\u201d custom_padding__hover=\u201d|||\u201d][et_pb_blurb title=\u201d\u25baGreat Place to Work\u201d image=\u201chttps:\/\/www.velopa.ch\/wp-content\/uploads\/2021\/03\/zertifikation.png\u201d image_icon_width=\u201c50%\u201d module_class=\u201cow_clickable_box\u201d _builder_version=\u201c4.16\u201d background_color=\u201d#eaeaea\u201d background_size=\u201cinitial\u201d background_position=\u201ctop_left\u201d background_repeat=\u201crepeat\u201d text_orientation=\u201ccenter\u201d custom_padding=\u201c30px|30px|30px|30px\u201d animation=\u201coff\u201d image_max_width=\u201c50%\u201d global_colors_info=\u201d{}\u201d]<\/p>\n<p class style=\"text-align: center;\">Die Ham\u00admer Group mit ihren Toch\u00adter\u00adge\u00adsell\u00adschaf\u00adten wurde mit dem Zer\u00adti\u00adfi\u00adkat \u00abGreat Place to Work\u00bb aus\u00adge\u00adzeich\u00adnet. Unsere Mit\u00adar\u00adbei\u00adten\u00adden sehen uns als ver\u00adtrau\u00adens\u00adw\u00fcr\u00addi\u00adger und gesch\u00e4tz\u00adter Arbeit\u00adge\u00adber, was uns mit gros\u00adsem Stolz erf\u00fcllt. <a href=\"https:\/\/www.greatplacetowork.ch\/workplace\/item\/3389\/Hammer+Group\" target=\"_blank\" rel=\"noopener noreferrer\">Link<\/a><\/p>\n<p class=\"et-fb-mce-line-break-holder\" style=\"text-align: center;\">[\/et_pb_blurb][\/et_pb_column][\/et_pb_row][\/et_pb_section][et_pb_section fb_built=\u201c1\u201d custom_padding_last_edited=\u201con|phone\u201d admin_label=\u201cHistorisches zu Velopa <span class=\"caps\">AG<\/span>\u201d _builder_version=\u201c4.21.0\u201d custom_padding=\u201c14px||14px|\u201d custom_padding_tablet=\u201d\u201d custom_padding_phone=\u201c20px||14px|\u201d global_colors_info=\u201d{}\u201d][et_pb_row column_padding_mobile=\u201con\u201d custom_padding_last_edited=\u201con|phone\u201d admin_label=\u201crow\u201d _builder_version=\u201c4.21.0\u201d background_size=\u201cinitial\u201d background_position=\u201ctop_left\u201d background_repeat=\u201crepeat\u201d custom_margin_phone=\u201d-107px|||\u201d custom_padding=\u201c20px|50px|30px|50px|false|false\u201d custom_padding_tablet=\u201d\u201d custom_padding_phone=\u201d|25px||25px\u201d custom_css_main_element=\u201cborder: 1px solid #eaeaea;\u201d global_colors_info=\u201d{}\u201d][et_pb_column type=\u201c4_4\u201d _builder_version=\u201c4.16\u201d custom_padding=\u201d|||\u201d global_colors_info=\u201d{}\u201d custom_padding__hover=\u201d|||\u201d][et_pb_text _builder_version=\u201c4.16\u201d background_size=\u201cinitial\u201d background_position=\u201ctop_left\u201d background_repeat=\u201crepeat\u201d custom_margin_phone=\u201d|30px||30px\u201d global_colors_info=\u201d{}\u201d]<\/p>\n<h1 style=\"padding-bottom: 0px; background-color: #ffffff; color: #052433; font-weight: 500; line-height: 1.7em; text-align: center; font-family: CamphorStd-Bold, Helvetica, Arial, sans-serif !important;\">Historisches zu Velopa AG:<\/h1>\n<p>[\/et_pb_text][\/et_pb_column][\/et_pb_row][\/et_pb_section][et_pb_section fb_built=\u201c1\u201d custom_padding_last_edited=\u201con|tablet\u201d disabled_on=\u201coff|off|off\u201d admin_label=\u201csection\u201d _builder_version=\u201c4.21.0\u201d custom_padding=\u201c14px|0px|0px|0px\u201d custom_padding_tablet=\u201d||0px|\u201d custom_padding_phone=\u201c20px||0px|\u201d global_colors_info=\u201d{}\u201d][et_pb_row column_padding_mobile=\u201con\u201d custom_padding_last_edited=\u201con|tablet\u201d disabled_on=\u201con|on|on\u201d admin_label=\u201crow\u201d _builder_version=\u201c4.16\u201d background_size=\u201cinitial\u201d background_position=\u201ctop_left\u201d background_repeat=\u201crepeat\u201d custom_padding=\u201c0px|0px|0px|0px\u201d custom_padding_tablet=\u201d||0px|\u201d custom_padding_phone=\u201d||0px|\u201d disabled=\u201con\u201d global_colors_info=\u201d{}\u201d][et_pb_column type=\u201c4_4\u201d _builder_version=\u201c4.16\u201d custom_padding=\u201d|||\u201d global_colors_info=\u201d{}\u201d custom_padding__hover=\u201d|||\u201d][et_pb_gallery gallery_ids=\u201c5916,5917,5915,5914\u201d show_title_and_caption=\u201coff\u201d zoom_icon_color=\u201d#1e5faa\u201d hover_icon=\u201cT||divi||400\u201d disabled_on=\u201con|on|on\u201d _builder_version=\u201c4.16\u201d title_font_size=\u201c13px\u201d disabled=\u201con\u201d global_colors_info=\u201d{}\u201d][\/et_pb_gallery][\/et_pb_column][\/et_pb_row][et_pb_row _builder_version=\u201c4.21.0\u201d _module_preset=\u201cdefault\u201d global_colors_info=\u201d{}\u201d][et_pb_column type=\u201c4_4\u201d _builder_version=\u201c4.21.0\u201d _module_preset=\u201cdefault\u201d global_colors_info=\u201d{}\u201d][et_pb_text _builder_version=\u201c4.21.0\u201d _module_preset=\u201cdefault\u201d global_colors_info=\u201d{}\u201d]<\/p>\n<h3 style=\"text-align: center;\">Vom Original zum umfassenden L\u00f6sungsangebot<\/h3>\n<p>[\/et_pb_text][et_pb_image src=\u201chttps:\/\/www.velopa.ch\/wp-content\/uploads\/2024\/10\/Velopa-AG-Geschichte\u20113.jpg\u201d alt=\u201cVelopa <span class=\"caps\">AG<\/span> Geschichte: Mei\u00adlen\u00adsteine\u201d title_text=\u201cVelopa <span class=\"caps\">AG<\/span> Geschichte\u201d _builder_version=\u201c4.21.0\u201d _module_preset=\u201cdefault\u201d global_colors_info=\u201d{}\u201d][\/et_pb_image][\/et_pb_column][\/et_pb_row][\/et_pb_section][et_pb_section fb_built=\u201c1\u201d custom_padding_last_edited=\u201con|tablet\u201d disabled_on=\u201con|on|on\u201d admin_label=\u201cHistorie\u201d _builder_version=\u201c4.21.0\u201d custom_padding=\u201c0px||14px|\u201d custom_padding_tablet=\u201c0px|||\u201d custom_padding_phone=\u201c0px||20px|\u201d disabled=\u201con\u201d global_colors_info=\u201d{}\u201d][et_pb_row column_structure=\u201c1_2,1_2\u201d column_padding_mobile=\u201con\u201d custom_padding_last_edited=\u201con|phone\u201d admin_label=\u201crow\u201d _builder_version=\u201c4.16\u201d background_size=\u201cinitial\u201d background_position=\u201ctop_left\u201d background_repeat=\u201crepeat\u201d custom_margin_phone=\u201d-107px|||\u201d custom_padding=\u201c30px|50px|30px|50px\u201d custom_padding_tablet=\u201d\u201d custom_padding_phone=\u201c30px|25px||25px\u201d custom_css_main_element=\u201cborder: 1px solid #eaeaea;\u201d global_colors_info=\u201d{}\u201d][et_pb_column type=\u201c1_2\u201d _builder_version=\u201c4.16\u201d custom_padding=\u201d|||\u201d global_colors_info=\u201d{}\u201d custom_padding__hover=\u201d|||\u201d][et_pb_text _builder_version=\u201c4.16\u201d background_size=\u201cinitial\u201d background_position=\u201ctop_left\u201d background_repeat=\u201crepeat\u201d custom_margin_phone=\u201d|30px||30px\u201d global_colors_info=\u201d{}\u201d]<\/p>\n<h3><span style=\"line-height: 1.3em;\">Die \u00dcbernahmen durch die&nbsp;<\/span><span style=\"line-height: 1.3em;\"><br>Genossenschaft Hammer und<br>der Weg ins 2017<\/span><\/h3>\n<p>[\/et_pb_text][et_pb_text _builder_version=\u201c4.21.0\u201d background_size=\u201cinitial\u201d background_position=\u201ctop_left\u201d background_repeat=\u201crepeat\u201d custom_margin_phone=\u201d|30px||30px\u201d border_style=\u201csolid\u201d global_colors_info=\u201d{}\u201d]<\/p>\n<p><strong>1982<\/strong> wurde das Unter\u00adneh\u00admen von der in Z\u00fcrich ans\u00e4s\u00adsi\u00adgen und 1928 gegr\u00fcn\u00adde\u00adten Genos\u00adsen\u00adschaft Ham\u00admer zu 100% \u00fcber\u00adnom\u00admen und pro\u00adfi\u00adtiert heute von den Syn\u00ader\u00adgien einer soli\u00adden, inno\u00adva\u00adti\u00adven und dem Werk\u00adplatz Schweiz ver\u00adpflich\u00adte\u00adten Indus\u00adtrie\u00adgruppe (<strong><a href=\"http:\/\/hammer.ch\/\" target=\"_blank\" rel=\"noopener noreferrer\">www.hammer.ch<\/a><\/strong>).<\/p>\n<p class><strong>2014<\/strong> zeich\u00adnete die Genos\u00adsen\u00adschaft Ham\u00admer eine exklu\u00adsive Koope\u00adra\u00adti\u00adons-part\u00adner\u00adschaft f\u00fcr den Schwei\u00adzer Markt mit der in Deutsch\u00adland ans\u00e4s\u00adsi\u00adgen und markt\u00adf\u00fch\u00adren\u00adden Zieg\u00adler GmbH. Unter der Unter\u00adneh\u00admens\u00adbe\u00adzeich\u00adnung Zieg\u00adler Aus\u00adsen\u00adan\u00adla\u00adgen <span class=\"caps\">AG<\/span> rich\u00adtet sich das Unter\u00adneh\u00admen haupt\u00ads\u00e4ch\u00adlich auf den Bereich Stadt\u00admo\u00adbi\u00adliar und Aus\u00adsen\u00adm\u00f6\u00adblie\u00adrung aus. Dazu ver\u00adtreibt das Unter\u00adneh\u00admen in der Schweiz nicht nur das gesamte Sor\u00adti\u00adment der Zieg\u00adler GmbH son\u00addern auch ein brei\u00adtes Ange\u00adbot von ver\u00adschie\u00adde\u00adnen Exklusivpartnern.<\/p>\n<p class><strong>2015<\/strong> \u00fcber\u00adnahm die Genos\u00adsen\u00adschaft Ham\u00admer die eben\u00adfalls im Velo\u00adpar\u00adking-Markt t\u00e4tige UW-Tech GmbH mit Sitz in Dor\u00adnach. Die UW-Tech GmbH stellt seit rund 20 Jah\u00adren Fahr\u00adrad\u00ad\u00fcber\u00adda\u00adchun\u00adgen und Velo-Park\u00adl\u00f6\u00adsun\u00adgen her \u2013 pri\u00adm\u00e4r f\u00fcr Haus und Gar\u00adten des pri\u00adva\u00adten Nutzenden.<\/p>\n<p>[\/et_pb_text][\/et_pb_column][et_pb_column type=\u201c1_2\u201d _builder_version=\u201c4.16\u201d custom_padding=\u201d|||\u201d global_colors_info=\u201d{}\u201d custom_padding__hover=\u201d|||\u201d][et_pb_divider show_divider=\u201coff\u201d disabled_on=\u201con|on|off\u201d _builder_version=\u201c4.16\u201d height=\u201c116px\u201d global_colors_info=\u201d{}\u201d][\/et_pb_divider][et_pb_text _builder_version=\u201c4.21.0\u201d background_size=\u201cinitial\u201d background_position=\u201ctop_left\u201d background_repeat=\u201crepeat\u201d custom_margin_phone=\u201d|30px||30px\u201d border_style=\u201csolid\u201d global_colors_info=\u201d{}\u201d]<\/p>\n<p class style=\"background-color: #ffffff; font-size: 14px; text-align: left;\">Die Pro\u00addukte wer\u00adden von einem Inno\u00adva\u00adtions- und Design\u00adteam gross\u00admehr\u00adheit\u00adlich in der Schweiz ent\u00adwor\u00adfen, teil\u00adweise gefer\u00adtigt oder an zer\u00adti\u00adfi\u00adzierte externe Fer\u00adti\u00adgungs\u00adpart\u00adner aus\u00adge\u00adla\u00adgert. Im Pri\u00advat\u00adkun\u00adden-seg\u00adment z\u00e4hlt die UW-Tech GmbH zu den f\u00fch\u00adren\u00adden Schwei\u00adzer Anbieter.<\/p>\n<p class style=\"background-color: #ffffff; font-size: 14px; text-align: left;\"><strong>2016<\/strong> wur\u00adden diese 3 Unter\u00adneh\u00admen unter den Mar\u00adken\u00adbe\u00adzeich\u00adnun\u00adgen \u00abVelopa Pro\u00bb, \u00abVelopa Home\u00bb und \u00abVelopa City\u00bb stra\u00adte\u00adgisch, orga\u00adni\u00adsa\u00adto\u00adrisch und kom\u00admu\u00adni\u00adka\u00adtiv zusam\u00admen\u00adge\u00adfasst und <strong>2017<\/strong> schliess\u00adlich auch recht\u00adlich fusio\u00adniert. Dazu wurde der am Markt besteta\u00adblierte Fir\u00admen\u00adname \u00abVelopa <span class=\"caps\">AG<\/span>\u00bb gew\u00e4hlt.<\/p>\n<p class style=\"background-color: #ffffff; font-size: 14px; text-align: left;\">Heute bie\u00adtet die Velopa <span class=\"caps\">AG<\/span> das im Schwei\u00adzer Markt wohl umfas\u00adsendste Ange\u00adbot an Pro\u00adduk\u00adten und Dienst\u00adleis\u00adtun\u00adgen f\u00fcr Unter\u00adneh\u00admen, Orga\u00adni\u00adsa\u00adtio\u00adnen, die \u00f6ffent\u00adli\u00adche Insti\u00adtu\u00adtio\u00adnen und Pri\u00advate in den Berei\u00adchen Par\u00adkie\u00adren, Absper\u00adren, \u00dcber\u00adda\u00adchen und M\u00f6blie\u00adren an. Damit schaf\u00adfen wir maxi\u00adma\u00adlen Mehr\u00adwert im \u00f6ffent\u00adli\u00adchen Raum, urba\u00adnen Begeg\u00adnungs\u00adzo\u00adnen, Woh\u00adnungs\u00adum\u00adge\u00adbun\u00adgen und Unternehmensarealen.<\/p>\n<p>[\/et_pb_text][\/et_pb_column][\/et_pb_row][\/et_pb_section][et_pb_section fb_built=\u201c1\u201d custom_padding_last_edited=\u201con|tablet\u201d admin_label=\u201cDownloads\u201d module_id=\u201cow_fix_height_234\u201d _builder_version=\u201c4.21.0\u201d custom_padding=\u201c14px|0px|16px|0px\u201d custom_padding_tablet=\u201c0px|||\u201d custom_padding_phone=\u201c20px|||\u201d global_colors_info=\u201d{}\u201d][et_pb_row column_structure=\u201c1_4,3_4\u201d padding_mobile=\u201coff\u201d column_padding_mobile=\u201con\u201d admin_label=\u201crow\u201d _builder_version=\u201c4.16\u201d background_size=\u201cinitial\u201d background_position=\u201ctop_left\u201d background_repeat=\u201crepeat\u201d custom_margin_tablet=\u201c70px|||\u201d custom_margin_phone=\u201c90px|||\u201d custom_margin_last_edited=\u201con|phone\u201d custom_padding=\u201c0px|0px|0px|0px\u201d global_colors_info=\u201d{}\u201d][et_pb_column type=\u201c1_4\u201d module_class=\u201cow_remove_bottom_margin\u201d _builder_version=\u201c4.16\u201d custom_padding=\u201d|||\u201d global_colors_info=\u201d{}\u201d custom_padding__hover=\u201d|||\u201d][et_pb_blurb title=\u201cDownloads\u201d image=\u201chttps:\/\/www.velopa.ch\/wp-content\/uploads\/2021\/03\/download.png\u201d image_icon_width=\u201c58%\u201d _builder_version=\u201c4.16\u201d header_font_size=\u201c17px\u201d background_color=\u201d#eaeaea\u201d background_size=\u201cinitial\u201d background_position=\u201ctop_left\u201d background_repeat=\u201crepeat\u201d text_orientation=\u201ccenter\u201d custom_padding=\u201c48px|25px|35px|25px\u201d animation=\u201coff\u201d image_max_width=\u201c58%\u201d global_colors_info=\u201d{}\u201d][\/et_pb_blurb][\/et_pb_column][et_pb_column type=\u201c3_4\u201d _builder_version=\u201c4.16\u201d custom_padding=\u201d|||\u201d global_colors_info=\u201d{}\u201d custom_padding__hover=\u201d|||\u201d][et_pb_tabs _builder_version=\u201c4.27.4\u201d tab_font_size=\u201c15px\u201d background_size=\u201cinitial\u201d background_position=\u201ctop_left\u201d background_repeat=\u201crepeat\u201d border_style=\u201csolid\u201d global_colors_info=\u201d{}\u201d][et_pb_tab title=\u201cBrosch\u00fcren\u201d _builder_version=\u201c4.21.0\u201d body_font=\u201d||||\u201d tab_font=\u201d||||\u201d tab_line_height=\u201c2em\u201d background_size=\u201cinitial\u201d background_position=\u201ctop_left\u201d background_repeat=\u201crepeat\u201d tab_line_height_tablet=\u201c2em\u201d tab_line_height_phone=\u201c2em\u201d global_colors_info=\u201d{}\u201d]<\/p>\n<h5><a href=\"https:\/\/www.velopa.ch\/wp-content\/uploads\/Kataloge\/Impressions_by_Velopa_D.web.pdf\" target=\"_blank\" rel=\"noopener noreferrer\">\u25ba Impres\u00adsi\u00adons by Velopa<\/a><\/h5>\n<p>[\/et_pb_tab][et_pb_tab title=\u201cOrganigramme\u201d _builder_version=\u201c4.27.4\u201d body_font=\u201d||||\u201d body_line_height=\u201c2em\u201d tab_font=\u201d||||\u201d tab_line_height=\u201c2em\u201d background_size=\u201cinitial\u201d background_position=\u201ctop_left\u201d background_repeat=\u201crepeat\u201d body_line_height_tablet=\u201c2em\u201d body_line_height_phone=\u201c2em\u201d tab_line_height_tablet=\u201c2em\u201d tab_line_height_phone=\u201c2em\u201d global_colors_info=\u201d{}\u201d]<\/p>\n<h5 style=\"background-color: #ffffff;\"><a href=\"https:\/\/www.velopa.ch\/wp-content\/uploads\/2026\/02\/Organigramm-Velopa-2026.pdf\" target=\"_blank\" rel=\"noopener noreferrer\">\u25ba Orga\u00adni\u00adgramm Velopa<\/a><\/h5>\n<h5 style=\"background-color: #ffffff;\"><a href=\"https:\/\/www.velopa.ch\/wp-content\/uploads\/2025\/05\/Organigramm-Hammer-Gruppe-2025.png\" target=\"_blank\" rel=\"noopener noreferrer\">\u25ba&nbsp;Orga\u00adni\u00adgramm Ham\u00admer&nbsp;Group&nbsp;<\/a><\/h5>\n<p>[\/et_pb_tab][\/et_pb_tabs][\/et_pb_column][\/et_pb_row][\/et_pb_section][et_pb_section fb_built=\u201c1\u201d custom_padding_last_edited=\u201con|tablet\u201d admin_label=\u201cHerstellungskompetenz\u201d module_id=\u201cow_fix_height_399\u201d _builder_version=\u201c4.21.0\u201d custom_padding=\u201c14px||14px|\u201d custom_padding_tablet=\u201c0px||0px|\u201d custom_padding_phone=\u201c0px||0px|\u201d global_colors_info=\u201d{}\u201d][et_pb_row column_structure=\u201c1_3,2_3\u201d padding_mobile=\u201coff\u201d column_padding_mobile=\u201con\u201d admin_label=\u201crow\u201d _builder_version=\u201c4.16\u201d background_size=\u201cinitial\u201d background_position=\u201ctop_left\u201d background_repeat=\u201crepeat\u201d custom_padding=\u201c0px|0px|0px|0px\u201d global_colors_info=\u201d{}\u201d][et_pb_column type=\u201c1_3\u201d module_class=\u201cow_mobile_insert_after\u201d _builder_version=\u201c4.16\u201d custom_padding=\u201d|||\u201d global_colors_info=\u201d{}\u201d custom_padding__hover=\u201d|||\u201d][et_pb_blurb title=\u201cHerstellungskompetenz aus der Gruppe\u201d image=\u201chttps:\/\/www.velopa.ch\/wp-content\/uploads\/2021\/03\/schweiz.png\u201d image_icon_width=\u201c50%\u201d module_id=\u201cherstellungskompetenz\u201d _builder_version=\u201c4.16\u201d header_line_height=\u201c1.4em\u201d background_color=\u201d#eaeaea\u201d background_size=\u201cinitial\u201d background_position=\u201ctop_left\u201d background_repeat=\u201crepeat\u201d text_orientation=\u201ccenter\u201d custom_padding=\u201c30px|30px|30px|30px\u201d animation=\u201coff\u201d image_max_width=\u201c50%\u201d global_colors_info=\u201d{}\u201d]<\/p>\n<p class style=\"text-align: center;\">Unser Pro\u00adduk\u00adti\u00adons\u00adpart\u00adner ist die Schwei\u00adzer Firma Wasta mit Sitz in Stans <span class=\"caps\">NW<\/span>. Seit 1991 ist die Wasta <span class=\"caps\">AG<\/span> im Bereich Metall\u00adbau und Schlos\u00adser\u00adar\u00adbeit t\u00e4tig. Ihr gros\u00adses Know-how ist Garant f\u00fcr h\u00f6chste Qua\u00adli\u00adt\u00e4t<br>ihrer Pro\u00addukte.<\/p>\n<p>[\/et_pb_blurb][\/et_pb_column][et_pb_column type=\u201c2_3\u201d module_class=\u201cow_mobile_insert_before ow_remove_bottom_margin\u201d _builder_version=\u201c4.16\u201d custom_padding=\u201d|||\u201d global_colors_info=\u201d{}\u201d custom_padding__hover=\u201d|||\u201d][et_pb_video src=\u201chttps:\/\/www.youtube.com\/watch?v=n8Wh3aRVHJc\u201d module_class=\u201cow_video_full_height\u201d _builder_version=\u201c4.16\u201d global_colors_info=\u201d{}\u201d][\/et_pb_video][\/et_pb_column][\/et_pb_row][\/et_pb_section][et_pb_section fb_built=\u201c1\u201d custom_padding_last_edited=\u201con|tablet\u201d admin_label=\u201cZertifizierung\u201d module_id=\u201czertifizierung\u201d _builder_version=\u201c4.21.0\u201d custom_padding=\u201c14px||14px|\u201d custom_padding_tablet=\u201d||0px|\u201d custom_padding_phone=\u201c20px||5px|\u201d global_colors_info=\u201d{}\u201d][et_pb_row column_structure=\u201c1_2,1_2\u201d column_padding_mobile=\u201con\u201d custom_padding_last_edited=\u201con|phone\u201d admin_label=\u201crow\u201d _builder_version=\u201c4.16\u201d background_size=\u201cinitial\u201d background_position=\u201ctop_left\u201d background_repeat=\u201crepeat\u201d custom_margin_phone=\u201d-107px|||\u201d custom_padding=\u201c30px|50px|30px|50px\u201d custom_padding_tablet=\u201d\u201d custom_padding_phone=\u201d|25px||25px\u201d custom_css_main_element=\u201cborder: 1px solid #eaeaea;\u201d global_colors_info=\u201d{}\u201d][et_pb_column type=\u201c1_2\u201d _builder_version=\u201c4.16\u201d custom_padding=\u201d|||\u201d global_colors_info=\u201d{}\u201d custom_padding__hover=\u201d|||\u201d][et_pb_text _builder_version=\u201c4.16\u201d background_size=\u201cinitial\u201d background_position=\u201ctop_left\u201d background_repeat=\u201crepeat\u201d custom_margin_phone=\u201d|30px||30px\u201d global_colors_info=\u201d{}\u201d]<\/p>\n<h3><span style=\"line-height: 1.3em;\">Zertifizierungen und<br>gesetzliche Normen:<\/span><\/h3>\n<p>[\/et_pb_text][et_pb_text _builder_version=\u201c4.16\u201d background_size=\u201cinitial\u201d background_position=\u201ctop_left\u201d background_repeat=\u201crepeat\u201d custom_margin_phone=\u201d|30px||30px\u201d border_style=\u201csolid\u201d global_colors_info=\u201d{}\u201d]<\/p>\n<p style=\"text-align: justify;\">Die <span class=\"caps\">EU<\/span> wie auch die Schweiz regelt \u00fcber die DIN-Norm <span class=\"caps\">EN1090<\/span> die Rechts\u00adkon\u00adfor\u00admi\u00adt\u00e4t von tra\u00adgen\u00adden Stahl\u00adbau\u00adtei\u00adlen. Diese stel\u00adlen ent\u00adspre\u00adchende Anfor\u00adde\u00adrun\u00adgen zu den Her\u00adstel\u00adler\u00adqua\u00adli\u00adfi\u00adka\u00adtio\u00adnen sowie an Pro\u00addukte und Pro\u00adduk\u00adti\u00adons-pro\u00adzesse.&nbsp;Nur Betriebe mit <span class=\"caps\">EN1090-<\/span><span style=\"background-color: #ffffff; font-size: 14px;\">Zer\u00adti\u00adfi\u00adzie\u00adrung garan\u00adtie\u00adren Rechts\u00adsi\u00adcher\u00adheit bez\u00fcg\u00adlich Pro\u00adduk\u00adte\u00adhaf\u00adtung sowohl f\u00fcr den Her\u00adstel\u00adler wir auch f\u00fcr den Betreiber.&nbsp;<\/span><\/p>\n<p>[\/et_pb_text][\/et_pb_column][et_pb_column type=\u201c1_2\u201d _builder_version=\u201c4.16\u201d custom_padding=\u201d|||\u201d global_colors_info=\u201d{}\u201d custom_padding__hover=\u201d|||\u201d][et_pb_divider show_divider=\u201coff\u201d disabled_on=\u201con|on|off\u201d _builder_version=\u201c4.16\u201d height=\u201c85px\u201d global_colors_info=\u201d{}\u201d][\/et_pb_divider][et_pb_text _builder_version=\u201c4.16\u201d background_size=\u201cinitial\u201d background_position=\u201ctop_left\u201d background_repeat=\u201crepeat\u201d custom_margin_phone=\u201d|30px||30px\u201d border_style=\u201csolid\u201d global_colors_info=\u201d{}\u201d]<\/p>\n<p class style=\"background-color: #ffffff; font-size: 14px; text-align: justify;\"><span style=\"font-size: 14px; background-color: #ffffff;\">Die Velopa <span class=\"caps\">AG<\/span> sowie deren Zulie\u00adfer\u00adun\u00adter\u00adneh\u00admen sind alle\u00adsamt EN1090-zer\u00adti\u00adfi\u00adziert, f\u00fch\u00adren werks\u00adei\u00adgene Pro\u00adduk\u00adti\u00adons\u00adkon\u00adtrol\u00adlen durch und stel\u00adlen sich regel\u00adm\u00e4s\u00adsi\u00adgen Inspek\u00adtio\u00adnen der ent\u00adspre\u00adchen\u00adden Beh\u00f6rden.<\/span><\/p>\n<p>[\/et_pb_text][\/et_pb_column][\/et_pb_row][\/et_pb_section][et_pb_section fb_built=\u201c1\u201d custom_padding_last_edited=\u201con|phone\u201d admin_label=\u201csection\u201d module_id=\u201cow_fix_height_399\u201d _builder_version=\u201c4.16\u201d custom_padding=\u201c14px||14px|\u201d custom_padding_tablet=\u201d\u201d custom_padding_phone=\u201c0px||14px|\u201d global_colors_info=\u201d{}\u201d][et_pb_row column_structure=\u201c2_3,1_3\u201d column_padding_mobile=\u201con\u201d custom_padding_last_edited=\u201con|phone\u201d admin_label=\u201crow\u201d _builder_version=\u201c4.16\u201d background_size=\u201cinitial\u201d background_position=\u201ctop_left\u201d background_repeat=\u201crepeat\u201d custom_padding=\u201c0px|0px|0px|0px\u201d custom_padding_tablet=\u201d\u201d custom_padding_phone=\u201c14px|||\u201d global_colors_info=\u201d{}\u201d][et_pb_column type=\u201c2_3\u201d module_class=\u201cow_remove_bottom_margin\u201d _builder_version=\u201c4.16\u201d custom_padding=\u201d|||\u201d global_colors_info=\u201d{}\u201d custom_padding__hover=\u201d|||\u201d][et_pb_slider show_pagination=\u201coff\u201d _builder_version=\u201c4.16\u201d header_font_size=\u201c40px\u201d body_font_size=\u201c16px\u201d custom_padding=\u201c195px|0px|195px|0px\u201d custom_padding_tablet=\u201d|||\u201d custom_padding_phone=\u201d|||\u201d auto=\u201con\u201d custom_css_slide_description=\u201canimation-name: fadeIn;\u201d top_padding=\u201c195px\u201d bottom_padding=\u201c195px\u201d remove_inner_shadow=\u201con\u201d show_inner_shadow=\u201coff\u201d global_colors_info=\u201d{}\u201d button_text_size__hover_enabled=\u201coff\u201d button_text_size__hover=\u201cnull\u201d button_one_text_size__hover_enabled=\u201coff\u201d button_one_text_size__hover=\u201cnull\u201d button_two_text_size__hover_enabled=\u201coff\u201d button_two_text_size__hover=\u201cnull\u201d button_text_color__hover_enabled=\u201coff\u201d button_text_color__hover=\u201cnull\u201d button_one_text_color__hover_enabled=\u201coff\u201d button_one_text_color__hover=\u201cnull\u201d button_two_text_color__hover_enabled=\u201coff\u201d button_two_text_color__hover=\u201cnull\u201d button_border_width__hover_enabled=\u201coff\u201d button_border_width__hover=\u201cnull\u201d button_one_border_width__hover_enabled=\u201coff\u201d button_one_border_width__hover=\u201cnull\u201d button_two_border_width__hover_enabled=\u201coff\u201d button_two_border_width__hover=\u201cnull\u201d button_border_color__hover_enabled=\u201coff\u201d button_border_color__hover=\u201cnull\u201d button_one_border_color__hover_enabled=\u201coff\u201d button_one_border_color__hover=\u201cnull\u201d button_two_border_color__hover_enabled=\u201coff\u201d button_two_border_color__hover=\u201cnull\u201d button_border_radius__hover_enabled=\u201coff\u201d button_border_radius__hover=\u201cnull\u201d button_one_border_radius__hover_enabled=\u201coff\u201d button_one_border_radius__hover=\u201cnull\u201d button_two_border_radius__hover_enabled=\u201coff\u201d button_two_border_radius__hover=\u201cnull\u201d button_letter_spacing__hover_enabled=\u201coff\u201d button_letter_spacing__hover=\u201cnull\u201d button_one_letter_spacing__hover_enabled=\u201coff\u201d button_one_letter_spacing__hover=\u201cnull\u201d button_two_letter_spacing__hover_enabled=\u201coff\u201d button_two_letter_spacing__hover=\u201cnull\u201d button_bg_color__hover_enabled=\u201coff\u201d button_bg_color__hover=\u201cnull\u201d button_one_bg_color__hover_enabled=\u201coff\u201d button_one_bg_color__hover=\u201cnull\u201d button_two_bg_color__hover_enabled=\u201coff\u201d button_two_bg_color__hover=\u201cnull\u201d][et_pb_slide use_bg_overlay=\u201con\u201d bg_overlay_color=\u201crgba(0,0,0,0.04)\u201d _builder_version=\u201c4.16\u201d background_color=\u201d#ffffff\u201d background_image=\u201chttps:\/\/www.velopa.ch\/wp-content\/uploads\/2017\/03\/Zertifikation_EN1090.jpg\u201d global_colors_info=\u201d{}\u201d button_text_size__hover_enabled=\u201coff\u201d button_one_text_size__hover_enabled=\u201coff\u201d button_two_text_size__hover_enabled=\u201coff\u201d button_text_color__hover_enabled=\u201coff\u201d button_one_text_color__hover_enabled=\u201coff\u201d button_two_text_color__hover_enabled=\u201coff\u201d button_border_width__hover_enabled=\u201coff\u201d button_one_border_width__hover_enabled=\u201coff\u201d button_two_border_width__hover_enabled=\u201coff\u201d button_border_color__hover_enabled=\u201coff\u201d button_one_border_color__hover_enabled=\u201coff\u201d button_two_border_color__hover_enabled=\u201coff\u201d button_border_radius__hover_enabled=\u201coff\u201d button_one_border_radius__hover_enabled=\u201coff\u201d button_two_border_radius__hover_enabled=\u201coff\u201d button_letter_spacing__hover_enabled=\u201coff\u201d button_one_letter_spacing__hover_enabled=\u201coff\u201d button_two_letter_spacing__hover_enabled=\u201coff\u201d button_bg_color__hover_enabled=\u201coff\u201d button_one_bg_color__hover_enabled=\u201coff\u201d button_two_bg_color__hover_enabled=\u201coff\u201d sticky_transition=\u201con\u201d]<\/p>\n<h2>&nbsp;<\/h2>\n<p class=\"et-fb-mce-line-break-holder\" style=\"text-align: center;\">[\/et_pb_slide][\/et_pb_slider][\/et_pb_column][et_pb_column type=\u201c1_3\u201d _builder_version=\u201c4.16\u201d custom_padding=\u201d|||\u201d global_colors_info=\u201d{}\u201d custom_padding__hover=\u201d|||\u201d][et_pb_blurb title=\u201d\u25baZertifikation\u201d image=\u201chttps:\/\/www.velopa.ch\/wp-content\/uploads\/2021\/03\/zertifikation.png\u201d image_icon_width=\u201c50%\u201d module_class=\u201cow_clickable_box\u201d _builder_version=\u201c4.21.0\u201d background_color=\u201d#eaeaea\u201d background_size=\u201cinitial\u201d background_position=\u201ctop_left\u201d background_repeat=\u201crepeat\u201d text_orientation=\u201ccenter\u201d custom_padding=\u201c30px|30px|30px|30px\u201d animation=\u201coff\u201d image_max_width=\u201c50%\u201d global_colors_info=\u201d{}\u201d]<\/p>\n<p class style=\"text-align: center;\">Alle unsere Pro\u00adduk\u00adti\u00adons\u00adst\u00e4t\u00adten sind zer\u00adti\u00adfi\u00adziert nach <span class=\"caps\">ISO<\/span> 9001 und <span class=\"caps\">EN1090<\/span>. <a href=\"https:\/\/www.velopa.ch\/wp-content\/uploads\/2024\/01\/EN1090.pdf\" target=\"_blank\" rel=\"noopener noreferrer\">Link<\/a><\/p>\n<p class=\"et-fb-mce-line-break-holder\" style=\"text-align: center;\">[\/et_pb_blurb][\/et_pb_column][\/et_pb_row][\/et_pb_section][et_pb_section fb_built=\u201c1\u201d custom_padding_last_edited=\u201con|tablet\u201d admin_label=\u201csection\u201d module_id=\u201cow_fix_height_399\u201d _builder_version=\u201c4.16\u201d custom_padding=\u201c14px||14px|\u201d custom_padding_tablet=\u201c0px||0px|\u201d custom_padding_phone=\u201c0px||0px|\u201d global_colors_info=\u201d{}\u201d][et_pb_row column_structure=\u201c1_3,2_3\u201d padding_mobile=\u201coff\u201d column_padding_mobile=\u201con\u201d admin_label=\u201crow\u201d module_id=\u201cservicevertrag\u201d _builder_version=\u201c4.16\u201d background_size=\u201cinitial\u201d background_position=\u201ctop_left\u201d background_repeat=\u201crepeat\u201d custom_padding=\u201c0px|0px|0px|0px\u201d global_colors_info=\u201d{}\u201d][et_pb_column type=\u201c1_3\u201d module_class=\u201cow_mobile_insert_after\u201d _builder_version=\u201c4.16\u201d custom_padding=\u201d|||\u201d global_colors_info=\u201d{}\u201d custom_padding__hover=\u201d|||\u201d][et_pb_blurb title=\u201cVelopa Swiss Qua\u00adlity\u201d image=\u201chttps:\/\/www.velopa.ch\/wp-content\/uploads\/2021\/03\/garantie.png\u201d image_icon_width=\u201c50%\u201d _builder_version=\u201c4.16\u201d background_color=\u201d#eaeaea\u201d background_size=\u201cinitial\u201d background_position=\u201ctop_left\u201d background_repeat=\u201crepeat\u201d text_orientation=\u201ccenter\u201d custom_padding=\u201c30px|30px|30px|30px\u201d animation=\u201coff\u201d image_max_width=\u201c50%\u201d global_colors_info=\u201d{}\u201d]<\/p>\n<p style=\"text-align: center;\">Jedes Pro\u00addukt oder Sys\u00adtem braucht Pflege. So sichern Sie sich eine lang\u00adj\u00e4h\u00adrige Betriebs\u00addauer und Betriebs\u00adsi\u00adcher\u00adheit Ihrer Anlage.<\/p>\n<p class=\"et-fb-mce-line-break-holder\" style=\"text-align: center;\">[\/et_pb_blurb][\/et_pb_column][et_pb_column type=\u201c2_3\u201d module_class=\u201cow_mobile_insert_before ow_remove_bottom_margin\u201d _builder_version=\u201c4.16\u201d custom_padding=\u201d|||\u201d global_colors_info=\u201d{}\u201d custom_padding__hover=\u201d|||\u201d][et_pb_slider show_pagination=\u201coff\u201d _builder_version=\u201c4.16\u201d header_font_size=\u201c40px\u201d body_font_size=\u201c16px\u201d custom_padding=\u201c182px|0px|182px|0px\u201d custom_padding_tablet=\u201d|||\u201d custom_padding_phone=\u201d|||\u201d auto=\u201con\u201d custom_css_slide_description=\u201canimation-name: fadeIn;\u201d box_shadow_style=\u201cpreset6\u201d box_shadow_blur=\u201c10px\u201d box_shadow_color=\u201crgba(0,0,0,0.1)\u201d top_padding=\u201c182px\u201d bottom_padding=\u201c182px\u201d show_inner_shadow=\u201con\u201d global_colors_info=\u201d{}\u201d button_text_size__hover_enabled=\u201coff\u201d button_text_size__hover=\u201cnull\u201d button_one_text_size__hover_enabled=\u201coff\u201d button_one_text_size__hover=\u201cnull\u201d button_two_text_size__hover_enabled=\u201coff\u201d button_two_text_size__hover=\u201cnull\u201d button_text_color__hover_enabled=\u201coff\u201d button_text_color__hover=\u201cnull\u201d button_one_text_color__hover_enabled=\u201coff\u201d button_one_text_color__hover=\u201cnull\u201d button_two_text_color__hover_enabled=\u201coff\u201d button_two_text_color__hover=\u201cnull\u201d button_border_width__hover_enabled=\u201coff\u201d button_border_width__hover=\u201cnull\u201d button_one_border_width__hover_enabled=\u201coff\u201d button_one_border_width__hover=\u201cnull\u201d button_two_border_width__hover_enabled=\u201coff\u201d button_two_border_width__hover=\u201cnull\u201d button_border_color__hover_enabled=\u201coff\u201d button_border_color__hover=\u201cnull\u201d button_one_border_color__hover_enabled=\u201coff\u201d button_one_border_color__hover=\u201cnull\u201d button_two_border_color__hover_enabled=\u201coff\u201d button_two_border_color__hover=\u201cnull\u201d button_border_radius__hover_enabled=\u201coff\u201d button_border_radius__hover=\u201cnull\u201d button_one_border_radius__hover_enabled=\u201coff\u201d button_one_border_radius__hover=\u201cnull\u201d button_two_border_radius__hover_enabled=\u201coff\u201d button_two_border_radius__hover=\u201cnull\u201d button_letter_spacing__hover_enabled=\u201coff\u201d button_letter_spacing__hover=\u201cnull\u201d button_one_letter_spacing__hover_enabled=\u201coff\u201d button_one_letter_spacing__hover=\u201cnull\u201d button_two_letter_spacing__hover_enabled=\u201coff\u201d button_two_letter_spacing__hover=\u201cnull\u201d button_bg_color__hover_enabled=\u201coff\u201d button_bg_color__hover=\u201cnull\u201d button_one_bg_color__hover_enabled=\u201coff\u201d button_one_bg_color__hover=\u201cnull\u201d button_two_bg_color__hover_enabled=\u201coff\u201d button_two_bg_color__hover=\u201cnull\u201d][et_pb_slide use_bg_overlay=\u201con\u201d bg_overlay_color=\u201crgba(0,0,0,0.22)\u201d _builder_version=\u201c4.16\u201d background_color=\u201d#ffffff\u201d background_image=\u201chttps:\/\/www.velopa.ch\/wp-content\/uploads\/2017\/04\/Service_und_Garantieleistungen.jpg\u201d global_colors_info=\u201d{}\u201d button_text_size__hover_enabled=\u201coff\u201d button_one_text_size__hover_enabled=\u201coff\u201d button_two_text_size__hover_enabled=\u201coff\u201d button_text_color__hover_enabled=\u201coff\u201d button_one_text_color__hover_enabled=\u201coff\u201d button_two_text_color__hover_enabled=\u201coff\u201d button_border_width__hover_enabled=\u201coff\u201d button_one_border_width__hover_enabled=\u201coff\u201d button_two_border_width__hover_enabled=\u201coff\u201d button_border_color__hover_enabled=\u201coff\u201d button_one_border_color__hover_enabled=\u201coff\u201d button_two_border_color__hover_enabled=\u201coff\u201d button_border_radius__hover_enabled=\u201coff\u201d button_one_border_radius__hover_enabled=\u201coff\u201d button_two_border_radius__hover_enabled=\u201coff\u201d button_letter_spacing__hover_enabled=\u201coff\u201d button_one_letter_spacing__hover_enabled=\u201coff\u201d button_two_letter_spacing__hover_enabled=\u201coff\u201d button_bg_color__hover_enabled=\u201coff\u201d button_one_bg_color__hover_enabled=\u201coff\u201d button_two_bg_color__hover_enabled=\u201coff\u201d sticky_transition=\u201con\u201d]<\/p>\n<h2><span class=\"C-1\">&nbsp;<\/span>Service- und Garantieleistungen<\/h2>\n<p class=\"et-fb-mce-line-break-holder\" style=\"text-align: center;\">[\/et_pb_slide][\/et_pb_slider][\/et_pb_column][\/et_pb_row][\/et_pb_section][et_pb_section fb_built=\u201c1\u201d custom_padding_last_edited=\u201con|desktop\u201d admin_label=\u201csection\u201d module_id=\u201cservice-und-garantieleistung\u201d _builder_version=\u201c4.21.0\u201d custom_padding=\u201c14px||14px||false|false\u201d custom_padding_tablet=\u201c0px|||\u201d custom_padding_phone=\u201c5px||80px|\u201d global_colors_info=\u201d{}\u201d][et_pb_row column_structure=\u201c1_2,1_2\u201d column_padding_mobile=\u201con\u201d custom_padding_last_edited=\u201con|phone\u201d admin_label=\u201crow\u201d _builder_version=\u201c4.16\u201d background_size=\u201cinitial\u201d background_position=\u201ctop_left\u201d background_repeat=\u201crepeat\u201d custom_margin_phone=\u201d-107px|||\u201d custom_padding=\u201c30px|50px|30px|50px\u201d custom_padding_tablet=\u201d\u201d custom_padding_phone=\u201d|25px||25px\u201d custom_css_main_element=\u201cborder: 1px solid #eaeaea;\u201d global_colors_info=\u201d{}\u201d][et_pb_column type=\u201c1_2\u201d _builder_version=\u201c4.16\u201d custom_padding=\u201d|||\u201d global_colors_info=\u201d{}\u201d custom_padding__hover=\u201d|||\u201d][et_pb_text _builder_version=\u201c4.16\u201d background_size=\u201cinitial\u201d background_position=\u201ctop_left\u201d background_repeat=\u201crepeat\u201d custom_margin_phone=\u201d|30px||30px\u201d global_colors_info=\u201d{}\u201d]<\/p>\n<h3><span style=\"line-height: 1.2em;\">Service- und Garantieleistungen:<\/span><\/h3>\n<p class=\"et-fb-mce-line-break-holder\" style=\"text-align: center;\">[\/et_pb_text][et_pb_text _builder_version=\u201c4.21.0\u201d background_size=\u201cinitial\u201d background_position=\u201ctop_left\u201d background_repeat=\u201crepeat\u201d custom_margin_phone=\u201d|30px||30px\u201d global_colors_info=\u201d{}\u201d]<\/p>\n<p style=\"text-align: justify;\"><span style=\"color: #1e5faa;\"><b>Velopa Ser\u00advice-Ver\u00adtrag:<\/b><\/span><b style=\"font-size: 14px; background-color: #ffffff; color: #1e5faa;\">&nbsp;<\/b><br>Das Velopa Ser\u00advice\u00adpa\u00adket sichert die Betreu\u00adung der Anlage \u00fcber die gesamte Lebens\u00addauer. Da die Haf\u00adtungs\u00adauf\u00adla\u00adgen, gerade im \u00f6ffent\u00adli\u00adchen Raum, lau\u00adfend zuneh\u00admen, erfor\u00addert dies auch ein erh\u00f6h\u00adtes Sicher\u00adheits\u00adbe\u00adwusst\u00adsein des Betrei\u00adbers. Kos\u00adten infolge einer Ver\u00adnach\u00adl\u00e4s\u00adsi\u00adgung der War\u00adtungs\u00adpflicht k\u00f6n\u00adnen gra\u00advie\u00adrend sein, gerade wenn Per\u00adso\u00adnen vom Scha\u00adden\u00adfall betrof\u00adfen wer\u00adden. Mit unse\u00adren Ser\u00advice\u00adver\u00adtr\u00e4\u00adgen bie\u00adten wir Ihnen eine pr\u00e4\u00adven\u00adtive Sicher\u00adheit f\u00fcr alle Velo\u00adun\u00adter\u00adst\u00e4nde und die Velo\u00adpar\u00adkier\u00adsys\u00adteme Etage 2, Etage 2 plus sowie Parc-Velo-Bike.<\/p>\n<p style=\"text-align: justify;\"><span style=\"color: #1e5faa;\"><b>Umfang und Leis\u00adtun\u00adgen:<\/b><\/span><b style=\"font-size: 14px; background-color: #ffffff; color: #1e5faa;\">&nbsp;<\/b><br>Die Sicher\u00adheits\u00adpr\u00fc\u00adfung umfasst Mass\u00adnah\u00admen zur Fest\u00adstel\u00adlung und Beur\u00adtei\u00adlung des Ist-Zustan\u00addes, sie besteht aus fol\u00adgen\u00adden Elementen:<\/p>\n<p><strong>Zustands\u00adpr\u00fc\u00adfung:<\/strong> Fest\u00adstel\u00adlung \u00e4us\u00adser\u00adlich erkenn\u00adba\u00adrer Sch\u00e4\u00adden und M\u00e4n\u00adgel, wie beson\u00addere Ver\u00adschmut\u00adzung, Kor\u00adro\u00adsion, Farb\u00adsch\u00e4\u00adden, undichte Teile, Fugen&nbsp;etc.<\/p>\n<p><strong>Funk\u00adti\u00adons\u00adpr\u00fc\u00adfung:<\/strong> Kon\u00adtrolle und Pr\u00fc\u00adfung aller Funk\u00adtio\u00adnen wie Ver\u00adschrau\u00adbun\u00adgen, mecha\u00adni\u00adsche Schliess\u00admit\u00adtel, Leicht\u00adg\u00e4n\u00adgig\u00adkeit, Beleuch\u00adtung&nbsp;etc.<\/p>\n<p>Die Sicher\u00adheits\u00adpr\u00fc\u00adfung erfolgt nach einer pro\u00adduk\u00adte\u00adspe\u00adzi\u00adfi\u00adschen Checkliste.<\/p>\n<p class style=\"text-align: justify;\"><span style=\"color: #1e5faa;\"><b>Garan\u00adtie\u00adleis\u00adtun\u00adgen:<\/b><\/span><b style=\"background-color: #ffffff; font-size: 14px; color: #1e5faa;\">&nbsp;<\/b><br>Auf alle unsere Pro\u00addukte und Sys\u00adteme gew\u00e4h\u00adren wir nach <span class=\"caps\">SIA<\/span> Norm&nbsp;118:<\/p>\n<ul>\n<li style=\"text-align: justify;\">2 Jahre Vollgarantie<\/li>\n<li style=\"text-align: justify;\">5 Jahre Garan\u00adtie auf ver\u00adsteckte M\u00e4ngel<\/li>\n<li style=\"text-align: justify;\">10 Jahre Nach\u00adlie\u00adfer\u00adga\u00adran\u00adtie auf Ersatzteile<\/li>\n<\/ul>\n<p style=\"text-align: justify;\"><span style=\"color: #1e5faa;\"><b>Per\u00ads\u00f6n\u00adli\u00adche Bera\u00adtung<\/b><\/span><span style=\"background-color: #ffffff; font-size: 14px; color: #1e5faa;\"><b style=\"font-size: 14px;\">:<\/b><\/span><b style=\"background-color: #ffffff; font-size: 14px; color: #1e5faa;\">&nbsp;<\/b><br>Kom\u00adple\u00adxere Pro\u00adjekte las\u00adsen sich sel\u00adten aus\u00adschliess\u00adlich \u00fcber das Tele\u00adfon abwi\u00adckeln. Gerne unter\u00adst\u00fct\u00adzen wir Sie mit inno\u00adva\u00adti\u00adven L\u00f6sun\u00adgen, vom Erst\u00adkon\u00adtakt \u00fcber Vor\u00adort-Besich\u00adti\u00adgun\u00adgen bis hin zu indi\u00advi\u00addu\u00adel\u00adler Pla\u00adnung und Indi\u00advi\u00addua\u00adli\u00adsie\u00adrung, Bera\u00adtung bez\u00fcg\u00adlich wich\u00adti\u00adgem Zube\u00adh\u00f6r und Aus\u00adf\u00fch\u00adrung am Standort.<\/p>\n<p class=\"et-fb-mce-line-break-holder\" style=\"text-align: center;\">[\/et_pb_text][\/et_pb_column][et_pb_column type=\u201c1_2\u201d _builder_version=\u201c4.16\u201d custom_padding=\u201d|||\u201d global_colors_info=\u201d{}\u201d custom_padding__hover=\u201d|||\u201d][et_pb_divider show_divider=\u201coff\u201d disabled_on=\u201con|on|off\u201d _builder_version=\u201c4.16\u201d height=\u201c50px\u201d global_colors_info=\u201d{}\u201d][\/et_pb_divider][et_pb_text _builder_version=\u201c4.16\u201d background_size=\u201cinitial\u201d background_position=\u201ctop_left\u201d background_repeat=\u201crepeat\u201d custom_margin_phone=\u201d|30px||30px\u201d global_colors_info=\u201d{}\u201d]<\/p>\n<p class style=\"background-color: #ffffff; text-align: justify;\"><span style=\"font-size: 14px; background-color: #ffffff;\"><span style=\"color: #1e5faa;\"><b>Lie\u00adfe\u00adrung &amp; Mon\u00adtage<\/b><\/span><span style=\"background-color: #ffffff; font-size: 14px; color: #1e5faa;\"><b style=\"font-size: 14px;\">:<\/b><\/span><b style=\"background-color: #ffffff; font-size: 14px; color: #1e5faa;\">&nbsp;<\/b><br>Unsere erfah\u00adre\u00adnen und kom\u00adpe\u00adten\u00adten Mon\u00adta\u00adge\u00adteams mit spe\u00adzi\u00adel\u00adlen Mon\u00adta\u00adge\u00adfahr\u00adzeu\u00adgen garan\u00adtie\u00adren einen rei\u00adbungs\u00adlo\u00adsen und effi\u00adzi\u00aden\u00adten Auf\u00adbau Ihres Pro\u00adduk\u00adtes oder Ihrer Anlage. Ob Gross\u00adbau\u00adstelle, Fir\u00admen\u00adareal, Park\u00adan\u00adlage, Aus\u00adbil\u00addungs-Cam\u00adpus oder pri\u00adva\u00adter Gar\u00adten: unsere geschul\u00adten Mon\u00adta\u00adge\u00admit\u00adar\u00adbei\u00adter sind mit jeder Situa\u00adtion ver\u00adtraut. Gerne offe\u00adrie\u00adren wir Ihnen auf Ihren spe\u00adzi\u00adfi\u00adschen Lie\u00adfer\u00adort aus\u00adge\u00adrich\u00adte\u00adten Lie\u00adfer- und Montagepreise.<\/span><b><\/b><\/p>\n<p class style=\"background-color: #ffffff; text-align: justify;\"><span style=\"color: #1e5faa;\"><b>Selbst\u00admon\u00adtage<\/b><\/span><span style=\"font-size: 14px; background-color: #ffffff; color: #1e5faa;\"><b style=\"font-size: 14px;\">:<\/b><\/span><b style=\"font-size: 14px; background-color: #ffffff; color: #1e5faa;\">&nbsp;<\/b><br>Wir kon\u00adzi\u00adpie\u00adren viele unse\u00adrer Pro\u00addukte so, dass mit etwas hand\u00adwerk\u00adli\u00adchem Geschick und unse\u00adren Mon\u00adta\u00adge\u00adan\u00adlei\u00adtun\u00adgen diese pro\u00adblem\u00adlos sel\u00adber in Betrieb genom\u00admen wer\u00adden k\u00f6n\u00adnen. Wir wei\u00adsen dar\u00adauf hin, sich dabei strikte an die Anlei\u00adtun\u00adgen zu hal\u00adten. Je nach Pro\u00addukt ben\u00f6\u00adti\u00adgen Sie f\u00fcr eine Selbst\u00admon\u00adtage zwi\u00adschen 2 bis 4 Stun\u00adden. Bitte beach\u00adten Sie dabei auch, die jewei\u00adli\u00adgen orts\u00adab\u00adh\u00e4n\u00adgi\u00adgen Bau\u00adbe\u00adwil\u00adli\u00adgungs\u00adver-fah\u00adren. F\u00fcr soge\u00adnannte Klein\u00adbau\u00adten sind in vie\u00adlen Gemein\u00adden keine Bau\u00adbe\u00adwil\u00adli\u00adgun\u00adgen n\u00f6tig. Wir emp\u00adfeh\u00adlen Ihnen jedoch, f\u00fcr genauere Abkl\u00e4\u00adrun\u00adgen \u00fcber die in Ihrer Gemeinde gel\u00adten\u00adden Bestim\u00admun\u00adgen, auf der Gemein\u00adde\u00adver\u00adwal\u00adtung ent\u00adspre\u00adchende Aus\u00adkunft ein\u00adzu\u00adho\u00adlen. Gerne unter\u00adst\u00fct\u00adzen wir Sie bei all\u00adf\u00e4l\u00adli\u00adgen Unsi\u00adcher\u00adhei\u00adten und Problemen.<\/p>\n<p class style=\"background-color: #ffffff; text-align: justify;\"><span style=\"color: #1e5faa;\"><b>Miete<\/b><\/span><span style=\"background-color: #ffffff; font-size: 14px; color: #1e5faa;\"><b style=\"font-size: 14px;\">:<\/b><\/span><b style=\"background-color: #ffffff; font-size: 14px; color: #1e5faa;\">&nbsp;<\/b><br>Sie f\u00fch\u00adren einen gr\u00f6s\u00adse\u00adren und tem\u00adpo\u00adr\u00e4\u00adren Anlass durch und ben\u00f6\u00adti\u00adgen Velo\u00adpar\u00adking-Sys\u00adteme f\u00fcr eine beschr\u00e4nkte Zeit\u00addauer? Wir bie\u00adten indi\u00advi\u00addu\u00adelle Miet\u00adl\u00f6\u00adsun\u00adgen zur Selbst\u00admon\u00adtage an oder mon\u00adtie\u00adren diese mit unse\u00adrem Mon\u00adta\u00adge\u00adteam in Ihren Auf\u00adtrag. Gerne unter\u00adbrei\u00adten wir Ihnen auf Ihre indi\u00advi\u00addu\u00adel\u00adlen Bed\u00fcrf\u00adnisse aus\u00adge\u00adrich\u00adtete Mietofferte.<\/p>\n<p class=\"et-fb-mce-line-break-holder\" style=\"text-align: center;\">[\/et_pb_text][\/et_pb_column][\/et_pb_row][\/et_pb_section][et_pb_section fb_built=\u201c1\u201d custom_padding_last_edited=\u201con|phone\u201d admin_label=\u201csection\u201d module_id=\u201cjobs\u201d _builder_version=\u201c4.21.0\u201d custom_padding=\u201c14px|0px|14px|0px|false|false\u201d custom_padding_tablet=\u201d||0px|\u201d custom_padding_phone=\u201c55px||5px|\u201d global_colors_info=\u201d{}\u201d][et_pb_row padding_mobile=\u201coff\u201d column_padding_mobile=\u201con\u201d admin_label=\u201crow\u201d _builder_version=\u201c4.16\u201d background_size=\u201cinitial\u201d background_position=\u201ctop_left\u201d background_repeat=\u201crepeat\u201d custom_padding=\u201c0px|0px|0px|0px\u201d global_colors_info=\u201d{}\u201d][et_pb_column type=\u201c4_4\u201d _builder_version=\u201c4.16\u201d custom_padding=\u201d|||\u201d global_colors_info=\u201d{}\u201d custom_padding__hover=\u201d|||\u201d][et_pb_image src=\u201chttps:\/\/www.velopa.ch\/wp-content\/uploads\/2017\/07\/Offene_Stellen.jpg\u201d align_tablet=\u201ccenter\u201d align_phone=\u201d\u201d align_last_edited=\u201con|desktop\u201d _builder_version=\u201c4.16\u201d animation=\u201coff\u201d global_colors_info=\u201d{}\u201d][\/et_pb_image][\/et_pb_column][\/et_pb_row][\/et_pb_section][et_pb_section fb_built=\u201c1\u201d custom_padding_last_edited=\u201con|desktop\u201d admin_label=\u201csection\u201d _builder_version=\u201c4.16\u201d custom_padding=\u201c14px||14px|\u201d custom_padding_tablet=\u201d\u201d custom_padding_phone=\u201c20px||14px|\u201d global_colors_info=\u201d{}\u201d][et_pb_row column_padding_mobile=\u201con\u201d custom_padding_last_edited=\u201con|phone\u201d admin_label=\u201crow\u201d _builder_version=\u201c4.16\u201d background_size=\u201cinitial\u201d background_position=\u201ctop_left\u201d background_repeat=\u201crepeat\u201d custom_margin_phone=\u201d-107px|||\u201d custom_padding=\u201c30px|50px|30px|50px|false|false\u201d custom_padding_tablet=\u201d\u201d custom_padding_phone=\u201d|25px||25px\u201d custom_css_main_element=\u201cborder: 1px solid #eaeaea;\u201d global_colors_info=\u201d{}\u201d][et_pb_column type=\u201c4_4\u201d _builder_version=\u201c4.16\u201d custom_padding=\u201d|||\u201d global_colors_info=\u201d{}\u201d custom_padding__hover=\u201d|||\u201d][et_pb_text _builder_version=\u201c4.27.4\u201d background_size=\u201cinitial\u201d background_position=\u201ctop_left\u201d background_repeat=\u201crepeat\u201d custom_margin_phone=\u201d|30px||30px\u201d border_style=\u201csolid\u201d global_colors_info=\u201d{}\u201d]<\/p>\n<h1 style=\"padding-bottom: 0px; background-color: #ffffff; color: #052433; font-weight: 500; line-height: 1.7em; text-align: center; font-family: CamphorStd-Bold, Helvetica, Arial, sans-serif !important;\">Offene Stellen<\/h1>\n<p class=\"et-fb-mce-line-break-holder\" style=\"text-align: center;\">\n<\/p><p>[\/et_pb_text][\/et_pb_column][\/et_pb_row][\/et_pb_section][et_pb_section fb_built=\u201c1\u201d custom_padding_last_edited=\u201con|desktop\u201d admin_label=\u201cJobinserat <span class=\"caps\">DE<\/span>\u201d _builder_version=\u201c4.16\u201d custom_padding=\u201c14px||14px|\u201d custom_padding_tablet=\u201d\u201d custom_padding_phone=\u201c20px||14px|\u201d global_colors_info=\u201d{}\u201d][et_pb_row column_padding_mobile=\u201con\u201d custom_padding_last_edited=\u201con|phone\u201d admin_label=\u201crow\u201d _builder_version=\u201c4.16\u201d background_size=\u201cinitial\u201d background_position=\u201ctop_left\u201d background_repeat=\u201crepeat\u201d custom_margin_phone=\u201d-107px|||\u201d custom_padding=\u201c30px|50px|30px|50px|false|false\u201d custom_padding_tablet=\u201d\u201d custom_padding_phone=\u201d|25px||25px\u201d custom_css_main_element=\u201cborder: 1px solid #eaeaea;\u201d global_colors_info=\u201d{}\u201d][et_pb_column type=\u201c4_4\u201d _builder_version=\u201c4.16\u201d custom_padding=\u201d|||\u201d global_colors_info=\u201d{}\u201d custom_padding__hover=\u201d|||\u201d][et_pb_text _builder_version=\u201c4.27.6\u201d background_size=\u201cinitial\u201d background_position=\u201ctop_left\u201d background_repeat=\u201crepeat\u201d custom_margin_phone=\u201d|30px||30px\u201d border_style=\u201csolid\u201d global_colors_info=\u201d{}\u201d]<\/p>\n<p class=\"Default\" style=\"text-align: center;\"><a href=\"https:\/\/www.velopa.ch\/wp-content\/uploads\/2026\/03\/20260326_Inserat_Stans_Teamleiter-AVOR.pdf\" target=\"_blank\" rel=\"noopener\"><span style=\"color: #000000;\"><span style=\"font-size: 18.6667px;\"><b>Team\u00adlei\u00adter <span class=\"caps\">AVOR<\/span> m\/w\/d (100%)<br><\/b><\/span><\/span><\/a><\/p>\n<p style=\"text-align: center;\">Mit rund 75 Mit\u00adar\u00adbei\u00adten\u00adden sind wir die f\u00fch\u00adrende Anbie\u00adte\u00adrin in der Schweiz f\u00fcr Par\u00adkier\u00adsys\u00adteme, \u00dcber\u00adda\u00adchun\u00adgen,<br>Absperr\u00adsys\u00adteme und Stadt\u00admo\u00adbi\u00adliar. Gemein\u00adsam gestal\u00adten wir attrak\u00adtive Frei\u00adr\u00e4ume und set\u00adzen dabei auf<br>Qua\u00adli\u00adt\u00e4t, Nach\u00adhal\u00adtig\u00adkeit und Inno\u00adva\u00adtion. Als Teil der Genos\u00adsen\u00adschaft Ham\u00admer fer\u00adti\u00adgen wir \u00fcber\u00adwie\u00adgend an<br>eige\u00adnen Pro\u00adduk\u00adti\u00adons\u00adstand\u00ador\u00adten und leis\u00adten so einen wich\u00adti\u00adgen Bei\u00adtrag zum Werk\u00adplatz Schweiz.<\/p>\n<p style=\"text-align: center;\">Zur Ver\u00adst\u00e4r\u00adkung unse\u00adres Teams am <span class=\"caps\">ISO<\/span> Zer\u00adti\u00adfi\u00adzier\u00adten Stand\u00adort <strong>Stans<\/strong>, suchen wir <span class=\"caps\">DICH<\/span> \u2013 eine\/n erfahrene\/n<\/p>\n<p style=\"text-align: center;\"><strong>Teamleiter\/in <span class=\"caps\">AVOR<\/span> f\u00fcr die Berei\u00adche Stahl, Chrom\u00adstahl und Aluminium.<\/strong><\/p>\n<p style=\"text-align: center;\"><a href=\"https:\/\/www.velopa.ch\/wp-content\/uploads\/2026\/04\/20260326_Inserat_Stans_Teamleiter-AVOR.pdf\" target=\"_blank\" rel=\"noopener\"><strong>-&nbsp;Zum Inserat&nbsp;-<\/strong><\/a><\/p>\n<p>[\/et_pb_text][et_pb_text disabled_on=\u201coff|off|off\u201d _builder_version=\u201c4.27.4\u201d background_size=\u201cinitial\u201d background_position=\u201ctop_left\u201d background_repeat=\u201crepeat\u201d custom_margin_phone=\u201d|30px||30px\u201d border_style=\u201csolid\u201d global_colors_info=\u201d{}\u201d]<\/p>\n<p class=\"Default\" style=\"text-align: center;\"><a href=\"https:\/\/www.velopa.ch\/wp-content\/uploads\/2025\/03\/20250307_Inserat_Stans_Metallbauer_Abteilung-PU_HAH-Du.pdf\" target=\"_blank\" rel=\"noopener\"><span style=\"color: #000000;\"><span style=\"font-size: 18.6667px;\"><b>Metall\u00adbauer m\/w\/d (100%)<\/b><\/span><\/span><\/a><\/p>\n<p style=\"text-align: center;\">Mit rund 75 Mit\u00adar\u00adbei\u00adten\u00adden sind wir die f\u00fch\u00adrende Anbie\u00adte\u00adrin in der Schweiz f\u00fcr Par\u00adkier\u00adsys\u00adteme, \u00dcber\u00adda\u00adchun\u00adgen,<br>Absperr\u00adsys\u00adteme und Stadt\u00admo\u00adbi\u00adliar. Gemein\u00adsam gestal\u00adten wir attrak\u00adtive Frei\u00adr\u00e4ume und set\u00adzen dabei auf<br>Qua\u00adli\u00adt\u00e4t, Nach\u00adhal\u00adtig\u00adkeit und Inno\u00adva\u00adtion. Als Teil der Genos\u00adsen\u00adschaft Ham\u00admer fer\u00adti\u00adgen wir \u00fcber\u00adwie\u00adgend an<br>eige\u00adnen Pro\u00adduk\u00adti\u00adons\u00adstand\u00ador\u00adten und leis\u00adten so einen wich\u00adti\u00adgen Bei\u00adtrag zum Werk\u00adplatz Schweiz.<br>Zur Ver\u00adst\u00e4r\u00adkung unse\u00adres ope\u00adra\u00adti\u00adven Teams am <strong><span class=\"caps\">ISO<\/span> Zer\u00adti\u00adfi\u00adzier\u00adten Stand\u00adort Stans<\/strong>, suchen wir <span class=\"caps\">DICH<\/span> \u2013 eine\/n<br><strong>erfahrene\/n Metallbauer\/in<\/strong> f\u00fcr die Berei\u00adche <strong>Stahl, Chrom\u00adstahl und Aluminium.<\/strong><\/p>\n<p style=\"text-align: center;\"><a href=\"https:\/\/www.velopa.ch\/wp-content\/uploads\/2025\/03\/20250307_Inserat_Stans_Metallbauer_Abteilung-PU_HAH-Du.pdf\" target=\"_blank\" rel=\"noopener\"><strong>-&nbsp;Zum Inserat&nbsp;-<\/strong><\/a><\/p>\n<p>[\/et_pb_text][\/et_pb_column][\/et_pb_row][\/et_pb_section][et_pb_section fb_built=\u201c1\u201d custom_padding_last_edited=\u201con|phone\u201d admin_label=\u201cJobs Ham\u00admer Group\u201d module_id=\u201cjobs\u201d _builder_version=\u201c4.21.0\u201d custom_padding=\u201c14px|0px|14px|0px|false|false\u201d custom_padding_tablet=\u201d||0px|\u201d custom_padding_phone=\u201c55px||5px|\u201d global_colors_info=\u201d{}\u201d][et_pb_row padding_mobile=\u201coff\u201d column_padding_mobile=\u201con\u201d admin_label=\u201crow\u201d _builder_version=\u201c4.16\u201d background_size=\u201cinitial\u201d background_position=\u201ctop_left\u201d background_repeat=\u201crepeat\u201d custom_padding=\u201c0px|0px|0px|0px\u201d global_colors_info=\u201d{}\u201d][et_pb_column type=\u201c4_4\u201d _builder_version=\u201c4.16\u201d custom_padding=\u201d|||\u201d global_colors_info=\u201d{}\u201d custom_padding__hover=\u201d|||\u201d][et_pb_image src=\u201chttps:\/\/www.velopa.ch\/wp-content\/uploads\/2021\/11\/Jobs-Hammer.jpg\u201d title_text=\u201cJobs Ham\u00admer\u201d align_tablet=\u201ccenter\u201d align_phone=\u201d\u201d align_last_edited=\u201con|desktop\u201d _builder_version=\u201c4.16\u201d animation=\u201coff\u201d global_colors_info=\u201d{}\u201d][\/et_pb_image][\/et_pb_column][\/et_pb_row][\/et_pb_section][et_pb_section fb_built=\u201c1\u201d custom_padding_last_edited=\u201con|desktop\u201d admin_label=\u201csection\u201d _builder_version=\u201c4.16\u201d custom_padding=\u201c14px||14px|\u201d custom_padding_tablet=\u201d\u201d custom_padding_phone=\u201c20px||14px|\u201d global_colors_info=\u201d{}\u201d][et_pb_row column_padding_mobile=\u201con\u201d custom_padding_last_edited=\u201con|phone\u201d admin_label=\u201crow\u201d _builder_version=\u201c4.16\u201d background_size=\u201cinitial\u201d background_position=\u201ctop_left\u201d background_repeat=\u201crepeat\u201d custom_margin_phone=\u201d-107px|||\u201d custom_padding=\u201c30px|50px|30px|50px|false|false\u201d custom_padding_tablet=\u201d\u201d custom_padding_phone=\u201d|25px||25px\u201d custom_css_main_element=\u201cborder: 1px solid #eaeaea;\u201d global_colors_info=\u201d{}\u201d][et_pb_column type=\u201c4_4\u201d _builder_version=\u201c4.16\u201d custom_padding=\u201d|||\u201d global_colors_info=\u201d{}\u201d custom_padding__hover=\u201d|||\u201d][et_pb_text _builder_version=\u201c4.16\u201d background_size=\u201cinitial\u201d background_position=\u201ctop_left\u201d background_repeat=\u201crepeat\u201d custom_margin_phone=\u201d|30px||30px\u201d border_style=\u201csolid\u201d global_colors_info=\u201d{}\u201d]<\/p>\n<h1 style=\"padding-bottom: 0px; background-color: #ffffff; color: #052433; font-weight: 500; line-height: 1.7em; text-align: center; font-family: CamphorStd-Bold, Helvetica, Arial, sans-serif !important;\">Offene Stellen bei Unternehmen der Hammer Group<\/h1>\n<p class=\"et-fb-mce-line-break-holder\" style=\"text-align: center;\">[\/et_pb_text][\/et_pb_column][\/et_pb_row][\/et_pb_section][et_pb_section fb_built=\u201c1\u201d custom_padding_last_edited=\u201con|desktop\u201d disabled_on=\u201coff|off|off\u201d admin_label=\u201cJobinserat <span class=\"caps\">DE<\/span>\u201d _builder_version=\u201c4.16\u201d custom_padding=\u201c14px||14px|\u201d custom_padding_tablet=\u201d\u201d custom_padding_phone=\u201c20px||14px|\u201d locked=\u201coff\u201d global_colors_info=\u201d{}\u201d][et_pb_row column_padding_mobile=\u201con\u201d custom_padding_last_edited=\u201con|phone\u201d admin_label=\u201crow\u201d _builder_version=\u201c4.16\u201d background_size=\u201cinitial\u201d background_position=\u201ctop_left\u201d background_repeat=\u201crepeat\u201d custom_margin_phone=\u201d-107px|||\u201d custom_padding=\u201c30px|50px|30px|50px|false|false\u201d custom_padding_tablet=\u201d\u201d custom_padding_phone=\u201d|25px||25px\u201d custom_css_main_element=\u201cborder: 1px solid #eaeaea;\u201d global_colors_info=\u201d{}\u201d][et_pb_column type=\u201c4_4\u201d _builder_version=\u201c4.16\u201d custom_padding=\u201d|||\u201d global_colors_info=\u201d{}\u201d custom_padding__hover=\u201d|||\u201d][et_pb_text _builder_version=\u201c4.21.0\u201d background_size=\u201cinitial\u201d background_position=\u201ctop_left\u201d background_repeat=\u201crepeat\u201d custom_margin_phone=\u201d|30px||30px\u201d border_style=\u201csolid\u201d global_colors_info=\u201d{}\u201d]<\/p>\n<h3 style=\"padding-bottom: 0px; background-color: #ffffff; color: #052433; font-weight: 500; line-height: 1.7em; text-align: center; font-family: CamphorStd-Bold, Helvetica, Arial, sans-serif !important;\">Aktuell keine offenen Vakanzen<\/h3>\n<p>[\/et_pb_text][\/et_pb_column][\/et_pb_row][\/et_pb_section][et_pb_section fb_built=\u201c1\u201d custom_padding_last_edited=\u201con|desktop\u201d disabled_on=\u201con|on|on\u201d admin_label=\u201cJobinserat <span class=\"caps\">DE<\/span>\u201d _builder_version=\u201c4.16\u201d custom_padding=\u201c14px||14px|\u201d custom_padding_tablet=\u201d\u201d custom_padding_phone=\u201c20px||14px|\u201d disabled=\u201con\u201d global_colors_info=\u201d{}\u201d][et_pb_row column_padding_mobile=\u201con\u201d custom_padding_last_edited=\u201con|phone\u201d admin_label=\u201crow\u201d _builder_version=\u201c4.16\u201d background_size=\u201cinitial\u201d background_position=\u201ctop_left\u201d background_repeat=\u201crepeat\u201d custom_margin_phone=\u201d-107px|||\u201d custom_padding=\u201c30px|50px|30px|50px|false|false\u201d custom_padding_tablet=\u201d\u201d custom_padding_phone=\u201d|25px||25px\u201d custom_css_main_element=\u201cborder: 1px solid #eaeaea;\u201d global_colors_info=\u201d{}\u201d][et_pb_column type=\u201c4_4\u201d _builder_version=\u201c4.16\u201d custom_padding=\u201d|||\u201d global_colors_info=\u201d{}\u201d custom_padding__hover=\u201d|||\u201d][et_pb_text _builder_version=\u201c4.17.4\u201d background_size=\u201cinitial\u201d background_position=\u201ctop_left\u201d background_repeat=\u201crepeat\u201d custom_margin_phone=\u201d|30px||30px\u201d border_style=\u201csolid\u201d global_colors_info=\u201d{}\u201d]<\/p>\n<h3 style=\"padding-bottom: 0px; background-color: #ffffff; color: #052433; font-weight: 500; line-height: 1.7em; text-align: center; font-family: CamphorStd-Bold, Helvetica, Arial, sans-serif !important;\">METALLBAUER\/IN (100%-Pensum)<br>IM BEREICH PERSONENUNTERST\u00c4NDE<br>Wasta AG, Stans<\/h3>\n<h3 class=\"et-fb-mce-line-break-holder\" style=\"text-align: center;\">&nbsp;<\/h3>\n<p>[\/et_pb_text][et_pb_text _builder_version=\u201c4.21.0\u201d background_size=\u201cinitial\u201d background_position=\u201ctop_left\u201d background_repeat=\u201crepeat\u201d custom_margin_phone=\u201d|30px||30px\u201d border_style=\u201csolid\u201d global_colors_info=\u201d{}\u201d]<\/p>\n<p style=\"text-align: center;\">Zur Ver\u00adst\u00e4r\u00adkung unse\u00adres Teams suchen wir nach Ver\u00adein\u00adba\u00adrung einen <span class=\"caps\">METALLBAUER<\/span>\/<span class=\"caps\">IN<\/span> (100%-Pensum)<br><span class=\"caps\">IM<\/span> <span class=\"caps\">BEREICH<\/span> <span class=\"caps\">PERSONENUNTERST\u00c4NDE<\/span><br>Wasta <span class=\"caps\">AG<\/span>,&nbsp;Stans<\/p>\n<p style=\"text-align: center;\"><a href=\"https:\/\/www.velopa.ch\/wp-content\/uploads\/2022\/10\/Metallbauer-Metallbaumonteur-PU-2020.pdf\"><strong>Zum Stel\u00adlen\u00adin\u00adse\u00adrat<\/strong><\/a><\/p>\n<p>[\/et_pb_text][\/et_pb_column][\/et_pb_row][\/et_pb_section][et_pb_section fb_built=\u201c1\u201d custom_padding_last_edited=\u201con|desktop\u201d disabled_on=\u201con|on|on\u201d admin_label=\u201cJobinserat <span class=\"caps\">DE<\/span>\u201d _builder_version=\u201c4.16\u201d custom_padding=\u201c14px||14px|\u201d custom_padding_tablet=\u201d\u201d custom_padding_phone=\u201c20px||14px|\u201d disabled=\u201con\u201d global_colors_info=\u201d{}\u201d][et_pb_row column_padding_mobile=\u201con\u201d custom_padding_last_edited=\u201con|phone\u201d admin_label=\u201crow\u201d _builder_version=\u201c4.16\u201d background_size=\u201cinitial\u201d background_position=\u201ctop_left\u201d background_repeat=\u201crepeat\u201d custom_margin_phone=\u201d-107px|||\u201d custom_padding=\u201c30px|50px|30px|50px|false|false\u201d custom_padding_tablet=\u201d\u201d custom_padding_phone=\u201d|25px||25px\u201d custom_css_main_element=\u201cborder: 1px solid #eaeaea;\u201d global_colors_info=\u201d{}\u201d][et_pb_column type=\u201c4_4\u201d _builder_version=\u201c4.16\u201d custom_padding=\u201d|||\u201d global_colors_info=\u201d{}\u201d custom_padding__hover=\u201d|||\u201d][et_pb_text _builder_version=\u201c4.16\u201d background_size=\u201cinitial\u201d background_position=\u201ctop_left\u201d background_repeat=\u201crepeat\u201d custom_margin_phone=\u201d|30px||30px\u201d border_style=\u201csolid\u201d global_colors_info=\u201d{}\u201d]<\/p>\n<h3 style=\"padding-bottom: 0px; background-color: #ffffff; color: #052433; font-weight: 500; line-height: 1.7em; text-align: center; font-family: CamphorStd-Bold, Helvetica, Arial, sans-serif !important;\">CHEFMONTEUR\/IN (100%-Pensum)<br>Wasta AG, Stans<\/h3>\n<p class=\"et-fb-mce-line-break-holder\" style=\"text-align: center;\">[\/et_pb_text][et_pb_text _builder_version=\u201c4.16\u201d background_size=\u201cinitial\u201d background_position=\u201ctop_left\u201d background_repeat=\u201crepeat\u201d custom_margin_phone=\u201d|30px||30px\u201d border_style=\u201csolid\u201d global_colors_info=\u201d{}\u201d]<\/p>\n<p style=\"text-align: center;\">Zur Ver\u00adst\u00e4r\u00adkung unse\u00adres Teams suchen wir nach Ver\u00adein\u00adba\u00adrung eine\/n versierte\/n Chefmonteur\/in<\/p>\n<p style=\"text-align: center;\"><a href=\"https:\/\/www.velopa.ch\/wp-content\/uploads\/2022\/02\/Chefmonteur_2022.pdf\"><strong>Zum Stel\u00adlen\u00adin\u00adse\u00adrat<\/strong><\/a><\/p>\n<p>[\/et_pb_text][\/et_pb_column][\/et_pb_row][\/et_pb_section][et_pb_section fb_built=\u201c1\u201d custom_padding_last_edited=\u201con|desktop\u201d admin_label=\u201cFooter Icons <span class=\"caps\">DE<\/span>\u201d module_id=\u201cow_fix_height_234\u201d _builder_version=\u201c4.6.1\u201d custom_margin_tablet=\u201d\u201d custom_margin_phone=\u201c0px||0px|\u201d custom_margin_last_edited=\u201con|desktop\u201d custom_padding=\u201c60px|0px|60px|0px\u201d custom_padding_tablet=\u201c70px|||\u201d custom_padding_phone=\u201c14px||60px|\u201d global_module=\u201c6378\u201d locked=\u201coff\u201d global_colors_info=\u201d{}\u201d][et_pb_row column_structure=\u201c1_4,1_4,1_4,1_4\u201d custom_padding_last_edited=\u201con|phone\u201d admin_label=\u201crow\u201d _builder_version=\u201c4.27.4\u201d background_size=\u201cinitial\u201d background_position=\u201ctop_left\u201d background_repeat=\u201crepeat\u201d custom_margin_tablet=\u201d\u201d custom_margin_phone=\u201c0px||0px|\u201d custom_margin_last_edited=\u201con|desktop\u201d custom_padding=\u201c0px|0px|0px|0px\u201d custom_padding_tablet=\u201d\u201d custom_padding_phone=\u201d\u201d global_colors_info=\u201d{}\u201d][et_pb_column type=\u201c1_4\u201d _builder_version=\u201c4.16\u201d custom_padding=\u201d|||\u201d global_colors_info=\u201d{}\u201d custom_padding__hover=\u201d|||\u201d][et_pb_blurb title=\u201d\u25ba L\u00f6sun\u00adgen\u201d image=\u201chttps:\/\/www.velopa.ch\/wp-content\/uploads\/2021\/03\/iconall.png\u201d image_icon_width=\u201c60%\u201d image_icon_width_tablet=\u201d\u201d image_icon_width_phone=\u201c50%\u201d image_icon_width_last_edited=\u201con|desktop\u201d module_class=\u201cow_clickable_box\u201d _builder_version=\u201c4.16\u201d header_font_size=\u201c17px\u201d body_line_height=\u201c1em\u201d background_color=\u201d#eaeaea\u201d background_size=\u201cinitial\u201d background_position=\u201ctop_left\u201d background_repeat=\u201crepeat\u201d text_orientation=\u201ccenter\u201d custom_padding=\u201c45px|25px|35px|25px\u201d custom_padding_tablet=\u201d||32px|\u201d custom_padding_phone=\u201d\u201d custom_padding_last_edited=\u201con|tablet\u201d animation=\u201coff\u201d image_max_width=\u201c60%\u201d image_max_width_tablet=\u201d\u201d image_max_width_phone=\u201c50%\u201d image_max_width_last_edited=\u201con|desktop\u201d global_colors_info=\u201d{}\u201d]<\/p>\n<p><a href=\"https:\/\/www.velopa.ch\/de\/loesungen\/\">link<\/a><\/p>\n<p>[\/et_pb_blurb][\/et_pb_column][et_pb_column type=\u201c1_4\u201d _builder_version=\u201c4.16\u201d custom_padding=\u201d|||\u201d global_colors_info=\u201d{}\u201d custom_padding__hover=\u201d|||\u201d][et_pb_blurb title=\u201d\u25ba Kon\u00adtakt\u201d image=\u201chttps:\/\/www.velopa.ch\/wp-content\/uploads\/2021\/03\/kontakt.png\u201d image_icon_width=\u201c60%\u201d image_icon_width_tablet=\u201d\u201d image_icon_width_phone=\u201c50%\u201d image_icon_width_last_edited=\u201con|phone\u201d module_class=\u201cow_clickable_box\u201d _builder_version=\u201c4.16\u201d header_font_size=\u201c17px\u201d body_line_height=\u201c1em\u201d background_color=\u201d#eaeaea\u201d background_size=\u201cinitial\u201d background_position=\u201ctop_left\u201d background_repeat=\u201crepeat\u201d text_orientation=\u201ccenter\u201d custom_padding=\u201c45px|25px|35px|25px\u201d custom_padding_tablet=\u201d||32px|\u201d custom_padding_phone=\u201d\u201d custom_padding_last_edited=\u201con|phone\u201d animation=\u201coff\u201d image_max_width=\u201c60%\u201d image_max_width_tablet=\u201d\u201d image_max_width_phone=\u201c50%\u201d image_max_width_last_edited=\u201con|phone\u201d global_colors_info=\u201d{}\u201d]<\/p>\n<p class=\"et-fb-mce-line-break-holder\" style=\"text-align: center;\"><a href=\"https:\/\/www.velopa.ch\/de\/kontakt\/\">link<\/a><\/p>\n<p>[\/et_pb_blurb][\/et_pb_column][et_pb_column type=\u201c1_4\u201d _builder_version=\u201c4.16\u201d custom_padding=\u201d|||\u201d global_colors_info=\u201d{}\u201d custom_padding__hover=\u201d|||\u201d][et_pb_blurb title=\u201d\u25ba Pers. Bera\u00adtung\u201d image=\u201chttps:\/\/www.velopa.ch\/wp-content\/uploads\/2021\/03\/persoenliche-beratung.png\u201d image_icon_width=\u201c60%\u201d image_icon_width_tablet=\u201d\u201d image_icon_width_phone=\u201c50%\u201d image_icon_width_last_edited=\u201con|phone\u201d module_class=\u201cow_clickable_box\u201d _builder_version=\u201c4.16\u201d header_font_size=\u201c17px\u201d body_line_height=\u201c1em\u201d background_color=\u201d#eaeaea\u201d background_size=\u201cinitial\u201d background_position=\u201ctop_left\u201d background_repeat=\u201crepeat\u201d text_orientation=\u201ccenter\u201d custom_padding=\u201c45px|25px|35px|25px\u201d custom_padding_tablet=\u201d||32px|\u201d custom_padding_phone=\u201d||32px|\u201d custom_padding_last_edited=\u201con|phone\u201d animation=\u201coff\u201d image_max_width=\u201c60%\u201d image_max_width_tablet=\u201d\u201d image_max_width_phone=\u201c50%\u201d image_max_width_last_edited=\u201con|phone\u201d global_colors_info=\u201d{}\u201d]<\/p>\n<p class=\"et-fb-mce-line-break-holder\" style=\"text-align: center;\"><a href=\"https:\/\/www.velopa.ch\/de\/kontakt\/#persoenliche-beratung\">link<\/a><\/p>\n<p>[\/et_pb_blurb][\/et_pb_column][et_pb_column type=\u201c1_4\u201d _builder_version=\u201c4.27.4\u201d _module_preset=\u201cdefault\u201d global_colors_info=\u201d{}\u201d][et_pb_blurb title=\u201d\u25ba Kata\u00adlog\u201d image=\u201chttps:\/\/www.velopa.ch\/wp-content\/uploads\/2021\/03\/katalog.png\u201d image_icon_width=\u201c60%\u201d image_icon_width_tablet=\u201d\u201d image_icon_width_phone=\u201c50%\u201d image_icon_width_last_edited=\u201con|phone\u201d module_class=\u201cow_clickable_box\u201d _builder_version=\u201c4.16\u201d header_font_size=\u201c17px\u201d body_line_height=\u201c1em\u201d background_color=\u201d#eaeaea\u201d background_size=\u201cinitial\u201d background_position=\u201ctop_left\u201d background_repeat=\u201crepeat\u201d text_orientation=\u201ccenter\u201d custom_padding=\u201c45px|25px|35px|25px\u201d custom_padding_tablet=\u201d||32px|\u201d custom_padding_phone=\u201d\u201d custom_padding_last_edited=\u201con|phone\u201d animation=\u201coff\u201d use_border_color=\u201coff\u201d border_color=\u201d#ffffff\u201d border_style=\u201csolid\u201d image_max_width=\u201c60%\u201d image_max_width_tablet=\u201d\u201d image_max_width_phone=\u201c50%\u201d image_max_width_last_edited=\u201con|phone\u201d global_colors_info=\u201d{}\u201d]<\/p>\n<p class=\"et-fb-mce-line-break-holder\" style=\"text-align: center;\"><a href=\"https:\/\/www.velopa.ch\/de\/kataloge\/\">link<\/a><\/p>\n<p>[\/et_pb_blurb][\/et_pb_column][\/et_pb_row][\/et_pb_section]<\/p>\n","protected":false},"excerpt":{"rendered":"<p>Unter\u00adneh\u00admen Velopa <span class=\"caps\">AG<\/span> mit ihren rund 50 Mit\u00adar\u00adbei\u00adtern ist die schweiz\u00adweit f\u00fch\u00adrende Anbie\u00adte\u00adrin von Pro\u00adduk\u00adten und L\u00f6sun\u00adgen im Bereich von Parkiersystemen,\u00dcberdachungen, Absperr\u00adsys\u00adte\u00admen und Stadt\u00admo\u00adbi\u00adliar sowohl f\u00fcr Gesch\u00e4fts\u00adkun\u00adden (<span class=\"caps\">B2B<\/span>) wie auch f\u00fcr pri\u00advate Anwen\u00addun\u00adgen (<span class=\"caps\">B2C<\/span>).\u201cUnsere Pro\u00addukte sind Teil lebens\u00adwer\u00adter Aus\u00adsen\u00adr\u00e4ume \u2013 f\u00fcr Generationen.\u201cVelopa <span class=\"caps\">AG<\/span> \u2013 zukunfts\u00adwei\u00adsende Infra\u00adstruk\u00adtur\u00adl\u00f6\u00adsun\u00adgen f\u00fcr attrak\u00adtive Aus\u00adsen\u00adr\u00e4u\u00adme\u00adViel\u00adf\u00e4l\u00adtige L\u00f6sun\u00adgen, die Mass\u00adst\u00e4be set\u00adzen \u2013&nbsp;mit&nbsp;[\u2026]<\/p>\n","protected":false},"author":2,"featured_media":0,"parent":0,"menu_order":0,"comment_status":"closed","ping_status":"closed","template":"","meta":{"_acf_changed":false,"_et_pb_use_builder":"on","_et_pb_old_content":"","_et_gb_content_width":"","wp_typography_post_enhancements_disabled":false,"footnotes":""},"class_list":["post-747","page","type-page","status-publish","hentry"],"acf":[],"yoast_head":"<!-- This site is optimized with the Yoast SEO plugin v27.2 - https:\/\/yoast.com\/product\/yoast-seo-wordpress\/ -->\n<title>\u00dcber uns - Velopa Schweiz<\/title>\n<meta name=\"description\" content=\"Mit unserer Expertise schaffen wir Infrastrukturl\u00f6sungen, die Aussenr\u00e4ume lebenswerter machen, sowohl qualitativ als auch funktional.\" \/>\n<meta name=\"robots\" content=\"index, follow, max-snippet:-1, max-image-preview:large, max-video-preview:-1\" \/>\n<link rel=\"canonical\" href=\"https:\/\/www.velopa.ch\/de\/ueber-uns\/\" \/>\n<meta property=\"og:locale\" content=\"de_DE\" \/>\n<meta property=\"og:type\" content=\"article\" \/>\n<meta property=\"og:title\" content=\"\u00dcber uns - Velopa Schweiz\" \/>\n<meta property=\"og:description\" content=\"Mit unserer Expertise schaffen wir Infrastrukturl\u00f6sungen, die Aussenr\u00e4ume lebenswerter machen, sowohl qualitativ als auch funktional.\" \/>\n<meta property=\"og:url\" content=\"https:\/\/www.velopa.ch\/de\/ueber-uns\/\" \/>\n<meta property=\"og:site_name\" content=\"Velopa Schweiz\" \/>\n<meta property=\"article:modified_time\" content=\"2026-04-28T15:59:02+00:00\" \/>\n<meta property=\"og:image\" content=\"https:\/\/www.velopa.ch\/wp-content\/uploads\/2024\/09\/Unsere-Vision-notre-vision.jpg\" \/>\n<meta name=\"twitter:card\" content=\"summary_large_image\" \/>\n<meta name=\"twitter:label1\" content=\"Gesch\u00e4tzte Lesezeit\" \/>\n\t<meta name=\"twitter:data1\" content=\"11\u00a0Minuten\" \/>\n<script type=\"application\/ld+json\" class=\"yoast-schema-graph\">{\"@context\":\"https:\/\/schema.org\",\"@graph\":[{\"@type\":\"WebPage\",\"@id\":\"https:\/\/www.velopa.ch\/de\/ueber-uns\/\",\"url\":\"https:\/\/www.velopa.ch\/de\/ueber-uns\/\",\"name\":\"\u00dcber uns - Velopa Schweiz\",\"isPartOf\":{\"@id\":\"https:\/\/www.velopa.ch\/de\/#website\"},\"primaryImageOfPage\":{\"@id\":\"https:\/\/www.velopa.ch\/de\/ueber-uns\/#primaryimage\"},\"image\":{\"@id\":\"https:\/\/www.velopa.ch\/de\/ueber-uns\/#primaryimage\"},\"thumbnailUrl\":\"https:\/\/www.velopa.ch\/wp-content\/uploads\/2024\/09\/Unsere-Vision-notre-vision.jpg\",\"datePublished\":\"2016-12-16T13:54:52+00:00\",\"dateModified\":\"2026-04-28T15:59:02+00:00\",\"description\":\"Mit unserer Expertise schaffen wir Infrastrukturl\u00f6sungen, die Aussenr\u00e4ume lebenswerter machen, sowohl qualitativ als auch funktional.\",\"breadcrumb\":{\"@id\":\"https:\/\/www.velopa.ch\/de\/ueber-uns\/#breadcrumb\"},\"inLanguage\":\"de\",\"potentialAction\":[{\"@type\":\"ReadAction\",\"target\":[\"https:\/\/www.velopa.ch\/de\/ueber-uns\/\"]}]},{\"@type\":\"ImageObject\",\"inLanguage\":\"de\",\"@id\":\"https:\/\/www.velopa.ch\/de\/ueber-uns\/#primaryimage\",\"url\":\"https:\/\/www.velopa.ch\/wp-content\/uploads\/2024\/09\/Unsere-Vision-notre-vision.jpg\",\"contentUrl\":\"https:\/\/www.velopa.ch\/wp-content\/uploads\/2024\/09\/Unsere-Vision-notre-vision.jpg\"},{\"@type\":\"BreadcrumbList\",\"@id\":\"https:\/\/www.velopa.ch\/de\/ueber-uns\/#breadcrumb\",\"itemListElement\":[{\"@type\":\"ListItem\",\"position\":1,\"name\":\"Home\",\"item\":\"https:\/\/www.velopa.ch\/de\/\"},{\"@type\":\"ListItem\",\"position\":2,\"name\":\"\u00dcber uns\"}]},{\"@type\":\"WebSite\",\"@id\":\"https:\/\/www.velopa.ch\/de\/#website\",\"url\":\"https:\/\/www.velopa.ch\/de\/\",\"name\":\"Velopa Schweiz\",\"description\":\"Professionelle Veloparkier- , \u00dcberdachungs- und Absperrsysteme\",\"potentialAction\":[{\"@type\":\"SearchAction\",\"target\":{\"@type\":\"EntryPoint\",\"urlTemplate\":\"https:\/\/www.velopa.ch\/de\/?s={search_term_string}\"},\"query-input\":{\"@type\":\"PropertyValueSpecification\",\"valueRequired\":true,\"valueName\":\"search_term_string\"}}],\"inLanguage\":\"de\"}]}<\/script>\n<!-- \/ Yoast SEO plugin. -->","yoast_head_json":{"title":"\u00dcber uns - Velopa Schweiz","description":"Mit unserer Expertise schaffen wir Infrastrukturl\u00f6sungen, die Aussenr\u00e4ume lebenswerter machen, sowohl qualitativ als auch funktional.","robots":{"index":"index","follow":"follow","max-snippet":"max-snippet:-1","max-image-preview":"max-image-preview:large","max-video-preview":"max-video-preview:-1"},"canonical":"https:\/\/www.velopa.ch\/de\/ueber-uns\/","og_locale":"de_DE","og_type":"article","og_title":"\u00dcber uns - Velopa Schweiz","og_description":"Mit unserer Expertise schaffen wir Infrastrukturl\u00f6sungen, die Aussenr\u00e4ume lebenswerter machen, sowohl qualitativ als auch funktional.","og_url":"https:\/\/www.velopa.ch\/de\/ueber-uns\/","og_site_name":"Velopa Schweiz","article_modified_time":"2026-04-28T15:59:02+00:00","og_image":[{"url":"https:\/\/www.velopa.ch\/wp-content\/uploads\/2024\/09\/Unsere-Vision-notre-vision.jpg","type":"","width":"","height":""}],"twitter_card":"summary_large_image","twitter_misc":{"Gesch\u00e4tzte Lesezeit":"11\u00a0Minuten"},"schema":{"@context":"https:\/\/schema.org","@graph":[{"@type":"WebPage","@id":"https:\/\/www.velopa.ch\/de\/ueber-uns\/","url":"https:\/\/www.velopa.ch\/de\/ueber-uns\/","name":"\u00dcber uns - Velopa Schweiz","isPartOf":{"@id":"https:\/\/www.velopa.ch\/de\/#website"},"primaryImageOfPage":{"@id":"https:\/\/www.velopa.ch\/de\/ueber-uns\/#primaryimage"},"image":{"@id":"https:\/\/www.velopa.ch\/de\/ueber-uns\/#primaryimage"},"thumbnailUrl":"https:\/\/www.velopa.ch\/wp-content\/uploads\/2024\/09\/Unsere-Vision-notre-vision.jpg","datePublished":"2016-12-16T13:54:52+00:00","dateModified":"2026-04-28T15:59:02+00:00","description":"Mit unserer Expertise schaffen wir Infrastrukturl\u00f6sungen, die Aussenr\u00e4ume lebenswerter machen, sowohl qualitativ als auch funktional.","breadcrumb":{"@id":"https:\/\/www.velopa.ch\/de\/ueber-uns\/#breadcrumb"},"inLanguage":"de","potentialAction":[{"@type":"ReadAction","target":["https:\/\/www.velopa.ch\/de\/ueber-uns\/"]}]},{"@type":"ImageObject","inLanguage":"de","@id":"https:\/\/www.velopa.ch\/de\/ueber-uns\/#primaryimage","url":"https:\/\/www.velopa.ch\/wp-content\/uploads\/2024\/09\/Unsere-Vision-notre-vision.jpg","contentUrl":"https:\/\/www.velopa.ch\/wp-content\/uploads\/2024\/09\/Unsere-Vision-notre-vision.jpg"},{"@type":"BreadcrumbList","@id":"https:\/\/www.velopa.ch\/de\/ueber-uns\/#breadcrumb","itemListElement":[{"@type":"ListItem","position":1,"name":"Home","item":"https:\/\/www.velopa.ch\/de\/"},{"@type":"ListItem","position":2,"name":"\u00dcber uns"}]},{"@type":"WebSite","@id":"https:\/\/www.velopa.ch\/de\/#website","url":"https:\/\/www.velopa.ch\/de\/","name":"Velopa Schweiz","description":"Professionelle Veloparkier- , \u00dcberdachungs- und Absperrsysteme","potentialAction":[{"@type":"SearchAction","target":{"@type":"EntryPoint","urlTemplate":"https:\/\/www.velopa.ch\/de\/?s={search_term_string}"},"query-input":{"@type":"PropertyValueSpecification","valueRequired":true,"valueName":"search_term_string"}}],"inLanguage":"de"}]}},"_links":{"self":[{"href":"https:\/\/www.velopa.ch\/de\/wp-json\/wp\/v2\/pages\/747","targetHints":{"allow":["GET"]}}],"collection":[{"href":"https:\/\/www.velopa.ch\/de\/wp-json\/wp\/v2\/pages"}],"about":[{"href":"https:\/\/www.velopa.ch\/de\/wp-json\/wp\/v2\/types\/page"}],"author":[{"embeddable":true,"href":"https:\/\/www.velopa.ch\/de\/wp-json\/wp\/v2\/users\/2"}],"replies":[{"embeddable":true,"href":"https:\/\/www.velopa.ch\/de\/wp-json\/wp\/v2\/comments?post=747"}],"version-history":[{"count":41,"href":"https:\/\/www.velopa.ch\/de\/wp-json\/wp\/v2\/pages\/747\/revisions"}],"predecessor-version":[{"id":80350,"href":"https:\/\/www.velopa.ch\/de\/wp-json\/wp\/v2\/pages\/747\/revisions\/80350"}],"wp:attachment":[{"href":"https:\/\/www.velopa.ch\/de\/wp-json\/wp\/v2\/media?parent=747"}],"curies":[{"name":"wp","href":"https:\/\/api.w.org\/{rel}","templated":true}]}}