{"id":63769,"date":"2023-04-11T15:53:00","date_gmt":"2023-04-11T13:53:00","guid":{"rendered":"https:\/\/www.velopa.ch\/?page_id=63769"},"modified":"2023-04-11T15:58:26","modified_gmt":"2023-04-11T13:58:26","slug":"mobility-as-a-service-maas","status":"publish","type":"page","link":"https:\/\/www.velopa.ch\/de\/mobility-as-a-service-maas\/","title":{"rendered":"Mobility as a Service (MaaS)"},"content":{"rendered":"<p>[et_pb_section fb_built=\u201c1\u201d custom_padding_last_edited=\u201con|phone\u201d admin_label=\u201csection\u201d _builder_version=\u201c4.16\u201d custom_padding=\u201c28px|0px|14px|0px\u201d custom_padding_tablet=\u201d\u201d custom_padding_phone=\u201d\u201d global_colors_info=\u201d{}\u201d][et_pb_row column_padding_mobile=\u201con\u201d custom_padding_last_edited=\u201con|phone\u201d admin_label=\u201crow\u201d _builder_version=\u201c4.16\u201d background_size=\u201cinitial\u201d background_position=\u201ctop_left\u201d background_repeat=\u201crepeat\u201d custom_padding=\u201c0px|0px|0px|0px\u201d custom_padding_tablet=\u201d\u201d custom_padding_phone=\u201d\u201d global_colors_info=\u201d{}\u201d][et_pb_column type=\u201c4_4\u201d _builder_version=\u201c4.16\u201d custom_padding=\u201d|||\u201d global_colors_info=\u201d{}\u201d custom_padding__hover=\u201d|||\u201d][et_pb_image src=\u201chttps:\/\/www.velopa.ch\/wp-content\/uploads\/2023\/03\/urbanconnect.jpg\u201d title_text=\u201curbanconnect\u201d align_tablet=\u201ccenter\u201d align_phone=\u201d\u201d align_last_edited=\u201con|desktop\u201d _builder_version=\u201c4.17.4\u201d use_border_color=\u201coff\u201d border_color=\u201d#ffffff\u201d border_style=\u201csolid\u201d animation=\u201coff\u201d sticky=\u201coff\u201d always_center_on_mobile=\u201con\u201d global_colors_info=\u201d{}\u201d][\/et_pb_image][\/et_pb_column][\/et_pb_row][\/et_pb_section][et_pb_section fb_built=\u201c1\u201d custom_padding_last_edited=\u201con|desktop\u201d admin_label=\u201csection\u201d _builder_version=\u201c4.16\u201d custom_padding=\u201c14px||14px|\u201d custom_padding_tablet=\u201c50px|0|50px|0\u201d custom_padding_phone=\u201d\u201d padding_mobile=\u201coff\u201d global_colors_info=\u201d{}\u201d][et_pb_row padding_mobile=\u201coff\u201d column_padding_mobile=\u201con\u201d admin_label=\u201crow\u201d _builder_version=\u201c4.16\u201d background_size=\u201cinitial\u201d background_position=\u201ctop_left\u201d background_repeat=\u201crepeat\u201d custom_margin_phone=\u201d-107px|||\u201d custom_padding=\u201c30px|50px|40px|50px\u201d custom_css_main_element=\u201cborder: 1px solid #eaeaea;\u201d global_colors_info=\u201d{}\u201d][et_pb_column type=\u201c4_4\u201d _builder_version=\u201c4.16\u201d custom_padding=\u201d|||\u201d global_colors_info=\u201d{}\u201d custom_padding__hover=\u201d|||\u201d][et_pb_text _builder_version=\u201c4.17.4\u201d background_size=\u201cinitial\u201d background_position=\u201ctop_left\u201d background_repeat=\u201crepeat\u201d custom_margin_phone=\u201d|30px||30px\u201d global_colors_info=\u201d{}\u201d]<\/p>\n<h1 style=\"padding-bottom: 0px; background-color: #ffffff; color: #052433; font-weight: 500; line-height: 1.7em; text-align: center; font-family: CamphorStd-Bold, Helvetica, Arial, sans-serif !important;\">Nachhaltige Gesamtl\u00f6sung f\u00fcr kombinierte Mobilit\u00e4t<\/h1>\n<p>[\/et_pb_text][et_pb_text _builder_version=\u201c4.17.4\u201d background_size=\u201cinitial\u201d background_position=\u201ctop_left\u201d background_repeat=\u201crepeat\u201d custom_margin_phone=\u201d|30px||30px\u201d global_colors_info=\u201d{}\u201d]<\/p>\n<p style=\"text-align: center;\">Ein Ange\u00adbot zweier Part\u00adner zur F\u00f6r\u00adde\u00adrung der nach\u00adhal\u00adti\u00adgen Mobi\u00adli\u00adt\u00e4t mit Fokus auf emis\u00adsi\u00adons\u00adarme Verkehrsmittel.<\/p>\n<p>[\/et_pb_text][\/et_pb_column][\/et_pb_row][\/et_pb_section][et_pb_section fb_built=\u201c1\u201d custom_padding_last_edited=\u201con|phone\u201d admin_label=\u201cGalerie Vor\u00adlage <span class=\"caps\">DE<\/span>\/<span class=\"caps\">FR<\/span>\u201d _builder_version=\u201c4.16\u201d custom_padding=\u201c14px|0px|0px|0px\u201d custom_padding_tablet=\u201d\u201d custom_padding_phone=\u201c15px|||\u201d global_colors_info=\u201d{}\u201d][et_pb_row column_padding_mobile=\u201con\u201d custom_padding_last_edited=\u201con|phone\u201d admin_label=\u201crow\u201d _builder_version=\u201c4.16\u201d background_size=\u201cinitial\u201d background_position=\u201ctop_left\u201d background_repeat=\u201crepeat\u201d custom_margin_tablet=\u201c0px|||\u201d custom_margin_phone=\u201d\u201d custom_margin_last_edited=\u201con|phone\u201d custom_padding=\u201c0px|0px|0px|0px\u201d custom_padding_tablet=\u201d\u201d custom_padding_phone=\u201d\u201d global_colors_info=\u201d{}\u201d][et_pb_column type=\u201c4_4\u201d _builder_version=\u201c4.16\u201d custom_padding=\u201d|||\u201d global_colors_info=\u201d{}\u201d custom_padding__hover=\u201d|||\u201d][et_pb_gallery gallery_ids=\u201c63987,63989,63993,63991\u201d show_title_and_caption=\u201coff\u201d zoom_icon_color=\u201d#1e5faa\u201d hover_icon=\u201cT||divi||400\u201d _builder_version=\u201c4.17.4\u201d title_font_size=\u201c13px\u201d caption_font_size=\u201c14px\u201d global_colors_info=\u201d{}\u201d]&nbsp;[\/et_pb_gallery][\/et_pb_column][\/et_pb_row][\/et_pb_section][et_pb_section fb_built=\u201c1\u201d admin_label=\u201csection\u201d _builder_version=\u201c4.16\u201d custom_padding=\u201c0px||14px|\u201d global_colors_info=\u201d{}\u201d][et_pb_row column_structure=\u201c1_2,1_2\u201d column_padding_mobile=\u201con\u201d custom_padding_last_edited=\u201con|phone\u201d admin_label=\u201crow\u201d _builder_version=\u201c4.16\u201d background_size=\u201cinitial\u201d background_position=\u201ctop_left\u201d background_repeat=\u201crepeat\u201d custom_margin_phone=\u201d-107px|||\u201d custom_padding=\u201c30px|50px|30px|50px\u201d custom_padding_tablet=\u201d\u201d custom_padding_phone=\u201d|25px||25px\u201d custom_css_main_element=\u201cborder: 1px solid #eaeaea;\u201d global_colors_info=\u201d{}\u201d][et_pb_column type=\u201c1_2\u201d _builder_version=\u201c4.16\u201d custom_padding=\u201d|||\u201d global_colors_info=\u201d{}\u201d custom_padding__hover=\u201d|||\u201d][et_pb_text _builder_version=\u201c4.17.4\u201d background_size=\u201cinitial\u201d background_position=\u201ctop_left\u201d background_repeat=\u201crepeat\u201d custom_margin_phone=\u201d|30px||30px\u201d global_colors_info=\u201d{}\u201d]<\/p>\n<h3>Erfolgreiche Partnerschaft\u200b<\/h3>\n<p>[\/et_pb_text][et_pb_text _builder_version=\u201c4.17.4\u201d background_size=\u201cinitial\u201d background_position=\u201ctop_left\u201d background_repeat=\u201crepeat\u201d custom_margin_phone=\u201d|30px||30px\u201d border_style=\u201csolid\u201d global_colors_info=\u201d{}\u201d]Die ganze Welt der Mobi\u00adli\u00adt\u00e4t in nur einer App \u2013 erg\u00e4nzt mit bed\u00fcrf\u00adnis- und stand\u00adort\u00adge\u00adrech\u00adter Infra\u00adstruk\u00adtur: Das gemein\u00adsame Ange\u00adbot der MaaS-Anbie\u00adte\u00adrin Urban Con\u00adnect und von Velopa, [\/et_pb_text][\/et_pb_column][et_pb_column type=\u201c1_2\u201d _builder_version=\u201c4.16\u201d custom_padding=\u201d|||\u201d global_colors_info=\u201d{}\u201d custom_padding__hover=\u201d|||\u201d][et_pb_divider show_divider=\u201coff\u201d disabled_on=\u201con|on|off\u201d admin_label=\u201cTeiler\u201d _builder_version=\u201c4.16\u201d height=\u201c50px\u201d hide_on_mobile=\u201con\u201d global_colors_info=\u201d{}\u201d][\/et_pb_divider][et_pb_text _builder_version=\u201c4.17.4\u201d background_size=\u201cinitial\u201d background_position=\u201ctop_left\u201d background_repeat=\u201crepeat\u201d custom_margin_phone=\u201d|30px||30px\u201d border_style=\u201csolid\u201d global_colors_info=\u201d{}\u201d]der Spe\u00adzia\u00adlis\u00adtin f\u00fcr Mobi\u00adli\u00adt\u00e4ts\u00adin\u00adfra\u00adstruk\u00adtur und Frei\u00adraum\u00admo\u00adbi\u00adliar, bie\u00adtet Unter\u00adneh\u00admen, Orga\u00adni\u00adsa\u00adtio\u00adnen und der \u00f6ffent\u00adli\u00adchen Hand ein ein\u00adzig\u00adar\u00adti\u00adges Gesamtpaket.[\/et_pb_text][\/et_pb_column][\/et_pb_row][\/et_pb_section][et_pb_section fb_built=\u201c1\u201d admin_label=\u201csection\u201d _builder_version=\u201c4.16\u201d custom_padding=\u201c0px||14px|\u201d global_colors_info=\u201d{}\u201d][et_pb_row column_structure=\u201c1_2,1_2\u201d column_padding_mobile=\u201con\u201d custom_padding_last_edited=\u201con|phone\u201d admin_label=\u201crow\u201d _builder_version=\u201c4.16\u201d background_size=\u201cinitial\u201d background_position=\u201ctop_left\u201d background_repeat=\u201crepeat\u201d custom_margin_phone=\u201d-107px|||\u201d custom_padding=\u201c30px|50px|30px|50px\u201d custom_padding_tablet=\u201d\u201d custom_padding_phone=\u201d|25px||25px\u201d custom_css_main_element=\u201cborder: 1px solid #eaeaea;\u201d global_colors_info=\u201d{}\u201d][et_pb_column type=\u201c1_2\u201d _builder_version=\u201c4.16\u201d custom_padding=\u201d|||\u201d global_colors_info=\u201d{}\u201d custom_padding__hover=\u201d|||\u201d][et_pb_text _builder_version=\u201c4.17.4\u201d background_size=\u201cinitial\u201d background_position=\u201ctop_left\u201d background_repeat=\u201crepeat\u201d custom_margin_phone=\u201d|30px||30px\u201d global_colors_info=\u201d{}\u201d]<\/p>\n<h3>Das Angebot<\/h3>\n<p>[\/et_pb_text][et_pb_image src=\u201chttps:\/\/www.velopa.ch\/wp-content\/uploads\/2023\/04\/UC-SO-Main-scaled\u20111.jpg\u201d title_text=\u201cUC-SO-Main-scaled\u201d _builder_version=\u201c4.17.4\u201d _module_preset=\u201cdefault\u201d global_colors_info=\u201d{}\u201d][\/et_pb_image][\/et_pb_column][et_pb_column type=\u201c1_2\u201d _builder_version=\u201c4.16\u201d custom_padding=\u201d|||\u201d global_colors_info=\u201d{}\u201d custom_padding__hover=\u201d|||\u201d][et_pb_divider show_divider=\u201coff\u201d disabled_on=\u201con|on|off\u201d admin_label=\u201cTeiler\u201d _builder_version=\u201c4.16\u201d height=\u201c50px\u201d hide_on_mobile=\u201con\u201d global_colors_info=\u201d{}\u201d][\/et_pb_divider][et_pb_text _builder_version=\u201c4.17.4\u201d background_size=\u201cinitial\u201d background_position=\u201ctop_left\u201d background_repeat=\u201crepeat\u201d custom_margin_phone=\u201d|30px||30px\u201d border_style=\u201csolid\u201d global_colors_info=\u201d{}\u201d]<\/p>\n<p>Eine ein\u00adzige App erm\u00f6g\u00adlicht den Zugriff auf eine indi\u00advi\u00addu\u00adell abge\u00adstimmte Flotte von Velos, E\u2011Bikes, E\u2011Cargo-Bikes, E\u2011Scootern und E\u2011Autos. Das Smart\u00adphone dient dabei als Reser\u00adva\u00adtions- und Buchungs\u00adplatt\u00adform und ist der Schl\u00fcs\u00adsel f\u00fcr alle Fahr\u00adzeuge. Mit der\u00adsel\u00adben, benut\u00adzer\u00adfreund\u00adli\u00adchen App k\u00f6n\u00adnen alle \u00f6ffent\u00adli\u00adchen Ver\u00adkehrs\u00admit\u00adtel der Schweiz auf ein\u00adfachste Weise genutzt werden.<\/p>\n<p>Umfang\u00adrei\u00adche Ana\u00adly\u00adse\u00adtools erm\u00f6g\u00adli\u00adchen eine auf den jewei\u00adli\u00adgen Nut\u00adzer\u00adkreis abge\u00adstimmte, dyna\u00admisch anpass\u00adbare Flotte sowie eine opti\u00admale Aus\u00adlas\u00adtung der Fahr\u00adzeuge bei mini\u00admier\u00adten Stand\u00adzei\u00adten. Emis\u00adsi\u00adons\u00adein\u00adspa\u00adrun\u00adgen k\u00f6n\u00adnen gemes\u00adsen und im Detail nach\u00adge\u00adwie\u00adsen wer\u00adden. Die Park- und Lade\u00adinfra\u00adstruk\u00adtur ist abge\u00adstimmt auf die Flotte, den jewei\u00adli\u00adgen Stand\u00adort sowie die Bed\u00fcrf\u00adnisse der Nutzer:innen.<\/p>\n<p>[\/et_pb_text][\/et_pb_column][\/et_pb_row][\/et_pb_section][et_pb_section fb_built=\u201c1\u201d custom_padding_last_edited=\u201con|desktop\u201d admin_label=\u201csection\u201d _builder_version=\u201c4.16\u201d custom_padding=\u201c14px||14px|\u201d custom_padding_tablet=\u201c50px|0|50px|0\u201d custom_padding_phone=\u201d\u201d padding_mobile=\u201coff\u201d global_colors_info=\u201d{}\u201d][et_pb_row column_structure=\u201c1_2,1_2\u201d padding_mobile=\u201coff\u201d column_padding_mobile=\u201con\u201d admin_label=\u201crow\u201d _builder_version=\u201c4.16\u201d background_size=\u201cinitial\u201d background_position=\u201ctop_left\u201d background_repeat=\u201crepeat\u201d custom_margin_phone=\u201d-107px|||\u201d custom_padding=\u201c30px|50px|40px|50px\u201d custom_css_main_element=\u201cborder: 1px solid #eaeaea;\u201d global_colors_info=\u201d{}\u201d][et_pb_column type=\u201c1_2\u201d _builder_version=\u201c4.16\u201d custom_padding=\u201d|||\u201d global_colors_info=\u201d{}\u201d custom_padding__hover=\u201d|||\u201d][et_pb_text _builder_version=\u201c4.17.4\u201d background_size=\u201cinitial\u201d background_position=\u201ctop_left\u201d background_repeat=\u201crepeat\u201d custom_margin_phone=\u201d|30px||30px\u201d global_colors_info=\u201d{}\u201d]<\/p>\n<h3>Die Leistung<\/h3>\n<p>[\/et_pb_text][et_pb_text _builder_version=\u201c4.17.4\u201d background_size=\u201cinitial\u201d background_position=\u201ctop_left\u201d background_repeat=\u201crepeat\u201d custom_margin_phone=\u201d|30px||30px\u201d global_colors_info=\u201d{}\u201d]Zur Leis\u00adtung geh\u00f6\u00adren die Fahr\u00adzeug\u00adflotte inklu\u00adsive Finan\u00adzie\u00adrungs\u00adl\u00f6\u00adsung, umfas\u00adsen\u00adder Ver\u00adsi\u00adche\u00adrungs\u00adschutz, allen anfal\u00adlen\u00adden admi\u00adnis\u00adtra\u00adti\u00adven Kos\u00adten (Zulas\u00adsung, Steu\u00adern, Vignet\u00adten etc.) sowie pas\u00adsende Par\u00adkier- und Ladeinfrastruktur.<br> [\/et_pb_text][\/et_pb_column][et_pb_column type=\u201c1_2\u201d _builder_version=\u201c4.16\u201d custom_padding=\u201d|||\u201d global_colors_info=\u201d{}\u201d custom_padding__hover=\u201d|||\u201d][et_pb_divider show_divider=\u201coff\u201d disabled_on=\u201con|on|off\u201d admin_label=\u201cTeiler\u201d _builder_version=\u201c4.16\u201d height=\u201c50px\u201d hide_on_mobile=\u201con\u201d global_colors_info=\u201d{}\u201d][\/et_pb_divider][et_pb_text _builder_version=\u201c4.17.4\u201d background_size=\u201cinitial\u201d background_position=\u201ctop_left\u201d background_repeat=\u201crepeat\u201d custom_margin_phone=\u201d|30px||30px\u201d global_colors_info=\u201d{}\u201d]Ausserdem die Ana\u00adlyse und das Report\u00ading von Daten zur dyna\u00admi\u00adschen Flot\u00adten\u00adop\u00adti\u00admie\u00adrung und zum Mes\u00adsen und Kom\u00adpen\u00adsie\u00adren von Emis\u00adsio\u00adnen. Die Fahr\u00adzeuge wer\u00adden regel\u00adm\u00e4s\u00adsig gerei\u00adnigt und gewar\u00adtet. Ein 24\/7\u2011Kundendienst steht f\u00fcr alle Anlie\u00adgen via Tele\u00adfon, Chat oder E\u2011Mail sprich\u00adw\u00f6rt\u00adlich jeder\u00adzeit zur Verf\u00fcgung.<br> [\/et_pb_text][\/et_pb_column][\/et_pb_row][\/et_pb_section][et_pb_section fb_built=\u201c1\u201d custom_padding_last_edited=\u201con|desktop\u201d admin_label=\u201csection\u201d _builder_version=\u201c4.16\u201d custom_padding=\u201c14px||14px|\u201d custom_padding_tablet=\u201c50px|0|50px|0\u201d custom_padding_phone=\u201d\u201d padding_mobile=\u201coff\u201d global_colors_info=\u201d{}\u201d][et_pb_row column_structure=\u201c1_2,1_2\u201d padding_mobile=\u201coff\u201d column_padding_mobile=\u201con\u201d admin_label=\u201crow\u201d _builder_version=\u201c4.16\u201d background_size=\u201cinitial\u201d background_position=\u201ctop_left\u201d background_repeat=\u201crepeat\u201d custom_margin_phone=\u201d-107px|||\u201d custom_padding=\u201c30px|50px|40px|50px\u201d custom_css_main_element=\u201cborder: 1px solid #eaeaea;\u201d global_colors_info=\u201d{}\u201d][et_pb_column type=\u201c1_2\u201d _builder_version=\u201c4.16\u201d custom_padding=\u201d|||\u201d global_colors_info=\u201d{}\u201d custom_padding__hover=\u201d|||\u201d][et_pb_text _builder_version=\u201c4.17.4\u201d background_size=\u201cinitial\u201d background_position=\u201ctop_left\u201d background_repeat=\u201crepeat\u201d custom_margin_phone=\u201d|30px||30px\u201d global_colors_info=\u201d{}\u201d]<\/p>\n<h3>Vielf\u00e4ltige Anwendungsm\u00f6glichkeiten und Zielgruppen<\/h3>\n<p>[\/et_pb_text][et_pb_text _builder_version=\u201c4.17.4\u201d background_size=\u201cinitial\u201d background_position=\u201ctop_left\u201d background_repeat=\u201crepeat\u201d custom_margin_phone=\u201d|30px||30px\u201d global_colors_info=\u201d{}\u201d]<\/p>\n<p>Fir\u00admen haben die Vor\u00adteile der MaaS-L\u00f6sung von Urban Con\u00adnect erkannt. Was bei Unter\u00adneh\u00admen teil\u00adweise bereits seit vie\u00adlen Jah\u00adren erfolg\u00adreich im Ein\u00adsatz ist, eig\u00adnet sich ebenso f\u00fcr Mieter:innen von Wohn- und Gesch\u00e4fts\u00adlie\u00adgen\u00adschaf\u00adten, f\u00fcr Kund:innen von \u00d6V-Betrei\u00adbern sowie f\u00fcr Anwohner:innen in Zen\u00adtrums\u00adzo\u00adnen und Quar\u00adtie\u00adren von St\u00e4d\u00adten und Gemeinden.<\/p>\n<p>[\/et_pb_text][\/et_pb_column][et_pb_column type=\u201c1_2\u201d _builder_version=\u201c4.16\u201d custom_padding=\u201d|||\u201d global_colors_info=\u201d{}\u201d custom_padding__hover=\u201d|||\u201d][et_pb_image src=\u201chttps:\/\/www.velopa.ch\/wp-content\/uploads\/2023\/04\/Grafik-Areale.png\u201d title_text=\u201cGrafik Areale\u201d show_in_lightbox=\u201con\u201d _builder_version=\u201c4.17.4\u201d _module_preset=\u201cdefault\u201d global_colors_info=\u201d{}\u201d][\/et_pb_image][\/et_pb_column][\/et_pb_row][\/et_pb_section][et_pb_section fb_built=\u201c1\u201d custom_padding_last_edited=\u201con|desktop\u201d admin_label=\u201csection\u201d _builder_version=\u201c4.16\u201d custom_padding=\u201c14px||14px|\u201d custom_padding_tablet=\u201c50px|0|50px|0\u201d custom_padding_phone=\u201d\u201d padding_mobile=\u201coff\u201d global_colors_info=\u201d{}\u201d][et_pb_row column_structure=\u201c1_2,1_2\u201d padding_mobile=\u201coff\u201d column_padding_mobile=\u201con\u201d admin_label=\u201crow\u201d _builder_version=\u201c4.16\u201d background_size=\u201cinitial\u201d background_position=\u201ctop_left\u201d background_repeat=\u201crepeat\u201d custom_margin_phone=\u201d-107px|||\u201d custom_padding=\u201c30px|50px|40px|50px\u201d custom_css_main_element=\u201cborder: 1px solid #eaeaea;\u201d global_colors_info=\u201d{}\u201d][et_pb_column type=\u201c1_2\u201d _builder_version=\u201c4.16\u201d custom_padding=\u201d|||\u201d global_colors_info=\u201d{}\u201d custom_padding__hover=\u201d|||\u201d][et_pb_text _builder_version=\u201c4.17.4\u201d background_size=\u201cinitial\u201d background_position=\u201ctop_left\u201d background_repeat=\u201crepeat\u201d custom_margin_phone=\u201d|30px||30px\u201d global_colors_info=\u201d{}\u201d]<\/p>\n<h3>Bestechende Vorteile<\/h3>\n<p>[\/et_pb_text][et_pb_text _builder_version=\u201c4.17.4\u201d background_size=\u201cinitial\u201d background_position=\u201ctop_left\u201d background_repeat=\u201crepeat\u201d custom_margin_phone=\u201d|30px||30px\u201d border_style=\u201csolid\u201d global_colors_info=\u201d{}\u201d]<\/p>\n<ul>\n<li>Moderne, digi\u00adtale und mul\u00adti\u00admo\u00addale L\u00f6sung im Sinne der Sha\u00adring Economy<\/li>\n<li>Freie Wahl des zu Zweck und Distanz der jewei\u00adli\u00adgen Fahrt pas\u00adsen\u00adden Verkehrsmittels<\/li>\n<li>Nut\u00adzungs\u00adrech\u00adtes Ange\u00adbot durch dyna\u00admi\u00adsches Flottenmanagement<\/li>\n<li>F\u00f6r\u00adde\u00adrung der \u00d6V-Nut\u00adzung durch Erschlies\u00adsung der ers\u00adten und letz\u00adten&nbsp;Meile<\/li>\n<\/ul>\n<p>[\/et_pb_text][\/et_pb_column][et_pb_column type=\u201c1_2\u201d _builder_version=\u201c4.16\u201d custom_padding=\u201d|||\u201d global_colors_info=\u201d{}\u201d custom_padding__hover=\u201d|||\u201d][et_pb_divider show_divider=\u201coff\u201d disabled_on=\u201con|on|off\u201d admin_label=\u201cTeiler\u201d _builder_version=\u201c4.16\u201d height=\u201c50px\u201d hide_on_mobile=\u201con\u201d global_colors_info=\u201d{}\u201d][\/et_pb_divider][et_pb_text _builder_version=\u201c4.17.4\u201d background_size=\u201cinitial\u201d background_position=\u201ctop_left\u201d background_repeat=\u201crepeat\u201d custom_margin_phone=\u201d|30px||30px\u201d global_colors_info=\u201d{}\u201d]<\/p>\n<ul>\n<li>Reduk\u00adtion von Mobi\u00adli\u00adt\u00e4ts\u00adkos\u00adten durch opti\u00admale Aus\u00adlas\u00adtung der Fahrzeugflotte<\/li>\n<li>Ver\u00adrin\u00adger\u00adter Parkplatzbedarf<\/li>\n<li>Nach\u00adweis\u00adli\u00adche und nach\u00adweis\u00adbare Reduk\u00adtion von Emissionen<\/li>\n<li>Reduk\u00adtion der Total Cost of Ownership<\/li>\n<\/ul>\n<p style=\"text-align: left;\"><\/p>\n<p>[\/et_pb_text][\/et_pb_column][\/et_pb_row][\/et_pb_section][et_pb_section fb_built=\u201c1\u201d custom_padding_last_edited=\u201con|desktop\u201d admin_label=\u201csection\u201d _builder_version=\u201c4.16\u201d custom_padding=\u201c14px||14px|\u201d custom_padding_tablet=\u201c50px|0|50px|0\u201d custom_padding_phone=\u201d\u201d padding_mobile=\u201coff\u201d global_colors_info=\u201d{}\u201d][et_pb_row padding_mobile=\u201coff\u201d column_padding_mobile=\u201con\u201d admin_label=\u201crow\u201d _builder_version=\u201c4.17.4\u201d background_color=\u201c#e0e0e0\u201d background_size=\u201cinitial\u201d background_position=\u201ctop_left\u201d background_repeat=\u201crepeat\u201d custom_margin_phone=\u201d-107px|||\u201d custom_padding=\u201c30px|50px|40px|50px\u201d custom_css_main_element=\u201cborder: 1px solid #eaeaea;\u201d global_colors_info=\u201d{}\u201d][et_pb_column type=\u201c4_4\u201d _builder_version=\u201c4.16\u201d custom_padding=\u201d|||\u201d global_colors_info=\u201d{}\u201d custom_padding__hover=\u201d|||\u201d][et_pb_text _builder_version=\u201c4.17.4\u201d background_size=\u201cinitial\u201d background_position=\u201ctop_left\u201d background_repeat=\u201crepeat\u201d custom_margin_phone=\u201d|30px||30px\u201d global_colors_info=\u201d{}\u201d]<\/p>\n<h3>Urban Connect<\/h3>\n<p>[\/et_pb_text][et_pb_text _builder_version=\u201c4.17.4\u201d background_size=\u201cinitial\u201d background_position=\u201ctop_left\u201d background_repeat=\u201crepeat\u201d custom_margin_phone=\u201d|30px||30px\u201d border_style=\u201csolid\u201d global_colors_info=\u201d{}\u201d]Das Schwei\u00adzer Unter\u00adneh\u00admen ist Pio\u00adnie\u00adrin in Sachen Mobi\u00adlity as a Ser\u00advice. Bis heute (Stand Februar 2023) haben weit mehr als 20\u2019000 regis\u00adtrierte Benutzer:innen \u00fcber 2\u2019000\u2019000 Kilo\u00adme\u00adter zur\u00fcck\u00adge\u00adlegt. Zahl\u00adrei\u00adche Kun\u00adden \u2013 dar\u00adun\u00adter viele nam\u00adhafte und f\u00fcr Inno\u00adva\u00adtion ste\u00adhende Unter\u00adneh\u00admen \u2013 haben die Vor\u00adteile des Ange\u00adbots von Urban Con\u00adnect erkannt und nut\u00adzen die Mobi\u00adli\u00adt\u00e4ts\u00adplatt\u00adform f\u00fcr Mit\u00adar\u00adbei\u00adtende und f\u00fcr Mieter:innen. Velopa ist seit 2020 exklu\u00adsi\u00adver Infra\u00adstruk\u00adtur-Part\u00adner von Urban Connect.<br> [\/et_pb_text][\/et_pb_column][\/et_pb_row][\/et_pb_section][et_pb_section fb_built=\u201c1\u201d custom_padding_last_edited=\u201con|desktop\u201d admin_label=\u201cPers\u00f6nliche Bera\u00adtung Modul <span class=\"caps\">DE<\/span> All\u00adge\u00admein (Bild rechts)\u201d module_id=\u201cow_fix_height_399\u201d _builder_version=\u201c4.16\u201d custom_padding=\u201c60px|0px|14px|0px\u201d custom_padding_tablet=\u201c0px||30px|\u201d custom_padding_phone=\u201c14px||14px|\u201d global_colors_info=\u201d{}\u201d][et_pb_row column_structure=\u201c1_3,2_3\u201d column_padding_mobile=\u201con\u201d custom_padding_last_edited=\u201con|desktop\u201d admin_label=\u201crow\u201d _builder_version=\u201c4.17.4\u201d background_enable_color=\u201coff\u201d background_size=\u201cinitial\u201d background_position=\u201ctop_left\u201d background_repeat=\u201crepeat\u201d custom_margin_tablet=\u201c0px||0px|\u201d custom_margin_phone=\u201c0px|||\u201d custom_margin_last_edited=\u201con|phone\u201d custom_padding=\u201c0px|0px|0px|0px\u201d custom_padding_tablet=\u201d\u201d custom_padding_phone=\u201d\u201d global_colors_info=\u201d{}\u201d][et_pb_column type=\u201c1_3\u201d module_class=\u201cow_mobile_insert_after\u201d _builder_version=\u201c4.16\u201d custom_padding=\u201d|||\u201d global_colors_info=\u201d{}\u201d custom_padding__hover=\u201d|||\u201d][et_pb_blurb title=\u201cPers\u00f6nliche Bera\u00adtung\u201d image=\u201chttps:\/\/www.velopa.ch\/wp-content\/uploads\/2021\/03\/persoenliche-beratung.png\u201d image_icon_width=\u201c50%\u201d _builder_version=\u201c4.16\u201d header_font_size=\u201c17\u201d background_color=\u201d#eaeaea\u201d text_orientation=\u201ccenter\u201d custom_padding=\u201c30px|30px|31px|30px\u201d custom_padding_tablet=\u201d\u201d custom_padding_phone=\u201d\u201d custom_padding_last_edited=\u201con|tablet\u201d animation=\u201coff\u201d border_style=\u201csolid\u201d image_max_width=\u201c50%\u201d global_colors_info=\u201d{}\u201d]Wir bera\u00adten Sie \u00fcber die zahl\u00adrei\u00adchen M\u00f6g\u00adlich\u00adkei\u00adten und Pro\u00adduk\u00adte\u00adva\u00adri\u00adan\u00adten ent\u00adwe\u00adder vor Ort oder auch in einem unse\u00adrer Aus\u00adstel\u00adlungs\u00adr\u00e4ume in Dor\u00adnach, Sprei\u00adten\u00adbach oder Vil\u00adlars-Ste-Croix. Mel\u00adden Sie sich noch heute f\u00fcr eine per\u00ads\u00f6n\u00adli\u00adche Bera\u00adtung an! [\/et_pb_blurb][\/et_pb_column][et_pb_column type=\u201c2_3\u201d module_class=\u201cow_mobile_insert_before ow_remove_bottom_margin\u201d _builder_version=\u201c4.16\u201d custom_padding=\u201d|||\u201d global_colors_info=\u201d{}\u201d custom_padding__hover=\u201d|||\u201d][et_pb_text _builder_version=\u201c4.16\u201d background_color=\u201c#b4b4b4\u201d background_size=\u201cinitial\u201d background_position=\u201ctop_left\u201d background_repeat=\u201crepeat\u201d custom_css_main_element=\u201cpadding-top: 20px; pad\u00adding-left: 20px; pad\u00adding-right: 20px; pad\u00adding-bot\u00adtom: 26px;\u201d global_colors_info=\u201d{}\u201d]<script src=\"\/\/app-lon04.marketo.com\/js\/forms2\/js\/forms2.min.js\"><\/script><\/p>\n<form id=\"mktoForm_1814\"><\/form>\n<p><script>MktoForms2.loadForm(\"\/\/app-lon04.marketo.com\", \"925-AYZ-922\", 1814);<\/script> [\/et_pb_text][\/et_pb_column][\/et_pb_row][\/et_pb_section][et_pb_section fb_built=\u201c1\u201d custom_padding_last_edited=\u201con|desktop\u201d admin_label=\u201c3 Module News \/ Mes\u00adsen \/ Show\u00adroom <span class=\"caps\">DE<\/span>\u201d _builder_version=\u201c4.6.1\u201d custom_margin_tablet=\u201d\u201d custom_margin_phone=\u201c0px||0px|\u201d custom_margin_last_edited=\u201con|phone\u201d custom_padding=\u201c14px|0px|60px|0px\u201d custom_padding_tablet=\u201c0px||0px|\u201d custom_padding_phone=\u201c14px||14px|\u201d global_module=\u201c4257\u201d global_colors_info=\u201d{}\u201d][et_pb_row column_structure=\u201c1_3,1_3,1_3\u201d column_padding_mobile=\u201con\u201d custom_padding_last_edited=\u201con|phone\u201d admin_label=\u201crow\u201d _builder_version=\u201c4.16\u201d background_size=\u201cinitial\u201d background_position=\u201ctop_left\u201d background_repeat=\u201crepeat\u201d custom_margin=\u201c0px||0px|\u201d custom_margin_tablet=\u201d\u201d custom_margin_phone=\u201d\u201d custom_margin_last_edited=\u201con|phone\u201d custom_padding=\u201c0px|0px|0px|0px\u201d custom_padding_tablet=\u201d\u201d custom_padding_phone=\u201d\u201d global_colors_info=\u201d{}\u201d][et_pb_column type=\u201c1_3\u201d _builder_version=\u201c4.16\u201d custom_padding=\u201d|||\u201d global_colors_info=\u201d{}\u201d custom_padding__hover=\u201d|||\u201d][et_pb_slider show_pagination=\u201coff\u201d _builder_version=\u201c4.16\u201d header_font_size=\u201c40px\u201d body_font_size=\u201c17px\u201d body_line_height=\u201c1.3em\u201d background_position=\u201ctop_left\u201d custom_button=\u201con\u201d button_text_size=\u201c14\u201d button_text_color=\u201d#1e5faa\u201d button_bg_color=\u201d#ededed\u201d button_border_width=\u201c9px\u201d button_font=\u201d|on|||\u201d button_use_icon=\u201coff\u201d custom_padding=\u201c67px|0px|67px|0px\u201d custom_padding_tablet=\u201c90px||90px|\u201d custom_padding_phone=\u201c50px||50px|\u201d custom_padding_last_edited=\u201con|phone\u201d auto=\u201con\u201d button_letter_spacing_tablet=\u201c1px\u201d custom_css_slide_description=\u201canimation-name: fadeIn;\u201d button_text_color_hover=\u201d#ffffff\u201d button_border_color_hover=\u201crgba(0,0,0,0)\u201d button_border_radius_hover=\u201c2px\u201d button_letter_spacing_hover=\u201c0\u201d button_bg_color_hover=\u201d#1e5faa\u201d global_colors_info=\u201d{}\u201d button_letter_spacing_hover_tablet=\u201c1\u201d button_text_size__hover_enabled=\u201coff\u201d button_text_size__hover=\u201cnull\u201d button_one_text_size__hover_enabled=\u201coff\u201d button_one_text_size__hover=\u201cnull\u201d button_two_text_size__hover_enabled=\u201coff\u201d button_two_text_size__hover=\u201cnull\u201d button_text_color__hover_enabled=\u201con\u201d button_text_color__hover=\u201d#ffffff\u201d button_one_text_color__hover_enabled=\u201coff\u201d button_one_text_color__hover=\u201cnull\u201d button_two_text_color__hover_enabled=\u201coff\u201d button_two_text_color__hover=\u201cnull\u201d button_border_width__hover_enabled=\u201coff\u201d button_border_width__hover=\u201cnull\u201d button_one_border_width__hover_enabled=\u201coff\u201d button_one_border_width__hover=\u201cnull\u201d button_two_border_width__hover_enabled=\u201coff\u201d button_two_border_width__hover=\u201cnull\u201d button_border_color__hover_enabled=\u201con\u201d button_border_color__hover=\u201crgba(0,0,0,0)\u201d button_one_border_color__hover_enabled=\u201coff\u201d button_one_border_color__hover=\u201cnull\u201d button_two_border_color__hover_enabled=\u201coff\u201d button_two_border_color__hover=\u201cnull\u201d button_border_radius__hover_enabled=\u201con\u201d button_border_radius__hover=\u201c2px\u201d button_one_border_radius__hover_enabled=\u201coff\u201d button_one_border_radius__hover=\u201cnull\u201d button_two_border_radius__hover_enabled=\u201coff\u201d button_two_border_radius__hover=\u201cnull\u201d button_letter_spacing__hover_enabled=\u201con\u201d button_letter_spacing__hover=\u201c0\u201d button_one_letter_spacing__hover_enabled=\u201coff\u201d button_one_letter_spacing__hover=\u201cnull\u201d button_two_letter_spacing__hover_enabled=\u201coff\u201d button_two_letter_spacing__hover=\u201cnull\u201d button_bg_color__hover_enabled=\u201con\u201d button_bg_color__hover=\u201d#1e5faa\u201d button_one_bg_color__hover_enabled=\u201coff\u201d button_one_bg_color__hover=\u201cnull\u201d button_two_bg_color__hover_enabled=\u201coff\u201d button_two_bg_color__hover=\u201cnull\u201d][et_pb_slide button_text=\u201cMehr lesen\u201d button_link=\u201chttps:\/\/www.velopa.ch\/de\/messen\/\u201d use_bg_overlay=\u201con\u201d bg_overlay_color=\u201crgba(0,0,0,0.4)\u201d use_text_overlay=\u201coff\u201d admin_title=\u201cMessen\u201d _builder_version=\u201c4.16\u201d header_font=\u201d||||\u201d body_font=\u201d||||\u201d background_color=\u201d#ffffff\u201d background_image=\u201chttps:\/\/www.velopa.ch\/wp-content\/uploads\/2017\/03\/Messe_Small.jpg\u201d background_position=\u201ctop_left\u201d button_on_hover=\u201con\u201d button_letter_spacing_hover=\u201c1\u201d global_colors_info=\u201d{}\u201d button_text_size__hover_enabled=\u201coff\u201d button_one_text_size__hover_enabled=\u201coff\u201d button_two_text_size__hover_enabled=\u201coff\u201d button_text_color__hover_enabled=\u201coff\u201d button_one_text_color__hover_enabled=\u201coff\u201d button_two_text_color__hover_enabled=\u201coff\u201d button_border_width__hover_enabled=\u201coff\u201d button_one_border_width__hover_enabled=\u201coff\u201d button_two_border_width__hover_enabled=\u201coff\u201d button_border_color__hover_enabled=\u201coff\u201d button_one_border_color__hover_enabled=\u201coff\u201d button_two_border_color__hover_enabled=\u201coff\u201d button_border_radius__hover_enabled=\u201coff\u201d button_one_border_radius__hover_enabled=\u201coff\u201d button_two_border_radius__hover_enabled=\u201coff\u201d button_letter_spacing__hover_enabled=\u201con\u201d button_letter_spacing__hover=\u201c1\u201d button_one_letter_spacing__hover_enabled=\u201coff\u201d button_two_letter_spacing__hover_enabled=\u201coff\u201d button_bg_color__hover_enabled=\u201coff\u201d button_one_bg_color__hover_enabled=\u201coff\u201d button_two_bg_color__hover_enabled=\u201coff\u201d sticky_transition=\u201con\u201d]<\/p>\n<p style=\"text-align: center;\"><strong>Mes\u00adsen<\/strong><\/p>\n<p>[\/et_pb_slide][\/et_pb_slider][\/et_pb_column][et_pb_column type=\u201c1_3\u201d _builder_version=\u201c4.16\u201d custom_padding=\u201d|||\u201d global_colors_info=\u201d{}\u201d custom_padding__hover=\u201d|||\u201d][et_pb_slider show_pagination=\u201coff\u201d _builder_version=\u201c4.16\u201d header_font_size=\u201c40px\u201d body_font_size=\u201c17px\u201d body_line_height=\u201c1.3em\u201d background_position=\u201ctop_left\u201d custom_button=\u201con\u201d button_text_size=\u201c14\u201d button_text_color=\u201d#1e5faa\u201d button_bg_color=\u201d#ededed\u201d button_border_width=\u201c9px\u201d button_font=\u201d|on|||\u201d button_use_icon=\u201coff\u201d custom_padding=\u201c67px|0px|67px|0px\u201d custom_padding_tablet=\u201c90px||90px|\u201d custom_padding_phone=\u201c50px||50px|\u201d custom_padding_last_edited=\u201con|desktop\u201d auto=\u201con\u201d button_letter_spacing_tablet=\u201c1px\u201d custom_css_slide_description=\u201canimation-name: fadeIn;\u201d global_colors_info=\u201d{}\u201d button_letter_spacing_hover_tablet=\u201c1\u201d button_text_size__hover_enabled=\u201coff\u201d button_text_size__hover=\u201cnull\u201d button_one_text_size__hover_enabled=\u201coff\u201d button_one_text_size__hover=\u201cnull\u201d button_two_text_size__hover_enabled=\u201coff\u201d button_two_text_size__hover=\u201cnull\u201d button_text_color__hover_enabled=\u201con\u201d button_text_color__hover=\u201d#ffffff\u201d button_one_text_color__hover_enabled=\u201coff\u201d button_one_text_color__hover=\u201cnull\u201d button_two_text_color__hover_enabled=\u201coff\u201d button_two_text_color__hover=\u201cnull\u201d button_border_width__hover_enabled=\u201coff\u201d button_border_width__hover=\u201cnull\u201d button_one_border_width__hover_enabled=\u201coff\u201d button_one_border_width__hover=\u201cnull\u201d button_two_border_width__hover_enabled=\u201coff\u201d button_two_border_width__hover=\u201cnull\u201d button_border_color__hover_enabled=\u201con\u201d button_border_color__hover=\u201crgba(0,0,0,0)\u201d button_one_border_color__hover_enabled=\u201coff\u201d button_one_border_color__hover=\u201cnull\u201d button_two_border_color__hover_enabled=\u201coff\u201d button_two_border_color__hover=\u201cnull\u201d button_border_radius__hover_enabled=\u201con\u201d button_border_radius__hover=\u201c2px\u201d button_one_border_radius__hover_enabled=\u201coff\u201d button_one_border_radius__hover=\u201cnull\u201d button_two_border_radius__hover_enabled=\u201coff\u201d button_two_border_radius__hover=\u201cnull\u201d button_letter_spacing__hover_enabled=\u201con\u201d button_letter_spacing__hover=\u201c0\u201d button_one_letter_spacing__hover_enabled=\u201coff\u201d button_one_letter_spacing__hover=\u201cnull\u201d button_two_letter_spacing__hover_enabled=\u201coff\u201d button_two_letter_spacing__hover=\u201cnull\u201d button_bg_color__hover_enabled=\u201con\u201d button_bg_color__hover=\u201d#1e5faa\u201d button_one_bg_color__hover_enabled=\u201coff\u201d button_one_bg_color__hover=\u201cnull\u201d button_two_bg_color__hover_enabled=\u201coff\u201d button_two_bg_color__hover=\u201cnull\u201d][et_pb_slide button_text=\u201cMehr lesen\u201d button_link=\u201chttps:\/\/www.velopa.ch\/de\/neues-regenbogen-baenkli-heisst-auf-dem-gurten-alle-willkommen\/\u201d use_bg_overlay=\u201con\u201d bg_overlay_color=\u201crgba(0,0,0,0.4)\u201d use_text_overlay=\u201coff\u201d admin_title=\u201cRegenbogen-B\u00e4nkli\u201d _builder_version=\u201c4.16\u201d header_font=\u201d||||\u201d body_font=\u201d||||\u201d background_color=\u201d#ffffff\u201d background_image=\u201chttps:\/\/www.velopa.ch\/wp-content\/uploads\/2022\/05\/MicrosoftTeams-image-14\u20132.jpg\u201d background_enable_image=\u201con\u201d background_position=\u201ctop_left\u201d button_on_hover=\u201con\u201d button_letter_spacing_hover=\u201c1\u201d global_colors_info=\u201d{}\u201d sticky_transition=\u201con\u201d]<\/p>\n<p style=\"text-align: center;\"><strong>Regen\u00adbo\u00adgen-B\u00e4nkli<\/strong><\/p>\n<p>[\/et_pb_slide][et_pb_slide button_text=\u201cMehr lesen\u201d button_link=\u201chttps:\/\/www.velopa.ch\/de\/referenz-binz\u201d use_bg_overlay=\u201con\u201d bg_overlay_color=\u201crgba(0,0,0,0.4)\u201d use_text_overlay=\u201coff\u201d admin_title=\u201cReferenzinstallation\u201d _builder_version=\u201c4.16\u201d header_font=\u201d||||\u201d body_font=\u201d||||\u201d background_color=\u201d#ffffff\u201d background_image=\u201chttps:\/\/www.velopa.ch\/wp-content\/uploads\/2022\/05\/MicrosoftTeams-image-14\u20131.jpg\u201d background_enable_image=\u201con\u201d background_position=\u201ctop_left\u201d button_on_hover=\u201con\u201d button_letter_spacing_hover=\u201c1\u201d global_colors_info=\u201d{}\u201d sticky_transition=\u201con\u201d]<\/p>\n<p style=\"text-align: center;\"><strong>Refe\u00adrenz\u00adin\u00adstal\u00adla\u00adtion<\/strong><\/p>\n<p>[\/et_pb_slide][et_pb_slide button_text=\u201cMehr lesen\u201d button_link=\u201chttps:\/\/www.velopa.ch\/de\/personenunterstand-chalet\/\u201d use_bg_overlay=\u201con\u201d bg_overlay_color=\u201crgba(0,0,0,0.4)\u201d use_text_overlay=\u201coff\u201d admin_title=\u201cPersonenunterstand Cha\u00adlet\u201d _builder_version=\u201c4.16\u201d header_font=\u201d||||\u201d body_font=\u201d||||\u201d background_color=\u201d#ffffff\u201d background_image=\u201chttps:\/\/www.velopa.ch\/wp-content\/uploads\/2022\/03\/chalet-sommer-news-small.jpg\u201d background_enable_image=\u201con\u201d background_position=\u201ctop_left\u201d button_on_hover=\u201con\u201d button_letter_spacing_hover=\u201c1\u201d global_colors_info=\u201d{}\u201d sticky_transition=\u201con\u201d]<\/p>\n<p style=\"text-align: center;\"><strong>Per\u00adso\u00adnen\u00adun\u00adter\u00adstand Chalet<\/strong><\/p>\n<p>[\/et_pb_slide][et_pb_slide button_text=\u201cMehr lesen\u201d button_link=\u201chttps:\/\/www.velopa.ch\/de\/velounterstaende\/ueberdachung-chalet\/\u201d use_bg_overlay=\u201con\u201d bg_overlay_color=\u201crgba(0,0,0,0.4)\u201d use_text_overlay=\u201coff\u201d admin_title=\u201c\u00dcberdachung Cha\u00adlet\u201d _builder_version=\u201c4.16\u201d header_font=\u201d||||\u201d body_font=\u201d||||\u201d background_color=\u201d#ffffff\u201d background_image=\u201chttps:\/\/www.velopa.ch\/wp-content\/uploads\/2022\/05\/MicrosoftTeams-image\u20116.png\u201d background_enable_image=\u201con\u201d background_position=\u201ctop_left\u201d button_on_hover=\u201con\u201d button_letter_spacing_hover=\u201c1\u201d global_colors_info=\u201d{}\u201d sticky_transition=\u201con\u201d]<\/p>\n<p style=\"text-align: center;\"><strong>\u00dcber\u00adda\u00adchung Chalet<\/strong><\/p>\n<p>[\/et_pb_slide][et_pb_slide button_text=\u201cMehr lesen\u201d button_link=\u201chttps:\/\/www.velopa.ch\/de\/parkiersysteme\/microparc\/\u201d use_bg_overlay=\u201con\u201d bg_overlay_color=\u201crgba(0,0,0,0.4)\u201d use_text_overlay=\u201coff\u201d admin_title=\u201cMicroParc\u201d _builder_version=\u201c4.16\u201d header_font=\u201d||||\u201d body_font=\u201d||||\u201d background_color=\u201d#ffffff\u201d background_image=\u201chttps:\/\/www.velopa.ch\/wp-content\/uploads\/2021\/11\/microparc-news-small.jpg\u201d background_enable_image=\u201con\u201d background_position=\u201ctop_left\u201d button_on_hover=\u201con\u201d button_letter_spacing_hover=\u201c1\u201d global_colors_info=\u201d{}\u201d sticky_transition=\u201con\u201d]<\/p>\n<p style=\"text-align: center;\"><strong>Micro\u00adP\u00adarc<\/strong><\/p>\n<p>[\/et_pb_slide][et_pb_slide button_text=\u201cMehr lesen\u201d button_link=\u201chttps:\/\/www.velopa.ch\/de\/doppelstockparker-etage2vplus\/\u201d use_bg_overlay=\u201con\u201d bg_overlay_color=\u201crgba(0,0,0,0.4)\u201d use_text_overlay=\u201coff\u201d admin_title=\u201cDoppelstockparker Etage\u20192\u2019v plus\u201d _builder_version=\u201c4.16\u201d header_font=\u201d||||\u201d body_font=\u201d||||\u201d background_color=\u201d#ffffff\u201d background_image=\u201chttps:\/\/www.velopa.ch\/wp-content\/uploads\/2021\/09\/Velostation-scaled.jpg\u201d background_enable_image=\u201con\u201d background_position=\u201ctop_left\u201d button_on_hover=\u201con\u201d button_letter_spacing_hover=\u201c1\u201d global_colors_info=\u201d{}\u201d sticky_transition=\u201con\u201d]<\/p>\n<p style=\"text-align: center;\"><strong>Dop\u00adpel\u00adstock\u00adpar\u00adker Etage\u20192\u2019v plus<\/strong><\/p>\n<p>[\/et_pb_slide][\/et_pb_slider][\/et_pb_column][et_pb_column type=\u201c1_3\u201d _builder_version=\u201c4.16\u201d custom_padding=\u201d|||\u201d global_colors_info=\u201d{}\u201d custom_padding__hover=\u201d|||\u201d][et_pb_slider show_pagination=\u201coff\u201d _builder_version=\u201c4.16\u201d header_font_size=\u201c40px\u201d body_font_size=\u201c17px\u201d body_line_height=\u201c1.3em\u201d background_position=\u201ctop_left\u201d custom_button=\u201con\u201d button_text_size=\u201c14\u201d button_text_color=\u201d#1e5faa\u201d button_bg_color=\u201d#ededed\u201d button_border_width=\u201c9px\u201d button_font=\u201d|on|||\u201d button_use_icon=\u201coff\u201d custom_padding=\u201c67px|0px|67px|0px\u201d custom_padding_tablet=\u201c90px||90px|\u201d custom_padding_phone=\u201c50px||50px|\u201d custom_padding_last_edited=\u201con|desktop\u201d auto=\u201con\u201d button_letter_spacing_tablet=\u201c1px\u201d custom_css_slide_description=\u201canimation-name: fadeIn;\u201d button_text_color_hover=\u201d#ffffff\u201d button_border_color_hover=\u201crgba(0,0,0,0)\u201d button_border_radius_hover=\u201c2px\u201d button_letter_spacing_hover=\u201c0\u201d button_bg_color_hover=\u201d#1e5faa\u201d global_colors_info=\u201d{}\u201d button_letter_spacing_hover_tablet=\u201c1\u201d button_text_size__hover_enabled=\u201coff\u201d button_text_size__hover=\u201cnull\u201d button_one_text_size__hover_enabled=\u201coff\u201d button_one_text_size__hover=\u201cnull\u201d button_two_text_size__hover_enabled=\u201coff\u201d button_two_text_size__hover=\u201cnull\u201d button_text_color__hover_enabled=\u201con\u201d button_text_color__hover=\u201d#ffffff\u201d button_one_text_color__hover_enabled=\u201coff\u201d button_one_text_color__hover=\u201cnull\u201d button_two_text_color__hover_enabled=\u201coff\u201d button_two_text_color__hover=\u201cnull\u201d button_border_width__hover_enabled=\u201coff\u201d button_border_width__hover=\u201cnull\u201d button_one_border_width__hover_enabled=\u201coff\u201d button_one_border_width__hover=\u201cnull\u201d button_two_border_width__hover_enabled=\u201coff\u201d button_two_border_width__hover=\u201cnull\u201d button_border_color__hover_enabled=\u201con\u201d button_border_color__hover=\u201crgba(0,0,0,0)\u201d button_one_border_color__hover_enabled=\u201coff\u201d button_one_border_color__hover=\u201cnull\u201d button_two_border_color__hover_enabled=\u201coff\u201d button_two_border_color__hover=\u201cnull\u201d button_border_radius__hover_enabled=\u201con\u201d button_border_radius__hover=\u201c2px\u201d button_one_border_radius__hover_enabled=\u201coff\u201d button_one_border_radius__hover=\u201cnull\u201d button_two_border_radius__hover_enabled=\u201coff\u201d button_two_border_radius__hover=\u201cnull\u201d button_letter_spacing__hover_enabled=\u201con\u201d button_letter_spacing__hover=\u201c0\u201d button_one_letter_spacing__hover_enabled=\u201coff\u201d button_one_letter_spacing__hover=\u201cnull\u201d button_two_letter_spacing__hover_enabled=\u201coff\u201d button_two_letter_spacing__hover=\u201cnull\u201d button_bg_color__hover_enabled=\u201con\u201d button_bg_color__hover=\u201d#1e5faa\u201d button_one_bg_color__hover_enabled=\u201coff\u201d button_one_bg_color__hover=\u201cnull\u201d button_two_bg_color__hover_enabled=\u201coff\u201d button_two_bg_color__hover=\u201cnull\u201d][et_pb_slide button_text=\u201cMehr lesen\u201d button_link=\u201chttps:\/\/www.velopa.ch\/de\/ausstellungen\/\u201d use_bg_overlay=\u201con\u201d bg_overlay_color=\u201crgba(0,0,0,0.4)\u201d use_text_overlay=\u201coff\u201d admin_title=\u201cShowroom\u201d _builder_version=\u201c4.16\u201d header_font=\u201d||||\u201d body_font=\u201d||||\u201d background_color=\u201d#ffffff\u201d background_image=\u201chttps:\/\/www.velopa.ch\/wp-content\/uploads\/2017\/02\/show1.jpg\u201d background_position=\u201ctop_left\u201d button_on_hover=\u201con\u201d button_letter_spacing_hover=\u201c1\u201d global_colors_info=\u201d{}\u201d button_text_size__hover_enabled=\u201coff\u201d button_one_text_size__hover_enabled=\u201coff\u201d button_two_text_size__hover_enabled=\u201coff\u201d button_text_color__hover_enabled=\u201coff\u201d button_one_text_color__hover_enabled=\u201coff\u201d button_two_text_color__hover_enabled=\u201coff\u201d button_border_width__hover_enabled=\u201coff\u201d button_one_border_width__hover_enabled=\u201coff\u201d button_two_border_width__hover_enabled=\u201coff\u201d button_border_color__hover_enabled=\u201coff\u201d button_one_border_color__hover_enabled=\u201coff\u201d button_two_border_color__hover_enabled=\u201coff\u201d button_border_radius__hover_enabled=\u201coff\u201d button_one_border_radius__hover_enabled=\u201coff\u201d button_two_border_radius__hover_enabled=\u201coff\u201d button_letter_spacing__hover_enabled=\u201con\u201d button_letter_spacing__hover=\u201c1\u201d button_one_letter_spacing__hover_enabled=\u201coff\u201d button_two_letter_spacing__hover_enabled=\u201coff\u201d button_bg_color__hover_enabled=\u201coff\u201d button_one_bg_color__hover_enabled=\u201coff\u201d button_two_bg_color__hover_enabled=\u201coff\u201d sticky_transition=\u201con\u201d]<\/p>\n<p style=\"text-align: center;\"><strong>Show\u00adroom<\/strong><\/p>\n<p>[\/et_pb_slide][\/et_pb_slider][\/et_pb_column][\/et_pb_row][\/et_pb_section][et_pb_section fb_built=\u201c1\u201d custom_padding_last_edited=\u201con|desktop\u201d admin_label=\u201cFooter Icons <span class=\"caps\">DE<\/span>\u201d module_id=\u201cow_fix_height_234\u201d _builder_version=\u201c4.6.1\u201d custom_margin_tablet=\u201d\u201d custom_margin_phone=\u201c0px||0px|\u201d custom_margin_last_edited=\u201con|desktop\u201d custom_padding=\u201c60px|0px|60px|0px\u201d custom_padding_tablet=\u201c70px|||\u201d custom_padding_phone=\u201c14px||60px|\u201d global_module=\u201c6378\u201d global_colors_info=\u201d{}\u201d][et_pb_row column_structure=\u201c1_4,1_4,1_4,1_4\u201d custom_padding_last_edited=\u201con|phone\u201d admin_label=\u201crow\u201d _builder_version=\u201c4.16\u201d background_size=\u201cinitial\u201d background_position=\u201ctop_left\u201d background_repeat=\u201crepeat\u201d custom_margin_tablet=\u201d\u201d custom_margin_phone=\u201c0px||0px|\u201d custom_margin_last_edited=\u201con|phone\u201d custom_padding=\u201c0px|0px|0px|0px\u201d custom_padding_tablet=\u201d\u201d custom_padding_phone=\u201d\u201d global_colors_info=\u201d{}\u201d][et_pb_column type=\u201c1_4\u201d _builder_version=\u201c4.16\u201d custom_padding=\u201d|||\u201d global_colors_info=\u201d{}\u201d custom_padding__hover=\u201d|||\u201d][et_pb_blurb title=\u201d\u25ba L\u00f6sun\u00adgen\u201d image=\u201chttps:\/\/www.velopa.ch\/wp-content\/uploads\/2021\/03\/iconall.png\u201d image_icon_width=\u201c60%\u201d image_icon_width_tablet=\u201d\u201d image_icon_width_phone=\u201c50%\u201d image_icon_width_last_edited=\u201con|desktop\u201d module_class=\u201cow_clickable_box\u201d _builder_version=\u201c4.16\u201d header_font_size=\u201c17px\u201d body_line_height=\u201c1em\u201d background_color=\u201d#eaeaea\u201d background_size=\u201cinitial\u201d background_position=\u201ctop_left\u201d background_repeat=\u201crepeat\u201d text_orientation=\u201ccenter\u201d custom_padding=\u201c45px|25px|35px|25px\u201d custom_padding_tablet=\u201d||32px|\u201d custom_padding_phone=\u201d\u201d custom_padding_last_edited=\u201con|tablet\u201d animation=\u201coff\u201d image_max_width=\u201c60%\u201d image_max_width_tablet=\u201d\u201d image_max_width_phone=\u201c50%\u201d image_max_width_last_edited=\u201con|desktop\u201d global_colors_info=\u201d{}\u201d]<\/p>\n<p><a href=\"https:\/\/www.velopa.ch\/de\/loesungen\/\">link<\/a><\/p>\n<p>[\/et_pb_blurb][\/et_pb_column][et_pb_column type=\u201c1_4\u201d _builder_version=\u201c4.16\u201d custom_padding=\u201d|||\u201d global_colors_info=\u201d{}\u201d custom_padding__hover=\u201d|||\u201d][et_pb_blurb title=\u201d\u25ba Kon\u00adtakt\u201d image=\u201chttps:\/\/www.velopa.ch\/wp-content\/uploads\/2021\/03\/kontakt.png\u201d image_icon_width=\u201c60%\u201d image_icon_width_tablet=\u201d\u201d image_icon_width_phone=\u201c50%\u201d image_icon_width_last_edited=\u201con|phone\u201d module_class=\u201cow_clickable_box\u201d _builder_version=\u201c4.16\u201d header_font_size=\u201c17px\u201d body_line_height=\u201c1em\u201d background_color=\u201d#eaeaea\u201d background_size=\u201cinitial\u201d background_position=\u201ctop_left\u201d background_repeat=\u201crepeat\u201d text_orientation=\u201ccenter\u201d custom_padding=\u201c45px|25px|35px|25px\u201d custom_padding_tablet=\u201d||32px|\u201d custom_padding_phone=\u201d\u201d custom_padding_last_edited=\u201con|phone\u201d animation=\u201coff\u201d image_max_width=\u201c60%\u201d image_max_width_tablet=\u201d\u201d image_max_width_phone=\u201c50%\u201d image_max_width_last_edited=\u201con|phone\u201d global_colors_info=\u201d{}\u201d]<\/p>\n<p class=\"et-fb-mce-line-break-holder\" style=\"text-align: center;\"><a href=\"https:\/\/www.velopa.ch\/de\/kontakt\/\">link<\/a><\/p>\n<p>[\/et_pb_blurb][\/et_pb_column][et_pb_column type=\u201c1_4\u201d _builder_version=\u201c4.16\u201d custom_padding=\u201d|||\u201d global_colors_info=\u201d{}\u201d custom_padding__hover=\u201d|||\u201d][et_pb_blurb title=\u201d\u25ba Pers. Bera\u00adtung\u201d image=\u201chttps:\/\/www.velopa.ch\/wp-content\/uploads\/2021\/03\/persoenliche-beratung.png\u201d image_icon_width=\u201c60%\u201d image_icon_width_tablet=\u201d\u201d image_icon_width_phone=\u201c50%\u201d image_icon_width_last_edited=\u201con|phone\u201d module_class=\u201cow_clickable_box\u201d _builder_version=\u201c4.16\u201d header_font_size=\u201c17px\u201d body_line_height=\u201c1em\u201d background_color=\u201d#eaeaea\u201d background_size=\u201cinitial\u201d background_position=\u201ctop_left\u201d background_repeat=\u201crepeat\u201d text_orientation=\u201ccenter\u201d custom_padding=\u201c45px|25px|35px|25px\u201d custom_padding_tablet=\u201d||32px|\u201d custom_padding_phone=\u201d||32px|\u201d custom_padding_last_edited=\u201con|phone\u201d animation=\u201coff\u201d image_max_width=\u201c60%\u201d image_max_width_tablet=\u201d\u201d image_max_width_phone=\u201c50%\u201d image_max_width_last_edited=\u201con|phone\u201d global_colors_info=\u201d{}\u201d]<\/p>\n<p class=\"et-fb-mce-line-break-holder\" style=\"text-align: center;\"><a href=\"https:\/\/www.velopa.ch\/de\/kontakt\/#persoenliche-beratung\">link<\/a><\/p>\n<p>[\/et_pb_blurb][\/et_pb_column][et_pb_column type=\u201c1_4\u201d _builder_version=\u201c4.16\u201d custom_padding=\u201d|||\u201d global_colors_info=\u201d{}\u201d custom_padding__hover=\u201d|||\u201d][et_pb_blurb title=\u201d\u25ba Kata\u00adlog\u201d image=\u201chttps:\/\/www.velopa.ch\/wp-content\/uploads\/2021\/03\/katalog.png\u201d image_icon_width=\u201c60%\u201d image_icon_width_tablet=\u201d\u201d image_icon_width_phone=\u201c50%\u201d image_icon_width_last_edited=\u201con|phone\u201d module_class=\u201cow_clickable_box\u201d _builder_version=\u201c4.16\u201d header_font_size=\u201c17px\u201d body_line_height=\u201c1em\u201d background_color=\u201d#eaeaea\u201d background_size=\u201cinitial\u201d background_position=\u201ctop_left\u201d background_repeat=\u201crepeat\u201d text_orientation=\u201ccenter\u201d custom_padding=\u201c45px|25px|35px|25px\u201d custom_padding_tablet=\u201d||32px|\u201d custom_padding_phone=\u201d\u201d custom_padding_last_edited=\u201con|phone\u201d animation=\u201coff\u201d use_border_color=\u201coff\u201d border_color=\u201d#ffffff\u201d border_style=\u201csolid\u201d image_max_width=\u201c60%\u201d image_max_width_tablet=\u201d\u201d image_max_width_phone=\u201c50%\u201d image_max_width_last_edited=\u201con|phone\u201d global_colors_info=\u201d{}\u201d]<\/p>\n<p class=\"et-fb-mce-line-break-holder\" style=\"text-align: center;\"><a href=\"https:\/\/www.velopa.ch\/de\/kataloge\/\">link<\/a><\/p>\n<p>[\/et_pb_blurb][\/et_pb_column][\/et_pb_row][\/et_pb_section][et_pb_section fb_built=\u201c1\u201d _builder_version=\u201c4.17.4\u201d _module_preset=\u201cdefault\u201d global_colors_info=\u201d{}\u201d][et_pb_row _builder_version=\u201c4.17.4\u201d _module_preset=\u201cdefault\u201d global_colors_info=\u201d{}\u201d][et_pb_column type=\u201c4_4\u201d _builder_version=\u201c4.17.4\u201d _module_preset=\u201cdefault\u201d global_colors_info=\u201d{}\u201d][\/et_pb_column][\/et_pb_row][\/et_pb_section][et_pb_section fb_built=\u201c1\u201d _builder_version=\u201c4.17.4\u201d _module_preset=\u201cdefault\u201d global_colors_info=\u201d{}\u201d][et_pb_row _builder_version=\u201c4.17.4\u201d _module_preset=\u201cdefault\u201d global_colors_info=\u201d{}\u201d][et_pb_column type=\u201c4_4\u201d _builder_version=\u201c4.17.4\u201d _module_preset=\u201cdefault\u201d global_colors_info=\u201d{}\u201d][\/et_pb_column][\/et_pb_row][\/et_pb_section]<\/p>\n","protected":false},"excerpt":{"rendered":"<p>Nach\u00adhal\u00adtige Gesamt\u00adl\u00f6\u00adsung f\u00fcr kom\u00adbi\u00adnierte Mobi\u00adli\u00adt\u00e4t Ein Ange\u00adbot zweier Part\u00adner zur F\u00f6r\u00adde\u00adrung der nach\u00adhal\u00adti\u00adgen Mobi\u00adli\u00adt\u00e4t mit Fokus auf emis\u00adsi\u00adons\u00adarme Ver\u00adkehrs\u00admit\u00adtel.&nbsp;Erfolg\u00adrei\u00adche Partnerschaft\u200bDie ganze Welt der Mobi\u00adli\u00adt\u00e4t in nur einer App \u2013 erg\u00e4nzt mit bed\u00fcrf\u00adnis- und stand\u00adort\u00adge\u00adrech\u00adter Infra\u00adstruk\u00adtur: Das gemein\u00adsame Ange\u00adbot der MaaS-Anbie\u00adte\u00adrin Urban Con\u00adnect und von Velopa, der Spe\u00adzia\u00adlis\u00adtin f\u00fcr Mobi\u00adli\u00adt\u00e4ts\u00adin\u00adfra\u00adstruk\u00adtur und Frei\u00adraum\u00admo\u00adbi\u00adliar, bietet&nbsp;[\u2026]<\/p>\n","protected":false},"author":6,"featured_media":0,"parent":0,"menu_order":0,"comment_status":"closed","ping_status":"closed","template":"","meta":{"_acf_changed":false,"_et_pb_use_builder":"on","_et_pb_old_content":"","_et_gb_content_width":"","wp_typography_post_enhancements_disabled":false,"footnotes":""},"class_list":["post-63769","page","type-page","status-publish","hentry"],"acf":[],"yoast_head":"<!-- This site is optimized with the Yoast SEO plugin v27.2 - https:\/\/yoast.com\/product\/yoast-seo-wordpress\/ -->\n<title>Mobility as a Service (MaaS) - Velopa Schweiz<\/title>\n<meta name=\"robots\" content=\"noindex, nofollow\" \/>\n<meta property=\"og:locale\" content=\"de_DE\" \/>\n<meta property=\"og:type\" content=\"article\" \/>\n<meta property=\"og:title\" content=\"Mobility as a Service (MaaS) - Velopa Schweiz\" \/>\n<meta property=\"og:description\" content=\"Nachhaltige Gesamtl\u00f6sung f\u00fcr kombinierte Mobilit\u00e4t Ein Angebot zweier Partner zur F\u00f6rderung der nachhaltigen Mobilit\u00e4t mit Fokus auf emissionsarme Verkehrsmittel. \u00a0 Erfolgreiche Partnerschaft\u200b Die ganze Welt der Mobilit\u00e4t in nur einer App \u2013 erg\u00e4nzt mit bed\u00fcrfnis- und standortgerechter Infrastruktur: Das gemeinsame Angebot der MaaS-Anbieterin Urban Connect und von Velopa, der Spezialistin f\u00fcr Mobilit\u00e4tsinfrastruktur und Freiraummobiliar, bietet [&hellip;]\" \/>\n<meta property=\"og:url\" content=\"https:\/\/www.velopa.ch\/de\/mobility-as-a-service-maas\/\" \/>\n<meta property=\"og:site_name\" content=\"Velopa Schweiz\" \/>\n<meta property=\"article:modified_time\" content=\"2023-04-11T13:58:26+00:00\" \/>\n<meta name=\"twitter:card\" content=\"summary_large_image\" \/>\n<meta name=\"twitter:label1\" content=\"Gesch\u00e4tzte Lesezeit\" \/>\n\t<meta name=\"twitter:data1\" content=\"10\u00a0Minuten\" \/>\n<script type=\"application\/ld+json\" class=\"yoast-schema-graph\">{\"@context\":\"https:\/\/schema.org\",\"@graph\":[{\"@type\":\"WebPage\",\"@id\":\"https:\/\/www.velopa.ch\/de\/mobility-as-a-service-maas\/\",\"url\":\"https:\/\/www.velopa.ch\/de\/mobility-as-a-service-maas\/\",\"name\":\"Mobility as a Service (MaaS) - Velopa Schweiz\",\"isPartOf\":{\"@id\":\"https:\/\/www.velopa.ch\/de\/#website\"},\"datePublished\":\"2023-04-11T13:53:00+00:00\",\"dateModified\":\"2023-04-11T13:58:26+00:00\",\"breadcrumb\":{\"@id\":\"https:\/\/www.velopa.ch\/de\/mobility-as-a-service-maas\/#breadcrumb\"},\"inLanguage\":\"de\",\"potentialAction\":[{\"@type\":\"ReadAction\",\"target\":[\"https:\/\/www.velopa.ch\/de\/mobility-as-a-service-maas\/\"]}]},{\"@type\":\"BreadcrumbList\",\"@id\":\"https:\/\/www.velopa.ch\/de\/mobility-as-a-service-maas\/#breadcrumb\",\"itemListElement\":[{\"@type\":\"ListItem\",\"position\":1,\"name\":\"Home\",\"item\":\"https:\/\/www.velopa.ch\/de\/\"},{\"@type\":\"ListItem\",\"position\":2,\"name\":\"Mobility as a Service (MaaS)\"}]},{\"@type\":\"WebSite\",\"@id\":\"https:\/\/www.velopa.ch\/de\/#website\",\"url\":\"https:\/\/www.velopa.ch\/de\/\",\"name\":\"Velopa Schweiz\",\"description\":\"Professionelle Veloparkier- , \u00dcberdachungs- und Absperrsysteme\",\"potentialAction\":[{\"@type\":\"SearchAction\",\"target\":{\"@type\":\"EntryPoint\",\"urlTemplate\":\"https:\/\/www.velopa.ch\/de\/?s={search_term_string}\"},\"query-input\":{\"@type\":\"PropertyValueSpecification\",\"valueRequired\":true,\"valueName\":\"search_term_string\"}}],\"inLanguage\":\"de\"}]}<\/script>\n<!-- \/ Yoast SEO plugin. -->","yoast_head_json":{"title":"Mobility as a Service (MaaS) - Velopa Schweiz","robots":{"index":"noindex","follow":"nofollow"},"og_locale":"de_DE","og_type":"article","og_title":"Mobility as a Service (MaaS) - Velopa Schweiz","og_description":"Nachhaltige Gesamtl\u00f6sung f\u00fcr kombinierte Mobilit\u00e4t Ein Angebot zweier Partner zur F\u00f6rderung der nachhaltigen Mobilit\u00e4t mit Fokus auf emissionsarme Verkehrsmittel. \u00a0 Erfolgreiche Partnerschaft\u200b Die ganze Welt der Mobilit\u00e4t in nur einer App \u2013 erg\u00e4nzt mit bed\u00fcrfnis- und standortgerechter Infrastruktur: Das gemeinsame Angebot der MaaS-Anbieterin Urban Connect und von Velopa, der Spezialistin f\u00fcr Mobilit\u00e4tsinfrastruktur und Freiraummobiliar, bietet [&hellip;]","og_url":"https:\/\/www.velopa.ch\/de\/mobility-as-a-service-maas\/","og_site_name":"Velopa Schweiz","article_modified_time":"2023-04-11T13:58:26+00:00","twitter_card":"summary_large_image","twitter_misc":{"Gesch\u00e4tzte Lesezeit":"10\u00a0Minuten"},"schema":{"@context":"https:\/\/schema.org","@graph":[{"@type":"WebPage","@id":"https:\/\/www.velopa.ch\/de\/mobility-as-a-service-maas\/","url":"https:\/\/www.velopa.ch\/de\/mobility-as-a-service-maas\/","name":"Mobility as a Service (MaaS) - Velopa Schweiz","isPartOf":{"@id":"https:\/\/www.velopa.ch\/de\/#website"},"datePublished":"2023-04-11T13:53:00+00:00","dateModified":"2023-04-11T13:58:26+00:00","breadcrumb":{"@id":"https:\/\/www.velopa.ch\/de\/mobility-as-a-service-maas\/#breadcrumb"},"inLanguage":"de","potentialAction":[{"@type":"ReadAction","target":["https:\/\/www.velopa.ch\/de\/mobility-as-a-service-maas\/"]}]},{"@type":"BreadcrumbList","@id":"https:\/\/www.velopa.ch\/de\/mobility-as-a-service-maas\/#breadcrumb","itemListElement":[{"@type":"ListItem","position":1,"name":"Home","item":"https:\/\/www.velopa.ch\/de\/"},{"@type":"ListItem","position":2,"name":"Mobility as a Service (MaaS)"}]},{"@type":"WebSite","@id":"https:\/\/www.velopa.ch\/de\/#website","url":"https:\/\/www.velopa.ch\/de\/","name":"Velopa Schweiz","description":"Professionelle Veloparkier- , \u00dcberdachungs- und Absperrsysteme","potentialAction":[{"@type":"SearchAction","target":{"@type":"EntryPoint","urlTemplate":"https:\/\/www.velopa.ch\/de\/?s={search_term_string}"},"query-input":{"@type":"PropertyValueSpecification","valueRequired":true,"valueName":"search_term_string"}}],"inLanguage":"de"}]}},"_links":{"self":[{"href":"https:\/\/www.velopa.ch\/de\/wp-json\/wp\/v2\/pages\/63769","targetHints":{"allow":["GET"]}}],"collection":[{"href":"https:\/\/www.velopa.ch\/de\/wp-json\/wp\/v2\/pages"}],"about":[{"href":"https:\/\/www.velopa.ch\/de\/wp-json\/wp\/v2\/types\/page"}],"author":[{"embeddable":true,"href":"https:\/\/www.velopa.ch\/de\/wp-json\/wp\/v2\/users\/6"}],"replies":[{"embeddable":true,"href":"https:\/\/www.velopa.ch\/de\/wp-json\/wp\/v2\/comments?post=63769"}],"version-history":[{"count":3,"href":"https:\/\/www.velopa.ch\/de\/wp-json\/wp\/v2\/pages\/63769\/revisions"}],"predecessor-version":[{"id":64008,"href":"https:\/\/www.velopa.ch\/de\/wp-json\/wp\/v2\/pages\/63769\/revisions\/64008"}],"wp:attachment":[{"href":"https:\/\/www.velopa.ch\/de\/wp-json\/wp\/v2\/media?parent=63769"}],"curies":[{"name":"wp","href":"https:\/\/api.w.org\/{rel}","templated":true}]}}