{"id":61897,"date":"2022-10-27T15:30:08","date_gmt":"2022-10-27T13:30:08","guid":{"rendered":"https:\/\/www.velopa.ch\/?page_id=61897"},"modified":"2026-04-20T17:48:06","modified_gmt":"2026-04-20T15:48:06","slug":"velopa-schweiz-2","status":"publish","type":"page","link":"https:\/\/www.velopa.ch\/de\/","title":{"rendered":"Homepage"},"content":{"rendered":"<p>[et_pb_section fb_built=\u201c1\u201d disabled_on=\u201con|on|on\u201d admin_label=\u201cBetriebsferien\u201d _builder_version=\u201c4.21.0\u201d _module_preset=\u201cdefault\u201d background_color=\u201c#004471\u201d custom_margin=\u201c0px||0px||false|false\u201d custom_padding=\u201c0px||0px||false|false\u201d animation_direction=\u201cbottom\u201d disabled=\u201con\u201d global_colors_info=\u201d{}\u201d][et_pb_row _builder_version=\u201c4.17.4\u201d _module_preset=\u201cdefault\u201d animation_style=\u201cslide\u201d animation_direction=\u201cbottom\u201d animation_intensity_slide=\u201c5%\u201d global_colors_info=\u201d{}\u201d][et_pb_column type=\u201c4_4\u201d _builder_version=\u201c4.17.4\u201d _module_preset=\u201cdefault\u201d global_colors_info=\u201d{}\u201d][et_pb_text _builder_version=\u201c4.27.4\u201d _module_preset=\u201cdefault\u201d text_font_size=\u201c19px\u201d text_line_height=\u201c1.4em\u201d header_3_text_color=\u201c#004471\u201d header_3_line_height=\u201c1.4em\u201d custom_margin=\u201c20px||||false|false\u201d custom_padding=\u201d|100px||100px|false|true\u201d custom_padding_tablet=\u201d|0px||0px|false|true\u201d custom_padding_phone=\u201d\u201d custom_padding_last_edited=\u201con|phone\u201d global_colors_info=\u201d{}\u201d]<\/p>\n<h2 style=\"text-align: center;\"><span style=\"color: #ffffff;\">Wir sind vom 23.12.2025 ab 12:00 Uhr bis einschliesslich 02.01.2026 in den Betriebsferien<\/span><\/h2>\n<h2 style=\"text-align: center;\"><\/h2>\n<p style=\"text-align: center;\"><span style=\"color: #ffffff; font-size: 20px;\">Vie\u00adlen Dank f\u00fcr Ihr Ver\u00adtrauen, Ihre Treue und die erfolg\u00adrei\u00adche Zusam\u00admen\u00adar\u00adbeit! Wir freuen uns auf viele tolle Pro\u00adjekte im&nbsp;2026.<br> Sch\u00f6ne Fest\u00adtage und einen guten Start ins neue&nbsp;Jahr!<\/span><\/p>\n<p>[\/et_pb_text][\/et_pb_column][\/et_pb_row][\/et_pb_section][et_pb_section fb_built=\u201c1\u201d disabled_on=\u201coff|off|off\u201d admin_label=\u201cFr\u00fchlingsrabatt\u201d _builder_version=\u201c4.21.0\u201d _module_preset=\u201cdefault\u201d background_color=\u201c#004471\u201d custom_margin=\u201c0px||0px||false|false\u201d custom_padding=\u201c0px||20px||false|false\u201d animation_direction=\u201cbottom\u201d global_colors_info=\u201d{}\u201d][et_pb_row _builder_version=\u201c4.17.4\u201d _module_preset=\u201cdefault\u201d animation_style=\u201cslide\u201d animation_direction=\u201cbottom\u201d animation_intensity_slide=\u201c5%\u201d global_colors_info=\u201d{}\u201d][et_pb_column type=\u201c4_4\u201d _builder_version=\u201c4.17.4\u201d _module_preset=\u201cdefault\u201d global_colors_info=\u201d{}\u201d][et_pb_text _builder_version=\u201c4.27.6\u201d _module_preset=\u201cdefault\u201d text_font_size=\u201c19px\u201d text_line_height=\u201c1.4em\u201d header_3_text_color=\u201c#004471\u201d header_3_line_height=\u201c1.4em\u201d custom_margin=\u201c20px||||false|false\u201d custom_padding=\u201d|100px||100px|false|true\u201d custom_padding_tablet=\u201d|0px||0px|false|true\u201d custom_padding_phone=\u201d\u201d custom_padding_last_edited=\u201con|phone\u201d hover_enabled=\u201c0\u201d global_colors_info=\u201d{}\u201d sticky_enabled=\u201c0\u201d]<\/p>\n<h2 style=\"text-align: center;\"><span style=\"color: #ffffff;\">Fr\u00fchlingsaktion \u2013 jetzt 10 % Rabatt auf ausgew\u00e4hltes Sortiment!<\/span><\/h2>\n<p style=\"text-align: center;\"><span style=\"color: #ffffff; font-size: 20px;\">Gut gesch\u00fctzt und ordent\u00adlich in die neue Sai\u00adson star\u00adten: Sichern Sie sich 10 % Rabatt* auf Pro\u00addukte aus dem Pri\u00advat\u00adkun\u00adden\u00adsor\u00adti\u00adment (*exkl. Modell VeloGarage). Die Aktion l\u00e4uft vom 24. April bis 10. Mai&nbsp;2026.<\/span><\/p>\n<h5><\/h5>\n<h5 style=\"text-align: center;\"><span style=\"color: #ffffff;\">*nicht mit ande\u00adren Rabat\u00adten kumulierbar.<\/span><\/h5>\n<p>[\/et_pb_text][et_pb_button button_url=\u201chttps:\/\/www.velopa.ch\/de\/privatkunden\u201d button_text=\u201cJetzt pro\u00adfi\u00adtie\u00adren\u201d button_alignment=\u201ccenter\u201d _builder_version=\u201c4.27.6\u201d custom_button=\u201con\u201d button_text_size=\u201c19px\u201d button_text_color=\u201c#004471\u201d button_bg_color=\u201d#ededed\u201d button_border_width=\u201c1px\u201d button_border_color=\u201d#ededed\u201d button_border_radius=\u201c3px\u201d button_font=\u201d|on|||\u201d button_use_icon=\u201coff\u201d button_letter_spacing_tablet=\u201c1px\u201d custom_css_main_element=\u201cpadding: 0.5em 0.5em!important; width: 225px;\u201d button_text_color_hover=\u201d#ededed\u201d button_border_color_hover=\u201d#ededed\u201d button_border_radius_hover=\u201c3px\u201d button_letter_spacing_hover=\u201c0px\u201d button_bg_color_hover=\u201d#1e5faa\u201d global_colors_info=\u201d{}\u201d button_letter_spacing_hover_tablet=\u201c1px\u201d button_text_size__hover_enabled=\u201coff\u201d button_text_size__hover=\u201cnull\u201d button_one_text_size__hover_enabled=\u201coff\u201d button_one_text_size__hover=\u201cnull\u201d button_two_text_size__hover_enabled=\u201coff\u201d button_two_text_size__hover=\u201cnull\u201d button_text_color__hover_enabled=\u201con|desktop\u201d button_text_color__hover=\u201d#ffffff\u201d button_one_text_color__hover_enabled=\u201coff\u201d button_one_text_color__hover=\u201cnull\u201d button_two_text_color__hover_enabled=\u201coff\u201d button_two_text_color__hover=\u201cnull\u201d button_border_width__hover_enabled=\u201coff\u201d button_border_width__hover=\u201cnull\u201d button_one_border_width__hover_enabled=\u201coff\u201d button_one_border_width__hover=\u201cnull\u201d button_two_border_width__hover_enabled=\u201coff\u201d button_two_border_width__hover=\u201cnull\u201d button_border_color__hover_enabled=\u201con|hover\u201d button_border_color__hover=\u201d#ededed\u201d button_one_border_color__hover_enabled=\u201coff\u201d button_one_border_color__hover=\u201cnull\u201d button_two_border_color__hover_enabled=\u201coff\u201d button_two_border_color__hover=\u201cnull\u201d button_border_radius__hover_enabled=\u201con\u201d button_border_radius__hover=\u201c3px\u201d button_one_border_radius__hover_enabled=\u201coff\u201d button_one_border_radius__hover=\u201cnull\u201d button_two_border_radius__hover_enabled=\u201coff\u201d button_two_border_radius__hover=\u201cnull\u201d button_letter_spacing__hover_enabled=\u201con\u201d button_letter_spacing__hover=\u201c0px\u201d button_one_letter_spacing__hover_enabled=\u201coff\u201d button_one_letter_spacing__hover=\u201cnull\u201d button_two_letter_spacing__hover_enabled=\u201coff\u201d button_two_letter_spacing__hover=\u201cnull\u201d button_bg_color__hover_enabled=\u201con|hover\u201d button_bg_color__hover=\u201c#004471\u201d button_one_bg_color__hover_enabled=\u201coff\u201d button_one_bg_color__hover=\u201cnull\u201d button_two_bg_color__hover_enabled=\u201coff\u201d button_two_bg_color__hover=\u201cnull\u201d button_bg_enable_color__hover=\u201con\u201d][\/et_pb_button][\/et_pb_column][\/et_pb_row][\/et_pb_section][et_pb_section fb_built=\u201c1\u201d disabled_on=\u201con|on|on\u201d admin_label=\u201c<span class=\"caps\">OLMA<\/span>\u201d _builder_version=\u201c4.27.4\u201d _module_preset=\u201cdefault\u201d background_color=\u201c#004471\u201d custom_margin=\u201c0px||0px||false|false\u201d custom_padding=\u201c0px||20px||false|false\u201d animation_direction=\u201cbottom\u201d disabled=\u201con\u201d global_colors_info=\u201d{}\u201d][et_pb_row _builder_version=\u201c4.17.4\u201d _module_preset=\u201cdefault\u201d animation_style=\u201cslide\u201d animation_direction=\u201cbottom\u201d animation_intensity_slide=\u201c5%\u201d global_colors_info=\u201d{}\u201d][et_pb_column type=\u201c4_4\u201d _builder_version=\u201c4.17.4\u201d _module_preset=\u201cdefault\u201d global_colors_info=\u201d{}\u201d][et_pb_text admin_label=\u201cText\u201d _builder_version=\u201c4.21.0\u201d _module_preset=\u201cdefault\u201d text_font_size=\u201c19px\u201d text_line_height=\u201c1.4em\u201d header_3_text_color=\u201c#004471\u201d header_3_line_height=\u201c1.4em\u201d custom_margin=\u201c20px||||false|false\u201d custom_padding=\u201d|100px||100px|false|true\u201d custom_padding_tablet=\u201d|0px||0px|false|true\u201d custom_padding_phone=\u201d\u201d custom_padding_last_edited=\u201con|phone\u201d global_colors_info=\u201d{}\u201d]<\/p>\n<h2 style=\"text-align: center;\"><span style=\"color: #ffffff;\">Herbstmesse, Herbstangebote!<\/span><\/h2>\n<p style=\"text-align: center;\"><span style=\"color: #ffffff; font-size: 20px;\">Olma-High\u00adlight: An der Messe in St. Gal\u00adlen gibt es 10%* Rabatt auf aus\u00ader\u00adw\u00e4hlte Velo\u00adun\u00adter\u00adst\u00e4nde bei Velopa am Stand <span class=\"caps\">F5<\/span>.14. Keine Zeit f\u00fcr einen Mes\u00adse\u00adbe\u00adsuch? Das Ange\u00adbot gilt vom 9. bis 19. Okto\u00adber 2025 auch \u00fcber\u00adall sonst, wo es Velopa gibt.<\/span><\/p>\n<h5><\/h5>\n<h5 style=\"text-align: center;\"><span style=\"color: #ffffff;\">*nicht mit ande\u00adren Rabat\u00adten kumulierbar.<\/span><\/h5>\n<p>[\/et_pb_text][\/et_pb_column][\/et_pb_row][et_pb_row column_structure=\u201c1_4,1_4,1_4,1_4\u201d _builder_version=\u201c4.21.0\u201d _module_preset=\u201cdefault\u201d global_colors_info=\u201d{}\u201d][et_pb_column type=\u201c1_4\u201d _builder_version=\u201c4.21.0\u201d _module_preset=\u201cdefault\u201d global_colors_info=\u201d{}\u201d][\/et_pb_column][et_pb_column type=\u201c1_4\u201d _builder_version=\u201c4.21.0\u201d _module_preset=\u201cdefault\u201d global_colors_info=\u201d{}\u201d][et_pb_button button_url=\u201chttps:\/\/www.velopa.ch\/de\/privatkunden\u201d button_text=\u201cZu den Pro\u00adduk\u00adten\u201d button_alignment=\u201ccenter\u201d _builder_version=\u201c4.21.0\u201d custom_button=\u201con\u201d button_text_size=\u201c19px\u201d button_text_color=\u201c#004471\u201d button_bg_color=\u201d#ededed\u201d button_border_width=\u201c1px\u201d button_border_color=\u201d#ededed\u201d button_border_radius=\u201c3px\u201d button_font=\u201d|on|||\u201d button_use_icon=\u201coff\u201d button_letter_spacing_tablet=\u201c1px\u201d custom_css_main_element=\u201cpadding: 0.5em 0.5em!important; width: 225px;\u201d button_text_color_hover=\u201d#ededed\u201d button_border_color_hover=\u201d#ededed\u201d button_border_radius_hover=\u201c3px\u201d button_letter_spacing_hover=\u201c0px\u201d button_bg_color_hover=\u201d#1e5faa\u201d global_colors_info=\u201d{}\u201d button_letter_spacing_hover_tablet=\u201c1px\u201d button_text_size__hover_enabled=\u201coff\u201d button_text_size__hover=\u201cnull\u201d button_one_text_size__hover_enabled=\u201coff\u201d button_one_text_size__hover=\u201cnull\u201d button_two_text_size__hover_enabled=\u201coff\u201d button_two_text_size__hover=\u201cnull\u201d button_text_color__hover_enabled=\u201con|desktop\u201d button_text_color__hover=\u201d#ffffff\u201d button_one_text_color__hover_enabled=\u201coff\u201d button_one_text_color__hover=\u201cnull\u201d button_two_text_color__hover_enabled=\u201coff\u201d button_two_text_color__hover=\u201cnull\u201d button_border_width__hover_enabled=\u201coff\u201d button_border_width__hover=\u201cnull\u201d button_one_border_width__hover_enabled=\u201coff\u201d button_one_border_width__hover=\u201cnull\u201d button_two_border_width__hover_enabled=\u201coff\u201d button_two_border_width__hover=\u201cnull\u201d button_border_color__hover_enabled=\u201con|hover\u201d button_border_color__hover=\u201d#ededed\u201d button_one_border_color__hover_enabled=\u201coff\u201d button_one_border_color__hover=\u201cnull\u201d button_two_border_color__hover_enabled=\u201coff\u201d button_two_border_color__hover=\u201cnull\u201d button_border_radius__hover_enabled=\u201con\u201d button_border_radius__hover=\u201c3px\u201d button_one_border_radius__hover_enabled=\u201coff\u201d button_one_border_radius__hover=\u201cnull\u201d button_two_border_radius__hover_enabled=\u201coff\u201d button_two_border_radius__hover=\u201cnull\u201d button_letter_spacing__hover_enabled=\u201con\u201d button_letter_spacing__hover=\u201c0px\u201d button_one_letter_spacing__hover_enabled=\u201coff\u201d button_one_letter_spacing__hover=\u201cnull\u201d button_two_letter_spacing__hover_enabled=\u201coff\u201d button_two_letter_spacing__hover=\u201cnull\u201d button_bg_color__hover_enabled=\u201con|hover\u201d button_bg_color__hover=\u201c#004471\u201d button_one_bg_color__hover_enabled=\u201coff\u201d button_one_bg_color__hover=\u201cnull\u201d button_two_bg_color__hover_enabled=\u201coff\u201d button_two_bg_color__hover=\u201cnull\u201d button_bg_enable_color__hover=\u201con\u201d][\/et_pb_button][\/et_pb_column][et_pb_column type=\u201c1_4\u201d _builder_version=\u201c4.21.0\u201d _module_preset=\u201cdefault\u201d global_colors_info=\u201d{}\u201d][et_pb_button button_url=\u201chttps:\/\/www.velopa.ch\/de\/messen\/olma\/\u201d button_text=\u201c<span class=\"caps\">OLMA<\/span> Messe\u201d button_alignment=\u201ccenter\u201d _builder_version=\u201c4.21.0\u201d custom_button=\u201con\u201d button_text_size=\u201c19px\u201d button_text_color=\u201c#004471\u201d button_bg_color=\u201d#ededed\u201d button_border_width=\u201c1px\u201d button_border_color=\u201d#ededed\u201d button_border_radius=\u201c3px\u201d button_font=\u201d|on|||\u201d button_use_icon=\u201coff\u201d button_letter_spacing_tablet=\u201c1px\u201d custom_css_main_element=\u201cpadding: 0.5em 0.5em!important; width: 225px;\u201d button_text_color_hover=\u201d#ededed\u201d button_border_color_hover=\u201d#ededed\u201d button_border_radius_hover=\u201c3px\u201d button_letter_spacing_hover=\u201c0px\u201d button_bg_color_hover=\u201d#1e5faa\u201d global_colors_info=\u201d{}\u201d button_letter_spacing_hover_tablet=\u201c1px\u201d button_text_size__hover_enabled=\u201coff\u201d button_text_size__hover=\u201cnull\u201d button_one_text_size__hover_enabled=\u201coff\u201d button_one_text_size__hover=\u201cnull\u201d button_two_text_size__hover_enabled=\u201coff\u201d button_two_text_size__hover=\u201cnull\u201d button_text_color__hover_enabled=\u201con|desktop\u201d button_text_color__hover=\u201d#ffffff\u201d button_one_text_color__hover_enabled=\u201coff\u201d button_one_text_color__hover=\u201cnull\u201d button_two_text_color__hover_enabled=\u201coff\u201d button_two_text_color__hover=\u201cnull\u201d button_border_width__hover_enabled=\u201coff\u201d button_border_width__hover=\u201cnull\u201d button_one_border_width__hover_enabled=\u201coff\u201d button_one_border_width__hover=\u201cnull\u201d button_two_border_width__hover_enabled=\u201coff\u201d button_two_border_width__hover=\u201cnull\u201d button_border_color__hover_enabled=\u201con|hover\u201d button_border_color__hover=\u201d#ededed\u201d button_one_border_color__hover_enabled=\u201coff\u201d button_one_border_color__hover=\u201cnull\u201d button_two_border_color__hover_enabled=\u201coff\u201d button_two_border_color__hover=\u201cnull\u201d button_border_radius__hover_enabled=\u201con\u201d button_border_radius__hover=\u201c3px\u201d button_one_border_radius__hover_enabled=\u201coff\u201d button_one_border_radius__hover=\u201cnull\u201d button_two_border_radius__hover_enabled=\u201coff\u201d button_two_border_radius__hover=\u201cnull\u201d button_letter_spacing__hover_enabled=\u201con\u201d button_letter_spacing__hover=\u201c0px\u201d button_one_letter_spacing__hover_enabled=\u201coff\u201d button_one_letter_spacing__hover=\u201cnull\u201d button_two_letter_spacing__hover_enabled=\u201coff\u201d button_two_letter_spacing__hover=\u201cnull\u201d button_bg_color__hover_enabled=\u201con|hover\u201d button_bg_color__hover=\u201c#004471\u201d button_one_bg_color__hover_enabled=\u201coff\u201d button_one_bg_color__hover=\u201cnull\u201d button_two_bg_color__hover_enabled=\u201coff\u201d button_two_bg_color__hover=\u201cnull\u201d button_bg_enable_color__hover=\u201con\u201d][\/et_pb_button][\/et_pb_column][et_pb_column type=\u201c1_4\u201d _builder_version=\u201c4.21.0\u201d _module_preset=\u201cdefault\u201d global_colors_info=\u201d{}\u201d][\/et_pb_column][\/et_pb_row][\/et_pb_section][et_pb_section fb_built=\u201c1\u201d disabled_on=\u201con|on|on\u201d admin_label=\u201cBike Revo\u00adlu\u00adtion\u201d _builder_version=\u201c4.21.0\u201d _module_preset=\u201cdefault\u201d background_color=\u201c#004471\u201d custom_margin=\u201c0px||0px||false|false\u201d custom_padding=\u201c0px||20px||false|false\u201d animation_direction=\u201cbottom\u201d disabled=\u201con\u201d global_colors_info=\u201d{}\u201d][et_pb_row _builder_version=\u201c4.17.4\u201d _module_preset=\u201cdefault\u201d animation_style=\u201cslide\u201d animation_direction=\u201cbottom\u201d animation_intensity_slide=\u201c5%\u201d global_colors_info=\u201d{}\u201d][et_pb_column type=\u201c4_4\u201d _builder_version=\u201c4.17.4\u201d _module_preset=\u201cdefault\u201d global_colors_info=\u201d{}\u201d][et_pb_text _builder_version=\u201c4.21.0\u201d _module_preset=\u201cdefault\u201d text_font_size=\u201c19px\u201d text_line_height=\u201c1.4em\u201d header_3_text_color=\u201c#004471\u201d header_3_line_height=\u201c1.4em\u201d custom_margin=\u201c20px||||false|false\u201d custom_padding=\u201d|100px||100px|false|true\u201d custom_padding_tablet=\u201d|0px||0px|false|true\u201d custom_padding_phone=\u201d\u201d custom_padding_last_edited=\u201con|phone\u201d global_colors_info=\u201d{}\u201d]<\/p>\n<h2 style=\"text-align: center;\"><span style=\"color: #ffffff;\">Gusto Rides \u2013 Genussvolle Biketouren erleben.<br>\n<\/span><\/h2>\n<p style=\"text-align: center;\"><span style=\"color: #ffffff; font-size: 20px;\">Ent\u00adde\u00adcken Sie atem\u00adbe\u00adrau\u00adbende Rou\u00adten, erkun\u00adden Sie neue Regio\u00adnen auf dem Bike und kr\u00f6\u00adnen Sie Ihre Tour mit einem kuli\u00adna\u00adri\u00adschen Highlight.<br> Jetzt kos\u00adten\u00adlos an der Ticket\u00adver\u00adlo\u00adsung teil\u00adneh\u00admen &amp; dabei sein!<br>Anmel\u00adde\u00adschluss: 20.04.2025<br>\n<\/span><\/p>\n<p>[\/et_pb_text][et_pb_button button_url=\u201chttps:\/\/www.velopa.ch\/de\/bike-revolution\/\u201d button_text=\u201cJetzt teil\u00adneh\u00admen\u201d button_alignment=\u201ccenter\u201d _builder_version=\u201c4.21.0\u201d custom_button=\u201con\u201d button_text_size=\u201c19px\u201d button_text_color=\u201c#004471\u201d button_bg_color=\u201d#ededed\u201d button_border_width=\u201c1px\u201d button_border_color=\u201d#ededed\u201d button_border_radius=\u201c3px\u201d button_font=\u201d|on|||\u201d button_use_icon=\u201coff\u201d button_letter_spacing_tablet=\u201c1px\u201d custom_css_main_element=\u201cpadding: 0.5em 0.5em!important; width: 225px;\u201d button_text_color_hover=\u201d#ededed\u201d button_border_color_hover=\u201d#ededed\u201d button_border_radius_hover=\u201c3px\u201d button_letter_spacing_hover=\u201c0px\u201d button_bg_color_hover=\u201d#1e5faa\u201d global_colors_info=\u201d{}\u201d button_letter_spacing_hover_tablet=\u201c1px\u201d button_text_size__hover_enabled=\u201coff\u201d button_text_size__hover=\u201cnull\u201d button_one_text_size__hover_enabled=\u201coff\u201d button_one_text_size__hover=\u201cnull\u201d button_two_text_size__hover_enabled=\u201coff\u201d button_two_text_size__hover=\u201cnull\u201d button_text_color__hover_enabled=\u201con|desktop\u201d button_text_color__hover=\u201d#ffffff\u201d button_one_text_color__hover_enabled=\u201coff\u201d button_one_text_color__hover=\u201cnull\u201d button_two_text_color__hover_enabled=\u201coff\u201d button_two_text_color__hover=\u201cnull\u201d button_border_width__hover_enabled=\u201coff\u201d button_border_width__hover=\u201cnull\u201d button_one_border_width__hover_enabled=\u201coff\u201d button_one_border_width__hover=\u201cnull\u201d button_two_border_width__hover_enabled=\u201coff\u201d button_two_border_width__hover=\u201cnull\u201d button_border_color__hover_enabled=\u201con|hover\u201d button_border_color__hover=\u201d#ededed\u201d button_one_border_color__hover_enabled=\u201coff\u201d button_one_border_color__hover=\u201cnull\u201d button_two_border_color__hover_enabled=\u201coff\u201d button_two_border_color__hover=\u201cnull\u201d button_border_radius__hover_enabled=\u201con\u201d button_border_radius__hover=\u201c3px\u201d button_one_border_radius__hover_enabled=\u201coff\u201d button_one_border_radius__hover=\u201cnull\u201d button_two_border_radius__hover_enabled=\u201coff\u201d button_two_border_radius__hover=\u201cnull\u201d button_letter_spacing__hover_enabled=\u201con\u201d button_letter_spacing__hover=\u201c0px\u201d button_one_letter_spacing__hover_enabled=\u201coff\u201d button_one_letter_spacing__hover=\u201cnull\u201d button_two_letter_spacing__hover_enabled=\u201coff\u201d button_two_letter_spacing__hover=\u201cnull\u201d button_bg_color__hover_enabled=\u201con|hover\u201d button_bg_color__hover=\u201c#004471\u201d button_one_bg_color__hover_enabled=\u201coff\u201d button_one_bg_color__hover=\u201cnull\u201d button_two_bg_color__hover_enabled=\u201coff\u201d button_two_bg_color__hover=\u201cnull\u201d button_bg_enable_color__hover=\u201con\u201d][\/et_pb_button][\/et_pb_column][\/et_pb_row][\/et_pb_section][et_pb_section fb_built=\u201c1\u201d disabled_on=\u201coff|off|off\u201d admin_label=\u201cHomepage Hea\u00adder Slider\u201d module_class=\u201cow_reformat home\u00adpage-slider-sec\u00adtion\u201d _builder_version=\u201c4.27.4\u201d max_width=\u201c100%\u201d collapsed=\u201coff\u201d global_colors_info=\u201d{}\u201d][et_pb_row module_class=\u201chomepage-top-slider-container\u201d _builder_version=\u201c4.27.4\u201d _module_preset=\u201cdefault\u201d width=\u201c100%\u201d max_width=\u201c100%\u201d custom_margin=\u201c0px||0px||true|false\u201d custom_padding=\u201c0px||0px||true|false\u201d global_colors_info=\u201d{}\u201d][et_pb_column type=\u201c4_4\u201d _builder_version=\u201c4.17.4\u201d _module_preset=\u201cdefault\u201d global_colors_info=\u201d{}\u201d][et_pb_code _builder_version=\u201c4.27.4\u201d _module_preset=\u201cdefault\u201d global_colors_info=\u201d{}\u201d]<\/p><div class=\"homepage-top-slider\"><div class=\"slider-slide\"><div class=\"slider-slide__image\"><img loading=\"lazy\" decoding=\"async\" width=\"2560\" height=\"1440\" src=\"https:\/\/www.velopa.ch\/wp-content\/uploads\/2025\/11\/Velopa-Videokampagne-Nino-Schurter-Headerbild-Website-mit-Subtext-DE2-scaled.jpg\" class=\"attachment-full size-full\" alt=\"Weltmeister Nino Schurter testet Veloparkiersysteme und Radwegtrenner von Velopa\" srcset=\"https:\/\/www.velopa.ch\/wp-content\/uploads\/2025\/11\/Velopa-Videokampagne-Nino-Schurter-Headerbild-Website-mit-Subtext-DE2-scaled.jpg 2560w, https:\/\/www.velopa.ch\/wp-content\/uploads\/2025\/11\/Velopa-Videokampagne-Nino-Schurter-Headerbild-Website-mit-Subtext-DE2-1280x720.jpg 1280w, https:\/\/www.velopa.ch\/wp-content\/uploads\/2025\/11\/Velopa-Videokampagne-Nino-Schurter-Headerbild-Website-mit-Subtext-DE2-980x551.jpg 980w, https:\/\/www.velopa.ch\/wp-content\/uploads\/2025\/11\/Velopa-Videokampagne-Nino-Schurter-Headerbild-Website-mit-Subtext-DE2-480x270.jpg 480w\" sizes=\"(min-width: 0px) and (max-width: 480px) 480px, (min-width: 481px) and (max-width: 980px) 980px, (min-width: 981px) and (max-width: 1280px) 1280px, (min-width: 1281px) 2560px, 100vw\"><div class=\"slider-slide__overlay\"><\/div><div class=\"slider-slide__content\"><h2 class=\"slider-slide__title\">\u00abDas braucht <br>   jede Stadt.\u00bb<\/h2><p><a class=\"slider-slide__button blue-cta-button\" href=\"https:\/\/www.velopa.ch\/de\/veloparkierung-und-radwegtrenner-mit-nino-schurter\/\">Zum Kurz\u00adfilm<\/a><\/p><\/div><\/div><\/div><div class=\"slider-slide\"><div class=\"slider-slide__image\"><img loading=\"lazy\" decoding=\"async\" width=\"2560\" height=\"1440\" src=\"https:\/\/www.velopa.ch\/wp-content\/uploads\/2026\/04\/BEA-Velounterstaende-mit-Nino-Schurter-Velopa-4.jpg\" class=\"attachment-full size-full\" alt=\"Velounterst\u00e4nde von Velopa mit Markenbotschafter und Bike-Weltmeister Nino Schurter\" srcset=\"https:\/\/www.velopa.ch\/wp-content\/uploads\/2026\/04\/BEA-Velounterstaende-mit-Nino-Schurter-Velopa-4.jpg 2560w, https:\/\/www.velopa.ch\/wp-content\/uploads\/2026\/04\/BEA-Velounterstaende-mit-Nino-Schurter-Velopa-4-1280x720.jpg 1280w, https:\/\/www.velopa.ch\/wp-content\/uploads\/2026\/04\/BEA-Velounterstaende-mit-Nino-Schurter-Velopa-4-980x551.jpg 980w, https:\/\/www.velopa.ch\/wp-content\/uploads\/2026\/04\/BEA-Velounterstaende-mit-Nino-Schurter-Velopa-4-480x270.jpg 480w\" sizes=\"(min-width: 0px) and (max-width: 480px) 480px, (min-width: 481px) and (max-width: 980px) 980px, (min-width: 981px) and (max-width: 1280px) 1280px, (min-width: 1281px) 2560px, 100vw\"><div class=\"slider-slide__overlay\"><\/div><div class=\"slider-slide__content\"><h2 class=\"slider-slide__title\">BEA 2026. <br>Velopa schafft Platz.<\/h2><p><a class=\"slider-slide__button blue-cta-button\" href=\"https:\/\/www.velopa.ch\/de\/bea-2026\/\">Mehr Infos<\/a><\/p><\/div><\/div><\/div><div class=\"slider-slide\"><div class=\"slider-slide__image\"><img loading=\"lazy\" decoding=\"async\" width=\"2560\" height=\"1435\" src=\"https:\/\/www.velopa.ch\/wp-content\/uploads\/2025\/07\/new-header-referenz.jpg\" class=\"attachment-full size-full\" alt srcset=\"https:\/\/www.velopa.ch\/wp-content\/uploads\/2025\/07\/new-header-referenz.jpg 2560w, https:\/\/www.velopa.ch\/wp-content\/uploads\/2025\/07\/new-header-referenz-1280x718.jpg 1280w, https:\/\/www.velopa.ch\/wp-content\/uploads\/2025\/07\/new-header-referenz-980x549.jpg 980w, https:\/\/www.velopa.ch\/wp-content\/uploads\/2025\/07\/new-header-referenz-480x269.jpg 480w\" sizes=\"(min-width: 0px) and (max-width: 480px) 480px, (min-width: 481px) and (max-width: 980px) 980px, (min-width: 981px) and (max-width: 1280px) 1280px, (min-width: 1281px) 2560px, 100vw\"><div class=\"slider-slide__overlay\"><\/div><div class=\"slider-slide__content\"><h2 class=\"slider-slide__title\">Referenzen. <br> Der beste Beweis.<\/h2><p><a class=\"slider-slide__button blue-cta-button\" href=\"https:\/\/www.velopa.ch\/de\/referenzen\/referenz-veloparkierung-46446\/\">Zur Refe\u00adrenz<\/a><\/p><\/div><\/div><\/div><div class=\"slider-slide\"><div class=\"slider-slide__image\"><img loading=\"lazy\" decoding=\"async\" width=\"2560\" height=\"1435\" src=\"https:\/\/www.velopa.ch\/wp-content\/uploads\/2023\/10\/header-ecovadis-1.png\" class=\"attachment-full size-full\" alt srcset=\"https:\/\/www.velopa.ch\/wp-content\/uploads\/2023\/10\/header-ecovadis-1.png 2560w, https:\/\/www.velopa.ch\/wp-content\/uploads\/2023\/10\/header-ecovadis-1-1280x718.png 1280w, https:\/\/www.velopa.ch\/wp-content\/uploads\/2023\/10\/header-ecovadis-1-980x549.png 980w, https:\/\/www.velopa.ch\/wp-content\/uploads\/2023\/10\/header-ecovadis-1-480x269.png 480w\" sizes=\"(min-width: 0px) and (max-width: 480px) 480px, (min-width: 481px) and (max-width: 980px) 980px, (min-width: 981px) and (max-width: 1280px) 1280px, (min-width: 1281px) 2560px, 100vw\"><div class=\"slider-slide__overlay\"><\/div><div class=\"slider-slide__content\"><h2 class=\"slider-slide__title\">Velopa <br> macht die Stadt.<\/h2><p><a class=\"slider-slide__button blue-cta-button\" href=\"https:\/\/www.velopa.ch\/de\/kontakt\/#persoenliche-beratung\">Per\u00ads\u00f6n\u00adli\u00adche Beratung<\/a><\/p><\/div><\/div><\/div><div class=\"slider-slide\"><div class=\"slider-slide__image\"><img loading=\"lazy\" decoding=\"async\" width=\"2560\" height=\"1435\" src=\"https:\/\/www.velopa.ch\/wp-content\/uploads\/2023\/10\/header-ecovadis-2.png\" class=\"attachment-full size-full\" alt srcset=\"https:\/\/www.velopa.ch\/wp-content\/uploads\/2023\/10\/header-ecovadis-2.png 2560w, https:\/\/www.velopa.ch\/wp-content\/uploads\/2023\/10\/header-ecovadis-2-1280x718.png 1280w, https:\/\/www.velopa.ch\/wp-content\/uploads\/2023\/10\/header-ecovadis-2-980x549.png 980w, https:\/\/www.velopa.ch\/wp-content\/uploads\/2023\/10\/header-ecovadis-2-480x269.png 480w\" sizes=\"(min-width: 0px) and (max-width: 480px) 480px, (min-width: 481px) and (max-width: 980px) 980px, (min-width: 981px) and (max-width: 1280px) 1280px, (min-width: 1281px) 2560px, 100vw\"><div class=\"slider-slide__overlay\"><\/div><div class=\"slider-slide__content\"><h2 class=\"slider-slide__title\">Velopa <br>  sch\u00fctzt Ihr Velo.<\/h2><p><a class=\"slider-slide__button blue-cta-button\" href=\"https:\/\/www.velopa.ch\/de\/kontakt\/#persoenliche-beratung\">Per\u00ads\u00f6n\u00adli\u00adche Beratung<\/a><\/p><\/div><\/div><\/div><div class=\"slider-slide\"><div class=\"slider-slide__image\"><img loading=\"lazy\" decoding=\"async\" width=\"2560\" height=\"1435\" src=\"https:\/\/www.velopa.ch\/wp-content\/uploads\/2023\/10\/header-ecovadis-3.png\" class=\"attachment-full size-full\" alt srcset=\"https:\/\/www.velopa.ch\/wp-content\/uploads\/2023\/10\/header-ecovadis-3.png 2560w, https:\/\/www.velopa.ch\/wp-content\/uploads\/2023\/10\/header-ecovadis-3-1280x718.png 1280w, https:\/\/www.velopa.ch\/wp-content\/uploads\/2023\/10\/header-ecovadis-3-980x549.png 980w, https:\/\/www.velopa.ch\/wp-content\/uploads\/2023\/10\/header-ecovadis-3-480x269.png 480w\" sizes=\"(min-width: 0px) and (max-width: 480px) 480px, (min-width: 481px) and (max-width: 980px) 980px, (min-width: 981px) and (max-width: 1280px) 1280px, (min-width: 1281px) 2560px, 100vw\"><div class=\"slider-slide__overlay\"><\/div><div class=\"slider-slide__content\"><h2 class=\"slider-slide__title\">Velopa <br> schafft Platz.<\/h2><p><a class=\"slider-slide__button blue-cta-button\" href=\"https:\/\/www.velopa.ch\/de\/kontakt\/#persoenliche-beratung\">Per\u00ads\u00f6n\u00adli\u00adche Beratung<\/a><\/p><\/div><\/div><\/div><div class=\"slider-slide\"><div class=\"slider-slide__image\"><img loading=\"lazy\" decoding=\"async\" width=\"2560\" height=\"1435\" src=\"https:\/\/www.velopa.ch\/wp-content\/uploads\/2023\/10\/header-ecovadis-4.png\" class=\"attachment-full size-full\" alt srcset=\"https:\/\/www.velopa.ch\/wp-content\/uploads\/2023\/10\/header-ecovadis-4.png 2560w, https:\/\/www.velopa.ch\/wp-content\/uploads\/2023\/10\/header-ecovadis-4-1280x718.png 1280w, https:\/\/www.velopa.ch\/wp-content\/uploads\/2023\/10\/header-ecovadis-4-980x549.png 980w, https:\/\/www.velopa.ch\/wp-content\/uploads\/2023\/10\/header-ecovadis-4-480x269.png 480w\" sizes=\"(min-width: 0px) and (max-width: 480px) 480px, (min-width: 481px) and (max-width: 980px) 980px, (min-width: 981px) and (max-width: 1280px) 1280px, (min-width: 1281px) 2560px, 100vw\"><div class=\"slider-slide__overlay\"><\/div><div class=\"slider-slide__content\"><h2 class=\"slider-slide__title\">Velopa <br> h\u00e4lt trocken.<\/h2><p><a class=\"slider-slide__button blue-cta-button\" href=\"https:\/\/www.velopa.ch\/de\/kontakt\/#persoenliche-beratung\">Per\u00ads\u00f6n\u00adli\u00adche Beratung<\/a><\/p><\/div><\/div><\/div><div class=\"slider-slide\"><div class=\"slider-slide__image\"><img loading=\"lazy\" decoding=\"async\" width=\"2560\" height=\"1435\" src=\"https:\/\/www.velopa.ch\/wp-content\/uploads\/2023\/10\/header-ecovadis-5.png\" class=\"attachment-full size-full\" alt srcset=\"https:\/\/www.velopa.ch\/wp-content\/uploads\/2023\/10\/header-ecovadis-5.png 2560w, https:\/\/www.velopa.ch\/wp-content\/uploads\/2023\/10\/header-ecovadis-5-1280x718.png 1280w, https:\/\/www.velopa.ch\/wp-content\/uploads\/2023\/10\/header-ecovadis-5-980x549.png 980w, https:\/\/www.velopa.ch\/wp-content\/uploads\/2023\/10\/header-ecovadis-5-480x269.png 480w\" sizes=\"(min-width: 0px) and (max-width: 480px) 480px, (min-width: 481px) and (max-width: 980px) 980px, (min-width: 981px) and (max-width: 1280px) 1280px, (min-width: 1281px) 2560px, 100vw\"><div class=\"slider-slide__overlay\"><\/div><div class=\"slider-slide__content\"><h2 class=\"slider-slide__title\">Velopa <br> sperrt ab.<\/h2><p><a class=\"slider-slide__button blue-cta-button\" href=\"https:\/\/www.velopa.ch\/de\/kontakt\/#persoenliche-beratung\">Per\u00ads\u00f6n\u00adli\u00adche Beratung<\/a><\/p><\/div><\/div><\/div><div class=\"slider-slide\"><div class=\"slider-slide__image\"><img loading=\"lazy\" decoding=\"async\" width=\"2560\" height=\"1435\" src=\"https:\/\/www.velopa.ch\/wp-content\/uploads\/2023\/10\/header-ecovadis-6.png\" class=\"attachment-full size-full\" alt srcset=\"https:\/\/www.velopa.ch\/wp-content\/uploads\/2023\/10\/header-ecovadis-6.png 2560w, https:\/\/www.velopa.ch\/wp-content\/uploads\/2023\/10\/header-ecovadis-6-1280x718.png 1280w, https:\/\/www.velopa.ch\/wp-content\/uploads\/2023\/10\/header-ecovadis-6-980x549.png 980w, https:\/\/www.velopa.ch\/wp-content\/uploads\/2023\/10\/header-ecovadis-6-480x269.png 480w\" sizes=\"(min-width: 0px) and (max-width: 480px) 480px, (min-width: 481px) and (max-width: 980px) 980px, (min-width: 981px) and (max-width: 1280px) 1280px, (min-width: 1281px) 2560px, 100vw\"><div class=\"slider-slide__overlay\"><\/div><div class=\"slider-slide__content\"><h2 class=\"slider-slide__title\">Velopa <br> r\u00e4umt auf.<\/h2><p><a class=\"slider-slide__button blue-cta-button\" href=\"https:\/\/www.velopa.ch\/de\/kontakt\/#persoenliche-beratung\">Per\u00ads\u00f6n\u00adli\u00adche Beratung<\/a><\/p><\/div><\/div><\/div><div class=\"slider-slide\"><div class=\"slider-slide__image\"><img loading=\"lazy\" decoding=\"async\" width=\"2560\" height=\"1440\" src=\"https:\/\/www.velopa.ch\/wp-content\/uploads\/2026\/02\/Giardina-Velounterstaende-mit-Nino-Schurter-Velopa-3.jpg\" class=\"attachment-full size-full\" alt srcset=\"https:\/\/www.velopa.ch\/wp-content\/uploads\/2026\/02\/Giardina-Velounterstaende-mit-Nino-Schurter-Velopa-3.jpg 2560w, https:\/\/www.velopa.ch\/wp-content\/uploads\/2026\/02\/Giardina-Velounterstaende-mit-Nino-Schurter-Velopa-3-1280x720.jpg 1280w, https:\/\/www.velopa.ch\/wp-content\/uploads\/2026\/02\/Giardina-Velounterstaende-mit-Nino-Schurter-Velopa-3-980x551.jpg 980w, https:\/\/www.velopa.ch\/wp-content\/uploads\/2026\/02\/Giardina-Velounterstaende-mit-Nino-Schurter-Velopa-3-480x270.jpg 480w\" sizes=\"(min-width: 0px) and (max-width: 480px) 480px, (min-width: 481px) and (max-width: 980px) 980px, (min-width: 981px) and (max-width: 1280px) 1280px, (min-width: 1281px) 2560px, 100vw\"><div class=\"slider-slide__overlay\"><\/div><div class=\"slider-slide__content\"><h2 class=\"slider-slide__title\">Giardina 2026. <br>Velopa schafft Platz.<\/h2><p><a class=\"slider-slide__button blue-cta-button\" href=\"https:\/\/www.velopa.ch\/de\/velopa-an-der-giardina-2026\/\">Wei\u00adtere Informationen<\/a><\/p><\/div><\/div><\/div><\/div>[\/et_pb_code][\/et_pb_column][\/et_pb_row][\/et_pb_section][et_pb_section fb_built=\u201c1\u201d module_class=\u201cadd-mobile-padding\u2013bottom ow_reformat\u201d _builder_version=\u201c4.17.4\u201d _module_preset=\u201cdefault\u201d max_width=\u201c100%\u201d global_colors_info=\u201d{}\u201d][et_pb_row module_class=\u201cto-shop-row\u201d _builder_version=\u201c4.17.4\u201d _module_preset=\u201cdefault\u201d width=\u201c100%\u201d custom_padding=\u201d||32px||false|false\u201d global_colors_info=\u201d{}\u201d][et_pb_column type=\u201c4_4\u201d _builder_version=\u201c4.17.4\u201d _module_preset=\u201cdefault\u201d global_colors_info=\u201d{}\u201d][et_pb_text module_class=\u201cfirst-homepage-heading\u201d _builder_version=\u201c4.27.4\u201d _module_preset=\u201cdefault\u201d global_colors_info=\u201d{}\u201d]\n<h1 style=\"text-align: center;\">Smarte Veloparkiersysteme, elegantes Stadtmobiliar, modulare Unterst\u00e4nde.<\/h1>\n<p>[\/et_pb_text][\/et_pb_column][\/et_pb_row][et_pb_row _builder_version=\u201c4.17.4\u201d _module_preset=\u201cdefault\u201d custom_margin=\u201c0px||0px||true|false\u201d custom_padding=\u201c0px||0px||true|false\u201d global_colors_info=\u201d{}\u201d][et_pb_column type=\u201c4_4\u201d _builder_version=\u201c4.17.4\u201d _module_preset=\u201cdefault\u201d global_colors_info=\u201d{}\u201d][et_pb_text module_class=\u201ccenter-text mobile-full-width m0auto\u201d _builder_version=\u201c4.17.4\u201d _module_preset=\u201cdefault\u201d width=\u201c65%\u201d global_colors_info=\u201d{}\u201d]<\/p>\n<p>Velopa ist das f\u00fch\u00adrende Unter\u00adneh\u00admen f\u00fcr situa\u00adti\u00adons\u00adge\u00adrechte Velo\u00adpar\u00adkier\u00adsys\u00adteme und stil\u00advol\u00adles Stadt\u00admo\u00adbi\u00adliar. Rich\u00adtungs\u00adwei\u00adsende modu\u00adlare Per\u00adso\u00adnen- und Velo\u00adun\u00adter\u00adst\u00e4nde sowie inno\u00adva\u00adtive Absperr\u00adsys\u00adteme erg\u00e4n\u00adzen das Ange\u00adbot. Damit schaf\u00adfen wir maxi\u00adma\u00adlen Mehr\u00adwert im \u00f6ffent\u00adli\u00adchen Raum, in Aus\u00adsen\u00adzo\u00adnen von Wohn\u00adum\u00adge\u00adbun\u00adgen und in Unternehmensarealen.<\/p>\n<p>[\/et_pb_text][\/et_pb_column][\/et_pb_row][\/et_pb_section][et_pb_section fb_built=\u201c1\u201d disabled_on=\u201con|off|off\u201d admin_label=\u201cMap Desk\u00adtop\u201d module_class=\u201cadd-mobile-padding ow_reformat\u201d _builder_version=\u201c4.17.4\u201d _module_preset=\u201cdefault\u201d background_color=\u201c#cce2f1\u201d max_width=\u201c100%\u201d global_colors_info=\u201d{}\u201d][et_pb_row admin_label=\u201cZeile\u201d _builder_version=\u201c4.17.4\u201d _module_preset=\u201cdefault\u201d width=\u201c75%\u201d custom_padding=\u201c0px||||false|false\u201d global_colors_info=\u201d{}\u201d][et_pb_column type=\u201c4_4\u201d _builder_version=\u201c4.17.4\u201d _module_preset=\u201cdefault\u201d global_colors_info=\u201d{}\u201d][et_pb_text admin_label=\u201cText\u201d _builder_version=\u201c4.27.4\u201d _module_preset=\u201cdefault\u201d width=\u201c60%\u201d global_colors_info=\u201d{}\u201d]<\/p>\n<h2 style=\"text-align: left;\">Velopa schafft zukunftsweisende Mobilit\u00e4tsl\u00f6sungen und Freir\u00e4ume.<\/h2>\n<p>[\/et_pb_text][\/et_pb_column][\/et_pb_row][et_pb_row _builder_version=\u201c4.17.4\u201d _module_preset=\u201cdefault\u201d width=\u201c75%\u201d custom_margin=\u201c0px||0px||true|false\u201d custom_padding=\u201c0px||0px||true|false\u201d global_colors_info=\u201d{}\u201d][et_pb_column type=\u201c4_4\u201d _builder_version=\u201c4.17.4\u201d _module_preset=\u201cdefault\u201d global_colors_info=\u201d{}\u201d][et_pb_text module_class=\u201cmobile-full-width\u201d _builder_version=\u201c4.27.4\u201d _module_preset=\u201cdefault\u201d width=\u201c65%\u201d global_colors_info=\u201d{}\u201d]<\/p>\n<p style=\"text-align: left;\">Viel\u00adf\u00e4l\u00adtige L\u00f6sun\u00adgen, die Mass\u00adst\u00e4be set\u00adzen \u2013 daf\u00fcr steht Velopa. Sie umfas\u00adsen das gesamte Spek\u00adtrum der kli\u00adma\u00adscho\u00adnen\u00adden Mikro\u00admo\u00adbi\u00adli\u00adt\u00e4t. Dabei fin\u00adden wir stets die pas\u00adsende L\u00f6sung: ange\u00adfan\u00adgen beim ein\u00adzel\u00adnen Vel\u00ado\u00adab\u00adstell\u00adplatz \u00fcber Absperr\u00adsys\u00adteme zum Schutz des Fuss\u00adg\u00e4n\u00adger\u00adver\u00adkehrs bis hin zu smar\u00adten Zufahrts\u00adsteue\u00adrun\u00adgen, Gross\u00adpar\u00adkier\u00adan\u00adla\u00adgen, Velo\u00adsta\u00adtio\u00adnen und intel\u00adli\u00adgen\u00adten Par\u00adkier\u00adsys\u00adte\u00admen mit inte\u00adgra\u00adler Sha\u00adring-Platt\u00adform f\u00fcr E\u2011Fahrzeuge. Und mit unse\u00adrem form\u00advoll\u00adende\u00adten Stadt\u00admo\u00adbi\u00adliar gestal\u00adten wir inspi\u00adrie\u00adrende Frei\u00adr\u00e4ume in kom\u00admu\u00adna\u00adlen oder betrieb\u00adli\u00adchen Aus\u00adsen\u00adr\u00e4u\u00admen. Damit f\u00f6r\u00addern unsere Kun\u00adden soziale Inter\u00adak\u00adtio\u00adnen und die gesell\u00adschaft\u00adli\u00adche Inklusion.<\/p>\n<p>[\/et_pb_text][\/et_pb_column][\/et_pb_row][et_pb_row module_class=\u201d city-hover-map-con\u00adtai\u00adner\u201d _builder_version=\u201c4.17.4\u201d _module_preset=\u201cdefault\u201d width=\u201c75%\u201d custom_padding=\u201d||0px||false|false\u201d global_colors_info=\u201d{}\u201d][et_pb_column type=\u201c4_4\u201d _builder_version=\u201c4.17.4\u201d _module_preset=\u201cdefault\u201d global_colors_info=\u201d{}\u201d][et_pb_code module_class=\u201chomepage-city-hover-map\u201d _builder_version=\u201c4.17.4\u201d _module_preset=\u201cdefault\u201d global_colors_info=\u201d{}\u201d]&nbsp;<\/p><div class=\"wrap_svl_center\">\n\t<div class=\"wrap_svl_center_box\">\n\t<div class=\"wrap_svl\" id=\"body_drag_61916\">\n\t\t<div class=\"images_wrap\">\n                            <img decoding=\"async\" src=\"https:\/\/www.velopa.ch\/wp-content\/uploads\/2022\/10\/city-illustration.jpg\" alt=\"city-illustration\">\n            \t\t<\/div>\t\n\t\t \t\t \t\t <div class=\"drag_element tips city-map-pin\" style=\"top:75.62%;left:3.51%;\">\n\t\t \t<div class=\"point_style  ihotspot_tooltop_html\" data-placement=\"n\" data-html=\"\t\t \t\t\t                  <div class=&quot;box_view_html&quot;>\n\t\t\t\t\t<span class=&quot;close_ihp&quot;>\n\t\t\t\t\t\t<svg version=&quot;1.1&quot; xmlns=&quot;http:\/\/www.w3.org\/2000\/svg&quot; xmlns:xlink=&quot;http:\/\/www.w3.org\/1999\/xlink&quot; x=&quot;0px&quot; y=&quot;0px&quot; viewBox=&quot;0 0 1000 1000&quot; enable-background=&quot;new 0 0 1000 1000&quot; xml:space=&quot;preserve&quot;><g><path d=&quot;M153.7,153.7C57.9,249.5,10,365.3,10,499c0,135.7,47.9,251.5,143.7,347.3l0,0C249.5,942.1,363.3,990,499,990c135.7,0,251.5-47.9,347.3-143.7C942.1,750.5,990,634.7,990,499c0-135.7-47.9-249.5-143.7-345.3l0,0C750.5,57.9,634.7,10,499,10C365.3,10,249.5,57.9,153.7,153.7z M209.6,211.6l2-2C289.4,129.7,387.2,89.8,499,89.8c113.8,0,209.6,39.9,291.4,121.8c79.8,77.8,119.8,175.6,119.8,287.4c0,113.8-39.9,209.6-119.8,291.4C708.6,870.3,612.8,910.2,499,910.2c-111.8,0-209.6-39.9-287.4-119.8C129.8,708.6,89.8,612.8,89.8,499C89.8,387.2,129.8,289.4,209.6,211.6z&quot;\/><path d=&quot;M293.4,331.3c0,12,4,22,12,29.9L443.1,497L305.4,632.7c-8,8-12,18-12,29.9c0,10,4,18,12,26c8,8,18,12,28,12c12,0,20-4,27.9-10L499,552.9l135.7,137.7c8,6,16,10,28,10c12,0,21.9-4,27.9-10c8-8,12-18,12-28c0-12-4-21.9-12-29.9L554.9,497l135.7-135.7c8-8,12-18,12-27.9c0-12-4-22-12-29.9c-6-8-16-12-25.9-12c-12,0-21.9,4-29.9,12L499,441.1L363.3,303.4c-8-8-18-12-29.9-12c-10,0-20,4-28,12C297.4,311.4,293.4,321.4,293.4,331.3z&quot;\/><\/g><\/svg><\/span>\n\t\t\t\t\t\t<div class=&quot;city-map-pin__content&quot;><h4>1. Aus\u00adsen- und Stadtmobiliar<\/h4> Sitz\u00adb\u00e4nke, St\u00fchle und Tische von Velopa sind die per\u00adfekte Sym\u00adbiose zwi\u00adschen ein\u00addrucks\u00advol\u00adler Form, maxi\u00adma\u00adler Funk\u00adtio\u00adna\u00adli\u00adt\u00e4t und Nach\u00adhal\u00adtig\u00adkeit \u2013 auch in behin\u00adder\u00adten\u00adge\u00adrech\u00adten Aus\u00adf\u00fch\u00adrun\u00adgen. Sie schaf\u00adfen inspi\u00adrie\u00adrende Begeg\u00adnungs\u00adzo\u00adnen und Aus\u00adsen\u00adr\u00e4ume in St\u00e4d\u00adten, Gemein\u00adden, Wohn\u00adarea\u00adlen oder Unternehmen.<\/div>\n<div class=&quot;city-map-pin__content&quot;><a href=https:\/\/www.velopa.ch\/de\/baenke-sitze-tische>Mehr Infos zu Aus\u00adsen- und Stadtmobiliar<\/a><\/div><\/div>\n\t\t\t\t\t<\/div>\n\t\t\t \t\t \t\t \">\n\t\t \t\t\t\t\t \t\t\t\t\t \t\t\t<div class=\"pins_animation ihotspot_pulse\" style=\"top:-13px;left:-13px;height:26px;width:26px\"><\/div>\n\t\t\t \t\t\t\t\t \t\t<img decoding=\"async\" src=\"https:\/\/www.velopa.ch\/wp-content\/uploads\/2017\/05\/dot-navi-pro.png\" class=\"pins_image ihotspot_hastooltop\" style=\"top:-13px;left:-13px\" alt>\n\t\t\t \t\t\t\t \t\t\t\t \t<\/div>\n\t\t <\/div>\n\t\t \t\t <div class=\"drag_element tips city-map-pin\" style=\"top:85.91%;left:17.13%;\">\n\t\t \t<div class=\"point_style  ihotspot_tooltop_html\" data-placement=\"n\" data-html=\"\t\t \t\t\t                  <div class=&quot;box_view_html&quot;>\n\t\t\t\t\t<span class=&quot;close_ihp&quot;>\n\t\t\t\t\t\t<svg version=&quot;1.1&quot; xmlns=&quot;http:\/\/www.w3.org\/2000\/svg&quot; xmlns:xlink=&quot;http:\/\/www.w3.org\/1999\/xlink&quot; x=&quot;0px&quot; y=&quot;0px&quot; viewBox=&quot;0 0 1000 1000&quot; enable-background=&quot;new 0 0 1000 1000&quot; xml:space=&quot;preserve&quot;><g><path d=&quot;M153.7,153.7C57.9,249.5,10,365.3,10,499c0,135.7,47.9,251.5,143.7,347.3l0,0C249.5,942.1,363.3,990,499,990c135.7,0,251.5-47.9,347.3-143.7C942.1,750.5,990,634.7,990,499c0-135.7-47.9-249.5-143.7-345.3l0,0C750.5,57.9,634.7,10,499,10C365.3,10,249.5,57.9,153.7,153.7z M209.6,211.6l2-2C289.4,129.7,387.2,89.8,499,89.8c113.8,0,209.6,39.9,291.4,121.8c79.8,77.8,119.8,175.6,119.8,287.4c0,113.8-39.9,209.6-119.8,291.4C708.6,870.3,612.8,910.2,499,910.2c-111.8,0-209.6-39.9-287.4-119.8C129.8,708.6,89.8,612.8,89.8,499C89.8,387.2,129.8,289.4,209.6,211.6z&quot;\/><path d=&quot;M293.4,331.3c0,12,4,22,12,29.9L443.1,497L305.4,632.7c-8,8-12,18-12,29.9c0,10,4,18,12,26c8,8,18,12,28,12c12,0,20-4,27.9-10L499,552.9l135.7,137.7c8,6,16,10,28,10c12,0,21.9-4,27.9-10c8-8,12-18,12-28c0-12-4-21.9-12-29.9L554.9,497l135.7-135.7c8-8,12-18,12-27.9c0-12-4-22-12-29.9c-6-8-16-12-25.9-12c-12,0-21.9,4-29.9,12L499,441.1L363.3,303.4c-8-8-18-12-29.9-12c-10,0-20,4-28,12C297.4,311.4,293.4,321.4,293.4,331.3z&quot;\/><\/g><\/svg><\/span>\n\t\t\t\t\t\t<div class=&quot;city-map-pin__content&quot;><h4>1. Aus\u00adsen- und Stadtmobiliar<\/h4> Sitz\u00adb\u00e4nke, St\u00fchle und Tische von Velopa sind die per\u00adfekte Sym\u00adbiose zwi\u00adschen ein\u00addrucks\u00advol\u00adler Form, maxi\u00adma\u00adler Funk\u00adtio\u00adna\u00adli\u00adt\u00e4t und Nach\u00adhal\u00adtig\u00adkeit \u2013 auch in behin\u00adder\u00adten\u00adge\u00adrech\u00adten Aus\u00adf\u00fch\u00adrun\u00adgen. Sie schaf\u00adfen inspi\u00adrie\u00adrende Begeg\u00adnungs\u00adzo\u00adnen und Aus\u00adsen\u00adr\u00e4ume in St\u00e4d\u00adten, Gemein\u00adden, Wohn\u00adarea\u00adlen oder Unternehmen.<\/div>\n<div class=&quot;city-map-pin__content&quot;><a href=https:\/\/www.velopa.ch\/de\/baenke-sitze-tische>Mehr Infos zu Aus\u00adsen- und Stadtmobiliar<\/a><\/div><\/div>\n\t\t\t\t\t<\/div>\n\t\t\t \t\t \t\t \">\n\t\t \t\t\t\t\t \t\t\t\t\t \t\t\t<div class=\"pins_animation ihotspot_pulse\" style=\"top:-13px;left:-13px;height:26px;width:26px\"><\/div>\n\t\t\t \t\t\t\t\t \t\t<img decoding=\"async\" src=\"https:\/\/www.velopa.ch\/wp-content\/uploads\/2017\/05\/dot-navi-pro.png\" class=\"pins_image ihotspot_hastooltop\" style=\"top:-13px;left:-13px\" alt>\n\t\t\t \t\t\t\t \t\t\t\t \t<\/div>\n\t\t <\/div>\n\t\t \t\t <div class=\"drag_element tips city-map-pin\" style=\"top:65.87%;left:8.48%;\">\n\t\t \t<div class=\"point_style  ihotspot_tooltop_html\" data-placement=\"n\" data-html=\"\t\t \t\t\t                  <div class=&quot;box_view_html&quot;>\n\t\t\t\t\t<span class=&quot;close_ihp&quot;>\n\t\t\t\t\t\t<svg version=&quot;1.1&quot; xmlns=&quot;http:\/\/www.w3.org\/2000\/svg&quot; xmlns:xlink=&quot;http:\/\/www.w3.org\/1999\/xlink&quot; x=&quot;0px&quot; y=&quot;0px&quot; viewBox=&quot;0 0 1000 1000&quot; enable-background=&quot;new 0 0 1000 1000&quot; xml:space=&quot;preserve&quot;><g><path d=&quot;M153.7,153.7C57.9,249.5,10,365.3,10,499c0,135.7,47.9,251.5,143.7,347.3l0,0C249.5,942.1,363.3,990,499,990c135.7,0,251.5-47.9,347.3-143.7C942.1,750.5,990,634.7,990,499c0-135.7-47.9-249.5-143.7-345.3l0,0C750.5,57.9,634.7,10,499,10C365.3,10,249.5,57.9,153.7,153.7z M209.6,211.6l2-2C289.4,129.7,387.2,89.8,499,89.8c113.8,0,209.6,39.9,291.4,121.8c79.8,77.8,119.8,175.6,119.8,287.4c0,113.8-39.9,209.6-119.8,291.4C708.6,870.3,612.8,910.2,499,910.2c-111.8,0-209.6-39.9-287.4-119.8C129.8,708.6,89.8,612.8,89.8,499C89.8,387.2,129.8,289.4,209.6,211.6z&quot;\/><path d=&quot;M293.4,331.3c0,12,4,22,12,29.9L443.1,497L305.4,632.7c-8,8-12,18-12,29.9c0,10,4,18,12,26c8,8,18,12,28,12c12,0,20-4,27.9-10L499,552.9l135.7,137.7c8,6,16,10,28,10c12,0,21.9-4,27.9-10c8-8,12-18,12-28c0-12-4-21.9-12-29.9L554.9,497l135.7-135.7c8-8,12-18,12-27.9c0-12-4-22-12-29.9c-6-8-16-12-25.9-12c-12,0-21.9,4-29.9,12L499,441.1L363.3,303.4c-8-8-18-12-29.9-12c-10,0-20,4-28,12C297.4,311.4,293.4,321.4,293.4,331.3z&quot;\/><\/g><\/svg><\/span>\n\t\t\t\t\t\t<div class=&quot;city-map-pin__content&quot;><h4>3. Abfall\u00adbe\u00adh\u00e4l\u00adter f\u00fcr Stadtr\u00e4ume<\/h4> Die stil\u00advol\u00adlen und moder\u00adnen Ent\u00adsor\u00adgungs\u00adbe\u00adh\u00e4l\u00adter von Velopa wer\u00adten das Stadt\u00adbild auf \u2013 und sie leis\u00adten einen wich\u00adti\u00adgen Bei\u00adtrag zum Umwelt\u00adbe\u00adwusst\u00adsein im \u00f6ffent\u00adli\u00adchen Raum. Die Beh\u00e4l\u00adter kom\u00admen sowohl ein\u00adzeln als auch als Kom\u00adplett\u00adsys\u00adtem f\u00fcr die Abfall\u00adtren\u00adnung zum Ein\u00adsatz. Auf Wunsch mit indi\u00advi\u00addu\u00adel\u00adler Stadtfarbe<\/div>\n<div class=&quot;city-map-pin__content&quot;><a href=https:\/\/www.velopa.ch\/de\/abfallbehaelter-und ascher>Mehr Infos zu Abfall\u00adbe\u00adh\u00e4l\u00adter <\/a><\/div><\/div>\n\t\t\t\t\t<\/div>\n\t\t\t \t\t \t\t \">\n\t\t \t\t\t\t\t \t\t\t\t\t \t\t\t<div class=\"pins_animation ihotspot_pulse\" style=\"top:-13px;left:-13px;height:26px;width:26px\"><\/div>\n\t\t\t \t\t\t\t\t \t\t<img decoding=\"async\" src=\"https:\/\/www.velopa.ch\/wp-content\/uploads\/2017\/05\/dot-navi-pro.png\" class=\"pins_image ihotspot_hastooltop\" style=\"top:-13px;left:-13px\" alt>\n\t\t\t \t\t\t\t \t\t\t\t \t<\/div>\n\t\t <\/div>\n\t\t \t\t <div class=\"drag_element tips city-map-pin\" style=\"top:58.2%;left:12.82%;\">\n\t\t \t<div class=\"point_style  ihotspot_tooltop_html\" data-placement=\"n\" data-html=\"\t\t \t\t\t                  <div class=&quot;box_view_html&quot;>\n\t\t\t\t\t<span class=&quot;close_ihp&quot;>\n\t\t\t\t\t\t<svg version=&quot;1.1&quot; xmlns=&quot;http:\/\/www.w3.org\/2000\/svg&quot; xmlns:xlink=&quot;http:\/\/www.w3.org\/1999\/xlink&quot; x=&quot;0px&quot; y=&quot;0px&quot; viewBox=&quot;0 0 1000 1000&quot; enable-background=&quot;new 0 0 1000 1000&quot; xml:space=&quot;preserve&quot;><g><path d=&quot;M153.7,153.7C57.9,249.5,10,365.3,10,499c0,135.7,47.9,251.5,143.7,347.3l0,0C249.5,942.1,363.3,990,499,990c135.7,0,251.5-47.9,347.3-143.7C942.1,750.5,990,634.7,990,499c0-135.7-47.9-249.5-143.7-345.3l0,0C750.5,57.9,634.7,10,499,10C365.3,10,249.5,57.9,153.7,153.7z M209.6,211.6l2-2C289.4,129.7,387.2,89.8,499,89.8c113.8,0,209.6,39.9,291.4,121.8c79.8,77.8,119.8,175.6,119.8,287.4c0,113.8-39.9,209.6-119.8,291.4C708.6,870.3,612.8,910.2,499,910.2c-111.8,0-209.6-39.9-287.4-119.8C129.8,708.6,89.8,612.8,89.8,499C89.8,387.2,129.8,289.4,209.6,211.6z&quot;\/><path d=&quot;M293.4,331.3c0,12,4,22,12,29.9L443.1,497L305.4,632.7c-8,8-12,18-12,29.9c0,10,4,18,12,26c8,8,18,12,28,12c12,0,20-4,27.9-10L499,552.9l135.7,137.7c8,6,16,10,28,10c12,0,21.9-4,27.9-10c8-8,12-18,12-28c0-12-4-21.9-12-29.9L554.9,497l135.7-135.7c8-8,12-18,12-27.9c0-12-4-22-12-29.9c-6-8-16-12-25.9-12c-12,0-21.9,4-29.9,12L499,441.1L363.3,303.4c-8-8-18-12-29.9-12c-10,0-20,4-28,12C297.4,311.4,293.4,321.4,293.4,331.3z&quot;\/><\/g><\/svg><\/span>\n\t\t\t\t\t\t<div class=&quot;city-map-pin__content&quot;><div class=\u201ccity-map-pin__content\u201d><h4>2. Pflanz\u00adbe\u00adh\u00e4l\u00adter und Baum\u00adschutz <\/h4> B\u00e4ume und Pflan\u00adzen sor\u00adgen f\u00fcr ange\u00adnehme Natur\u00adn\u00e4he im \u00f6ffent\u00adli\u00adchen Raum. Und an Hit\u00adze\u00adta\u00adgen tra\u00adgen sie zur K\u00fch\u00adlung bei und spen\u00adden Schat\u00adten. Die ele\u00adgan\u00adten Pflanz\u00adbe\u00adh\u00e4l\u00adter von Velopa brin\u00adgen die Stadt\u00adbe\u00adgr\u00fc\u00adnung beson\u00adders anspre\u00adchend zur Geltung.<\/div>\n<div class=&quot;city-map-pin__content&quot;><a href=https:\/\/www.velopa.ch\/de\/pflanzbehaelter-und-baumschutz>Mehr Infos zu Pflanz\u00adbe\u00adh\u00e4l\u00adter und Baumschutz<\/a><\/div><\/div>\n\t\t\t\t\t<\/div>\n\t\t\t \t\t \t\t \">\n\t\t \t\t\t\t\t \t\t\t\t\t \t\t\t<div class=\"pins_animation ihotspot_pulse\" style=\"top:-13px;left:-13px;height:26px;width:26px\"><\/div>\n\t\t\t \t\t\t\t\t \t\t<img decoding=\"async\" src=\"https:\/\/www.velopa.ch\/wp-content\/uploads\/2017\/05\/dot-navi-pro.png\" class=\"pins_image ihotspot_hastooltop\" style=\"top:-13px;left:-13px\" alt>\n\t\t\t \t\t\t\t \t\t\t\t \t<\/div>\n\t\t <\/div>\n\t\t \t\t <div class=\"drag_element tips city-map-pin\" style=\"top:65.73%;left:30.83%;\">\n\t\t \t<div class=\"point_style  ihotspot_tooltop_html\" data-placement=\"n\" data-html=\"\t\t \t\t\t                  <div class=&quot;box_view_html&quot;>\n\t\t\t\t\t<span class=&quot;close_ihp&quot;>\n\t\t\t\t\t\t<svg version=&quot;1.1&quot; xmlns=&quot;http:\/\/www.w3.org\/2000\/svg&quot; xmlns:xlink=&quot;http:\/\/www.w3.org\/1999\/xlink&quot; x=&quot;0px&quot; y=&quot;0px&quot; viewBox=&quot;0 0 1000 1000&quot; enable-background=&quot;new 0 0 1000 1000&quot; xml:space=&quot;preserve&quot;><g><path d=&quot;M153.7,153.7C57.9,249.5,10,365.3,10,499c0,135.7,47.9,251.5,143.7,347.3l0,0C249.5,942.1,363.3,990,499,990c135.7,0,251.5-47.9,347.3-143.7C942.1,750.5,990,634.7,990,499c0-135.7-47.9-249.5-143.7-345.3l0,0C750.5,57.9,634.7,10,499,10C365.3,10,249.5,57.9,153.7,153.7z M209.6,211.6l2-2C289.4,129.7,387.2,89.8,499,89.8c113.8,0,209.6,39.9,291.4,121.8c79.8,77.8,119.8,175.6,119.8,287.4c0,113.8-39.9,209.6-119.8,291.4C708.6,870.3,612.8,910.2,499,910.2c-111.8,0-209.6-39.9-287.4-119.8C129.8,708.6,89.8,612.8,89.8,499C89.8,387.2,129.8,289.4,209.6,211.6z&quot;\/><path d=&quot;M293.4,331.3c0,12,4,22,12,29.9L443.1,497L305.4,632.7c-8,8-12,18-12,29.9c0,10,4,18,12,26c8,8,18,12,28,12c12,0,20-4,27.9-10L499,552.9l135.7,137.7c8,6,16,10,28,10c12,0,21.9-4,27.9-10c8-8,12-18,12-28c0-12-4-21.9-12-29.9L554.9,497l135.7-135.7c8-8,12-18,12-27.9c0-12-4-22-12-29.9c-6-8-16-12-25.9-12c-12,0-21.9,4-29.9,12L499,441.1L363.3,303.4c-8-8-18-12-29.9-12c-10,0-20,4-28,12C297.4,311.4,293.4,321.4,293.4,331.3z&quot;\/><\/g><\/svg><\/span>\n\t\t\t\t\t\t<div class=&quot;city-map-pin__content&quot;><h4>1. Aus\u00adsen- und Stadtmobiliar<\/h4> Sitz\u00adb\u00e4nke, St\u00fchle und Tische von Velopa sind die per\u00adfekte Sym\u00adbiose zwi\u00adschen ein\u00addrucks\u00advol\u00adler Form, maxi\u00adma\u00adler Funk\u00adtio\u00adna\u00adli\u00adt\u00e4t und Nach\u00adhal\u00adtig\u00adkeit \u2013 auch in behin\u00adder\u00adten\u00adge\u00adrech\u00adten Aus\u00adf\u00fch\u00adrun\u00adgen. Sie schaf\u00adfen inspi\u00adrie\u00adrende Begeg\u00adnungs\u00adzo\u00adnen und Aus\u00adsen\u00adr\u00e4ume in St\u00e4d\u00adten, Gemein\u00adden, Wohn\u00adarea\u00adlen oder Unternehmen.<\/div>\n<div class=&quot;city-map-pin__content&quot;><a href=https:\/\/www.velopa.ch\/de\/baenke-sitze-tische>Mehr Infos zu Aus\u00adsen- und Stadtmobiliar<\/a><\/div><\/div>\n\t\t\t\t\t<\/div>\n\t\t\t \t\t \t\t \">\n\t\t \t\t\t\t\t \t\t\t\t\t \t\t\t<div class=\"pins_animation ihotspot_pulse\" style=\"top:-13px;left:-13px;height:26px;width:26px\"><\/div>\n\t\t\t \t\t\t\t\t \t\t<img decoding=\"async\" src=\"https:\/\/www.velopa.ch\/wp-content\/uploads\/2017\/05\/dot-navi-pro.png\" class=\"pins_image ihotspot_hastooltop\" style=\"top:-13px;left:-13px\" alt>\n\t\t\t \t\t\t\t \t\t\t\t \t<\/div>\n\t\t <\/div>\n\t\t \t\t <div class=\"drag_element tips city-map-pin\" style=\"top:43.47%;left:33.98%;\">\n\t\t \t<div class=\"point_style  ihotspot_tooltop_html\" data-placement=\"n\" data-html=\"\t\t \t\t\t                  <div class=&quot;box_view_html&quot;>\n\t\t\t\t\t<span class=&quot;close_ihp&quot;>\n\t\t\t\t\t\t<svg version=&quot;1.1&quot; xmlns=&quot;http:\/\/www.w3.org\/2000\/svg&quot; xmlns:xlink=&quot;http:\/\/www.w3.org\/1999\/xlink&quot; x=&quot;0px&quot; y=&quot;0px&quot; viewBox=&quot;0 0 1000 1000&quot; enable-background=&quot;new 0 0 1000 1000&quot; xml:space=&quot;preserve&quot;><g><path d=&quot;M153.7,153.7C57.9,249.5,10,365.3,10,499c0,135.7,47.9,251.5,143.7,347.3l0,0C249.5,942.1,363.3,990,499,990c135.7,0,251.5-47.9,347.3-143.7C942.1,750.5,990,634.7,990,499c0-135.7-47.9-249.5-143.7-345.3l0,0C750.5,57.9,634.7,10,499,10C365.3,10,249.5,57.9,153.7,153.7z M209.6,211.6l2-2C289.4,129.7,387.2,89.8,499,89.8c113.8,0,209.6,39.9,291.4,121.8c79.8,77.8,119.8,175.6,119.8,287.4c0,113.8-39.9,209.6-119.8,291.4C708.6,870.3,612.8,910.2,499,910.2c-111.8,0-209.6-39.9-287.4-119.8C129.8,708.6,89.8,612.8,89.8,499C89.8,387.2,129.8,289.4,209.6,211.6z&quot;\/><path d=&quot;M293.4,331.3c0,12,4,22,12,29.9L443.1,497L305.4,632.7c-8,8-12,18-12,29.9c0,10,4,18,12,26c8,8,18,12,28,12c12,0,20-4,27.9-10L499,552.9l135.7,137.7c8,6,16,10,28,10c12,0,21.9-4,27.9-10c8-8,12-18,12-28c0-12-4-21.9-12-29.9L554.9,497l135.7-135.7c8-8,12-18,12-27.9c0-12-4-22-12-29.9c-6-8-16-12-25.9-12c-12,0-21.9,4-29.9,12L499,441.1L363.3,303.4c-8-8-18-12-29.9-12c-10,0-20,4-28,12C297.4,311.4,293.4,321.4,293.4,331.3z&quot;\/><\/g><\/svg><\/span>\n\t\t\t\t\t\t<div class=&quot;city-map-pin__content&quot;><div class=\u201ccity-map-pin__content\u201d><h4>4. Beschat\u00adtungs\u00adsys\u00adteme f\u00fcr den \u00f6ffent\u00adli\u00adchen Raum<\/h4> Durch den Kli\u00adma\u00adwan\u00addel gewin\u00adnen beschat\u00adtete Aus\u00adsen\u00adzo\u00adnen an Bedeu\u00adtung. Die per\u00adfekt gestal\u00adte\u00adten Beschat\u00adtungs\u00adsys\u00adteme von Velopa sch\u00fct\u00adzen vor Hitze und direk\u00adter Son\u00adnen\u00adein\u00adstrah\u00adlung. Gleich\u00adzei\u00adtig set\u00adzen sie ein\u00adla\u00addende Akzente im \u00f6ffent\u00adli\u00adchen Raum \u2013 auf Wunsch auch mit Pho\u00adto\u00advol\u00adtaik-Ele\u00admen\u00adten, LED-Beleuch\u00adtung und Wifi-Zugang.<\/div>\n<div class=&quot;city-map-pin__content&quot;><a href=https:\/\/www.velopa.ch\/de\/beschattungssysteme\/>Mehr Infos zu Beschattungssystemen<\/a><\/div><\/div>\n\t\t\t\t\t<\/div>\n\t\t\t \t\t \t\t \">\n\t\t \t\t\t\t\t \t\t\t\t\t \t\t\t<div class=\"pins_animation ihotspot_pulse\" style=\"top:-13px;left:-13px;height:26px;width:26px\"><\/div>\n\t\t\t \t\t\t\t\t \t\t<img decoding=\"async\" src=\"https:\/\/www.velopa.ch\/wp-content\/uploads\/2017\/05\/dot-navi-pro.png\" class=\"pins_image ihotspot_hastooltop\" style=\"top:-13px;left:-13px\" alt>\n\t\t\t \t\t\t\t \t\t\t\t \t<\/div>\n\t\t <\/div>\n\t\t \t\t <div class=\"drag_element tips city-map-pin\" style=\"top:55.46%;left:45.86%;\">\n\t\t \t<div class=\"point_style  ihotspot_tooltop_html\" data-placement=\"n\" data-html=\"\t\t \t\t\t                  <div class=&quot;box_view_html&quot;>\n\t\t\t\t\t<span class=&quot;close_ihp&quot;>\n\t\t\t\t\t\t<svg version=&quot;1.1&quot; xmlns=&quot;http:\/\/www.w3.org\/2000\/svg&quot; xmlns:xlink=&quot;http:\/\/www.w3.org\/1999\/xlink&quot; x=&quot;0px&quot; y=&quot;0px&quot; viewBox=&quot;0 0 1000 1000&quot; enable-background=&quot;new 0 0 1000 1000&quot; xml:space=&quot;preserve&quot;><g><path d=&quot;M153.7,153.7C57.9,249.5,10,365.3,10,499c0,135.7,47.9,251.5,143.7,347.3l0,0C249.5,942.1,363.3,990,499,990c135.7,0,251.5-47.9,347.3-143.7C942.1,750.5,990,634.7,990,499c0-135.7-47.9-249.5-143.7-345.3l0,0C750.5,57.9,634.7,10,499,10C365.3,10,249.5,57.9,153.7,153.7z M209.6,211.6l2-2C289.4,129.7,387.2,89.8,499,89.8c113.8,0,209.6,39.9,291.4,121.8c79.8,77.8,119.8,175.6,119.8,287.4c0,113.8-39.9,209.6-119.8,291.4C708.6,870.3,612.8,910.2,499,910.2c-111.8,0-209.6-39.9-287.4-119.8C129.8,708.6,89.8,612.8,89.8,499C89.8,387.2,129.8,289.4,209.6,211.6z&quot;\/><path d=&quot;M293.4,331.3c0,12,4,22,12,29.9L443.1,497L305.4,632.7c-8,8-12,18-12,29.9c0,10,4,18,12,26c8,8,18,12,28,12c12,0,20-4,27.9-10L499,552.9l135.7,137.7c8,6,16,10,28,10c12,0,21.9-4,27.9-10c8-8,12-18,12-28c0-12-4-21.9-12-29.9L554.9,497l135.7-135.7c8-8,12-18,12-27.9c0-12-4-22-12-29.9c-6-8-16-12-25.9-12c-12,0-21.9,4-29.9,12L499,441.1L363.3,303.4c-8-8-18-12-29.9-12c-10,0-20,4-28,12C297.4,311.4,293.4,321.4,293.4,331.3z&quot;\/><\/g><\/svg><\/span>\n\t\t\t\t\t\t<div class=&quot;city-map-pin__content&quot;><div class=\u201ccity-map-pin__content\u201d><h4>4. Beschat\u00adtungs\u00adsys\u00adteme f\u00fcr den \u00f6ffent\u00adli\u00adchen Raum<\/h4> Durch den Kli\u00adma\u00adwan\u00addel gewin\u00adnen beschat\u00adtete Aus\u00adsen\u00adzo\u00adnen an Bedeu\u00adtung. Die per\u00adfekt gestal\u00adte\u00adten Beschat\u00adtungs\u00adsys\u00adteme von Velopa sch\u00fct\u00adzen vor Hitze und direk\u00adter Son\u00adnen\u00adein\u00adstrah\u00adlung. Gleich\u00adzei\u00adtig set\u00adzen sie ein\u00adla\u00addende Akzente im \u00f6ffent\u00adli\u00adchen Raum \u2013 auf Wunsch auch mit Pho\u00adto\u00advol\u00adtaik-Ele\u00admen\u00adten, LED-Beleuch\u00adtung und Wifi-Zugang.<\/div>\n<div class=&quot;city-map-pin__content&quot;><a href=https:\/\/www.velopa.ch\/de\/beschattungssysteme\/>Mehr Infos zu Beschattungssystemen<\/a><\/div><\/div>\n\t\t\t\t\t<\/div>\n\t\t\t \t\t \t\t \">\n\t\t \t\t\t\t\t \t\t\t\t\t \t\t\t<div class=\"pins_animation ihotspot_pulse\" style=\"top:-13px;left:-13px;height:26px;width:26px\"><\/div>\n\t\t\t \t\t\t\t\t \t\t<img decoding=\"async\" src=\"https:\/\/www.velopa.ch\/wp-content\/uploads\/2017\/05\/dot-navi-pro.png\" class=\"pins_image ihotspot_hastooltop\" style=\"top:-13px;left:-13px\" alt>\n\t\t\t \t\t\t\t \t\t\t\t \t<\/div>\n\t\t <\/div>\n\t\t \t\t <div class=\"drag_element tips city-map-pin\" style=\"top:42.1%;left:49.93%;\">\n\t\t \t<div class=\"point_style  ihotspot_tooltop_html\" data-placement=\"n\" data-html=\"\t\t \t\t\t                  <div class=&quot;box_view_html&quot;>\n\t\t\t\t\t<span class=&quot;close_ihp&quot;>\n\t\t\t\t\t\t<svg version=&quot;1.1&quot; xmlns=&quot;http:\/\/www.w3.org\/2000\/svg&quot; xmlns:xlink=&quot;http:\/\/www.w3.org\/1999\/xlink&quot; x=&quot;0px&quot; y=&quot;0px&quot; viewBox=&quot;0 0 1000 1000&quot; enable-background=&quot;new 0 0 1000 1000&quot; xml:space=&quot;preserve&quot;><g><path d=&quot;M153.7,153.7C57.9,249.5,10,365.3,10,499c0,135.7,47.9,251.5,143.7,347.3l0,0C249.5,942.1,363.3,990,499,990c135.7,0,251.5-47.9,347.3-143.7C942.1,750.5,990,634.7,990,499c0-135.7-47.9-249.5-143.7-345.3l0,0C750.5,57.9,634.7,10,499,10C365.3,10,249.5,57.9,153.7,153.7z M209.6,211.6l2-2C289.4,129.7,387.2,89.8,499,89.8c113.8,0,209.6,39.9,291.4,121.8c79.8,77.8,119.8,175.6,119.8,287.4c0,113.8-39.9,209.6-119.8,291.4C708.6,870.3,612.8,910.2,499,910.2c-111.8,0-209.6-39.9-287.4-119.8C129.8,708.6,89.8,612.8,89.8,499C89.8,387.2,129.8,289.4,209.6,211.6z&quot;\/><path d=&quot;M293.4,331.3c0,12,4,22,12,29.9L443.1,497L305.4,632.7c-8,8-12,18-12,29.9c0,10,4,18,12,26c8,8,18,12,28,12c12,0,20-4,27.9-10L499,552.9l135.7,137.7c8,6,16,10,28,10c12,0,21.9-4,27.9-10c8-8,12-18,12-28c0-12-4-21.9-12-29.9L554.9,497l135.7-135.7c8-8,12-18,12-27.9c0-12-4-22-12-29.9c-6-8-16-12-25.9-12c-12,0-21.9,4-29.9,12L499,441.1L363.3,303.4c-8-8-18-12-29.9-12c-10,0-20,4-28,12C297.4,311.4,293.4,321.4,293.4,331.3z&quot;\/><\/g><\/svg><\/span>\n\t\t\t\t\t\t<div class=&quot;city-map-pin__content&quot;><div class=\u201ccity-map-pin__content\u201d><h4>6. Absperrsysteme<\/h4> Die moder\u00adnen Absperr\u00adsys\u00adteme von Velopa sch\u00fct\u00adzen Fuss\u00adg\u00e4n\u00adger zuver\u00adl\u00e4s\u00adsig vor dem moto\u00adri\u00adsier\u00adten Ver\u00adkehr. Die Pol\u00adler, Park\u00adb\u00fc\u00adgel oder Schran\u00adken regeln die Zufahrt zu pri\u00adva\u00adten Area\u00adlen und Park\u00adfl\u00e4\u00adchen oder prio\u00adri\u00adsie\u00adren den \u00f6ffent\u00adli\u00adchen Verkehr.<\/div>\n<div class=&quot;city-map-pin__content&quot;><a href=https:\/\/www.velopa.ch\/de\/absperrsysteme>Mehr Infos zu Absperrsystemen<\/a><\/div><\/div>\n\t\t\t\t\t<\/div>\n\t\t\t \t\t \t\t \">\n\t\t \t\t\t\t\t \t\t\t\t\t \t\t\t<div class=\"pins_animation ihotspot_pulse\" style=\"top:-13px;left:-13px;height:26px;width:26px\"><\/div>\n\t\t\t \t\t\t\t\t \t\t<img decoding=\"async\" src=\"https:\/\/www.velopa.ch\/wp-content\/uploads\/2017\/05\/dot-navi-pro.png\" class=\"pins_image ihotspot_hastooltop\" style=\"top:-13px;left:-13px\" alt>\n\t\t\t \t\t\t\t \t\t\t\t \t<\/div>\n\t\t <\/div>\n\t\t \t\t <div class=\"drag_element tips city-map-pin\" style=\"top:29.58%;left:57.47%;\">\n\t\t \t<div class=\"point_style  ihotspot_tooltop_html\" data-placement=\"n\" data-html=\"\t\t \t\t\t                  <div class=&quot;box_view_html&quot;>\n\t\t\t\t\t<span class=&quot;close_ihp&quot;>\n\t\t\t\t\t\t<svg version=&quot;1.1&quot; xmlns=&quot;http:\/\/www.w3.org\/2000\/svg&quot; xmlns:xlink=&quot;http:\/\/www.w3.org\/1999\/xlink&quot; x=&quot;0px&quot; y=&quot;0px&quot; viewBox=&quot;0 0 1000 1000&quot; enable-background=&quot;new 0 0 1000 1000&quot; xml:space=&quot;preserve&quot;><g><path d=&quot;M153.7,153.7C57.9,249.5,10,365.3,10,499c0,135.7,47.9,251.5,143.7,347.3l0,0C249.5,942.1,363.3,990,499,990c135.7,0,251.5-47.9,347.3-143.7C942.1,750.5,990,634.7,990,499c0-135.7-47.9-249.5-143.7-345.3l0,0C750.5,57.9,634.7,10,499,10C365.3,10,249.5,57.9,153.7,153.7z M209.6,211.6l2-2C289.4,129.7,387.2,89.8,499,89.8c113.8,0,209.6,39.9,291.4,121.8c79.8,77.8,119.8,175.6,119.8,287.4c0,113.8-39.9,209.6-119.8,291.4C708.6,870.3,612.8,910.2,499,910.2c-111.8,0-209.6-39.9-287.4-119.8C129.8,708.6,89.8,612.8,89.8,499C89.8,387.2,129.8,289.4,209.6,211.6z&quot;\/><path d=&quot;M293.4,331.3c0,12,4,22,12,29.9L443.1,497L305.4,632.7c-8,8-12,18-12,29.9c0,10,4,18,12,26c8,8,18,12,28,12c12,0,20-4,27.9-10L499,552.9l135.7,137.7c8,6,16,10,28,10c12,0,21.9-4,27.9-10c8-8,12-18,12-28c0-12-4-21.9-12-29.9L554.9,497l135.7-135.7c8-8,12-18,12-27.9c0-12-4-22-12-29.9c-6-8-16-12-25.9-12c-12,0-21.9,4-29.9,12L499,441.1L363.3,303.4c-8-8-18-12-29.9-12c-10,0-20,4-28,12C297.4,311.4,293.4,321.4,293.4,331.3z&quot;\/><\/g><\/svg><\/span>\n\t\t\t\t\t\t<div class=&quot;city-map-pin__content&quot;><div class=\u201ccity-map-pin__content\u201d> <h4>5. Situa\u00adti\u00adons\u00adge\u00adrechte Veloparkierung<\/h4> Wenn eine situa\u00adti\u00adons\u00adge\u00adrechte Velo\u00adpar\u00adkie\u00adrung gefragt ist, kommt Velopa zum Zug. Das viel\u00adf\u00e4l\u00adtige Sor\u00adti\u00adment an Velo\u00adun\u00adter\u00adst\u00e4n\u00adden, Vel\u00ado\u00adan\u00adlehn\u00adb\u00fc\u00adgel, Par\u00adkier\u00adl\u00f6\u00adsun\u00adgen und Gross\u00adpar\u00adkier\u00adsys\u00adte\u00admen schafft geord\u00adnete Par\u00adkier\u00adver\u00adh\u00e4lt\u00adnisse \u2013 eben\u00aderdig oder unter\u00adir\u00addisch, von der Wohn\u00adum\u00adge\u00adbung bis zum mul\u00adti\u00admo\u00adda\u00adlen Mobi\u00adlity&nbsp;Hub.<\/div>\n<div class=&quot;city-map-pin__content&quot;><a href=#veloparkierung-und-velounterstande>Mehr Infos zu Veloparkierung<\/a><br> <\/div><\/div>\n\t\t\t\t\t<\/div>\n\t\t\t \t\t \t\t \">\n\t\t \t\t\t\t\t \t\t\t\t\t \t\t\t<div class=\"pins_animation ihotspot_pulse\" style=\"top:-13px;left:-13px;height:26px;width:26px\"><\/div>\n\t\t\t \t\t\t\t\t \t\t<img decoding=\"async\" src=\"https:\/\/www.velopa.ch\/wp-content\/uploads\/2017\/05\/dot-navi-pro.png\" class=\"pins_image ihotspot_hastooltop\" style=\"top:-13px;left:-13px\" alt>\n\t\t\t \t\t\t\t \t\t\t\t \t<\/div>\n\t\t <\/div>\n\t\t \t\t <div class=\"drag_element tips city-map-pin\" style=\"top:49.54%;left:80.74%;\">\n\t\t \t<div class=\"point_style  ihotspot_tooltop_html\" data-placement=\"n\" data-html=\"\t\t \t\t\t                  <div class=&quot;box_view_html&quot;>\n\t\t\t\t\t<span class=&quot;close_ihp&quot;>\n\t\t\t\t\t\t<svg version=&quot;1.1&quot; xmlns=&quot;http:\/\/www.w3.org\/2000\/svg&quot; xmlns:xlink=&quot;http:\/\/www.w3.org\/1999\/xlink&quot; x=&quot;0px&quot; y=&quot;0px&quot; viewBox=&quot;0 0 1000 1000&quot; enable-background=&quot;new 0 0 1000 1000&quot; xml:space=&quot;preserve&quot;><g><path d=&quot;M153.7,153.7C57.9,249.5,10,365.3,10,499c0,135.7,47.9,251.5,143.7,347.3l0,0C249.5,942.1,363.3,990,499,990c135.7,0,251.5-47.9,347.3-143.7C942.1,750.5,990,634.7,990,499c0-135.7-47.9-249.5-143.7-345.3l0,0C750.5,57.9,634.7,10,499,10C365.3,10,249.5,57.9,153.7,153.7z M209.6,211.6l2-2C289.4,129.7,387.2,89.8,499,89.8c113.8,0,209.6,39.9,291.4,121.8c79.8,77.8,119.8,175.6,119.8,287.4c0,113.8-39.9,209.6-119.8,291.4C708.6,870.3,612.8,910.2,499,910.2c-111.8,0-209.6-39.9-287.4-119.8C129.8,708.6,89.8,612.8,89.8,499C89.8,387.2,129.8,289.4,209.6,211.6z&quot;\/><path d=&quot;M293.4,331.3c0,12,4,22,12,29.9L443.1,497L305.4,632.7c-8,8-12,18-12,29.9c0,10,4,18,12,26c8,8,18,12,28,12c12,0,20-4,27.9-10L499,552.9l135.7,137.7c8,6,16,10,28,10c12,0,21.9-4,27.9-10c8-8,12-18,12-28c0-12-4-21.9-12-29.9L554.9,497l135.7-135.7c8-8,12-18,12-27.9c0-12-4-22-12-29.9c-6-8-16-12-25.9-12c-12,0-21.9,4-29.9,12L499,441.1L363.3,303.4c-8-8-18-12-29.9-12c-10,0-20,4-28,12C297.4,311.4,293.4,321.4,293.4,331.3z&quot;\/><\/g><\/svg><\/span>\n\t\t\t\t\t\t<div class=&quot;city-map-pin__content&quot;><h4>1. Aus\u00adsen- und Stadtmobiliar<\/h4> Sitz\u00adb\u00e4nke, St\u00fchle und Tische von Velopa sind die per\u00adfekte Sym\u00adbiose zwi\u00adschen ein\u00addrucks\u00advol\u00adler Form, maxi\u00adma\u00adler Funk\u00adtio\u00adna\u00adli\u00adt\u00e4t und Nach\u00adhal\u00adtig\u00adkeit \u2013 auch in behin\u00adder\u00adten\u00adge\u00adrech\u00adten Aus\u00adf\u00fch\u00adrun\u00adgen. Sie schaf\u00adfen inspi\u00adrie\u00adrende Begeg\u00adnungs\u00adzo\u00adnen und Aus\u00adsen\u00adr\u00e4ume in St\u00e4d\u00adten, Gemein\u00adden, Wohn\u00adarea\u00adlen oder Unternehmen.<\/div>\n<div class=&quot;city-map-pin__content&quot;><a href=https:\/\/www.velopa.ch\/de\/baenke-sitze-tische>Mehr Infos zu Aus\u00adsen- und Stadtmobiliar<\/a><\/div><\/div>\n\t\t\t\t\t<\/div>\n\t\t\t \t\t \t\t \">\n\t\t \t\t\t\t\t \t\t\t\t\t \t\t\t<div class=\"pins_animation ihotspot_pulse\" style=\"top:-13px;left:-13px;height:26px;width:26px\"><\/div>\n\t\t\t \t\t\t\t\t \t\t<img decoding=\"async\" src=\"https:\/\/www.velopa.ch\/wp-content\/uploads\/2017\/05\/dot-navi-pro.png\" class=\"pins_image ihotspot_hastooltop\" style=\"top:-13px;left:-13px\" alt>\n\t\t\t \t\t\t\t \t\t\t\t \t<\/div>\n\t\t <\/div>\n\t\t \t\t <div class=\"drag_element tips city-map-pin\" style=\"top:27.83%;left:79.73%;\">\n\t\t \t<div class=\"point_style  ihotspot_tooltop_html\" data-placement=\"n\" data-html=\"\t\t \t\t\t                  <div class=&quot;box_view_html&quot;>\n\t\t\t\t\t<span class=&quot;close_ihp&quot;>\n\t\t\t\t\t\t<svg version=&quot;1.1&quot; xmlns=&quot;http:\/\/www.w3.org\/2000\/svg&quot; xmlns:xlink=&quot;http:\/\/www.w3.org\/1999\/xlink&quot; x=&quot;0px&quot; y=&quot;0px&quot; viewBox=&quot;0 0 1000 1000&quot; enable-background=&quot;new 0 0 1000 1000&quot; xml:space=&quot;preserve&quot;><g><path d=&quot;M153.7,153.7C57.9,249.5,10,365.3,10,499c0,135.7,47.9,251.5,143.7,347.3l0,0C249.5,942.1,363.3,990,499,990c135.7,0,251.5-47.9,347.3-143.7C942.1,750.5,990,634.7,990,499c0-135.7-47.9-249.5-143.7-345.3l0,0C750.5,57.9,634.7,10,499,10C365.3,10,249.5,57.9,153.7,153.7z M209.6,211.6l2-2C289.4,129.7,387.2,89.8,499,89.8c113.8,0,209.6,39.9,291.4,121.8c79.8,77.8,119.8,175.6,119.8,287.4c0,113.8-39.9,209.6-119.8,291.4C708.6,870.3,612.8,910.2,499,910.2c-111.8,0-209.6-39.9-287.4-119.8C129.8,708.6,89.8,612.8,89.8,499C89.8,387.2,129.8,289.4,209.6,211.6z&quot;\/><path d=&quot;M293.4,331.3c0,12,4,22,12,29.9L443.1,497L305.4,632.7c-8,8-12,18-12,29.9c0,10,4,18,12,26c8,8,18,12,28,12c12,0,20-4,27.9-10L499,552.9l135.7,137.7c8,6,16,10,28,10c12,0,21.9-4,27.9-10c8-8,12-18,12-28c0-12-4-21.9-12-29.9L554.9,497l135.7-135.7c8-8,12-18,12-27.9c0-12-4-22-12-29.9c-6-8-16-12-25.9-12c-12,0-21.9,4-29.9,12L499,441.1L363.3,303.4c-8-8-18-12-29.9-12c-10,0-20,4-28,12C297.4,311.4,293.4,321.4,293.4,331.3z&quot;\/><\/g><\/svg><\/span>\n\t\t\t\t\t\t<div class=&quot;city-map-pin__content&quot;><div class=\u201ccity-map-pin__content\u201d> <h4>5. Situa\u00adti\u00adons\u00adge\u00adrechte Veloparkierung<\/h4> Wenn eine situa\u00adti\u00adons\u00adge\u00adrechte Velo\u00adpar\u00adkie\u00adrung gefragt ist, kommt Velopa zum Zug. Das viel\u00adf\u00e4l\u00adtige Sor\u00adti\u00adment an Velo\u00adun\u00adter\u00adst\u00e4n\u00adden, Vel\u00ado\u00adan\u00adlehn\u00adb\u00fc\u00adgel, Par\u00adkier\u00adl\u00f6\u00adsun\u00adgen und Gross\u00adpar\u00adkier\u00adsys\u00adte\u00admen schafft geord\u00adnete Par\u00adkier\u00adver\u00adh\u00e4lt\u00adnisse \u2013 eben\u00aderdig oder unter\u00adir\u00addisch, von der Wohn\u00adum\u00adge\u00adbung bis zum mul\u00adti\u00admo\u00adda\u00adlen Mobi\u00adlity&nbsp;Hub.<\/div>\n<div class=&quot;city-map-pin__content&quot;><a href=#veloparkierung-und-velounterstande>Mehr Infos zu Veloparkierung<\/a><br> <\/div><\/div>\n\t\t\t\t\t<\/div>\n\t\t\t \t\t \t\t \">\n\t\t \t\t\t\t\t \t\t\t\t\t \t\t\t<div class=\"pins_animation ihotspot_pulse\" style=\"top:-13px;left:-13px;height:26px;width:26px\"><\/div>\n\t\t\t \t\t\t\t\t \t\t<img decoding=\"async\" src=\"https:\/\/www.velopa.ch\/wp-content\/uploads\/2017\/05\/dot-navi-pro.png\" class=\"pins_image ihotspot_hastooltop\" style=\"top:-13px;left:-13px\" alt>\n\t\t\t \t\t\t\t \t\t\t\t \t<\/div>\n\t\t <\/div>\n\t\t \t\t <div class=\"drag_element tips city-map-pin\" style=\"top:28.31%;left:90.66%;\">\n\t\t \t<div class=\"point_style  ihotspot_tooltop_html\" data-placement=\"n\" data-html=\"\t\t \t\t\t                  <div class=&quot;box_view_html&quot;>\n\t\t\t\t\t<span class=&quot;close_ihp&quot;>\n\t\t\t\t\t\t<svg version=&quot;1.1&quot; xmlns=&quot;http:\/\/www.w3.org\/2000\/svg&quot; xmlns:xlink=&quot;http:\/\/www.w3.org\/1999\/xlink&quot; x=&quot;0px&quot; y=&quot;0px&quot; viewBox=&quot;0 0 1000 1000&quot; enable-background=&quot;new 0 0 1000 1000&quot; xml:space=&quot;preserve&quot;><g><path d=&quot;M153.7,153.7C57.9,249.5,10,365.3,10,499c0,135.7,47.9,251.5,143.7,347.3l0,0C249.5,942.1,363.3,990,499,990c135.7,0,251.5-47.9,347.3-143.7C942.1,750.5,990,634.7,990,499c0-135.7-47.9-249.5-143.7-345.3l0,0C750.5,57.9,634.7,10,499,10C365.3,10,249.5,57.9,153.7,153.7z M209.6,211.6l2-2C289.4,129.7,387.2,89.8,499,89.8c113.8,0,209.6,39.9,291.4,121.8c79.8,77.8,119.8,175.6,119.8,287.4c0,113.8-39.9,209.6-119.8,291.4C708.6,870.3,612.8,910.2,499,910.2c-111.8,0-209.6-39.9-287.4-119.8C129.8,708.6,89.8,612.8,89.8,499C89.8,387.2,129.8,289.4,209.6,211.6z&quot;\/><path d=&quot;M293.4,331.3c0,12,4,22,12,29.9L443.1,497L305.4,632.7c-8,8-12,18-12,29.9c0,10,4,18,12,26c8,8,18,12,28,12c12,0,20-4,27.9-10L499,552.9l135.7,137.7c8,6,16,10,28,10c12,0,21.9-4,27.9-10c8-8,12-18,12-28c0-12-4-21.9-12-29.9L554.9,497l135.7-135.7c8-8,12-18,12-27.9c0-12-4-22-12-29.9c-6-8-16-12-25.9-12c-12,0-21.9,4-29.9,12L499,441.1L363.3,303.4c-8-8-18-12-29.9-12c-10,0-20,4-28,12C297.4,311.4,293.4,321.4,293.4,331.3z&quot;\/><\/g><\/svg><\/span>\n\t\t\t\t\t\t<div class=&quot;city-map-pin__content&quot;><div class=\u201ccity-map-pin__content\u201d><h4>7. Personenunterst\u00e4nde<\/h4> Per\u00adso\u00adnen\u00adun\u00adter\u00adst\u00e4nde von Velopa sind kon\u00adse\u00adquent auf die Bed\u00fcrf\u00adnisse der Fahr\u00adg\u00e4ste des \u00f6ffent\u00adli\u00adchen Ver\u00adkehrs aus\u00adge\u00adrich\u00adtet. Sie sch\u00fct\u00adzen ideal vor Wet\u00adter\u00adein\u00adfl\u00fcs\u00adsen, bie\u00adten ein hohes Mass an Bequem\u00adlich\u00adkeit und schaf\u00adfen das beson\u00addere Gef\u00fchl von Geborgenheit.<\/div>\n<div class=&quot;city-map-pin__content&quot;><a href=https:\/\/www.velopa.ch\/de\/personenunterstaende\/>Mehr Infos zu Personenunterst\u00e4nden<\/a><\/div><\/div>\n\t\t\t\t\t<\/div>\n\t\t\t \t\t \t\t \">\n\t\t \t\t\t\t\t \t\t\t\t\t \t\t\t<div class=\"pins_animation ihotspot_pulse\" style=\"top:-13px;left:-13px;height:26px;width:26px\"><\/div>\n\t\t\t \t\t\t\t\t \t\t<img decoding=\"async\" src=\"https:\/\/www.velopa.ch\/wp-content\/uploads\/2017\/05\/dot-navi-pro.png\" class=\"pins_image ihotspot_hastooltop\" style=\"top:-13px;left:-13px\" alt>\n\t\t\t \t\t\t\t \t\t\t\t \t<\/div>\n\t\t <\/div>\n\t\t \t\t <div class=\"drag_element tips city-map-pin\" style=\"top:41.68%;left:93.2%;\">\n\t\t \t<div class=\"point_style  ihotspot_tooltop_html\" data-placement=\"n\" data-html=\"\t\t \t\t\t                  <div class=&quot;box_view_html&quot;>\n\t\t\t\t\t<span class=&quot;close_ihp&quot;>\n\t\t\t\t\t\t<svg version=&quot;1.1&quot; xmlns=&quot;http:\/\/www.w3.org\/2000\/svg&quot; xmlns:xlink=&quot;http:\/\/www.w3.org\/1999\/xlink&quot; x=&quot;0px&quot; y=&quot;0px&quot; viewBox=&quot;0 0 1000 1000&quot; enable-background=&quot;new 0 0 1000 1000&quot; xml:space=&quot;preserve&quot;><g><path d=&quot;M153.7,153.7C57.9,249.5,10,365.3,10,499c0,135.7,47.9,251.5,143.7,347.3l0,0C249.5,942.1,363.3,990,499,990c135.7,0,251.5-47.9,347.3-143.7C942.1,750.5,990,634.7,990,499c0-135.7-47.9-249.5-143.7-345.3l0,0C750.5,57.9,634.7,10,499,10C365.3,10,249.5,57.9,153.7,153.7z M209.6,211.6l2-2C289.4,129.7,387.2,89.8,499,89.8c113.8,0,209.6,39.9,291.4,121.8c79.8,77.8,119.8,175.6,119.8,287.4c0,113.8-39.9,209.6-119.8,291.4C708.6,870.3,612.8,910.2,499,910.2c-111.8,0-209.6-39.9-287.4-119.8C129.8,708.6,89.8,612.8,89.8,499C89.8,387.2,129.8,289.4,209.6,211.6z&quot;\/><path d=&quot;M293.4,331.3c0,12,4,22,12,29.9L443.1,497L305.4,632.7c-8,8-12,18-12,29.9c0,10,4,18,12,26c8,8,18,12,28,12c12,0,20-4,27.9-10L499,552.9l135.7,137.7c8,6,16,10,28,10c12,0,21.9-4,27.9-10c8-8,12-18,12-28c0-12-4-21.9-12-29.9L554.9,497l135.7-135.7c8-8,12-18,12-27.9c0-12-4-22-12-29.9c-6-8-16-12-25.9-12c-12,0-21.9,4-29.9,12L499,441.1L363.3,303.4c-8-8-18-12-29.9-12c-10,0-20,4-28,12C297.4,311.4,293.4,321.4,293.4,331.3z&quot;\/><\/g><\/svg><\/span>\n\t\t\t\t\t\t<div class=&quot;city-map-pin__content&quot;><div class=\u201ccity-map-pin__content\u201d><h4>7. Personenunterst\u00e4nde<\/h4> Per\u00adso\u00adnen\u00adun\u00adter\u00adst\u00e4nde von Velopa sind kon\u00adse\u00adquent auf die Bed\u00fcrf\u00adnisse der Fahr\u00adg\u00e4ste des \u00f6ffent\u00adli\u00adchen Ver\u00adkehrs aus\u00adge\u00adrich\u00adtet. Sie sch\u00fct\u00adzen ideal vor Wet\u00adter\u00adein\u00adfl\u00fcs\u00adsen, bie\u00adten ein hohes Mass an Bequem\u00adlich\u00adkeit und schaf\u00adfen das beson\u00addere Gef\u00fchl von Geborgenheit.<\/div>\n<div class=&quot;city-map-pin__content&quot;><a href=https:\/\/www.velopa.ch\/de\/personenunterstaende\/>Mehr Infos zu Personenunterst\u00e4nden<\/a><\/div><\/div>\n\t\t\t\t\t<\/div>\n\t\t\t \t\t \t\t \">\n\t\t \t\t\t\t\t \t\t\t\t\t \t\t\t<div class=\"pins_animation ihotspot_pulse\" style=\"top:-13px;left:-13px;height:26px;width:26px\"><\/div>\n\t\t\t \t\t\t\t\t \t\t<img decoding=\"async\" src=\"https:\/\/www.velopa.ch\/wp-content\/uploads\/2017\/05\/dot-navi-pro.png\" class=\"pins_image ihotspot_hastooltop\" style=\"top:-13px;left:-13px\" alt>\n\t\t\t \t\t\t\t \t\t\t\t \t<\/div>\n\t\t <\/div>\n\t\t \t\t <div class=\"drag_element tips city-map-pin\" style=\"top:79.61%;left:82.86%;\">\n\t\t \t<div class=\"point_style  ihotspot_tooltop_html\" data-placement=\"n\" data-html=\"\t\t \t\t\t                  <div class=&quot;box_view_html&quot;>\n\t\t\t\t\t<span class=&quot;close_ihp&quot;>\n\t\t\t\t\t\t<svg version=&quot;1.1&quot; xmlns=&quot;http:\/\/www.w3.org\/2000\/svg&quot; xmlns:xlink=&quot;http:\/\/www.w3.org\/1999\/xlink&quot; x=&quot;0px&quot; y=&quot;0px&quot; viewBox=&quot;0 0 1000 1000&quot; enable-background=&quot;new 0 0 1000 1000&quot; xml:space=&quot;preserve&quot;><g><path d=&quot;M153.7,153.7C57.9,249.5,10,365.3,10,499c0,135.7,47.9,251.5,143.7,347.3l0,0C249.5,942.1,363.3,990,499,990c135.7,0,251.5-47.9,347.3-143.7C942.1,750.5,990,634.7,990,499c0-135.7-47.9-249.5-143.7-345.3l0,0C750.5,57.9,634.7,10,499,10C365.3,10,249.5,57.9,153.7,153.7z M209.6,211.6l2-2C289.4,129.7,387.2,89.8,499,89.8c113.8,0,209.6,39.9,291.4,121.8c79.8,77.8,119.8,175.6,119.8,287.4c0,113.8-39.9,209.6-119.8,291.4C708.6,870.3,612.8,910.2,499,910.2c-111.8,0-209.6-39.9-287.4-119.8C129.8,708.6,89.8,612.8,89.8,499C89.8,387.2,129.8,289.4,209.6,211.6z&quot;\/><path d=&quot;M293.4,331.3c0,12,4,22,12,29.9L443.1,497L305.4,632.7c-8,8-12,18-12,29.9c0,10,4,18,12,26c8,8,18,12,28,12c12,0,20-4,27.9-10L499,552.9l135.7,137.7c8,6,16,10,28,10c12,0,21.9-4,27.9-10c8-8,12-18,12-28c0-12-4-21.9-12-29.9L554.9,497l135.7-135.7c8-8,12-18,12-27.9c0-12-4-22-12-29.9c-6-8-16-12-25.9-12c-12,0-21.9,4-29.9,12L499,441.1L363.3,303.4c-8-8-18-12-29.9-12c-10,0-20,4-28,12C297.4,311.4,293.4,321.4,293.4,331.3z&quot;\/><\/g><\/svg><\/span>\n\t\t\t\t\t\t<div class=&quot;city-map-pin__content&quot;><h4>3. Abfall\u00adbe\u00adh\u00e4l\u00adter f\u00fcr Stadtr\u00e4ume<\/h4> Die stil\u00advol\u00adlen und moder\u00adnen Ent\u00adsor\u00adgungs\u00adbe\u00adh\u00e4l\u00adter von Velopa wer\u00adten das Stadt\u00adbild auf \u2013 und sie leis\u00adten einen wich\u00adti\u00adgen Bei\u00adtrag zum Umwelt\u00adbe\u00adwusst\u00adsein im \u00f6ffent\u00adli\u00adchen Raum. Die Beh\u00e4l\u00adter kom\u00admen sowohl ein\u00adzeln als auch als Kom\u00adplett\u00adsys\u00adtem f\u00fcr die Abfall\u00adtren\u00adnung zum Ein\u00adsatz. Auf Wunsch mit indi\u00advi\u00addu\u00adel\u00adler Stadtfarbe<\/div>\n<div class=&quot;city-map-pin__content&quot;><a href=https:\/\/www.velopa.ch\/de\/abfallbehaelter-und ascher>Mehr Infos zu Abfall\u00adbe\u00adh\u00e4l\u00adter <\/a><\/div><\/div>\n\t\t\t\t\t<\/div>\n\t\t\t \t\t \t\t \">\n\t\t \t\t\t\t\t \t\t\t\t\t \t\t\t<div class=\"pins_animation ihotspot_pulse\" style=\"top:-13px;left:-13px;height:26px;width:26px\"><\/div>\n\t\t\t \t\t\t\t\t \t\t<img decoding=\"async\" src=\"https:\/\/www.velopa.ch\/wp-content\/uploads\/2017\/05\/dot-navi-pro.png\" class=\"pins_image ihotspot_hastooltop\" style=\"top:-13px;left:-13px\" alt>\n\t\t\t \t\t\t\t \t\t\t\t \t<\/div>\n\t\t <\/div>\n\t\t \t\t <div class=\"drag_element tips city-map-pin\" style=\"top:79.52%;left:92.47%;\">\n\t\t \t<div class=\"point_style  ihotspot_tooltop_html\" data-placement=\"n\" data-html=\"\t\t \t\t\t                  <div class=&quot;box_view_html&quot;>\n\t\t\t\t\t<span class=&quot;close_ihp&quot;>\n\t\t\t\t\t\t<svg version=&quot;1.1&quot; xmlns=&quot;http:\/\/www.w3.org\/2000\/svg&quot; xmlns:xlink=&quot;http:\/\/www.w3.org\/1999\/xlink&quot; x=&quot;0px&quot; y=&quot;0px&quot; viewBox=&quot;0 0 1000 1000&quot; enable-background=&quot;new 0 0 1000 1000&quot; xml:space=&quot;preserve&quot;><g><path d=&quot;M153.7,153.7C57.9,249.5,10,365.3,10,499c0,135.7,47.9,251.5,143.7,347.3l0,0C249.5,942.1,363.3,990,499,990c135.7,0,251.5-47.9,347.3-143.7C942.1,750.5,990,634.7,990,499c0-135.7-47.9-249.5-143.7-345.3l0,0C750.5,57.9,634.7,10,499,10C365.3,10,249.5,57.9,153.7,153.7z M209.6,211.6l2-2C289.4,129.7,387.2,89.8,499,89.8c113.8,0,209.6,39.9,291.4,121.8c79.8,77.8,119.8,175.6,119.8,287.4c0,113.8-39.9,209.6-119.8,291.4C708.6,870.3,612.8,910.2,499,910.2c-111.8,0-209.6-39.9-287.4-119.8C129.8,708.6,89.8,612.8,89.8,499C89.8,387.2,129.8,289.4,209.6,211.6z&quot;\/><path d=&quot;M293.4,331.3c0,12,4,22,12,29.9L443.1,497L305.4,632.7c-8,8-12,18-12,29.9c0,10,4,18,12,26c8,8,18,12,28,12c12,0,20-4,27.9-10L499,552.9l135.7,137.7c8,6,16,10,28,10c12,0,21.9-4,27.9-10c8-8,12-18,12-28c0-12-4-21.9-12-29.9L554.9,497l135.7-135.7c8-8,12-18,12-27.9c0-12-4-22-12-29.9c-6-8-16-12-25.9-12c-12,0-21.9,4-29.9,12L499,441.1L363.3,303.4c-8-8-18-12-29.9-12c-10,0-20,4-28,12C297.4,311.4,293.4,321.4,293.4,331.3z&quot;\/><\/g><\/svg><\/span>\n\t\t\t\t\t\t<div class=&quot;city-map-pin__content&quot;><h4>1. Aus\u00adsen- und Stadtmobiliar<\/h4> Sitz\u00adb\u00e4nke, St\u00fchle und Tische von Velopa sind die per\u00adfekte Sym\u00adbiose zwi\u00adschen ein\u00addrucks\u00advol\u00adler Form, maxi\u00adma\u00adler Funk\u00adtio\u00adna\u00adli\u00adt\u00e4t und Nach\u00adhal\u00adtig\u00adkeit \u2013 auch in behin\u00adder\u00adten\u00adge\u00adrech\u00adten Aus\u00adf\u00fch\u00adrun\u00adgen. Sie schaf\u00adfen inspi\u00adrie\u00adrende Begeg\u00adnungs\u00adzo\u00adnen und Aus\u00adsen\u00adr\u00e4ume in St\u00e4d\u00adten, Gemein\u00adden, Wohn\u00adarea\u00adlen oder Unternehmen.<\/div>\n<div class=&quot;city-map-pin__content&quot;><a href=https:\/\/www.velopa.ch\/de\/baenke-sitze-tische>Mehr Infos zu Aus\u00adsen- und Stadtmobiliar<\/a><\/div><\/div>\n\t\t\t\t\t<\/div>\n\t\t\t \t\t \t\t \">\n\t\t \t\t\t\t\t \t\t\t\t\t \t\t\t<div class=\"pins_animation ihotspot_pulse\" style=\"top:-13px;left:-13px;height:26px;width:26px\"><\/div>\n\t\t\t \t\t\t\t\t \t\t<img decoding=\"async\" src=\"https:\/\/www.velopa.ch\/wp-content\/uploads\/2017\/05\/dot-navi-pro.png\" class=\"pins_image ihotspot_hastooltop\" style=\"top:-13px;left:-13px\" alt>\n\t\t\t \t\t\t\t \t\t\t\t \t<\/div>\n\t\t <\/div>\n\t\t \t\t <div class=\"drag_element tips city-map-pin\" style=\"top:93.02%;left:89.2%;\">\n\t\t \t<div class=\"point_style  ihotspot_tooltop_html\" data-placement=\"n\" data-html=\"\t\t \t\t\t                  <div class=&quot;box_view_html&quot;>\n\t\t\t\t\t<span class=&quot;close_ihp&quot;>\n\t\t\t\t\t\t<svg version=&quot;1.1&quot; xmlns=&quot;http:\/\/www.w3.org\/2000\/svg&quot; xmlns:xlink=&quot;http:\/\/www.w3.org\/1999\/xlink&quot; x=&quot;0px&quot; y=&quot;0px&quot; viewBox=&quot;0 0 1000 1000&quot; enable-background=&quot;new 0 0 1000 1000&quot; xml:space=&quot;preserve&quot;><g><path d=&quot;M153.7,153.7C57.9,249.5,10,365.3,10,499c0,135.7,47.9,251.5,143.7,347.3l0,0C249.5,942.1,363.3,990,499,990c135.7,0,251.5-47.9,347.3-143.7C942.1,750.5,990,634.7,990,499c0-135.7-47.9-249.5-143.7-345.3l0,0C750.5,57.9,634.7,10,499,10C365.3,10,249.5,57.9,153.7,153.7z M209.6,211.6l2-2C289.4,129.7,387.2,89.8,499,89.8c113.8,0,209.6,39.9,291.4,121.8c79.8,77.8,119.8,175.6,119.8,287.4c0,113.8-39.9,209.6-119.8,291.4C708.6,870.3,612.8,910.2,499,910.2c-111.8,0-209.6-39.9-287.4-119.8C129.8,708.6,89.8,612.8,89.8,499C89.8,387.2,129.8,289.4,209.6,211.6z&quot;\/><path d=&quot;M293.4,331.3c0,12,4,22,12,29.9L443.1,497L305.4,632.7c-8,8-12,18-12,29.9c0,10,4,18,12,26c8,8,18,12,28,12c12,0,20-4,27.9-10L499,552.9l135.7,137.7c8,6,16,10,28,10c12,0,21.9-4,27.9-10c8-8,12-18,12-28c0-12-4-21.9-12-29.9L554.9,497l135.7-135.7c8-8,12-18,12-27.9c0-12-4-22-12-29.9c-6-8-16-12-25.9-12c-12,0-21.9,4-29.9,12L499,441.1L363.3,303.4c-8-8-18-12-29.9-12c-10,0-20,4-28,12C297.4,311.4,293.4,321.4,293.4,331.3z&quot;\/><\/g><\/svg><\/span>\n\t\t\t\t\t\t<div class=&quot;city-map-pin__content&quot;><div class=\u201ccity-map-pin__content\u201d> <h4>5. Situa\u00adti\u00adons\u00adge\u00adrechte Veloparkierung<\/h4> Wenn eine situa\u00adti\u00adons\u00adge\u00adrechte Velo\u00adpar\u00adkie\u00adrung gefragt ist, kommt Velopa zum Zug. Das viel\u00adf\u00e4l\u00adtige Sor\u00adti\u00adment an Velo\u00adun\u00adter\u00adst\u00e4n\u00adden, Vel\u00ado\u00adan\u00adlehn\u00adb\u00fc\u00adgel, Par\u00adkier\u00adl\u00f6\u00adsun\u00adgen und Gross\u00adpar\u00adkier\u00adsys\u00adte\u00admen schafft geord\u00adnete Par\u00adkier\u00adver\u00adh\u00e4lt\u00adnisse \u2013 eben\u00aderdig oder unter\u00adir\u00addisch, von der Wohn\u00adum\u00adge\u00adbung bis zum mul\u00adti\u00admo\u00adda\u00adlen Mobi\u00adlity&nbsp;Hub.<\/div>\n<div class=&quot;city-map-pin__content&quot;><a href=#veloparkierung-und-velounterstande>Mehr Infos zu Veloparkierung<\/a><br> <\/div><\/div>\n\t\t\t\t\t<\/div>\n\t\t\t \t\t \t\t \">\n\t\t \t\t\t\t\t \t\t\t\t\t \t\t\t<div class=\"pins_animation ihotspot_pulse\" style=\"top:-13px;left:-13px;height:26px;width:26px\"><\/div>\n\t\t\t \t\t\t\t\t \t\t<img decoding=\"async\" src=\"https:\/\/www.velopa.ch\/wp-content\/uploads\/2017\/05\/dot-navi-pro.png\" class=\"pins_image ihotspot_hastooltop\" style=\"top:-13px;left:-13px\" alt>\n\t\t\t \t\t\t\t \t\t\t\t \t<\/div>\n\t\t <\/div>\n\t\t \t\t <div class=\"drag_element tips city-map-pin\" style=\"top:69.17%;left:49.77%;\">\n\t\t \t<div class=\"point_style  ihotspot_tooltop_html\" data-placement=\"n\" data-html=\"\t\t \t\t\t                  <div class=&quot;box_view_html&quot;>\n\t\t\t\t\t<span class=&quot;close_ihp&quot;>\n\t\t\t\t\t\t<svg version=&quot;1.1&quot; xmlns=&quot;http:\/\/www.w3.org\/2000\/svg&quot; xmlns:xlink=&quot;http:\/\/www.w3.org\/1999\/xlink&quot; x=&quot;0px&quot; y=&quot;0px&quot; viewBox=&quot;0 0 1000 1000&quot; enable-background=&quot;new 0 0 1000 1000&quot; xml:space=&quot;preserve&quot;><g><path d=&quot;M153.7,153.7C57.9,249.5,10,365.3,10,499c0,135.7,47.9,251.5,143.7,347.3l0,0C249.5,942.1,363.3,990,499,990c135.7,0,251.5-47.9,347.3-143.7C942.1,750.5,990,634.7,990,499c0-135.7-47.9-249.5-143.7-345.3l0,0C750.5,57.9,634.7,10,499,10C365.3,10,249.5,57.9,153.7,153.7z M209.6,211.6l2-2C289.4,129.7,387.2,89.8,499,89.8c113.8,0,209.6,39.9,291.4,121.8c79.8,77.8,119.8,175.6,119.8,287.4c0,113.8-39.9,209.6-119.8,291.4C708.6,870.3,612.8,910.2,499,910.2c-111.8,0-209.6-39.9-287.4-119.8C129.8,708.6,89.8,612.8,89.8,499C89.8,387.2,129.8,289.4,209.6,211.6z&quot;\/><path d=&quot;M293.4,331.3c0,12,4,22,12,29.9L443.1,497L305.4,632.7c-8,8-12,18-12,29.9c0,10,4,18,12,26c8,8,18,12,28,12c12,0,20-4,27.9-10L499,552.9l135.7,137.7c8,6,16,10,28,10c12,0,21.9-4,27.9-10c8-8,12-18,12-28c0-12-4-21.9-12-29.9L554.9,497l135.7-135.7c8-8,12-18,12-27.9c0-12-4-22-12-29.9c-6-8-16-12-25.9-12c-12,0-21.9,4-29.9,12L499,441.1L363.3,303.4c-8-8-18-12-29.9-12c-10,0-20,4-28,12C297.4,311.4,293.4,321.4,293.4,331.3z&quot;\/><\/g><\/svg><\/span>\n\t\t\t\t\t\t<div class=&quot;city-map-pin__content&quot;><div class=\u201ccity-map-pin__content\u201d><h4>6. Absperrsysteme<\/h4> Die moder\u00adnen Absperr\u00adsys\u00adteme von Velopa sch\u00fct\u00adzen Fuss\u00adg\u00e4n\u00adger zuver\u00adl\u00e4s\u00adsig vor dem moto\u00adri\u00adsier\u00adten Ver\u00adkehr. Die Pol\u00adler, Park\u00adb\u00fc\u00adgel oder Schran\u00adken regeln die Zufahrt zu pri\u00adva\u00adten Area\u00adlen und Park\u00adfl\u00e4\u00adchen oder prio\u00adri\u00adsie\u00adren den \u00f6ffent\u00adli\u00adchen Verkehr.<\/div>\n<div class=&quot;city-map-pin__content&quot;><a href=https:\/\/www.velopa.ch\/de\/absperrsysteme>Mehr Infos zu Absperrsystemen<\/a><\/div><\/div>\n\t\t\t\t\t<\/div>\n\t\t\t \t\t \t\t \">\n\t\t \t\t\t\t\t \t\t\t\t\t \t\t\t<div class=\"pins_animation ihotspot_pulse\" style=\"top:-13px;left:-13px;height:26px;width:26px\"><\/div>\n\t\t\t \t\t\t\t\t \t\t<img decoding=\"async\" src=\"https:\/\/www.velopa.ch\/wp-content\/uploads\/2017\/05\/dot-navi-pro.png\" class=\"pins_image ihotspot_hastooltop\" style=\"top:-13px;left:-13px\" alt>\n\t\t\t \t\t\t\t \t\t\t\t \t<\/div>\n\t\t <\/div>\n\t\t \t\t <div class=\"drag_element tips city-map-pin\" style=\"top:87.5%;left:57.34%;\">\n\t\t \t<div class=\"point_style  ihotspot_tooltop_html\" data-placement=\"n\" data-html=\"\t\t \t\t\t                  <div class=&quot;box_view_html&quot;>\n\t\t\t\t\t<span class=&quot;close_ihp&quot;>\n\t\t\t\t\t\t<svg version=&quot;1.1&quot; xmlns=&quot;http:\/\/www.w3.org\/2000\/svg&quot; xmlns:xlink=&quot;http:\/\/www.w3.org\/1999\/xlink&quot; x=&quot;0px&quot; y=&quot;0px&quot; viewBox=&quot;0 0 1000 1000&quot; enable-background=&quot;new 0 0 1000 1000&quot; xml:space=&quot;preserve&quot;><g><path d=&quot;M153.7,153.7C57.9,249.5,10,365.3,10,499c0,135.7,47.9,251.5,143.7,347.3l0,0C249.5,942.1,363.3,990,499,990c135.7,0,251.5-47.9,347.3-143.7C942.1,750.5,990,634.7,990,499c0-135.7-47.9-249.5-143.7-345.3l0,0C750.5,57.9,634.7,10,499,10C365.3,10,249.5,57.9,153.7,153.7z M209.6,211.6l2-2C289.4,129.7,387.2,89.8,499,89.8c113.8,0,209.6,39.9,291.4,121.8c79.8,77.8,119.8,175.6,119.8,287.4c0,113.8-39.9,209.6-119.8,291.4C708.6,870.3,612.8,910.2,499,910.2c-111.8,0-209.6-39.9-287.4-119.8C129.8,708.6,89.8,612.8,89.8,499C89.8,387.2,129.8,289.4,209.6,211.6z&quot;\/><path d=&quot;M293.4,331.3c0,12,4,22,12,29.9L443.1,497L305.4,632.7c-8,8-12,18-12,29.9c0,10,4,18,12,26c8,8,18,12,28,12c12,0,20-4,27.9-10L499,552.9l135.7,137.7c8,6,16,10,28,10c12,0,21.9-4,27.9-10c8-8,12-18,12-28c0-12-4-21.9-12-29.9L554.9,497l135.7-135.7c8-8,12-18,12-27.9c0-12-4-22-12-29.9c-6-8-16-12-25.9-12c-12,0-21.9,4-29.9,12L499,441.1L363.3,303.4c-8-8-18-12-29.9-12c-10,0-20,4-28,12C297.4,311.4,293.4,321.4,293.4,331.3z&quot;\/><\/g><\/svg><\/span>\n\t\t\t\t\t\t<div class=&quot;city-map-pin__content&quot;><div class=\u201ccity-map-pin__content\u201d><h4>6. Absperrsysteme<\/h4> Die moder\u00adnen Absperr\u00adsys\u00adteme von Velopa sch\u00fct\u00adzen Fuss\u00adg\u00e4n\u00adger zuver\u00adl\u00e4s\u00adsig vor dem moto\u00adri\u00adsier\u00adten Ver\u00adkehr. Die Pol\u00adler, Park\u00adb\u00fc\u00adgel oder Schran\u00adken regeln die Zufahrt zu pri\u00adva\u00adten Area\u00adlen und Park\u00adfl\u00e4\u00adchen oder prio\u00adri\u00adsie\u00adren den \u00f6ffent\u00adli\u00adchen Verkehr.<\/div>\n<div class=&quot;city-map-pin__content&quot;><a href=https:\/\/www.velopa.ch\/de\/absperrsysteme>Mehr Infos zu Absperrsystemen<\/a><\/div><\/div>\n\t\t\t\t\t<\/div>\n\t\t\t \t\t \t\t \">\n\t\t \t\t\t\t\t \t\t\t\t\t \t\t\t<div class=\"pins_animation ihotspot_pulse\" style=\"top:-13px;left:-13px;height:26px;width:26px\"><\/div>\n\t\t\t \t\t\t\t\t \t\t<img decoding=\"async\" src=\"https:\/\/www.velopa.ch\/wp-content\/uploads\/2017\/05\/dot-navi-pro.png\" class=\"pins_image ihotspot_hastooltop\" style=\"top:-13px;left:-13px\" alt>\n\t\t\t \t\t\t\t \t\t\t\t \t<\/div>\n\t\t <\/div>\n\t\t \t\t <div class=\"drag_element tips city-map-pin\" style=\"top:64.86%;left:57.5%;\">\n\t\t \t<div class=\"point_style  ihotspot_tooltop_html\" data-placement=\"n\" data-html=\"\t\t \t\t\t                  <div class=&quot;box_view_html&quot;>\n\t\t\t\t\t<span class=&quot;close_ihp&quot;>\n\t\t\t\t\t\t<svg version=&quot;1.1&quot; xmlns=&quot;http:\/\/www.w3.org\/2000\/svg&quot; xmlns:xlink=&quot;http:\/\/www.w3.org\/1999\/xlink&quot; x=&quot;0px&quot; y=&quot;0px&quot; viewBox=&quot;0 0 1000 1000&quot; enable-background=&quot;new 0 0 1000 1000&quot; xml:space=&quot;preserve&quot;><g><path d=&quot;M153.7,153.7C57.9,249.5,10,365.3,10,499c0,135.7,47.9,251.5,143.7,347.3l0,0C249.5,942.1,363.3,990,499,990c135.7,0,251.5-47.9,347.3-143.7C942.1,750.5,990,634.7,990,499c0-135.7-47.9-249.5-143.7-345.3l0,0C750.5,57.9,634.7,10,499,10C365.3,10,249.5,57.9,153.7,153.7z M209.6,211.6l2-2C289.4,129.7,387.2,89.8,499,89.8c113.8,0,209.6,39.9,291.4,121.8c79.8,77.8,119.8,175.6,119.8,287.4c0,113.8-39.9,209.6-119.8,291.4C708.6,870.3,612.8,910.2,499,910.2c-111.8,0-209.6-39.9-287.4-119.8C129.8,708.6,89.8,612.8,89.8,499C89.8,387.2,129.8,289.4,209.6,211.6z&quot;\/><path d=&quot;M293.4,331.3c0,12,4,22,12,29.9L443.1,497L305.4,632.7c-8,8-12,18-12,29.9c0,10,4,18,12,26c8,8,18,12,28,12c12,0,20-4,27.9-10L499,552.9l135.7,137.7c8,6,16,10,28,10c12,0,21.9-4,27.9-10c8-8,12-18,12-28c0-12-4-21.9-12-29.9L554.9,497l135.7-135.7c8-8,12-18,12-27.9c0-12-4-22-12-29.9c-6-8-16-12-25.9-12c-12,0-21.9,4-29.9,12L499,441.1L363.3,303.4c-8-8-18-12-29.9-12c-10,0-20,4-28,12C297.4,311.4,293.4,321.4,293.4,331.3z&quot;\/><\/g><\/svg><\/span>\n\t\t\t\t\t\t<div class=&quot;city-map-pin__content&quot;><div class=\u201ccity-map-pin__content\u201d><h4>2. Pflanz\u00adbe\u00adh\u00e4l\u00adter und Baum\u00adschutz <\/h4> B\u00e4ume und Pflan\u00adzen sor\u00adgen f\u00fcr ange\u00adnehme Natur\u00adn\u00e4he im \u00f6ffent\u00adli\u00adchen Raum. Und an Hit\u00adze\u00adta\u00adgen tra\u00adgen sie zur K\u00fch\u00adlung bei und spen\u00adden Schat\u00adten. Die ele\u00adgan\u00adten Pflanz\u00adbe\u00adh\u00e4l\u00adter von Velopa brin\u00adgen die Stadt\u00adbe\u00adgr\u00fc\u00adnung beson\u00adders anspre\u00adchend zur Geltung.<\/div>\n<div class=&quot;city-map-pin__content&quot;><a href=https:\/\/www.velopa.ch\/de\/pflanzbehaelter-und-baumschutz>Mehr Infos zu Pflanz\u00adbe\u00adh\u00e4l\u00adter und Baumschutz<\/a><\/div><\/div>\n\t\t\t\t\t<\/div>\n\t\t\t \t\t \t\t \">\n\t\t \t\t\t\t\t \t\t\t\t\t \t\t\t<div class=\"pins_animation ihotspot_pulse\" style=\"top:-13px;left:-13px;height:26px;width:26px\"><\/div>\n\t\t\t \t\t\t\t\t \t\t<img decoding=\"async\" src=\"https:\/\/www.velopa.ch\/wp-content\/uploads\/2017\/05\/dot-navi-pro.png\" class=\"pins_image ihotspot_hastooltop\" style=\"top:-13px;left:-13px\" alt>\n\t\t\t \t\t\t\t \t\t\t\t \t<\/div>\n\t\t <\/div>\n\t\t \t\t \n\t\t  \t\t \t\n\t <\/div>\n\t <\/div>\n\t <\/div> [\/et_pb_code][\/et_pb_column][\/et_pb_row][\/et_pb_section][et_pb_section fb_built=\u201c1\u201d disabled_on=\u201coff|on|on\u201d admin_label=\u201cMap Mobile\u201d module_class=\u201cadd-mobile-padding ow_reformat\u201d _builder_version=\u201c4.17.4\u201d _module_preset=\u201cdefault\u201d background_color=\u201c#cce2f1\u201d max_width=\u201c100%\u201d global_colors_info=\u201d{}\u201d][et_pb_row admin_label=\u201cZeile\u201d _builder_version=\u201c4.17.4\u201d _module_preset=\u201cdefault\u201d width=\u201c75%\u201d custom_padding=\u201c0px||||false|false\u201d global_colors_info=\u201d{}\u201d][et_pb_column type=\u201c4_4\u201d _builder_version=\u201c4.17.4\u201d _module_preset=\u201cdefault\u201d global_colors_info=\u201d{}\u201d][et_pb_text module_class=\u201cmobile-full-width\u201d _builder_version=\u201c4.17.4\u201d _module_preset=\u201cdefault\u201d width=\u201c60%\u201d header_text_align_tablet=\u201d\u201d header_text_align_phone=\u201d\u201d header_text_align_last_edited=\u201con|phone\u201d header_2_text_align_tablet=\u201cleft\u201d header_2_text_align_phone=\u201cleft\u201d header_2_text_align_last_edited=\u201con|phone\u201d global_colors_info=\u201d{}\u201d]\n<h2>Velopa schafft zukunftsweisende Mobilit\u00e4tsl\u00f6sungen und Freir\u00e4ume.<\/h2>\n<p>[\/et_pb_text][\/et_pb_column][\/et_pb_row][et_pb_row _builder_version=\u201c4.17.4\u201d _module_preset=\u201cdefault\u201d width=\u201c75%\u201d custom_margin=\u201c0px||0px||true|false\u201d custom_padding=\u201c0px||0px||true|false\u201d global_colors_info=\u201d{}\u201d][et_pb_column type=\u201c4_4\u201d _builder_version=\u201c4.17.4\u201d _module_preset=\u201cdefault\u201d global_colors_info=\u201d{}\u201d][et_pb_text module_class=\u201cmobile-full-width\u201d _builder_version=\u201c4.17.4\u201d _module_preset=\u201cdefault\u201d width=\u201c65%\u201d text_font_last_edited=\u201coff|phone\u201d text_orientation_tablet=\u201d\u201d text_orientation_phone=\u201cleft\u201d text_orientation_last_edited=\u201con|phone\u201d global_colors_info=\u201d{}\u201d]<\/p>\n<p>Viel\u00adf\u00e4l\u00adtige L\u00f6sun\u00adgen, die Mass\u00adst\u00e4be set\u00adzen \u2013 daf\u00fcr steht Velopa. Sie umfas\u00adsen das gesamte Spek\u00adtrum der kli\u00adma\u00adscho\u00adnen\u00adden Mikro\u00admo\u00adbi\u00adli\u00adt\u00e4t. Dabei fin\u00adden wir stets die pas\u00adsende L\u00f6sung: ange\u00adfan\u00adgen beim ein\u00adzel\u00adnen Vel\u00ado\u00adab\u00adstell\u00adplatz \u00fcber Absperr\u00adsys\u00adteme zum Schutz des Fuss\u00adg\u00e4n\u00adger\u00adver\u00adkehrs bis hin zu smar\u00adten Zufahrts\u00adsteue\u00adrun\u00adgen, Gross\u00adpar\u00adkier\u00adan\u00adla\u00adgen, Velo\u00adsta\u00adtio\u00adnen und intel\u00adli\u00adgen\u00adten Par\u00adkier\u00adsys\u00adte\u00admen mit inte\u00adgra\u00adler Sha\u00adring-Platt\u00adform f\u00fcr E\u2011Fahrzeuge. Und mit unse\u00adrem form\u00advoll\u00adende\u00adten Stadt\u00admo\u00adbi\u00adliar gestal\u00adten wir inspi\u00adrie\u00adrende Frei\u00adr\u00e4ume in kom\u00admu\u00adna\u00adlen oder betrieb\u00adli\u00adchen Aus\u00adsen\u00adr\u00e4u\u00admen. Damit f\u00f6r\u00addern unsere Kun\u00adden soziale Inter\u00adak\u00adtio\u00adnen und die gesell\u00adschaft\u00adli\u00adche Inklusion.<\/p>\n<p>[\/et_pb_text][\/et_pb_column][\/et_pb_row][et_pb_row _builder_version=\u201c4.17.4\u201d _module_preset=\u201cdefault\u201d width=\u201c75%\u201d custom_padding=\u201d||0px||false|false\u201d global_colors_info=\u201d{}\u201d][et_pb_column type=\u201c4_4\u201d _builder_version=\u201c4.17.4\u201d _module_preset=\u201cdefault\u201d global_colors_info=\u201d{}\u201d][et_pb_image src=\u201chttps:\/\/www.velopa.ch\/wp-content\/uploads\/2022\/11\/Velopa-Hotspot-Map-Mobile.jpg\u201d title_text=\u201cVelopa-Hotspot-Map-Mobile\u201d _builder_version=\u201c4.17.4\u201d _module_preset=\u201cdefault\u201d global_colors_info=\u201d{}\u201d][\/et_pb_image][et_pb_text module_class=\u201ccity-hover-map-legend\u201d _builder_version=\u201c4.17.4\u201d _module_preset=\u201cdefault\u201d global_colors_info=\u201d{}\u201d]<\/p>\n<p><strong>Legende:<\/strong><\/p>\n<ol>\n<li><a href=\"https:\/\/www.velopa.ch\/de\/baenke-sitze-tische\/\">Aus\u00adsen- und Stadtmobiliar<\/a><\/li>\n<li><a href=\"https:\/\/www.velopa.ch\/de\/pflanzbehaelter-und-baumschutz\/\">Pflanz\u00adbe\u00adh\u00e4l\u00adter und Baumschutz<\/a><\/li>\n<li><a href=\"https:\/\/www.velopa.ch\/de\/abfallbehaelter-und-ascher\/\">Abfall\u00adbe\u00adh\u00e4l\u00adter f\u00fcr Stadtr\u00e4ume<\/a><\/li>\n<li><a href=\"https:\/\/www.velopa.ch\/de\/beschattungssysteme\/\">Beschat\u00adtungs\u00adsys\u00adteme f\u00fcr den \u00f6ffent\u00adli\u00adchen&nbsp;Raum<\/a><\/li>\n<li><a href=\"#veloparkierung-und-velounterstande\">Situa\u00adti\u00adons\u00adge\u00adrechte Veloparkierung<\/a><\/li>\n<li><a href=\"https:\/\/www.velopa.ch\/de\/absperrsysteme\/\">Absperr\u00adsys\u00adteme<\/a><\/li>\n<li><a href=\"https:\/\/www.velopa.ch\/de\/personenunterstaende\/\">Per\u00adso\u00adnen\u00adun\u00adter\u00adst\u00e4nde<\/a><\/li>\n<\/ol>\n<p>[\/et_pb_text][\/et_pb_column][\/et_pb_row][\/et_pb_section][et_pb_section fb_built=\u201c1\u201d admin_label=\u201cNews\u201d module_class=\u201cadd-mobile-padding\u2013bottom ow_reformat\u201d _builder_version=\u201c4.21.0\u201d _module_preset=\u201cdefault\u201d global_colors_info=\u201d{}\u201d][et_pb_row _builder_version=\u201c4.17.4\u201d _module_preset=\u201cdefault\u201d custom_padding=\u201c32px||64px||false|false\u201d global_colors_info=\u201d{}\u201d][et_pb_column type=\u201c4_4\u201d _builder_version=\u201c4.17.4\u201d _module_preset=\u201cdefault\u201d global_colors_info=\u201d{}\u201d][et_pb_text admin_label=\u201cText\u201d _builder_version=\u201c4.21.0\u201d _module_preset=\u201cdefault\u201d global_colors_info=\u201d{}\u201d]<\/p>\n<h2 style=\"text-align: center;\">News.<\/h2>\n<p>[\/et_pb_text][\/et_pb_column][\/et_pb_row][et_pb_row _builder_version=\u201c4.17.4\u201d _module_preset=\u201cdefault\u201d custom_padding=\u201c0px||0px||true|false\u201d global_colors_info=\u201d{}\u201d][et_pb_column type=\u201c4_4\u201d _builder_version=\u201c4.17.4\u201d _module_preset=\u201cdefault\u201d global_colors_info=\u201d{}\u201d][et_pb_code _builder_version=\u201c4.17.4\u201d _module_preset=\u201cdefault\u201d global_colors_info=\u201d{}\u201d]<\/p><div class=\"news-block\"><div class=\"news-card\"><div class=\"news-card__image mb32\"><img loading=\"lazy\" decoding=\"async\" width=\"337\" height=\"224\" src=\"https:\/\/www.velopa.ch\/wp-content\/uploads\/2026\/04\/Thumbnail.jpg\" class=\"attachment-medium_large size-medium_large\" alt srcset=\"https:\/\/www.velopa.ch\/wp-content\/uploads\/2026\/04\/Thumbnail.jpg 337w, https:\/\/www.velopa.ch\/wp-content\/uploads\/2026\/04\/Thumbnail-300x199.jpg 300w\" sizes=\"(max-width: 337px) 100vw, 337px\"><\/div><div class=\"news-card__tablet-image mb32\"><img loading=\"lazy\" decoding=\"async\" width=\"337\" height=\"224\" src=\"https:\/\/www.velopa.ch\/wp-content\/uploads\/2026\/04\/Thumbnail.jpg\" class=\"attachment-medium_large size-medium_large\" alt srcset=\"https:\/\/www.velopa.ch\/wp-content\/uploads\/2026\/04\/Thumbnail.jpg 337w, https:\/\/www.velopa.ch\/wp-content\/uploads\/2026\/04\/Thumbnail-300x199.jpg 300w\" sizes=\"(max-width: 337px) 100vw, 337px\"><\/div><div class=\"news-card__body\"><h4 class=\"mb8\">Entspannt ankommen: Parkleitsysteme in Velostationen<\/h4><div class=\"justify-text-center\"><p class=\"mb16\">Ent\u00adspannt ankom\u00admen: Wie digi\u00adtale Park\u00adleit\u00adsys\u00adteme Stress redu\u00adzie\u00adren udie Suche nach freie Pl\u00e4t\u00adzen in Velo\u00adsta\u00adtio\u00adnen erleichtern.<\/p><\/div><a class=\"link-to-page\" href=\"https:\/\/www.velopa.ch\/de\/entspannt-ankommen-parkleitsysteme-in-velostationen\/\">Mehr erfah\u00adren<\/a><\/div><\/div><div class=\"news-card\"><div class=\"news-card__image mb32\"><img loading=\"lazy\" decoding=\"async\" width=\"338\" height=\"224\" src=\"https:\/\/www.velopa.ch\/wp-content\/uploads\/2026\/03\/Velopa_Detektions-Leitsystem.jpg\" class=\"attachment-medium_large size-medium_large\" alt srcset=\"https:\/\/www.velopa.ch\/wp-content\/uploads\/2026\/03\/Velopa_Detektions-Leitsystem.jpg 338w, https:\/\/www.velopa.ch\/wp-content\/uploads\/2026\/03\/Velopa_Detektions-Leitsystem-300x199.jpg 300w\" sizes=\"(max-width: 338px) 100vw, 338px\"><\/div><div class=\"news-card__tablet-image mb32\"><img loading=\"lazy\" decoding=\"async\" width=\"338\" height=\"224\" src=\"https:\/\/www.velopa.ch\/wp-content\/uploads\/2026\/03\/Velopa_Detektions-Leitsystem.jpg\" class=\"attachment-medium_large size-medium_large\" alt srcset=\"https:\/\/www.velopa.ch\/wp-content\/uploads\/2026\/03\/Velopa_Detektions-Leitsystem.jpg 338w, https:\/\/www.velopa.ch\/wp-content\/uploads\/2026\/03\/Velopa_Detektions-Leitsystem-300x199.jpg 300w\" sizes=\"(max-width: 338px) 100vw, 338px\"><\/div><div class=\"news-card__body\"><h4 class=\"mb8\">Wozu brauchen Velostationen ein Parkleitsystem?<\/h4><div class=\"justify-text-center\"><p class=\"mb16\">Weni\u00adger Suchstress, h\u00f6here Effi\u00adzi\u00adenz \u2013 Wie digi\u00adtale Park\u00adleit\u00adsys\u00adteme Pend\u00adler\u00adstress redu\u00adzie\u00adren und die Nut\u00adzung optimieren.<\/p><\/div><a class=\"link-to-page\" href=\"https:\/\/www.velopa.ch\/de\/wozu-brauchen-velostationen-ein-parkleitsystem\/\">Mehr erfah\u00adren<\/a><\/div><\/div><div class=\"news-card\"><div class=\"news-card__image mb32\"><img loading=\"lazy\" decoding=\"async\" width=\"338\" height=\"224\" src=\"https:\/\/www.velopa.ch\/wp-content\/uploads\/2025\/12\/Gruene_Daecher_Dachbegruenung_Biodiversitaet.jpg\" class=\"attachment-medium_large size-medium_large\" alt srcset=\"https:\/\/www.velopa.ch\/wp-content\/uploads\/2025\/12\/Gruene_Daecher_Dachbegruenung_Biodiversitaet.jpg 338w, https:\/\/www.velopa.ch\/wp-content\/uploads\/2025\/12\/Gruene_Daecher_Dachbegruenung_Biodiversitaet-300x199.jpg 300w\" sizes=\"(max-width: 338px) 100vw, 338px\"><\/div><div class=\"news-card__tablet-image mb32\"><img loading=\"lazy\" decoding=\"async\" width=\"338\" height=\"224\" src=\"https:\/\/www.velopa.ch\/wp-content\/uploads\/2025\/12\/Gruene_Daecher_Dachbegruenung_Biodiversitaet.jpg\" class=\"attachment-medium_large size-medium_large\" alt srcset=\"https:\/\/www.velopa.ch\/wp-content\/uploads\/2025\/12\/Gruene_Daecher_Dachbegruenung_Biodiversitaet.jpg 338w, https:\/\/www.velopa.ch\/wp-content\/uploads\/2025\/12\/Gruene_Daecher_Dachbegruenung_Biodiversitaet-300x199.jpg 300w\" sizes=\"(max-width: 338px) 100vw, 338px\"><\/div><div class=\"news-card__body\"><h4 class=\"mb8\">Gr\u00fcne D\u00e4cher: Mehr Lebensqualit\u00e4t und Biodiversit\u00e4t im urbanen Raum<\/h4><div class=\"justify-text-center\"><p class=\"mb16\">Aus unge\u00adnutz\u00adten Dach\u00adfl\u00e4\u00adchen wer\u00adden gr\u00fcne Oasen: wie Dach\u00adbe\u00adgr\u00fc\u00adnun\u00adgen Hit\u00adze\u00adinseln min\u00addern, die Arten\u00adviel\u00adfalt f\u00f6r\u00addern und attrak\u00adtive Auf\u00adent\u00adhalts\u00adorte schaffen.<\/p><\/div><a class=\"link-to-page\" href=\"https:\/\/www.velopa.ch\/de\/blog\/gruene-daecher-mehr-lebensqualitaet-und-biodiversitaet\/\">Mehr erfah\u00adren<\/a><\/div><\/div><\/div>[\/et_pb_code][\/et_pb_column][\/et_pb_row][\/et_pb_section][et_pb_section fb_built=\u201c1\u201d module_class=\u201cow_reformat\u201d _builder_version=\u201c4.17.4\u201d _module_preset=\u201cdefault\u201d background_color=\u201d#dedade\u201d global_colors_info=\u201d{}\u201d][et_pb_row _builder_version=\u201c4.17.4\u201d _module_preset=\u201cdefault\u201d custom_padding=\u201c0px||0px||true|false\u201d global_colors_info=\u201d{}\u201d][et_pb_column type=\u201c4_4\u201d _builder_version=\u201c4.17.4\u201d _module_preset=\u201cdefault\u201d global_colors_info=\u201d{}\u201d][et_pb_text _builder_version=\u201c4.17.4\u201d _module_preset=\u201cdefault\u201d custom_padding=\u201c24px||24px||false|false\u201d global_colors_info=\u201d{}\u201d]\n<h2 style=\"text-align: center;\">Velopa hat die passenden&nbsp;L\u00f6sungen: <br>f\u00fcr St\u00e4dte, Gemeinden, Unternehmen, Arealentwickler und&nbsp;Privatkunden.<\/h2>\n<p>[\/et_pb_text][\/et_pb_column][\/et_pb_row][et_pb_row column_structure=\u201c1_2,1_2\u201d make_equal=\u201con\u201d _builder_version=\u201c4.17.4\u201d _module_preset=\u201cdefault\u201d width=\u201c75%\u201d global_colors_info=\u201d{}\u201d][et_pb_column type=\u201c1_2\u201d module_class=\u201cow-equal-column-heights\u201d _builder_version=\u201c4.17.4\u201d _module_preset=\u201cdefault\u201d global_colors_info=\u201d{}\u201d][et_pb_image src=\u201chttps:\/\/www.velopa.ch\/wp-content\/uploads\/2022\/10\/Velostation-Rudolfstrasse.jpg\u201d alt=\u201cVelostation Rudolfstrasse\u201d title_text=\u201cVelostation Rudolfstrasse\u201d _builder_version=\u201c4.17.4\u201d _module_preset=\u201cdefault\u201d background_color=\u201d#<span class=\"caps\">FFFFFF<\/span>\u201d custom_margin=\u201c0px||0px||true|false\u201d custom_padding=\u201c0px||0px||true|false\u201d global_colors_info=\u201d{}\u201d][\/et_pb_image][et_pb_text admin_label=\u201cText\u201d module_class=\u201cmobile-full-width\u201d _builder_version=\u201c4.17.4\u201d _module_preset=\u201cdefault\u201d background_color=\u201d#<span class=\"caps\">FFFFFF<\/span>\u201d min_height=\u201c265px\u201d custom_padding=\u201c40px|40px|40px|40px|true|true\u201d global_colors_info=\u201d{}\u201d]<\/p>\n<h4>Produkte f\u00fcr Unternehmen, St\u00e4dte, Gemeinden und Arealentwickler<\/h4>\n<p><\/p>\n<p>Wir bie\u00adten L\u00f6sun\u00adgen f\u00fcr die kli\u00adma\u00adkom\u00adpa\u00adti\u00adble Mobi\u00adli\u00adt\u00e4t und f\u00fcr attrak\u00adtive Begeg\u00adnungs\u00adzo\u00adnen: Velo\u00adpar\u00adkier\u00adsys\u00adteme, Velo\u00adpark\u00adleit\u00adsys\u00adteme, Absper\u00adrun\u00adgen f\u00fcr Fuss\u00adg\u00e4n\u00adger\u00adschutz und Zufahrts\u00adsteue\u00adrung, Stadt\u00admo\u00adbi\u00adliar, Velo-\u00fcber\u00adda\u00adchun\u00adgen und Per\u00adso\u00adnen\u00adun\u00adter\u00adst\u00e4nde f\u00fcr den \u00f6ffent\u00adli\u00adchen Verkehr.<\/p>\n<p><a class=\"link-to-page\" href=\"https:\/\/www.velopa.ch\/de\/loesungen\/\">Mehr erfah\u00adren<\/a><\/p>\n<p>[\/et_pb_text][\/et_pb_column][et_pb_column type=\u201c1_2\u201d module_class=\u201cow-equal-column-heights\u201d _builder_version=\u201c4.17.4\u201d _module_preset=\u201cdefault\u201d global_colors_info=\u201d{}\u201d][et_pb_image src=\u201chttps:\/\/www.velopa.ch\/wp-content\/uploads\/2022\/10\/<span class=\"caps\">VE39C6<\/span>.jpg\u201d title_text=\u201c<span class=\"caps\">VE39C6<\/span>\u201d _builder_version=\u201c4.17.4\u201d _module_preset=\u201cdefault\u201d background_color=\u201d#<span class=\"caps\">FFFFFF<\/span>\u201d custom_margin=\u201c0px||0px||true|false\u201d custom_padding=\u201c0px||0px||true|false\u201d global_colors_info=\u201d{}\u201d][\/et_pb_image][et_pb_text module_class=\u201cmobile-full-width\u201d _builder_version=\u201c4.17.4\u201d _module_preset=\u201cdefault\u201d background_color=\u201d#<span class=\"caps\">FFFFFF<\/span>\u201d min_height=\u201c265px\u201d custom_margin=\u201c0px||0px||true|false\u201d custom_padding=\u201c40px|40px|40px|40px|true|true\u201d global_colors_info=\u201d{}\u201d]<\/p>\n<h4>Produkte f\u00fcr private Nutzer<\/h4>\n<p><\/p>\n<p><\/p>\n<p>Velo\u00adun\u00adter\u00adst\u00e4nde, Velogara\u00adgen und Velo\u00adbo\u00adxen von Velopa sch\u00fct\u00adzen wert\u00advolle Fahr\u00adr\u00e4\u00adder in Wohn\u00adum\u00adge\u00adbun\u00adgen wirk\u00adsam vor Wit\u00adte\u00adrungs\u00adein\u00adfl\u00fcs\u00adsen, Dieb\u00adst\u00e4h\u00adlen oder Van\u00adda\u00adlis\u00admus. Mit den platz\u00adspa\u00adren\u00adden Vel\u00ado\u00adauf\u00adh\u00e4n\u00adgun\u00adgen und Velo\u00adst\u00e4n\u00adder schaf\u00adfen wir viel Park\u00adplatz auf wenig&nbsp;Raum.<\/p>\n<p><a class=\"link-to-page\" href=\"https:\/\/www.velopa.ch\/de\/privatkunden\">Mehr erfah\u00adren<\/a><\/p>\n<p>[\/et_pb_text][\/et_pb_column][\/et_pb_row][\/et_pb_section][et_pb_section fb_built=\u201c1\u201d module_class=\u201cow_reformat\u201d _builder_version=\u201c4.17.4\u201d _module_preset=\u201cdefault\u201d global_colors_info=\u201d{}\u201d][et_pb_row _builder_version=\u201c4.17.4\u201d _module_preset=\u201cdefault\u201d custom_padding=\u201c24px||24px||true|false\u201d global_colors_info=\u201d{}\u201d][et_pb_column type=\u201c4_4\u201d _builder_version=\u201c4.17.4\u201d _module_preset=\u201cdefault\u201d global_colors_info=\u201d{}\u201d][et_pb_text _builder_version=\u201c4.17.4\u201d _module_preset=\u201cdefault\u201d global_colors_info=\u201d{}\u201d]<\/p>\n<h2 style=\"text-align: center;\">Das ganze Velopa-Sortiment in 50 Sekunden.<\/h2>\n<p>[\/et_pb_text][\/et_pb_column][\/et_pb_row][et_pb_row _builder_version=\u201c4.17.4\u201d _module_preset=\u201cdefault\u201d width=\u201c75%\u201d global_colors_info=\u201d{}\u201d][et_pb_column type=\u201c4_4\u201d _builder_version=\u201c4.17.4\u201d _module_preset=\u201cdefault\u201d global_colors_info=\u201d{}\u201d][et_pb_video src=\u201chttps:\/\/www.velopa.ch\/wp-content\/uploads\/2021\/09\/20210519_Velopa\u20111.mp4\u201d image_src=\u201chttps:\/\/www.velopa.ch\/wp-content\/uploads\/2022\/10\/velopa-toya-de.jpg\u201d _builder_version=\u201c4.17.4\u201d _module_preset=\u201cdefault\u201d global_colors_info=\u201d{}\u201d][\/et_pb_video][\/et_pb_column][\/et_pb_row][\/et_pb_section][et_pb_section fb_built=\u201c1\u201d admin_label=\u201cVeloparkieranlagen in \u00f6ffent\u00adli\u00adchen Zonen\u201d module_class=\u201cow_reformat\u201d _builder_version=\u201c4.17.4\u201d _module_preset=\u201cdefault\u201d background_color=\u201c#cce2f1\u201d global_colors_info=\u201d{}\u201d][et_pb_row _builder_version=\u201c4.17.4\u201d _module_preset=\u201cdefault\u201d width=\u201c75%\u201d custom_padding=\u201d||24px||false|false\u201d global_colors_info=\u201d{}\u201d][et_pb_column type=\u201c4_4\u201d _builder_version=\u201c4.17.4\u201d _module_preset=\u201cdefault\u201d global_colors_info=\u201d{}\u201d][et_pb_text module_class=\u201ccenter-on-mobile\u201d _builder_version=\u201c4.17.4\u201d _module_preset=\u201cdefault\u201d header_2_text_align=\u201cleft\u201d width=\u201c55%\u201d max_width=\u201c100%\u201d global_colors_info=\u201d{}\u201d]<\/p>\n<h2>Veloparkieranlagen in \u00f6ffentlichen Zonen und in Unternehmensarealen: Darauf kommt es an.<\/h2>\n<p>[\/et_pb_text][\/et_pb_column][\/et_pb_row][et_pb_row _builder_version=\u201c4.17.4\u201d _module_preset=\u201cdefault\u201d width=\u201c75%\u201d custom_padding=\u201c0px||0px||true|false\u201d global_colors_info=\u201d{}\u201d][et_pb_column type=\u201c4_4\u201d _builder_version=\u201c4.17.4\u201d _module_preset=\u201cdefault\u201d global_colors_info=\u201d{}\u201d][et_pb_text module_class=\u201cmobile-full-width\u201d _builder_version=\u201c4.17.4\u201d _module_preset=\u201cdefault\u201d width=\u201c65%\u201d max_width=\u201c100%\u201d global_colors_info=\u201d{}\u201d]<\/p>\n<p>Wenn viele Velos auf wenig Raum geord\u00adnet Platz fin\u00adden sol\u00adlen, kom\u00admen Gross\u00adpar\u00adkier\u00adsys\u00adteme von Velopa zum Ein\u00adsatz. Bei der Wahl der pas\u00adsen\u00adden Anlage gilt es, die mass\u00adge\u00adben\u00adden Kri\u00adte\u00adrien zu ber\u00fcck\u00adsich\u00adti\u00adgen und einige Schl\u00fcs\u00adsel\u00adfra\u00adgen zu beant\u00adwor\u00adten. Velopa ver\u00adf\u00fcgt \u00fcber eine umfas\u00adsende Aus\u00adwahl an L\u00f6sun\u00adgen, die sich dem Gesamt\u00adkon\u00adtext des jewei\u00adli\u00adgen Pro\u00adjekts situa\u00adti\u00adons\u00adge\u00adrecht anpas\u00adsen las\u00adsen. Unsere erfah\u00adre\u00adnen Bera\u00adtungs\u00adteams bera\u00adten Sie gerne kom\u00adpe\u00adtent bei der Pla\u00adnung Ihres n\u00e4chs\u00adten Veloparkierprojekts.<\/p>\n<p>[\/et_pb_text][\/et_pb_column][\/et_pb_row][et_pb_row _builder_version=\u201c4.17.4\u201d _module_preset=\u201cdefault\u201d width=\u201c75%\u201d custom_padding=\u201d||32px||false|false\u201d global_colors_info=\u201d{}\u201d][et_pb_column type=\u201c4_4\u201d _builder_version=\u201c4.17.4\u201d _module_preset=\u201cdefault\u201d global_colors_info=\u201d{}\u201d][et_pb_code _builder_version=\u201c4.17.4\u201d _module_preset=\u201cdefault\u201d global_colors_info=\u201d{}\u201d]<\/p><p><a class=\"blue-cta-button\" href=\"https:\/\/www.velopa.ch\/de\/kontakt\/#persoenliche-beratung\">Per\u00ads\u00f6n\u00adli\u00adche Beratung<\/a><\/p>[\/et_pb_code][\/et_pb_column][\/et_pb_row][et_pb_row _builder_version=\u201c4.17.4\u201d _module_preset=\u201cdefault\u201d width=\u201c75%\u201d custom_padding=\u201c0px||32px||false|false\u201d global_colors_info=\u201d{}\u201d][et_pb_column type=\u201c4_4\u201d _builder_version=\u201c4.17.4\u201d _module_preset=\u201cdefault\u201d global_colors_info=\u201d{}\u201d][et_pb_code module_class=\u201ccenter-on-mobile\u201d _builder_version=\u201c4.17.4\u201d _module_preset=\u201cdefault\u201d width=\u201c85%\u201d global_colors_info=\u201d{}\u201d]<div class=\"et_pb_code_inner\"><div class=\"accordion\"><div class=\"accordion__item\"><div class=\"accordion__question-and-arrow\"><div class=\"accordion__item__question\"><span>Was ist bei der Pla\u00adnung einer Velo\u00adpar\u00adkier\u00adan\u00adlage zu ber\u00fccksichtigen?<\/span><svg width=\"28px\" height=\"16px\" version=\"1.1\" id=\"Layer_1\" x=\"0px\" y=\"0px\" viewBox=\"0 0 414.496 414.496\" style=\"enable-background:new 0 0 414.496 414.496;\" xml:space=\"preserve\" xmlns:xlink=\"http:\/\/www.w3.org\/1999\/xlink\">\n                        <polygon style=\"fill:#006eb8;\" points=\"118.126,0 89.796,28.238 268.223,207.248 89.796,386.258 118.126,414.496 324.7,207.248 \" \/><\/svg><\/div><\/div><div class=\"accordion__item__answer\"><p><\/p><ul>\n \t<li>Vor\u00adge\u00adse\u00adhe\u00adner Ein\u00adsatz\u00adbe\u00adreich: Tran\u00adsit\u00adzone des \u00f6ffent\u00adli\u00adchen Ver\u00adkehrs (Bahn\u00adhof), andere \u00f6ffent\u00adli\u00adche Zonen, Unter\u00adneh\u00admens\u00adareal oder Wohn\u00fcberbauung?<\/li>\n \t<li>Makro- und Mikrolage<\/li>\n \t<li>Bestehende und zuk\u00fcnf\u00adtige Mobilit\u00e4tsbed\u00fcrfnisse<\/li>\n \t<li>Erwar\u00adtete Ver\u00adkehrs\u00adfl\u00fcsse aus\u00adser\u00adhalb und inner\u00adhalb der Parkieranlage<\/li>\n \t<li>Erwar\u00adte\u00adter Umfang des Par\u00adkier\u00adbe\u00addarfs und zeit\u00adli\u00adche Spitzen<\/li>\n \t<li>Erg\u00e4n\u00adzende Ange\u00adbote: Park\u00adleit\u00adsys\u00adtem, kom\u00adplette Mobi\u00adli\u00adt\u00e4ts\u00adl\u00f6\u00adsun\u00adgen, dyna\u00admi\u00adsches Flottenmanagement<\/li>\n \t<li>Anfor\u00adde\u00adrun\u00adgen an die Zu- und Wegfahrt<\/li>\n \t<li>Anfor\u00adde\u00adrun\u00adgen an Zugang zur Parkzone<\/li>\n \t<li>Ange\u00adstrebte Fl\u00e4cheneffizienz<\/li>\n \t<li>Distanz zum \u00f6ffent\u00adli\u00adchen Verkehr<\/li>\n \t<li>Zu ber\u00fcck\u00adsich\u00adti\u00adgende Sicherheitsaspekte<\/li>\n \t<li>Anfor\u00adde\u00adrun\u00adgen an die Zuver\u00adl\u00e4s\u00adsig\u00adkeit und Ser\u00advice\u00adin\u00adten\u00adsi\u00adt\u00e4t des Parkiersystems<\/li>\n \t<li>Bau\u00adli\u00adche M\u00f6g\u00adlich\u00adkei\u00adten (unter\u00adir\u00addisch, eben\u00aderdig, mehrst\u00f6ckig)<\/li>\n \t<li>Vor\u00adschrif\u00adten zu L\u00e4rmemissionen<\/li>\n \t<li>Bewil\u00adli\u00adgungs\u00adpflicht<\/li>\n \t<li>\u00d6ko\u00adno\u00admi\u00adsche Aspekte: Kos\u00adten pro Park\u00adplatz, vor\u00adge\u00adse\u00adhene Bewirtschaftung<\/li>\n<\/ul><\/div><\/div><\/div><\/div>[\/et_pb_code][\/et_pb_column][\/et_pb_row][\/et_pb_section][et_pb_section fb_built=\u201c1\u201d module_class=\u201cow_reformat\u201d _builder_version=\u201c4.17.4\u201d _module_preset=\u201cdefault\u201d background_color=\u201d#7a6c7d\u201d custom_padding=\u201c48px||48px||true|false\u201d global_colors_info=\u201d{}\u201d][et_pb_row column_structure=\u201c1_2,1_2\u201d module_class=\u201cflex-align-center stack-columns-on-mobile\u201d _builder_version=\u201c4.17.4\u201d _module_preset=\u201cdefault\u201d custom_padding=\u201c0px||24px||false|false\u201d global_colors_info=\u201d{}\u201d][et_pb_column type=\u201c1_2\u201d _builder_version=\u201c4.17.4\u201d _module_preset=\u201cdefault\u201d global_colors_info=\u201d{}\u201d][et_pb_text _builder_version=\u201c4.17.4\u201d _module_preset=\u201cdefault\u201d custom_padding=\u201c5px||||false|false\u201d global_colors_info=\u201d{}\u201d]\n<h3 style=\"color: #ffffff\">4 gute Gr\u00fcnde f\u00fcr Veloparkierungen von&nbsp;Velopa<\/h3>\n<p>[\/et_pb_text][et_pb_text module_class=\u201cmobile-full-width\u201d _builder_version=\u201c4.17.4\u201d _module_preset=\u201cdefault\u201d custom_padding=\u201c23px||||false|false\u201d global_colors_info=\u201d{}\u201d]<span style=\"color: #ffffff;\"><strong>Velopa bie\u00adtet mehr als nur Veloabstellpl\u00e4tze.<\/strong><\/span><br>\n<span style=\"color: #ffffff;\">Mit viel Erfah\u00adrung, Pla\u00adnungs\u00adkom\u00adpe\u00adtenz und ein\u00adzig\u00adar\u00adti\u00adgen Pro\u00addukt\u00adde\u00adsigns schaf\u00adfen wir situa\u00adti\u00adons\u00adge\u00adrechte Velo\u00adpar\u00adkier\u00adl\u00f6\u00adsun\u00adgen, die sowohl Betrei\u00adber als auch Velo\u00adfah\u00adrende begeis\u00adtern \u2013 von der ein\u00adfa\u00adchen Velo\u00adklam\u00admer bis zur Gross\u00adpar\u00adkier\u00adan\u00adlage mit Park\u00adleit\u00adsys\u00adtem und dyna\u00admi\u00adschem Flot\u00adten\u00adma\u00adnage\u00adment. Dank unse\u00adrem Know-how rund um die mul\u00adti\u00admo\u00addale Mobi\u00adli\u00adt\u00e4t wis\u00adsen wir wor\u00adauf es ankommt,wenn naht\u00adlose Mobi\u00adli\u00adt\u00e4ts\u00adkon\u00adzepte gefragt sind. Und mit einer hohen Ser\u00advice- und War\u00adtungs\u00adexper\u00adtise sor\u00adgen wir lau\u00adfende Betriebs\u00adsi\u00adcher\u00adheit.<\/span>[\/et_pb_text][\/et_pb_column][et_pb_column type=\u201c1_2\u201d _builder_version=\u201c4.17.4\u201d _module_preset=\u201cdefault\u201d global_colors_info=\u201d{}\u201d][et_pb_code _builder_version=\u201c4.17.4\u201d _module_preset=\u201cdefault\u201d custom_padding=\u201d||||false|false\u201d custom_padding_tablet=\u201c32px||||false|false\u201d custom_padding_phone=\u201c32px||||false|false\u201d custom_padding_last_edited=\u201con|tablet\u201d global_colors_info=\u201d{}\u201d]&nbsp;<\/p><div class=\"wrap_svl_center\">\n\t<div class=\"wrap_svl_center_box\">\n\t<div class=\"wrap_svl\" id=\"body_drag_61926\">\n\t\t<div class=\"images_wrap\">\n                            <img decoding=\"async\" src=\"https:\/\/www.velopa.ch\/wp-content\/uploads\/2022\/10\/velopa-hover-circle.png\" alt=\"velopa-hover-circle\">\n            \t\t<\/div>\t\n\t\t \t\t \t\t <div class=\"drag_element tips \" style=\"top:79.27%;left:7.61%;\">\n\t\t \t<div class=\"point_style  ihotspot_tooltop_html\" data-placement=\"n\" data-html=\"\t\t \t\t\t                  <div class=&quot;box_view_html&quot;>\n\t\t\t\t\t<span class=&quot;close_ihp&quot;>\n\t\t\t\t\t\t<svg version=&quot;1.1&quot; xmlns=&quot;http:\/\/www.w3.org\/2000\/svg&quot; xmlns:xlink=&quot;http:\/\/www.w3.org\/1999\/xlink&quot; x=&quot;0px&quot; y=&quot;0px&quot; viewBox=&quot;0 0 1000 1000&quot; enable-background=&quot;new 0 0 1000 1000&quot; xml:space=&quot;preserve&quot;><g><path d=&quot;M153.7,153.7C57.9,249.5,10,365.3,10,499c0,135.7,47.9,251.5,143.7,347.3l0,0C249.5,942.1,363.3,990,499,990c135.7,0,251.5-47.9,347.3-143.7C942.1,750.5,990,634.7,990,499c0-135.7-47.9-249.5-143.7-345.3l0,0C750.5,57.9,634.7,10,499,10C365.3,10,249.5,57.9,153.7,153.7z M209.6,211.6l2-2C289.4,129.7,387.2,89.8,499,89.8c113.8,0,209.6,39.9,291.4,121.8c79.8,77.8,119.8,175.6,119.8,287.4c0,113.8-39.9,209.6-119.8,291.4C708.6,870.3,612.8,910.2,499,910.2c-111.8,0-209.6-39.9-287.4-119.8C129.8,708.6,89.8,612.8,89.8,499C89.8,387.2,129.8,289.4,209.6,211.6z&quot;\/><path d=&quot;M293.4,331.3c0,12,4,22,12,29.9L443.1,497L305.4,632.7c-8,8-12,18-12,29.9c0,10,4,18,12,26c8,8,18,12,28,12c12,0,20-4,27.9-10L499,552.9l135.7,137.7c8,6,16,10,28,10c12,0,21.9-4,27.9-10c8-8,12-18,12-28c0-12-4-21.9-12-29.9L554.9,497l135.7-135.7c8-8,12-18,12-27.9c0-12-4-22-12-29.9c-6-8-16-12-25.9-12c-12,0-21.9,4-29.9,12L499,441.1L363.3,303.4c-8-8-18-12-29.9-12c-10,0-20,4-28,12C297.4,311.4,293.4,321.4,293.4,331.3z&quot;\/><\/g><\/svg><\/span>\n\t\t\t\t\t\t<p><span style=&quot;color: #ffffff&quot;>\u2022 St\u00e4dte und Gemeinden<\/span><br>\n<span style=&quot;color: #ffffff&quot;>\u2022 Unter\u00adneh\u00admen und Arealentwickler<\/span><br>\n<span style=&quot;color: #ffffff&quot;>\u2022 Pri\u00advate Wohnumgebungen<\/span><\/p>\n\t\t\t\t\t<\/div>\n\t\t\t \t\t \t\t \">\n\t\t \t\t\t\t\t \t\t\t\t\t \t\t\t<div class=\"pins_animation ihotspot_pulse\" style=\"top:-13px;left:-13px;height:26px;width:26px\"><\/div>\n\t\t\t \t\t\t\t\t \t\t<img decoding=\"async\" src=\"https:\/\/www.velopa.ch\/wp-content\/uploads\/2017\/05\/dot-navi-pro.png\" class=\"pins_image ihotspot_hastooltop\" style=\"top:-13px;left:-13px\" alt>\n\t\t\t \t\t\t\t \t\t\t\t \t<\/div>\n\t\t <\/div>\n\t\t \t\t <div class=\"drag_element tips \" style=\"top:21.73%;left:92.9%;\">\n\t\t \t<div class=\"point_style  ihotspot_tooltop_html\" data-placement=\"nw\" data-html=\"\t\t \t\t\t                  <div class=&quot;box_view_html&quot;>\n\t\t\t\t\t<span class=&quot;close_ihp&quot;>\n\t\t\t\t\t\t<svg version=&quot;1.1&quot; xmlns=&quot;http:\/\/www.w3.org\/2000\/svg&quot; xmlns:xlink=&quot;http:\/\/www.w3.org\/1999\/xlink&quot; x=&quot;0px&quot; y=&quot;0px&quot; viewBox=&quot;0 0 1000 1000&quot; enable-background=&quot;new 0 0 1000 1000&quot; xml:space=&quot;preserve&quot;><g><path d=&quot;M153.7,153.7C57.9,249.5,10,365.3,10,499c0,135.7,47.9,251.5,143.7,347.3l0,0C249.5,942.1,363.3,990,499,990c135.7,0,251.5-47.9,347.3-143.7C942.1,750.5,990,634.7,990,499c0-135.7-47.9-249.5-143.7-345.3l0,0C750.5,57.9,634.7,10,499,10C365.3,10,249.5,57.9,153.7,153.7z M209.6,211.6l2-2C289.4,129.7,387.2,89.8,499,89.8c113.8,0,209.6,39.9,291.4,121.8c79.8,77.8,119.8,175.6,119.8,287.4c0,113.8-39.9,209.6-119.8,291.4C708.6,870.3,612.8,910.2,499,910.2c-111.8,0-209.6-39.9-287.4-119.8C129.8,708.6,89.8,612.8,89.8,499C89.8,387.2,129.8,289.4,209.6,211.6z&quot;\/><path d=&quot;M293.4,331.3c0,12,4,22,12,29.9L443.1,497L305.4,632.7c-8,8-12,18-12,29.9c0,10,4,18,12,26c8,8,18,12,28,12c12,0,20-4,27.9-10L499,552.9l135.7,137.7c8,6,16,10,28,10c12,0,21.9-4,27.9-10c8-8,12-18,12-28c0-12-4-21.9-12-29.9L554.9,497l135.7-135.7c8-8,12-18,12-27.9c0-12-4-22-12-29.9c-6-8-16-12-25.9-12c-12,0-21.9,4-29.9,12L499,441.1L363.3,303.4c-8-8-18-12-29.9-12c-10,0-20,4-28,12C297.4,311.4,293.4,321.4,293.4,331.3z&quot;\/><\/g><\/svg><\/span>\n\t\t\t\t\t\t<p><span style=&quot;color: #ffffff&quot;>\u2022 Nut\u00adzer\u00adfreund\u00adli\u00adches Design<\/span><br>\n<span style=&quot;color: #ffffff&quot;>\u2022 Digi\u00adtale L\u00f6sun\u00adgen und Vernetzung<\/span><br>\n<span style=&quot;color: #ffffff&quot;>\u2022 Park\u00adleit\u00adsys\u00adteme<\/span><\/p>\n\t\t\t\t\t<\/div>\n\t\t\t \t\t \t\t \">\n\t\t \t\t\t\t\t \t\t\t\t\t \t\t\t<div class=\"pins_animation ihotspot_pulse\" style=\"top:-13px;left:-13px;height:26px;width:26px\"><\/div>\n\t\t\t \t\t\t\t\t \t\t<img decoding=\"async\" src=\"https:\/\/www.velopa.ch\/wp-content\/uploads\/2017\/05\/dot-navi-pro.png\" class=\"pins_image ihotspot_hastooltop\" style=\"top:-13px;left:-13px\" alt>\n\t\t\t \t\t\t\t \t\t\t\t \t<\/div>\n\t\t <\/div>\n\t\t \t\t <div class=\"drag_element tips \" style=\"top:90.85%;left:80.78%;\">\n\t\t \t<div class=\"point_style  ihotspot_tooltop_html\" data-placement=\"n\" data-html=\"\t\t \t\t\t                  <div class=&quot;box_view_html&quot;>\n\t\t\t\t\t<span class=&quot;close_ihp&quot;>\n\t\t\t\t\t\t<svg version=&quot;1.1&quot; xmlns=&quot;http:\/\/www.w3.org\/2000\/svg&quot; xmlns:xlink=&quot;http:\/\/www.w3.org\/1999\/xlink&quot; x=&quot;0px&quot; y=&quot;0px&quot; viewBox=&quot;0 0 1000 1000&quot; enable-background=&quot;new 0 0 1000 1000&quot; xml:space=&quot;preserve&quot;><g><path d=&quot;M153.7,153.7C57.9,249.5,10,365.3,10,499c0,135.7,47.9,251.5,143.7,347.3l0,0C249.5,942.1,363.3,990,499,990c135.7,0,251.5-47.9,347.3-143.7C942.1,750.5,990,634.7,990,499c0-135.7-47.9-249.5-143.7-345.3l0,0C750.5,57.9,634.7,10,499,10C365.3,10,249.5,57.9,153.7,153.7z M209.6,211.6l2-2C289.4,129.7,387.2,89.8,499,89.8c113.8,0,209.6,39.9,291.4,121.8c79.8,77.8,119.8,175.6,119.8,287.4c0,113.8-39.9,209.6-119.8,291.4C708.6,870.3,612.8,910.2,499,910.2c-111.8,0-209.6-39.9-287.4-119.8C129.8,708.6,89.8,612.8,89.8,499C89.8,387.2,129.8,289.4,209.6,211.6z&quot;\/><path d=&quot;M293.4,331.3c0,12,4,22,12,29.9L443.1,497L305.4,632.7c-8,8-12,18-12,29.9c0,10,4,18,12,26c8,8,18,12,28,12c12,0,20-4,27.9-10L499,552.9l135.7,137.7c8,6,16,10,28,10c12,0,21.9-4,27.9-10c8-8,12-18,12-28c0-12-4-21.9-12-29.9L554.9,497l135.7-135.7c8-8,12-18,12-27.9c0-12-4-22-12-29.9c-6-8-16-12-25.9-12c-12,0-21.9,4-29.9,12L499,441.1L363.3,303.4c-8-8-18-12-29.9-12c-10,0-20,4-28,12C297.4,311.4,293.4,321.4,293.4,331.3z&quot;\/><\/g><\/svg><\/span>\n\t\t\t\t\t\t<p><span style=&quot;color: #ffffff&quot;>\u2022 Ein\u00adfa\u00adche Einzelparkierl\u00f6sungen<\/span><br>\n<span style=&quot;color: #ffffff&quot;>\u2022 Modu\u00adlare Velounterst\u00e4nde<\/span><br>\n<span style=&quot;color: #ffffff&quot;>\u2022 Gross\u00adpar\u00adkier\u00adan\u00adla\u00adgen,<\/span><br>\n<span style=&quot;color: #ffffff&quot;>Velo\u00adsta\u00adtio\u00adnen<\/span><\/p>\n\t\t\t\t\t<\/div>\n\t\t\t \t\t \t\t \">\n\t\t \t\t\t\t\t \t\t\t\t\t \t\t\t<div class=\"pins_animation ihotspot_pulse\" style=\"top:-13px;left:-13px;height:26px;width:26px\"><\/div>\n\t\t\t \t\t\t\t\t \t\t<img decoding=\"async\" src=\"https:\/\/www.velopa.ch\/wp-content\/uploads\/2017\/05\/dot-navi-pro.png\" class=\"pins_image ihotspot_hastooltop\" style=\"top:-13px;left:-13px\" alt>\n\t\t\t \t\t\t\t \t\t\t\t \t<\/div>\n\t\t <\/div>\n\t\t \t\t <div class=\"drag_element tips \" style=\"top:9.03%;left:19.4%;\">\n\t\t \t<div class=\"point_style  ihotspot_tooltop_html\" data-placement=\"n\" data-html=\"\t\t \t\t\t                  <div class=&quot;box_view_html&quot;>\n\t\t\t\t\t<span class=&quot;close_ihp&quot;>\n\t\t\t\t\t\t<svg version=&quot;1.1&quot; xmlns=&quot;http:\/\/www.w3.org\/2000\/svg&quot; xmlns:xlink=&quot;http:\/\/www.w3.org\/1999\/xlink&quot; x=&quot;0px&quot; y=&quot;0px&quot; viewBox=&quot;0 0 1000 1000&quot; enable-background=&quot;new 0 0 1000 1000&quot; xml:space=&quot;preserve&quot;><g><path d=&quot;M153.7,153.7C57.9,249.5,10,365.3,10,499c0,135.7,47.9,251.5,143.7,347.3l0,0C249.5,942.1,363.3,990,499,990c135.7,0,251.5-47.9,347.3-143.7C942.1,750.5,990,634.7,990,499c0-135.7-47.9-249.5-143.7-345.3l0,0C750.5,57.9,634.7,10,499,10C365.3,10,249.5,57.9,153.7,153.7z M209.6,211.6l2-2C289.4,129.7,387.2,89.8,499,89.8c113.8,0,209.6,39.9,291.4,121.8c79.8,77.8,119.8,175.6,119.8,287.4c0,113.8-39.9,209.6-119.8,291.4C708.6,870.3,612.8,910.2,499,910.2c-111.8,0-209.6-39.9-287.4-119.8C129.8,708.6,89.8,612.8,89.8,499C89.8,387.2,129.8,289.4,209.6,211.6z&quot;\/><path d=&quot;M293.4,331.3c0,12,4,22,12,29.9L443.1,497L305.4,632.7c-8,8-12,18-12,29.9c0,10,4,18,12,26c8,8,18,12,28,12c12,0,20-4,27.9-10L499,552.9l135.7,137.7c8,6,16,10,28,10c12,0,21.9-4,27.9-10c8-8,12-18,12-28c0-12-4-21.9-12-29.9L554.9,497l135.7-135.7c8-8,12-18,12-27.9c0-12-4-22-12-29.9c-6-8-16-12-25.9-12c-12,0-21.9,4-29.9,12L499,441.1L363.3,303.4c-8-8-18-12-29.9-12c-10,0-20,4-28,12C297.4,311.4,293.4,321.4,293.4,331.3z&quot;\/><\/g><\/svg><\/span>\n\t\t\t\t\t\t<p><span style=&quot;color: #ffffff&quot;>\u2022 Tran\u00adsit\u00adzo\u00adnen beim&nbsp;\u00f6V<\/span><br>\n<span style=&quot;color: #ffffff&quot;>\u2022 Erste und letzte Meile zum&nbsp;\u00f6V<\/span><br>\n<span style=&quot;color: #ffffff&quot;>\u2022 Inte\u00adgrale Mobilit\u00e4tsl\u00f6sungen<\/span><\/p>\n\t\t\t\t\t<\/div>\n\t\t\t \t\t \t\t \">\n\t\t \t\t\t\t\t \t\t\t\t\t \t\t\t<div class=\"pins_animation ihotspot_pulse\" style=\"top:-13px;left:-13px;height:26px;width:26px\"><\/div>\n\t\t\t \t\t\t\t\t \t\t<img decoding=\"async\" src=\"https:\/\/www.velopa.ch\/wp-content\/uploads\/2017\/05\/dot-navi-pro.png\" class=\"pins_image ihotspot_hastooltop\" style=\"top:-13px;left:-13px\" alt>\n\t\t\t \t\t\t\t \t\t\t\t \t<\/div>\n\t\t <\/div>\n\t\t \t\t \n\t\t  \t\t \t\n\t <\/div>\n\t <\/div>\n\t <\/div> [\/et_pb_code][\/et_pb_column][\/et_pb_row][\/et_pb_section][et_pb_section fb_built=\u201c1\u201d module_class=\u201cow_reformat\u201d _builder_version=\u201c4.17.4\u201d _module_preset=\u201cdefault\u201d background_color=\u201d#e9eaeb\u201d custom_padding=\u201c64px||||false|false\u201d global_colors_info=\u201d{}\u201d][et_pb_row module_id=\u201cveloparkierung-und-velounterstande\u201d _builder_version=\u201c4.17.4\u201d _module_preset=\u201cdefault\u201d custom_padding=\u201d||32px||false|false\u201d global_colors_info=\u201d{}\u201d][et_pb_column type=\u201c4_4\u201d _builder_version=\u201c4.17.4\u201d _module_preset=\u201cdefault\u201d global_colors_info=\u201d{}\u201d][et_pb_text _builder_version=\u201c4.17.4\u201d _module_preset=\u201cdefault\u201d global_colors_info=\u201d{}\u201d]\n<h2 style=\"text-align: center;\">Velopa f\u00fcr Unternehmen, St\u00e4dte, Gemeinden und&nbsp;Arealentwickler.<\/h2>\n<p>[\/et_pb_text][\/et_pb_column][\/et_pb_row][et_pb_row _builder_version=\u201c4.17.4\u201d _module_preset=\u201cdefault\u201d width=\u201c75%\u201d custom_padding=\u201c0px||64px||false|false\u201d global_colors_info=\u201d{}\u201d][et_pb_column type=\u201c4_4\u201d _builder_version=\u201c4.17.4\u201d _module_preset=\u201cdefault\u201d global_colors_info=\u201d{}\u201d][et_pb_text module_class=\u201ccenter-text mobile-full-width m0auto\u201d _builder_version=\u201c4.17.4\u201d _module_preset=\u201cdefault\u201d width=\u201c82%\u201d global_colors_info=\u201d{}\u201d]<\/p>\n<p>Unsere inno\u00adva\u00adti\u00adven Pro\u00addukte und L\u00f6sun\u00adgen f\u00fcr den pro\u00adfes\u00adsio\u00adnel\u00adlen Ein\u00adsatz rich\u00adten sich gezielt an die Infra\u00adstruk\u00adtur\u00adbe\u00add\u00fcrf\u00adnisse von Immo\u00adbi\u00adli\u00aden\u00adent\u00adwick\u00adlern, Unter\u00adneh\u00admen, St\u00e4d\u00adten und Gemein\u00adden. Damit legen unsere Kun\u00adden den Grund\u00adstein f\u00fcr eine kli\u00adma\u00adkom\u00adpa\u00adti\u00adble Mobi\u00adli\u00adt\u00e4t und f\u00fcr attrak\u00adtive Frei\u00adr\u00e4ume. Dazu geh\u00f6\u00adren L\u00f6sun\u00adgen rund um die Velo\u00adpar\u00adkie\u00adrung, Absperr\u00adsys\u00adteme f\u00fcr den Fuss\u00adg\u00e4n\u00adger\u00adschutz und die Zufahrts\u00adsteue\u00adrung, attrak\u00adti\u00adves Stadt\u00admo\u00adbi\u00adliar sowie Per\u00adso\u00adnen\u00adun\u00adter\u00adst\u00e4nde f\u00fcr den \u00f6ffent\u00adli\u00adchen Verkehr.<\/p>\n<p>[\/et_pb_text][\/et_pb_column][\/et_pb_row][et_pb_row column_structure=\u201c2_3,1_3\u201d make_equal=\u201con\u201d _builder_version=\u201c4.17.4\u201d _module_preset=\u201cdefault\u201d custom_padding=\u201c0px||||false|false\u201d global_colors_info=\u201d{}\u201d][et_pb_column type=\u201c2_3\u201d module_class=\u201cow-equal-column-heights\u201d _builder_version=\u201c4.17.4\u201d _module_preset=\u201cdefault\u201d global_colors_info=\u201d{}\u201d][et_pb_text module_class=\u201cproduct-category-description\u201d _builder_version=\u201c4.17.4\u201d _module_preset=\u201cdefault\u201d background_color=\u201d#<span class=\"caps\">FFFFFF<\/span>\u201d global_colors_info=\u201d{}\u201d]<\/p>\n<h3>Veloparkierung und Velounterst\u00e4nde.<br>Immer situationsgerecht.<\/h3>\n<p>Wenn eine situa\u00adti\u00adons\u00adge\u00adrechte Velo\u00adpar\u00adkier\u00adord\u00adnung ver\u00adlangt ist, kommt die Bera\u00adtungs\u00adexper\u00adtise von Velopa zum Zug. Zusam\u00admen mit unse\u00adrem viel\u00adf\u00e4l\u00adti\u00adgen Sor\u00adti\u00adment an Velo\u00adun\u00adter\u00adst\u00e4n\u00adden, Par\u00adkier\u00adl\u00f6\u00adsun\u00adgen und Gross\u00adpar\u00adkier\u00adsys\u00adte\u00admen sor\u00adgen wir bei jeder Aus\u00adgangs\u00adlage f\u00fcr geord\u00adnete Ver\u00adh\u00e4lt\u00adnisse in Vel\u00ado\u00adab\u00adstell\u00adzo\u00adnen \u2013 rein mecha\u00adnisch oder digi\u00adta\u00adli\u00adsiert. Sie sind beson\u00adders dann gefragt, wenn sich Velos trotz knap\u00adper Fl\u00e4\u00adche ein\u00adfach und sicher abstel\u00adlen las\u00adsen sollen.<\/p>\n<p>[\/et_pb_text][\/et_pb_column][et_pb_column type=\u201c1_3\u201d module_class=\u201cow-equal-column-heights\u201d _builder_version=\u201c4.17.4\u201d _module_preset=\u201cdefault\u201d global_colors_info=\u201d{}\u201d][et_pb_code module_class=\u201cproduct-category-card\u201d _builder_version=\u201c4.17.4\u201d _module_preset=\u201cdefault\u201d global_colors_info=\u201d{}\u201d]<a class=\"ds-hover-5\" href=\"https:\/\/velopa.ch\/de\/parkiersysteme\/\" ds-title=\"Parkiersysteme\" ds-desc=\"Dank Velost\u00e4nder, Fahrradhalter und Aufh\u00e4ngung k\u00f6nnen Fahrr\u00e4der auch auf engstem Raum ordentlich und gut gesch\u00fctzt parkiert werden.\"><img decoding=\"async\" src=\"https:\/\/www.velopa.ch\/wp-content\/uploads\/2022\/11\/Parkiersystem_front.jpg\" alt=\"Alt text Here\"><\/a>[\/et_pb_code][\/et_pb_column][\/et_pb_row][et_pb_row column_structure=\u201c1_3,1_3,1_3\u201d _builder_version=\u201c4.17.4\u201d _module_preset=\u201cdefault\u201d custom_padding=\u201c0px||64px||false|false\u201d border_width_bottom=\u201c1px\u201d global_colors_info=\u201d{}\u201d][et_pb_column type=\u201c1_3\u201d _builder_version=\u201c4.17.4\u201d _module_preset=\u201cdefault\u201d global_colors_info=\u201d{}\u201d][et_pb_code module_class=\u201cproduct-category-card\u201d _builder_version=\u201c4.21.0\u201d _module_preset=\u201cdefault\u201d global_colors_info=\u201d{}\u201d]<a class=\"ds-hover-5\" href=\"https:\/\/velopa.ch\/de\/grossparkieranlagen\/\" ds-title=\"Grossparkiersysteme\" ds-desc=\" Gute und funktionelle Veloparkiersysteme im \u00f6ffentlichen Raum sind sehr wichtig. Gerade an Bahnh\u00f6fen und Pl\u00e4tzen sind L\u00f6sungen gefragt, die auf engem Raum Platz f\u00fcr viele Velos bieten. Gleichzeitig m\u00fcssen die Fahrr\u00e4der schnell, aber dennoch sicher abgestellt werden k\u00f6nnen.\"><img decoding=\"async\" src=\"https:\/\/www.velopa.ch\/wp-content\/uploads\/2024\/06\/2546_Rudolfstrasse_02_090.png\" alt=\"Alt text Here\"><\/a>[\/et_pb_code][\/et_pb_column][et_pb_column type=\u201c1_3\u201d _builder_version=\u201c4.17.4\u201d _module_preset=\u201cdefault\u201d global_colors_info=\u201d{}\u201d][et_pb_code module_class=\u201cproduct-category-card\u201d _builder_version=\u201c4.17.4\u201d _module_preset=\u201cdefault\u201d global_colors_info=\u201d{}\u201d]<a class=\"ds-hover-5\" href=\"https:\/\/velopa.ch\/de\/anlehnbuegel\/\" ds-title=\"Anlehnb\u00fcgel\" ds-desc=\"Ob f\u00fcr den tempor\u00e4ren Einsatz oder als fixe L\u00f6sung: Die verschiedenen Anlehnb\u00fcgel bieten im \u00f6ffentlichen Raum einen optimalen Stellplatz f\u00fcr grosse und kleine Fahrr\u00e4der.\"><img decoding=\"async\" src=\"https:\/\/testing.velopa.ch\/wp-content\/uploads\/2017\/09\/anlehnbuegel-front.jpg\" alt=\"Alt text Here\"><\/a>[\/et_pb_code][\/et_pb_column][et_pb_column type=\u201c1_3\u201d _builder_version=\u201c4.17.4\u201d _module_preset=\u201cdefault\u201d global_colors_info=\u201d{}\u201d][et_pb_code module_class=\u201cproduct-category-card\u201d _builder_version=\u201c4.17.4\u201d _module_preset=\u201cdefault\u201d global_colors_info=\u201d{}\u201d]<a class=\"ds-hover-5\" href=\"https:\/\/velopa.ch\/de\/velounterstaende\/\" ds-title=\"Velounterst\u00e4nde\" ds-desc=\"Fahrradunterst\u00e4nde sehen nicht nur sch\u00f6n aus, sie sch\u00fctzen Velos und andere Gegenst\u00e4nde auch optimal vor der Witterung und schaffen eine komfortable Einstellm\u00f6glichkeit.\"><img decoding=\"async\" src=\"https:\/\/testing.velopa.ch\/wp-content\/uploads\/2017\/09\/velounterstaende-front.jpg\" alt=\"Alt text Here\"><\/a>[\/et_pb_code][\/et_pb_column][\/et_pb_row][et_pb_row column_structure=\u201c1_3,2_3\u201d make_equal=\u201con\u201d module_class=\u201creverse-column-order-on-mobile\u201d _builder_version=\u201c4.17.4\u201d _module_preset=\u201cdefault\u201d custom_padding=\u201c64px||||false|false\u201d global_colors_info=\u201d{}\u201d][et_pb_column type=\u201c1_3\u201d module_class=\u201cow-equal-column-heights\u201d _builder_version=\u201c4.17.4\u201d _module_preset=\u201cdefault\u201d global_colors_info=\u201d{}\u201d][et_pb_code module_class=\u201cproduct-category-card pad\u00adding-top-mobile\u201d _builder_version=\u201c4.17.4\u201d _module_preset=\u201cdefault\u201d global_colors_info=\u201d{}\u201d]<a class=\"ds-hover-5\" href=\"https:\/\/velopa.ch\/de\/baenke-sitze-tische\/\" ds-title=\"SITZB\u00c4NKE, ST\u00dcHLE, TISCHE\" ds-desc=\"Damit eine Stadt attraktiv ist, braucht sie funktionierende \u00f6ffentliche Verkehrsmittel, angesagte Bars und Restaurants und eine tolle Shopping-Meile. Und vor allem auch gen\u00fcgend Oasen mit Sitz- und Ausruhm\u00f6glichkeiten.\"><img decoding=\"async\" src=\"https:\/\/testing.velopa.ch\/wp-content\/uploads\/2017\/09\/baenke-sitze-tische-1.jpg\" alt=\"Alt text Here\"><\/a>[\/et_pb_code][\/et_pb_column][et_pb_column type=\u201c2_3\u201d module_class=\u201cow-equal-column-heights\u201d _builder_version=\u201c4.17.4\u201d _module_preset=\u201cdefault\u201d global_colors_info=\u201d{}\u201d][et_pb_text module_class=\u201cproduct-category-description\u201d _builder_version=\u201c4.17.4\u201d _module_preset=\u201cdefault\u201d background_color=\u201d#<span class=\"caps\">FFFFFF<\/span>\u201d global_colors_info=\u201d{}\u201d]<\/p>\n<h3>Aussen- und Stadtmobiliar<br>f\u00fcr eine einzigartige Identity.<\/h3>\n<p>Eine per\u00adfekte Sym\u00adbiose zwi\u00adschen ein\u00addrucks\u00advol\u00adler Form, maxi\u00adma\u00adler Funk\u00adtio\u00adna\u00adli\u00adt\u00e4t und Nach\u00adhal\u00adtig\u00adkeit zeich\u00adnet das Mobi\u00adli\u00adar\u00adsor\u00adti\u00adment von Velopa aus \u2013 auch in behin\u00adder\u00adten\u00adge\u00adrech\u00adten Aus\u00adf\u00fch\u00adrun\u00adgen. Durch die breite Aus\u00adwahl an erst\u00adklas\u00adsi\u00adgen Kol\u00adlek\u00adtio\u00adnen und Designs l\u00e4sst sich die Cor\u00adpo\u00adrate Iden\u00adtity des jewei\u00adli\u00adgen Unter\u00adneh\u00admens oder die stand\u00adort\u00adspe\u00adzi\u00adfi\u00adsche Iden\u00adti\u00adt\u00e4t von St\u00e4d\u00adten, Gemein\u00adden oder Wohn\u00adarea\u00adlen beson\u00adders wir\u00adkungs\u00advoll unterstreichen.<\/p>\n<p>[\/et_pb_text][\/et_pb_column][\/et_pb_row][et_pb_row column_structure=\u201c1_3,1_3,1_3\u201d _builder_version=\u201c4.17.4\u201d _module_preset=\u201cdefault\u201d custom_padding=\u201c0px||64px||false|false\u201d border_width_bottom=\u201c1px\u201d global_colors_info=\u201d{}\u201d][et_pb_column type=\u201c1_3\u201d _builder_version=\u201c4.17.4\u201d _module_preset=\u201cdefault\u201d global_colors_info=\u201d{}\u201d][et_pb_code module_class=\u201cproduct-category-card\u201d _builder_version=\u201c4.17.4\u201d _module_preset=\u201cdefault\u201d global_colors_info=\u201d{}\u201d]<a class=\"ds-hover-5\" href=\"https:\/\/velopa.ch\/de\/kollektionen\/\" ds-title=\"Kollektionen\" ds-desc=\"Ob f\u00fcr \u00f6ffentliche Pl\u00e4tze oder Betriebsanlagen: Kollektionen eignen sich f\u00fcr viele Einsatzbereiche und k\u00f6nnen frei und wunschgem\u00e4ss kombiniert werden.\"><img decoding=\"async\" src=\"https:\/\/testing.velopa.ch\/wp-content\/uploads\/2017\/09\/kollektionen.jpg\" alt=\"Alt text Here\"><\/a>[\/et_pb_code][\/et_pb_column][et_pb_column type=\u201c1_3\u201d _builder_version=\u201c4.17.4\u201d _module_preset=\u201cdefault\u201d global_colors_info=\u201d{}\u201d][et_pb_code module_class=\u201cproduct-category-card\u201d _builder_version=\u201c4.17.4\u201d _module_preset=\u201cdefault\u201d global_colors_info=\u201d{}\u201d]<a class=\"ds-hover-5\" href=\"https:\/\/velopa.ch\/de\/pflanzbehaelter-und-baumschutz\/\" ds-title=\"Pflanzbeh\u00e4lter und Baumschutz\" ds-desc=\"B\u00e4ume, Pflanzen und Gr\u00fcnfl\u00e4chen versch\u00f6nern jedes Stadtbild und sorgen f\u00fcr ein harmonisches und nat\u00fcrliches Ambiente. In edlen Pflanzenbeh\u00e4ltern kommt die Begr\u00fcnung noch besser zur Geltung und wird garantiert zum Blickfang.\"><img decoding=\"async\" src=\"https:\/\/testing.velopa.ch\/wp-content\/uploads\/2017\/09\/pflanzbehaelter-und-baumschutz.jpg\" alt=\"Alt text Here\"><\/a>[\/et_pb_code][\/et_pb_column][et_pb_column type=\u201c1_3\u201d _builder_version=\u201c4.17.4\u201d _module_preset=\u201cdefault\u201d global_colors_info=\u201d{}\u201d][et_pb_code module_class=\u201cproduct-category-card\u201d _builder_version=\u201c4.17.4\u201d _module_preset=\u201cdefault\u201d global_colors_info=\u201d{}\u201d]<a class=\"ds-hover-5\" href=\"https:\/\/velopa.ch\/de\/abfallbehaelter-und-ascher\/\" ds-title=\"Abfallbeh\u00e4lter und Ascher\" ds-desc=\"Pl\u00e4tze, Bahnh\u00f6fe oder Shoppingmeilen ohne Abfallbeh\u00e4lter und Aschenbecher? Unvorstellbar! Denn sie sorgen f\u00fcr Ordnung und Sauberkeit in \u00f6ffentlichen R\u00e4umen, auf B\u00fcrogel\u00e4nden oder in Parkanlagen.\"><img decoding=\"async\" src=\"https:\/\/testing.velopa.ch\/wp-content\/uploads\/2017\/09\/abfallbeha_ulter-und-ascher.jpg\" alt=\"Alt text Here\"><\/a>[\/et_pb_code][\/et_pb_column][\/et_pb_row][et_pb_row column_structure=\u201c2_3,1_3\u201d make_equal=\u201con\u201d _builder_version=\u201c4.17.4\u201d _module_preset=\u201cdefault\u201d custom_padding=\u201c64px||64px||true|false\u201d border_width_bottom=\u201c1px\u201d global_colors_info=\u201d{}\u201d][et_pb_column type=\u201c2_3\u201d module_class=\u201cow-equal-column-heights\u201d _builder_version=\u201c4.17.4\u201d _module_preset=\u201cdefault\u201d global_colors_info=\u201d{}\u201d][et_pb_text module_class=\u201cproduct-category-description\u201d _builder_version=\u201c4.17.4\u201d _module_preset=\u201cdefault\u201d background_color=\u201d#<span class=\"caps\">FFFFFF<\/span>\u201d custom_padding=\u201d||||false|false\u201d global_colors_info=\u201d{}\u201d]<\/p>\n<h3>Absperrsysteme f\u00fcr mehr Bewegungsfreiheit.<\/h3>\n<p>Mobi\u00adli\u00adt\u00e4t und Bewe\u00adgungs\u00adfrei\u00adheit erfor\u00addern wirk\u00adsame Steue\u00adrungs\u00adele\u00admente. Sie sol\u00adlen f\u00fcr alle Ver\u00adkehrs\u00adteil\u00adneh\u00admen\u00adden Sicher\u00adheit bie\u00adten und den Ver\u00adkehrs\u00adfluss steu\u00adern. Genau an die\u00adsem Punkt set\u00adzen die moder\u00adnen Absperr\u00adsys\u00adteme von Velopa ein: Sie sch\u00fct\u00adzen Fuss\u00adg\u00e4n\u00adger zuver\u00adl\u00e4s\u00adsig vor Motor\u00adfahr\u00adzeu\u00adgen, schr\u00e4n\u00adken die Anfahrt zu pri\u00adva\u00adten Area\u00adlen oder Park\u00adfl\u00e4\u00adchen ein und prio\u00adri\u00adsie\u00adren den \u00f6ffent\u00adli\u00adchen Ver\u00adkehr gegen\u00ad\u00fcber dem Individualverkehr.<\/p>\n<p>[\/et_pb_text][\/et_pb_column][et_pb_column type=\u201c1_3\u201d module_class=\u201cow-equal-column-heights\u201d _builder_version=\u201c4.17.4\u201d _module_preset=\u201cdefault\u201d global_colors_info=\u201d{}\u201d][et_pb_code module_class=\u201cproduct-category-card\u201d _builder_version=\u201c4.17.4\u201d _module_preset=\u201cdefault\u201d global_colors_info=\u201d{}\u201d]<a class=\"ds-hover-5\" href=\"https:\/\/velopa.ch\/de\/manuelle-absperrsysteme\/\" ds-title=\"Absperrsysteme\" ds-desc=\"Absperrungen werden im \u00f6ffentlichen wie auch im privaten Raum gern und h\u00e4ufig eingesetzt. Sie dienen dazu, Autofahrer von Einfahrten, Fussg\u00e4ngerzonen, privaten Gehwegen oder auch einzelnen Parkpl\u00e4tzen effizient und sicher fernzuhalten.\"><img decoding=\"async\" src=\"https:\/\/testing.velopa.ch\/wp-content\/uploads\/2017\/09\/manuelle-absperrsysteme-front.jpg\" alt=\"Alt text Here\"><\/a>[\/et_pb_code][\/et_pb_column][\/et_pb_row][et_pb_row column_structure=\u201c1_3,2_3\u201d make_equal=\u201con\u201d module_class=\u201creverse-column-order-on-mobile\u201d _builder_version=\u201c4.17.4\u201d _module_preset=\u201cdefault\u201d custom_padding=\u201c64px||||false|false\u201d global_colors_info=\u201d{}\u201d][et_pb_column type=\u201c1_3\u201d module_class=\u201cow-equal-column-heights\u201d _builder_version=\u201c4.17.4\u201d _module_preset=\u201cdefault\u201d global_colors_info=\u201d{}\u201d][et_pb_code module_class=\u201cproduct-category-card pad\u00adding-top-mobile\u201d _builder_version=\u201c4.17.4\u201d _module_preset=\u201cdefault\u201d global_colors_info=\u201d{}\u201d]<a class=\"ds-hover-5\" href=\"https:\/\/velopa.ch\/de\/velounterstaende\/\" ds-title=\"Velounterst\u00e4nde\" ds-desc=\"Fahrradunterst\u00e4nde sehen nicht nur sch\u00f6n aus, sie sch\u00fctzen Velos und andere Gegenst\u00e4nde auch optimal vor der Witterung und schaffen eine komfortable Einstellm\u00f6glichkeit.\"><img decoding=\"async\" src=\"https:\/\/testing.velopa.ch\/wp-content\/uploads\/2017\/09\/velounterstaende-front.jpg\" alt=\"Alt text Here\"><\/a>[\/et_pb_code][\/et_pb_column][et_pb_column type=\u201c2_3\u201d module_class=\u201cow-equal-column-heights\u201d _builder_version=\u201c4.17.4\u201d _module_preset=\u201cdefault\u201d global_colors_info=\u201d{}\u201d][et_pb_text module_class=\u201cproduct-category-description\u201d _builder_version=\u201c4.17.4\u201d _module_preset=\u201cdefault\u201d background_color=\u201d#<span class=\"caps\">FFFFFF<\/span>\u201d global_colors_info=\u201d{}\u201d]<\/p>\n<h3>Unterst\u00e4nde f\u00fcr mehr Geborgenheit.<\/h3>\n<p>Wer im Freien auf die n\u00e4chste Ver\u00adbin\u00addung des \u00f6ffent\u00adli\u00adchen Ver\u00adkehrs war\u00adtet, m\u00f6chte diese Zeit\u00adspanne m\u00f6g\u00adlichst ange\u00adnehm ver\u00adbrin\u00adgen. Des\u00adwe\u00adgen bie\u00adten Per\u00adso\u00adnen\u00adun\u00adter\u00adst\u00e4nde von Velopa ein hohes Mass an Bequem\u00adlich\u00adkeit f\u00fcr Fahr\u00adg\u00e4ste \u2013 sie ver\u00admit\u00adteln das beson\u00addere Gef\u00fchl von Gebor\u00adgen\u00adheit. Und unsere platz\u00adspa\u00adren\u00adden Velo\u00adun\u00adter\u00adst\u00e4nde sor\u00adgen f\u00fcr sys\u00adte\u00adma\u00adti\u00adsche Ord\u00adnung und Witterungsschutz<\/p>\n<p>[\/et_pb_text][\/et_pb_column][\/et_pb_row][et_pb_row column_structure=\u201c1_3,1_3,1_3\u201d _builder_version=\u201c4.17.4\u201d _module_preset=\u201cdefault\u201d custom_padding=\u201c0px||||false|false\u201d global_colors_info=\u201d{}\u201d][et_pb_column type=\u201c1_3\u201d _builder_version=\u201c4.17.4\u201d _module_preset=\u201cdefault\u201d global_colors_info=\u201d{}\u201d][et_pb_code module_class=\u201cproduct-category-card\u201d _builder_version=\u201c4.17.4\u201d _module_preset=\u201cdefault\u201d global_colors_info=\u201d{}\u201d]<a class=\"ds-hover-5\" href=\"https:\/\/velopa.ch\/de\/personenunterstaende\/\" ds-title=\"Personenunterst\u00e4nde\" ds-desc=\"Warteh\u00e4uschen sind bei Passagieren an Haltestellen gern gesehen und sehr beliebt. Sitzgelegenheiten entlasten m\u00fcde Beine, die R\u00fcck- und Seitenw\u00e4nde sch\u00fctzen vor Wind und Wetter, und die eingebaute Beleuchtung gibt den Wartenden auch an abgelegenen Orten ein Sicherheitsgef\u00fchl.\"><img decoding=\"async\" src=\"https:\/\/testing.velopa.ch\/wp-content\/uploads\/2017\/09\/personenunterstaende.jpg\" alt=\"Alt text Here\"><\/a>[\/et_pb_code][\/et_pb_column][et_pb_column type=\u201c1_3\u201d _builder_version=\u201c4.17.4\u201d _module_preset=\u201cdefault\u201d global_colors_info=\u201d{}\u201d][et_pb_code module_class=\u201cproduct-category-card\u201d _builder_version=\u201c4.17.4\u201d _module_preset=\u201cdefault\u201d global_colors_info=\u201d{}\u201d]<a class=\"ds-hover-5\" href=\"https:\/\/velopa.ch\/de\/raucherunterstaende\/\" ds-title=\"Raucherunterst\u00e4nde\" ds-desc=\"Nicht nur bei Rauchern sind die Raucherunterst\u00e4nde beliebt. W\u00e4hrend der kurzen Pause an der frischen Luft sch\u00fctzen sie vor Wind und Regen und bieten darum einen guten Raum f\u00fcr spannende Pausengespr\u00e4che.\"><img decoding=\"async\" src=\"https:\/\/testing.velopa.ch\/wp-content\/uploads\/2017\/09\/raucherunterstaende.jpg\" alt=\"Alt text Here\"><\/a>[\/et_pb_code][\/et_pb_column][et_pb_column type=\u201c1_3\u201d _builder_version=\u201c4.17.4\u201d _module_preset=\u201cdefault\u201d global_colors_info=\u201d{}\u201d][et_pb_code module_class=\u201cproduct-category-card\u201d _builder_version=\u201c4.17.4\u201d _module_preset=\u201cdefault\u201d global_colors_info=\u201d{}\u201d]<a class=\"ds-hover-5\" href=\"https:\/\/velopa.ch\/de\/abfallbehaelter-und-ascher\/\" ds-title=\"Abfallbeh\u00e4lter und Ascher\" ds-desc=\"Pl\u00e4tze, Bahnh\u00f6fe oder Shoppingmeilen ohne Abfallbeh\u00e4lter und Aschenbecher? Unvorstellbar! Denn sie sorgen f\u00fcr Ordnung und Sauberkeit in \u00f6ffentlichen R\u00e4umen, auf B\u00fcrogel\u00e4nden oder in Parkanlagen.\"><img decoding=\"async\" src=\"https:\/\/testing.velopa.ch\/wp-content\/uploads\/2017\/09\/abfallbeha_ulter-und-ascher.jpg\" alt=\"Alt text Here\"><\/a>[\/et_pb_code][\/et_pb_column][\/et_pb_row][\/et_pb_section][et_pb_section fb_built=\u201c1\u201d admin_label=\u201cUnsere Refe\u00adren\u00adzen\u201d module_class=\u201cadd-mobile-padding ow_reformat\u201d _builder_version=\u201c4.17.4\u201d _module_preset=\u201cdefault\u201d global_colors_info=\u201d{}\u201d][et_pb_row column_structure=\u201c1_2,1_2\u201d module_class=\u201cflex-align-center stack-columns-on-mobile image-text-sec\u00adtion\u201d _builder_version=\u201c4.17.4\u201d _module_preset=\u201cdefault\u201d width=\u201c100%\u201d custom_padding=\u201c0px||0px||true|false\u201d global_colors_info=\u201d{}\u201d][et_pb_column type=\u201c1_2\u201d _builder_version=\u201c4.17.4\u201d _module_preset=\u201cdefault\u201d global_colors_info=\u201d{}\u201d][et_pb_image src=\u201chttps:\/\/www.velopa.ch\/wp-content\/uploads\/2022\/10\/Herblinger-Markt-Schaffhausen\u20112.jpeg\u201d alt=\u201cHerblinger Markt Schaff\u00adhau\u00adsen\u201d title_text=\u201cHerblinger Markt Schaff\u00adhau\u00adsen\u201d _builder_version=\u201c4.17.4\u201d _module_preset=\u201cdefault\u201d global_colors_info=\u201d{}\u201d][\/et_pb_image][\/et_pb_column][et_pb_column type=\u201c1_2\u201d _builder_version=\u201c4.17.4\u201d _module_preset=\u201cdefault\u201d global_colors_info=\u201d{}\u201d][et_pb_text module_class=\u201ccenter-on-mobile\u201d _builder_version=\u201c4.17.4\u201d _module_preset=\u201cdefault\u201d header_3_text_align_tablet=\u201cleft\u201d header_3_text_align_phone=\u201cleft\u201d header_3_text_align_last_edited=\u201con|phone\u201d global_colors_info=\u201d{}\u201d]<\/p>\n<h3>Unsere Referenzen sind Erfolgsgeschichten.<\/h3>\n<p>[\/et_pb_text][et_pb_text module_class=\u201cmobile-full-width\u201d _builder_version=\u201c4.17.4\u201d _module_preset=\u201cdefault\u201d global_colors_info=\u201d{}\u201d]<\/p>\n<p>In unse\u00adrer jahr\u00adzehn\u00adte\u00adlan\u00adgen Geschichte leg\u00adten wir stets Wert auf eine indi\u00advi\u00addu\u00adelle Bera\u00adtung mit hoch\u00adqua\u00adli\u00adfi\u00adzier\u00adten Mit\u00adar\u00adbei\u00adten\u00adden. Das Ergeb\u00adnis sind her\u00advor\u00adra\u00adgende L\u00f6sun\u00adgen f\u00fcr die jewei\u00adli\u00adgen Pro\u00adjekte. Diese Hal\u00adtung tr\u00e4gt bis heute ihre Fr\u00fcchte und macht uns zur bran\u00adchen\u00adweit bes\u00adten L\u00f6sungs\u00adan\u00adbie\u00adte\u00adrin. Unsere Refe\u00adren\u00adzen sind der beste Beweis daf\u00fcr.<\/p>\n<p><a href=\"https:\/\/www.velopa.ch\/de\/referenzen\/\" class=\"link-to-page\">Zu den Referenzen<\/a><\/p>\n<p>[\/et_pb_text][\/et_pb_column][\/et_pb_row][\/et_pb_section][et_pb_section fb_built=\u201c1\u201d admin_label=\u201cMobilit\u00e4tsl\u00f6sungen\u201d module_class=\u201cow_reformat add-mobile-pad\u00adding\u201d _builder_version=\u201c4.17.4\u201d _module_preset=\u201cdefault\u201d background_color=\u201d#dedade\u201d global_colors_info=\u201d{}\u201d][et_pb_row column_structure=\u201c1_2,1_2\u201d module_class=\u201cflex-align-center stack-columns-on-mobile\u201d _builder_version=\u201c4.17.4\u201d _module_preset=\u201cdefault\u201d width=\u201c75%\u201d custom_padding=\u201c0px||0px||true|false\u201d global_colors_info=\u201d{}\u201d][et_pb_column type=\u201c1_2\u201d _builder_version=\u201c4.17.4\u201d _module_preset=\u201cdefault\u201d global_colors_info=\u201d{}\u201d][et_pb_text module_class=\u201cmobile-full-width\u201d _builder_version=\u201c4.17.4\u201d _module_preset=\u201cdefault\u201d width=\u201c70%\u201d header_3_text_align_tablet=\u201cleft\u201d header_3_text_align_phone=\u201cleft\u201d header_3_text_align_last_edited=\u201con|phone\u201d global_colors_info=\u201d{}\u201d]<\/p>\n<h3>Umfassende Mobilit\u00e4tsl\u00f6sungen mit Mobility Hubs.<\/h3>\n<p>[\/et_pb_text][et_pb_text module_class=\u201cmobile-full-width\u201d _builder_version=\u201c4.17.4\u201d _module_preset=\u201cdefault\u201d global_colors_info=\u201d{}\u201d]<\/p>\n<p>Velopa ist Part\u00adne\u00adrin eines inno\u00adva\u00adti\u00adven Mobi\u00adlity Hubs. Diese durch\u00adge\u00adhende und kli\u00adma\u00adscho\u00adnende Mobi\u00adli\u00adt\u00e4ts\u00adplatt\u00adform f\u00f6r\u00addert die mul\u00adti\u00admo\u00addale Mobi\u00adli\u00adt\u00e4t und schliesst die L\u00fccke des \u00f6ffent\u00adli\u00adchen Ver\u00adkehrs in der ers\u00adten und letz\u00adten Meile. Sie schafft damit die Grund\u00adlage f\u00fcr eine nach\u00adhal\u00adtige urbane Mobi\u00adli\u00adt\u00e4t in Wohn\u00adzo\u00adnen, Unter\u00adneh\u00admen oder in der kom\u00admu\u00adna\u00adlen Verkehrsinfrastruktur.<\/p>\n<p><a class=\"link-to-page\" href=\"https:\/\/www.velopa.ch\/de\/herausforderungen-und-loesungen-fuer-eine-nachhaltige-urbane-mobilitaet\/\">Her\u00adaus\u00adfor\u00adde\u00adrun\u00adgen und L\u00f6sun\u00adgen f\u00fcr eine nach\u00adhal\u00adtige urbane Mobilit\u00e4t<\/a><\/p>\n<p>[\/et_pb_text][\/et_pb_column][et_pb_column type=\u201c1_2\u201d _builder_version=\u201c4.17.4\u201d _module_preset=\u201cdefault\u201d global_colors_info=\u201d{}\u201d][et_pb_image src=\u201chttps:\/\/www.velopa.ch\/wp-content\/uploads\/2022\/11\/Velopa-Mobilitaetsloesungen.jpeg\u201d alt=\u201cDoppelstockparker\u201d title_text=\u201cVelopa-Mobilitaetsloesungen\u201d _builder_version=\u201c4.17.4\u201d _module_preset=\u201cdefault\u201d global_colors_info=\u201d{}\u201d][\/et_pb_image][\/et_pb_column][\/et_pb_row][\/et_pb_section]<\/p>\n","protected":false},"excerpt":{"rendered":"<p>[et_pb_section fb_built=\u201c1\u201d disabled_on=\u201con|on|on\u201d admin_label=\u201cBetriebsferien\u201d _builder_version=\u201c4.21.0\u201d _module_preset=\u201cdefault\u201d background_color=\u201c#004471\u201d custom_margin=\u201c0px||0px||false|false\u201d custom_padding=\u201c0px||0px||false|false\u201d animation_direction=\u201cbottom\u201d disabled=\u201con\u201d global_colors_info=\u201d{}\u201d][et_pb_row _builder_version=\u201c4.17.4\u201d _module_preset=\u201cdefault\u201d animation_style=\u201cslide\u201d animation_direction=\u201cbottom\u201d animation_intensity_slide=\u201c5%\u201d global_colors_info=\u201d{}\u201d][et_pb_column type=\u201c4_4\u201d _builder_version=\u201c4.17.4\u201d _module_preset=\u201cdefault\u201d global_colors_info=\u201d{}\u201d][et_pb_text _builder_version=\u201c4.27.4\u201d _module_preset=\u201cdefault\u201d text_font_size=\u201c19px\u201d text_line_height=\u201c1.4em\u201d header_3_text_color=\u201c#004471\u201d header_3_line_height=\u201c1.4em\u201d custom_margin=\u201c20px||||false|false\u201d custom_padding=\u201d|100px||100px|false|true\u201d custom_padding_tablet=\u201d|0px||0px|false|true\u201d custom_padding_phone=\u201d\u201d custom_padding_last_edited=\u201con|phone\u201d global_colors_info=\u201d{}\u201d] Wir sind vom 23.12.2025 ab 12:00 Uhr bis ein\u00adschliess\u00adlich 02.01.2026 in den Betriebs\u00adfe\u00adrien Vie\u00adlen Dank f\u00fcr Ihr Ver\u00adtrauen, Ihre Treue&nbsp;und&nbsp;[\u2026]<\/p>\n","protected":false},"author":23,"featured_media":0,"parent":0,"menu_order":0,"comment_status":"closed","ping_status":"closed","template":"page-template-homepage.php","meta":{"_acf_changed":false,"_et_pb_use_builder":"on","_et_pb_old_content":"","_et_gb_content_width":"","wp_typography_post_enhancements_disabled":false,"footnotes":""},"class_list":["post-61897","page","type-page","status-publish","hentry"],"acf":[],"yoast_head":"<!-- This site is optimized with the Yoast SEO plugin v27.2 - https:\/\/yoast.com\/product\/yoast-seo-wordpress\/ -->\n<title>Velopa<\/title>\n<meta name=\"description\" content=\"Freiraum- und Stadtmobiliar sowie modulare Personen- und Velounterst\u00e4nde von Velopa f\u00fcr \u00f6ffentliche, betriebliche &amp; private Aussenbereiche.\" \/>\n<meta name=\"robots\" content=\"index, follow, max-snippet:-1, max-image-preview:large, max-video-preview:-1\" \/>\n<link rel=\"canonical\" href=\"https:\/\/www.velopa.ch\/de\/\" \/>\n<meta property=\"og:locale\" content=\"de_DE\" \/>\n<meta property=\"og:type\" content=\"article\" \/>\n<meta property=\"og:title\" content=\"Velopa Schweiz\" \/>\n<meta property=\"og:description\" content=\"Das urbane Freiraummobiliar aus den drei Markenwelten Velopa Pro, Velopa Home und Velopa City bietet einen entscheidenden Mehrwert f\u00fcr \u00f6ffentliche, betriebliche und private Aussenbereiche.\" \/>\n<meta property=\"og:url\" content=\"https:\/\/www.velopa.ch\/de\/\" \/>\n<meta property=\"og:site_name\" content=\"Velopa Schweiz\" \/>\n<meta property=\"article:modified_time\" content=\"2026-04-20T15:48:06+00:00\" \/>\n<meta property=\"og:image\" content=\"https:\/\/www.velopa.ch\/wp-content\/uploads\/2022\/10\/Herblinger-Markt-Schaffhausen-2.jpeg\" \/>\n\t<meta property=\"og:image:width\" content=\"1360\" \/>\n\t<meta property=\"og:image:height\" content=\"760\" \/>\n\t<meta property=\"og:image:type\" content=\"image\/jpeg\" \/>\n<meta name=\"twitter:card\" content=\"summary_large_image\" \/>\n<meta name=\"twitter:label1\" content=\"Gesch\u00e4tzte Lesezeit\" \/>\n\t<meta name=\"twitter:data1\" content=\"21\u00a0Minuten\" \/>\n<script type=\"application\/ld+json\" class=\"yoast-schema-graph\">{\"@context\":\"https:\/\/schema.org\",\"@graph\":[{\"@type\":\"WebPage\",\"@id\":\"https:\/\/www.velopa.ch\/de\/\",\"url\":\"https:\/\/www.velopa.ch\/de\/\",\"name\":\"Velopa\",\"isPartOf\":{\"@id\":\"https:\/\/www.velopa.ch\/de\/#website\"},\"primaryImageOfPage\":{\"@id\":\"https:\/\/www.velopa.ch\/de\/#primaryimage\"},\"image\":{\"@id\":\"https:\/\/www.velopa.ch\/de\/#primaryimage\"},\"thumbnailUrl\":\"https:\/\/www.velopa.ch\/wp-content\/uploads\/2022\/11\/Parkiersystem_front.jpg\",\"datePublished\":\"2022-10-27T13:30:08+00:00\",\"dateModified\":\"2026-04-20T15:48:06+00:00\",\"description\":\"Freiraum- und Stadtmobiliar sowie modulare Personen- und Velounterst\u00e4nde von Velopa f\u00fcr \u00f6ffentliche, betriebliche & private Aussenbereiche.\",\"breadcrumb\":{\"@id\":\"https:\/\/www.velopa.ch\/de\/#breadcrumb\"},\"inLanguage\":\"de\",\"potentialAction\":[{\"@type\":\"ReadAction\",\"target\":[\"https:\/\/www.velopa.ch\/de\/\"]}]},{\"@type\":\"ImageObject\",\"inLanguage\":\"de\",\"@id\":\"https:\/\/www.velopa.ch\/de\/#primaryimage\",\"url\":\"https:\/\/www.velopa.ch\/wp-content\/uploads\/2022\/11\/Parkiersystem_front.jpg\",\"contentUrl\":\"https:\/\/www.velopa.ch\/wp-content\/uploads\/2022\/11\/Parkiersystem_front.jpg\"},{\"@type\":\"BreadcrumbList\",\"@id\":\"https:\/\/www.velopa.ch\/de\/#breadcrumb\",\"itemListElement\":[{\"@type\":\"ListItem\",\"position\":1,\"name\":\"Home\",\"item\":\"https:\/\/www.velopa.ch\/de\/\"},{\"@type\":\"ListItem\",\"position\":2,\"name\":\"Homepage\"}]},{\"@type\":\"WebSite\",\"@id\":\"https:\/\/www.velopa.ch\/de\/#website\",\"url\":\"https:\/\/www.velopa.ch\/de\/\",\"name\":\"Velopa Schweiz\",\"description\":\"Professionelle Veloparkier- , \u00dcberdachungs- und Absperrsysteme\",\"potentialAction\":[{\"@type\":\"SearchAction\",\"target\":{\"@type\":\"EntryPoint\",\"urlTemplate\":\"https:\/\/www.velopa.ch\/de\/?s={search_term_string}\"},\"query-input\":{\"@type\":\"PropertyValueSpecification\",\"valueRequired\":true,\"valueName\":\"search_term_string\"}}],\"inLanguage\":\"de\"}]}<\/script>\n<!-- \/ Yoast SEO plugin. -->","yoast_head_json":{"title":"Velopa","description":"Freiraum- und Stadtmobiliar sowie modulare Personen- und Velounterst\u00e4nde von Velopa f\u00fcr \u00f6ffentliche, betriebliche & private Aussenbereiche.","robots":{"index":"index","follow":"follow","max-snippet":"max-snippet:-1","max-image-preview":"max-image-preview:large","max-video-preview":"max-video-preview:-1"},"canonical":"https:\/\/www.velopa.ch\/de\/","og_locale":"de_DE","og_type":"article","og_title":"Velopa Schweiz","og_description":"Das urbane Freiraummobiliar aus den drei Markenwelten Velopa Pro, Velopa Home und Velopa City bietet einen entscheidenden Mehrwert f\u00fcr \u00f6ffentliche, betriebliche und private Aussenbereiche.","og_url":"https:\/\/www.velopa.ch\/de\/","og_site_name":"Velopa Schweiz","article_modified_time":"2026-04-20T15:48:06+00:00","og_image":[{"width":1360,"height":760,"url":"https:\/\/www.velopa.ch\/wp-content\/uploads\/2022\/10\/Herblinger-Markt-Schaffhausen-2.jpeg","type":"image\/jpeg"}],"twitter_card":"summary_large_image","twitter_misc":{"Gesch\u00e4tzte Lesezeit":"21\u00a0Minuten"},"schema":{"@context":"https:\/\/schema.org","@graph":[{"@type":"WebPage","@id":"https:\/\/www.velopa.ch\/de\/","url":"https:\/\/www.velopa.ch\/de\/","name":"Velopa","isPartOf":{"@id":"https:\/\/www.velopa.ch\/de\/#website"},"primaryImageOfPage":{"@id":"https:\/\/www.velopa.ch\/de\/#primaryimage"},"image":{"@id":"https:\/\/www.velopa.ch\/de\/#primaryimage"},"thumbnailUrl":"https:\/\/www.velopa.ch\/wp-content\/uploads\/2022\/11\/Parkiersystem_front.jpg","datePublished":"2022-10-27T13:30:08+00:00","dateModified":"2026-04-20T15:48:06+00:00","description":"Freiraum- und Stadtmobiliar sowie modulare Personen- und Velounterst\u00e4nde von Velopa f\u00fcr \u00f6ffentliche, betriebliche & private Aussenbereiche.","breadcrumb":{"@id":"https:\/\/www.velopa.ch\/de\/#breadcrumb"},"inLanguage":"de","potentialAction":[{"@type":"ReadAction","target":["https:\/\/www.velopa.ch\/de\/"]}]},{"@type":"ImageObject","inLanguage":"de","@id":"https:\/\/www.velopa.ch\/de\/#primaryimage","url":"https:\/\/www.velopa.ch\/wp-content\/uploads\/2022\/11\/Parkiersystem_front.jpg","contentUrl":"https:\/\/www.velopa.ch\/wp-content\/uploads\/2022\/11\/Parkiersystem_front.jpg"},{"@type":"BreadcrumbList","@id":"https:\/\/www.velopa.ch\/de\/#breadcrumb","itemListElement":[{"@type":"ListItem","position":1,"name":"Home","item":"https:\/\/www.velopa.ch\/de\/"},{"@type":"ListItem","position":2,"name":"Homepage"}]},{"@type":"WebSite","@id":"https:\/\/www.velopa.ch\/de\/#website","url":"https:\/\/www.velopa.ch\/de\/","name":"Velopa Schweiz","description":"Professionelle Veloparkier- , \u00dcberdachungs- und Absperrsysteme","potentialAction":[{"@type":"SearchAction","target":{"@type":"EntryPoint","urlTemplate":"https:\/\/www.velopa.ch\/de\/?s={search_term_string}"},"query-input":{"@type":"PropertyValueSpecification","valueRequired":true,"valueName":"search_term_string"}}],"inLanguage":"de"}]}},"_links":{"self":[{"href":"https:\/\/www.velopa.ch\/de\/wp-json\/wp\/v2\/pages\/61897","targetHints":{"allow":["GET"]}}],"collection":[{"href":"https:\/\/www.velopa.ch\/de\/wp-json\/wp\/v2\/pages"}],"about":[{"href":"https:\/\/www.velopa.ch\/de\/wp-json\/wp\/v2\/types\/page"}],"author":[{"embeddable":true,"href":"https:\/\/www.velopa.ch\/de\/wp-json\/wp\/v2\/users\/23"}],"replies":[{"embeddable":true,"href":"https:\/\/www.velopa.ch\/de\/wp-json\/wp\/v2\/comments?post=61897"}],"version-history":[{"count":2,"href":"https:\/\/www.velopa.ch\/de\/wp-json\/wp\/v2\/pages\/61897\/revisions"}],"predecessor-version":[{"id":80303,"href":"https:\/\/www.velopa.ch\/de\/wp-json\/wp\/v2\/pages\/61897\/revisions\/80303"}],"wp:attachment":[{"href":"https:\/\/www.velopa.ch\/de\/wp-json\/wp\/v2\/media?parent=61897"}],"curies":[{"name":"wp","href":"https:\/\/api.w.org\/{rel}","templated":true}]}}