{"id":30673,"date":"2018-05-14T09:36:02","date_gmt":"2018-05-14T09:36:02","guid":{"rendered":"https:\/\/www.velopa.ch\/?page_id=30673"},"modified":"2020-07-31T10:45:36","modified_gmt":"2020-07-31T10:45:36","slug":"allgemeine-geschaeftsbedingungen-agb","status":"publish","type":"page","link":"https:\/\/www.velopa.ch\/de\/datenschutz\/","title":{"rendered":"Datenschutz"},"content":{"rendered":"<p>[et_pb_section bb_built=\u201c1\u201d admin_label=\u201csection\u201d custom_padding=\u201c28px||10px|\u201d custom_padding_last_edited=\u201con|desktop\u201d _builder_version=\u201c3.0.99\u201d next_background_color=\u201c#000000\u201d][et_pb_row admin_label=\u201crow\u201d custom_padding=\u201c30px|50px|25px|50px\u201d custom_padding_phone=\u201d|25px||25px\u201d column_padding_mobile=\u201con\u201d custom_padding_last_edited=\u201con|desktop\u201d custom_margin_tablet=\u201c0px|||\u201d custom_margin_last_edited=\u201con|tablet\u201d background_position=\u201ctop_left\u201d background_repeat=\u201crepeat\u201d background_size=\u201cinitial\u201d _builder_version=\u201c3.0.99\u201d][et_pb_column type=\u201c4_4\u201d][et_pb_text header_line_height_last_edited=\u201con|desktop\u201d text_line_height_phone=\u201c1.7em\u201d text_line_height_last_edited=\u201con|desktop\u201d custom_margin_phone=\u201d|30px||30px\u201d background_position=\u201ctop_left\u201d background_repeat=\u201crepeat\u201d background_size=\u201cinitial\u201d _builder_version=\u201c3.0.99\u201d background_layout=\u201clight\u201d]<\/p>\n<h1>Datenschutz<\/h1>\n<p>[\/et_pb_text][\/et_pb_column][\/et_pb_row][\/et_pb_section][et_pb_section bb_built=\u201c1\u201d admin_label=\u201csection\u201d custom_padding=\u201c14px||14px|\u201d custom_padding_last_edited=\u201con|desktop\u201d _builder_version=\u201c3.0.99\u201d prev_background_color=\u201c#000000\u201d next_background_color=\u201c#000000\u201d][et_pb_row admin_label=\u201crow\u201d custom_padding=\u201c30px|50px|30px|50px\u201d custom_padding_phone=\u201d|25px||25px\u201d column_padding_mobile=\u201con\u201d custom_padding_last_edited=\u201con|tablet\u201d custom_margin_tablet=\u201c0px|||\u201d custom_margin_last_edited=\u201con|tablet\u201d custom_css_main_element=\u201cborder: 1px solid #eaeaea;\u201d background_position=\u201ctop_left\u201d background_repeat=\u201crepeat\u201d background_size=\u201cinitial\u201d][et_pb_column type=\u201c4_4\u201d][et_pb_text header_line_height_last_edited=\u201con|desktop\u201d text_line_height_phone=\u201c1.7em\u201d text_line_height_last_edited=\u201con|desktop\u201d custom_margin_phone=\u201d|30px||30px\u201d background_position=\u201ctop_left\u201d background_repeat=\u201crepeat\u201d background_size=\u201cinitial\u201d _builder_version=\u201c3.0.99\u201d background_layout=\u201clight\u201d]<\/p>\n<h3>1. Datenschutz<\/h3>\n<p>[\/et_pb_text][et_pb_text header_line_height_last_edited=\u201con|desktop\u201d text_line_height_phone=\u201c1.7em\u201d text_line_height_last_edited=\u201con|desktop\u201d custom_margin_phone=\u201d|30px||30px\u201d background_position=\u201ctop_left\u201d background_repeat=\u201crepeat\u201d background_size=\u201cinitial\u201d _builder_version=\u201c3.0.99\u201d background_layout=\u201clight\u201d]<\/p>\n<p style=\"text-align: justify;\">Der Schutz Ihrer per\u00ads\u00f6n\u00adli\u00adchen Daten und Ihrer Pri\u00advat\u00adsph\u00e4re ist uns wich\u00adtig. Dies gilt nat\u00fcr\u00adlich auch f\u00fcr Ihren Besuch auf unse\u00adren Web\u00adsei\u00adten. Wir m\u00f6ch\u00adten Ihnen daher die Daten\u00adver\u00adar\u00adbei\u00adtungs\u00advor\u00adg\u00e4nge auf unse\u00adren Web\u00adsei\u00adten trans\u00adpa\u00adrent machen und Ihnen erl\u00e4u\u00adtern, was wir zum Schutz Ihrer Daten unter\u00adneh\u00admen und wel\u00adche Daten wir \u00fcber\u00adhaupt erheben.<\/p>\n<p>Wir ver\u00adpflich\u00adten uns, die Daten der Besu\u00adcher unse\u00adrer Web\u00adsei\u00adten zu sch\u00fct\u00adzen. Drit\u00adten wer\u00adden die gespei\u00adcher\u00adten Daten nur in der wie in den fol\u00adgen\u00adden Punk\u00adten beschrie\u00adbe\u00adnen Weise zur Ver\u00adf\u00fc\u00adgung gestellt.<\/p>\n<p>S\u00e4mt\u00adli\u00adche auf den Web\u00adsites erho\u00adbe\u00adnen per\u00ads\u00f6n\u00adli\u00adchen Daten wer\u00adden aus\u00adschliess\u00adlich zu Ihrer indi\u00advi\u00addu\u00adel\u00adlen Betreu\u00adung, der \u00dcber\u00adsen\u00addung von Pro\u00addukt\u00adin\u00adfor\u00adma\u00adtio\u00adnen oder der Unter\u00adbrei\u00adtung von Ser\u00advice\u00adan\u00adge\u00adbo\u00adten gespei\u00adchert und verarbeitet.<\/p>\n<p>Wir behal\u00adten uns das Recht vor, die in die\u00adser Daten\u00adschutz\u00ader\u00adkl\u00e4\u00adrung bereit\u00adge\u00adstell\u00adten Infor\u00adma\u00adtio\u00adnen ohne vor\u00adhe\u00adrige Ank\u00fcn\u00addi\u00adgung an eine ver\u00ad\u00e4n\u00adderte Gesetz\u00adge\u00adbung oder Recht\u00adspre\u00adchung anzu\u00adpas\u00adsen. G\u00fcl\u00adtig ist die jeweils hier ver\u00ad\u00f6f\u00adfent\u00adlichte aktu\u00adelle Version.<\/p>\n<p>[\/et_pb_text][\/et_pb_column][\/et_pb_row][\/et_pb_section][et_pb_section bb_built=\u201c1\u201d admin_label=\u201csection\u201d custom_padding=\u201c14px||14px|\u201d custom_padding_last_edited=\u201con|desktop\u201d _builder_version=\u201c3.0.99\u201d prev_background_color=\u201c#000000\u201d next_background_color=\u201c#000000\u201d][et_pb_row admin_label=\u201crow\u201d custom_padding=\u201c30px|50px|30px|50px\u201d custom_padding_phone=\u201d|25px||25px\u201d column_padding_mobile=\u201con\u201d custom_padding_last_edited=\u201con|tablet\u201d custom_margin_tablet=\u201c0px|||\u201d custom_margin_last_edited=\u201con|tablet\u201d custom_css_main_element=\u201cborder: 1px solid #eaeaea;\u201d background_position=\u201ctop_left\u201d background_repeat=\u201crepeat\u201d background_size=\u201cinitial\u201d][et_pb_column type=\u201c4_4\u201d][et_pb_text header_line_height_last_edited=\u201con|desktop\u201d text_line_height_phone=\u201c1.7em\u201d text_line_height_last_edited=\u201con|desktop\u201d custom_margin_phone=\u201d|30px||30px\u201d background_position=\u201ctop_left\u201d background_repeat=\u201crepeat\u201d background_size=\u201cinitial\u201d _builder_version=\u201c3.0.99\u201d background_layout=\u201clight\u201d]<\/p>\n<h3>2. Erhebung und Verarbeitung von Daten<\/h3>\n<p>[\/et_pb_text][et_pb_text header_line_height_last_edited=\u201con|desktop\u201d text_line_height_phone=\u201c1.7em\u201d text_line_height_last_edited=\u201con|desktop\u201d custom_margin_phone=\u201d|30px||30px\u201d background_position=\u201ctop_left\u201d background_repeat=\u201crepeat\u201d background_size=\u201cinitial\u201d _builder_version=\u201c3.0.99\u201d background_layout=\u201clight\u201d]<\/p>\n<p style=\"text-align: justify;\">Bei jedem Zugriff eines Nut\u00adzers auf unsere Web\u00adsite, d.h. bei jedem Abruf oder Ver\u00adsuch eines Abrufs einer Datei auf die\u00adsem Ser\u00adver, wer\u00adden Daten \u00fcber die\u00adsen Vor\u00adgang in einer Pro\u00adto\u00adkoll\u00adda\u00adtei gespei\u00adchert (Log\u00adfile).<\/p>\n<p>Im Ein\u00adzel\u00adnen wird \u00fcber jeden Abruf fol\u00adgen\u00adder Daten\u00adsatz gespeichert:<\/p>\n<ul>\n<li>IP-Adresse (anony\u00admi\u00adsiert)<\/li>\n<li>Name der abge\u00adru\u00adfe\u00adnen&nbsp;Datei<\/li>\n<li>Datum und Uhr\u00adzeit des Abrufs<\/li>\n<li>\u00fcber\u00adtra\u00adgene Datenmenge<\/li>\n<li>Mel\u00addung, ob der Abruf erfolg\u00adreich&nbsp;war<\/li>\n<li>Mel\u00addung, warum ein Abruf ggf. fehl\u00adge\u00adschla\u00adgen&nbsp;ist<\/li>\n<li>der Name Ihres Inter\u00adnet Ser\u00advice Pro\u00advi\u00adders (d.h. in unse\u00adrem Log-File steht z.B. nur, dass ein Nut\u00adzer von \u00abblue\u00adwin\u00bb oder \u00abagri\u00bb unser Ange\u00adbot auf\u00adge\u00adsucht hat, aller\u00addings nicht welcher)<\/li>\n<li>ggfs. Betriebs\u00adsys\u00adtem und Brow\u00adser\u00adsoft\u00adware Ihres Computers<\/li>\n<li>sowie die Web\u00adsite, von der aus Sie uns besuchen.<\/li>\n<\/ul>\n<p>Alle genann\u00adten Daten wer\u00adden nur zu sta\u00adtis\u00adti\u00adschen Zwe\u00adcken von uns und von uns beauf\u00adtrag\u00adten Dienst\u00adleis\u00adtern aus\u00adge\u00adwer\u00adtet. Wir nut\u00adzen diese Daten, um unsere Web\u00adsite und unsere Ange\u00adbote f\u00fcr Sie noch bes\u00adser zu machen.<\/p>\n<p>[\/et_pb_text][\/et_pb_column][\/et_pb_row][\/et_pb_section][et_pb_section bb_built=\u201c1\u201d admin_label=\u201csection\u201d custom_padding=\u201c14px||14px|\u201d custom_padding_last_edited=\u201con|desktop\u201d _builder_version=\u201c3.0.99\u201d prev_background_color=\u201c#000000\u201d next_background_color=\u201c#000000\u201d][et_pb_row admin_label=\u201crow\u201d custom_padding=\u201c30px|50px|30px|50px\u201d custom_padding_phone=\u201d|25px||25px\u201d column_padding_mobile=\u201con\u201d custom_padding_last_edited=\u201con|tablet\u201d custom_margin_tablet=\u201c0px|||\u201d custom_margin_last_edited=\u201con|tablet\u201d custom_css_main_element=\u201cborder: 1px solid #eaeaea;\u201d background_position=\u201ctop_left\u201d background_repeat=\u201crepeat\u201d background_size=\u201cinitial\u201d][et_pb_column type=\u201c4_4\u201d][et_pb_text header_line_height_last_edited=\u201con|desktop\u201d text_line_height_phone=\u201c1.7em\u201d text_line_height_last_edited=\u201con|desktop\u201d custom_margin_phone=\u201d|30px||30px\u201d background_position=\u201ctop_left\u201d background_repeat=\u201crepeat\u201d background_size=\u201cinitial\u201d _builder_version=\u201c3.0.99\u201d background_layout=\u201clight\u201d]<\/p>\n<h3>3. Nutzung und Weitergabe pers\u00f6nlicher Daten und Zweckbindung<\/h3>\n<p>[\/et_pb_text][et_pb_text header_line_height_last_edited=\u201con|desktop\u201d text_line_height_phone=\u201c1.7em\u201d text_line_height_last_edited=\u201con|desktop\u201d custom_margin_phone=\u201d|30px||30px\u201d background_position=\u201ctop_left\u201d background_repeat=\u201crepeat\u201d background_size=\u201cinitial\u201d _builder_version=\u201c3.0.99\u201d background_layout=\u201clight\u201d]<\/p>\n<p style=\"text-align: justify;\">Wei\u00adtere per\u00adso\u00adnen\u00adbe\u00adzo\u00adgene Daten wer\u00adden erho\u00adben, wenn Sie uns diese von sich aus ange\u00adben bzw. der Coo\u00adkie-Nut\u00adzung zustim\u00admen. Alle per\u00adso\u00adnen\u00adbe\u00adzo\u00adge\u00adnen Daten wer\u00adden ent\u00adspre\u00adchend den jeweils gel\u00adten\u00adden Bestim\u00admun\u00adgen zum Schutz per\u00adso\u00adnen\u00adbe\u00adzo\u00adge\u00adner Daten in ers\u00adter Linie zum Zweck Ihrer indi\u00advi\u00addu\u00adel\u00adlen Betreu\u00adung, der \u00dcber\u00adsen\u00addung von Pro\u00addukt\u00adin\u00adfor\u00adma\u00adtio\u00adnen oder der Unter\u00adbrei\u00adtung von Ser\u00advice\u00adan\u00adge\u00adbo\u00adten erho\u00adben, ver\u00adar\u00adbei\u00adtet und genutzt. Sie haben aus\u00adser\u00addem ein Recht auf unent\u00adgelt\u00adli\u00adche Aus\u00adkunft \u00fcber Ihre gespei\u00adcher\u00adten Per\u00adso\u00adnen\u00adda\u00adten sowie das Recht auf Berich\u00adti\u00adgung die\u00adser Daten. Gerne ertei\u00adlen wir Ihnen auch hier Aus\u00adkunft \u00fcber <a href=\"mailto:sales@velopa.ch\"><strong>sales@velopa.ch<\/strong><\/a>. Durch die Inan\u00adspruch\u00adnahme unse\u00adrer per\u00adso\u00adnen\u00adbe\u00adzo\u00adge\u00adnen Dienste bzw. durch Ihr Ein\u00adver\u00adst\u00e4nd\u00adnis zur Coo\u00adkie-Nut\u00adzung stim\u00admen Sie hier\u00admit zu, dass Daten \u00fcber Ihre indi\u00advi\u00addu\u00adelle Nut\u00adzung der von uns ange\u00adbo\u00adte\u00adnen Web-Dienste unbe\u00adgrenzt, solange sie f\u00fcr den nach\u00adste\u00adhen\u00adden Zweck erfor\u00adder\u00adlich sind bzw. bis zu Ihrem Wider\u00adruf, gespei\u00adchert und ana\u00adly\u00adsiert wer\u00adden. Diese Zustim\u00admung k\u00f6n\u00adnen Sie jeder\u00adzeit wider\u00adru\u00adfen: <a href=\"mailto:sales@velopa.ch\"><strong>sales@velopa.ch<\/strong><\/a>. Im Falle des Wider\u00adru\u00adfes Ihrer Zustim\u00admung wer\u00adden die bis\u00adher \u00fcber Sie gespei\u00adcher\u00adten Daten anony\u00admi\u00adsiert und in wei\u00adte\u00adrer Folge nur f\u00fcr sta\u00adtis\u00adti\u00adsche Zwe\u00adcke ohne Per\u00adso\u00adnen\u00adbe\u00adzug wei\u00adter\u00adver\u00adwen\u00addet (dies gilt aller\u00addings nicht f\u00fcr die zur Abwick\u00adlung Ihrer Bestel\u00adlung erfor\u00adder\u00adli\u00adchen&nbsp;Daten).<\/p>\n<p>[\/et_pb_text][\/et_pb_column][\/et_pb_row][\/et_pb_section][et_pb_section bb_built=\u201c1\u201d admin_label=\u201csection\u201d custom_padding=\u201c14px||14px|\u201d custom_padding_last_edited=\u201con|desktop\u201d _builder_version=\u201c3.0.99\u201d prev_background_color=\u201c#000000\u201d next_background_color=\u201c#000000\u201d][et_pb_row admin_label=\u201crow\u201d custom_padding=\u201c30px|50px|30px|50px\u201d custom_padding_phone=\u201d|25px||25px\u201d column_padding_mobile=\u201con\u201d custom_padding_last_edited=\u201con|tablet\u201d custom_margin_tablet=\u201c0px|||\u201d custom_margin_last_edited=\u201con|tablet\u201d custom_css_main_element=\u201cborder: 1px solid #eaeaea;\u201d background_position=\u201ctop_left\u201d background_repeat=\u201crepeat\u201d background_size=\u201cinitial\u201d][et_pb_column type=\u201c4_4\u201d][et_pb_text header_line_height_last_edited=\u201con|desktop\u201d text_line_height_phone=\u201c1.7em\u201d text_line_height_last_edited=\u201con|desktop\u201d custom_margin_phone=\u201d|30px||30px\u201d background_position=\u201ctop_left\u201d background_repeat=\u201crepeat\u201d background_size=\u201cinitial\u201d _builder_version=\u201c3.0.99\u201d background_layout=\u201clight\u201d]<\/p>\n<h3>4. Datenschutzerkl\u00e4rung f\u00fcr die Nutzung von Facebook-Plugins (Like-Button)<\/h3>\n<p>[\/et_pb_text][et_pb_text header_line_height_last_edited=\u201con|desktop\u201d text_line_height_phone=\u201c1.7em\u201d text_line_height_last_edited=\u201con|desktop\u201d custom_margin_phone=\u201d|30px||30px\u201d background_position=\u201ctop_left\u201d background_repeat=\u201crepeat\u201d background_size=\u201cinitial\u201d _builder_version=\u201c3.0.99\u201d background_layout=\u201clight\u201d]<\/p>\n<p style=\"text-align: justify;\">Wenn Sie unsere Sei\u00adten besu\u00adchen, wird \u00fcber das Plugin eine direkte Ver\u00adbin\u00addung zwi\u00adschen Ihrem Brow\u00adser und dem Face\u00adbook-Ser\u00adver her\u00adge\u00adstellt. Face\u00adbook erh\u00e4lt dadurch die Infor\u00adma\u00adtion, dass Sie mit Ihrer IP-Adresse unsere Seite besucht haben. Wenn Sie den Face\u00adbook \u00abLike-But\u00adton\u00bb ankli\u00adcken w\u00e4h\u00adrend Sie in Ihrem Face\u00adbook- Account ein\u00adge\u00adloggt sind, k\u00f6n\u00adnen Sie die Inhalte unse\u00adrer Sei\u00adten auf Ihrem Face\u00adbook-Pro\u00adfil ver\u00adlin\u00adken. Dadurch kann Face\u00adbook den Besuch unse\u00adrer Sei\u00adten Ihrem Benut\u00adzer\u00adkonto zuord\u00adnen. Wir wei\u00adsen dar\u00adauf hin, dass wir als Anbie\u00adter der Sei\u00adten keine Kennt\u00adnis vom Inhalt der \u00fcber\u00admit\u00adtel\u00adten Daten sowie deren Nut\u00adzung durch Face\u00adbook erhal\u00adten. Wenn Sie nicht w\u00fcn\u00adschen, dass Face\u00adbook den Besuch unse\u00adrer Sei\u00adten Ihrem Face\u00adbook-Nut\u00adzer\u00adkonto zuord\u00adnen kann, log\u00adgen Sie sich bitte aus Ihrem Face\u00adbook- Benut\u00adzer\u00adkonto&nbsp;aus.<\/p>\n<p>[\/et_pb_text][\/et_pb_column][\/et_pb_row][\/et_pb_section][et_pb_section bb_built=\u201c1\u201d admin_label=\u201csection\u201d custom_padding=\u201c14px||14px|\u201d custom_padding_last_edited=\u201con|desktop\u201d _builder_version=\u201c3.0.99\u201d module_id=\u201cdatenschutz\u201d prev_background_color=\u201c#000000\u201d next_background_color=\u201c#000000\u201d][et_pb_row admin_label=\u201crow\u201d custom_padding=\u201c30px|50px|30px|50px\u201d custom_padding_phone=\u201d|25px||25px\u201d column_padding_mobile=\u201con\u201d custom_padding_last_edited=\u201con|tablet\u201d custom_margin_tablet=\u201c0px|||\u201d custom_margin_last_edited=\u201con|tablet\u201d custom_css_main_element=\u201cborder: 1px solid #eaeaea;\u201d background_position=\u201ctop_left\u201d background_repeat=\u201crepeat\u201d background_size=\u201cinitial\u201d][et_pb_column type=\u201c4_4\u201d][et_pb_text header_line_height_last_edited=\u201con|desktop\u201d text_line_height_phone=\u201c1.7em\u201d text_line_height_last_edited=\u201con|desktop\u201d custom_margin_phone=\u201d|30px||30px\u201d background_position=\u201ctop_left\u201d background_repeat=\u201crepeat\u201d background_size=\u201cinitial\u201d _builder_version=\u201c3.0.99\u201d background_layout=\u201clight\u201d]<\/p>\n<h3>5. Datenschutzerkl\u00e4rung f\u00fcr die Nutzung von Google Analytics:<\/h3>\n<p>[\/et_pb_text][et_pb_text header_line_height_last_edited=\u201con|desktop\u201d text_line_height_phone=\u201c1.7em\u201d text_line_height_last_edited=\u201con|desktop\u201d custom_margin_phone=\u201d|30px||30px\u201d background_position=\u201ctop_left\u201d background_repeat=\u201crepeat\u201d background_size=\u201cinitial\u201d _builder_version=\u201c3.0.99\u201d background_layout=\u201clight\u201d]<\/p>\n<p style=\"text-align: justify;\">Diese Web\u00adsite nutzt Funk\u00adtio\u00adnen des Web\u00adana\u00adly\u00adse\u00addiens\u00adtes Google Ana\u00adly\u00adtics. Anbie\u00adter ist die Google Inc., 1600 Amphi\u00adtheatre Park\u00adway Moun\u00adtain View, <span class=\"caps\">CA<\/span> 94043, <span class=\"caps\">USA<\/span>. Google Ana\u00adly\u00adtics ver\u00adwen\u00addet so genannte \u00abCoo\u00adkies\u00bb. Das sind Text\u00adda\u00adteien, die auf Ihrem Com\u00adpu\u00adter gespei\u00adchert wer\u00adden und die eine Ana\u00adlyse der Benut\u00adzung der Web\u00adsite durch Sie erm\u00f6g\u00adli\u00adchen. Die durch den Coo\u00adkie erzeug\u00adten Infor\u00adma\u00adtio\u00adnen \u00fcber Ihre Benut\u00adzung die\u00adser Web\u00adsite wer\u00adden in der Regel an einen Ser\u00adver von Google in den <span class=\"caps\">USA<\/span> \u00fcber\u00adtra\u00adgen und dort gespei\u00adchert. <a class=\"ow-create-cookie\" onclick=\"alert('Das Tracking durch Google Analytics wurde in Ihrem Browser f\u00fcr diese Website deaktiviert');\" href=\"javascript:gaOptout()\">Hier kli\u00adcken, um Google Ana\u00adly\u00adtics zu deaktivieren<\/a><\/p>\n<h3><\/h3>\n<p>[\/et_pb_text][\/et_pb_column][\/et_pb_row][\/et_pb_section][et_pb_section bb_built=\u201c1\u201d admin_label=\u201csection\u201d custom_padding=\u201c14px||60px|\u201d custom_padding_last_edited=\u201con|desktop\u201d _builder_version=\u201c3.0.99\u201d prev_background_color=\u201c#000000\u201d next_background_color=\u201c#000000\u201d][et_pb_row admin_label=\u201crow\u201d custom_padding=\u201c30px|50px|30px|50px\u201d custom_padding_phone=\u201d|25px||25px\u201d column_padding_mobile=\u201con\u201d custom_padding_last_edited=\u201con|tablet\u201d custom_margin_tablet=\u201c0px|||\u201d custom_margin_last_edited=\u201con|tablet\u201d custom_css_main_element=\u201cborder: 1px solid #eaeaea;\u201d background_position=\u201ctop_left\u201d background_repeat=\u201crepeat\u201d background_size=\u201cinitial\u201d][et_pb_column type=\u201c4_4\u201d][et_pb_text header_line_height_last_edited=\u201con|desktop\u201d text_line_height_phone=\u201c1.7em\u201d text_line_height_last_edited=\u201con|desktop\u201d custom_margin_phone=\u201d|30px||30px\u201d background_position=\u201ctop_left\u201d background_repeat=\u201crepeat\u201d background_size=\u201cinitial\u201d _builder_version=\u201c3.0.99\u201d background_layout=\u201clight\u201d]<\/p>\n<h3>6. Rechtliche Grundlage<\/h3>\n<p>[\/et_pb_text][et_pb_text header_line_height_last_edited=\u201con|desktop\u201d text_line_height_phone=\u201c1.7em\u201d text_line_height_last_edited=\u201con|desktop\u201d custom_margin_phone=\u201d|30px||30px\u201d background_position=\u201ctop_left\u201d background_repeat=\u201crepeat\u201d background_size=\u201cinitial\u201d _builder_version=\u201c3.0.99\u201d background_layout=\u201clight\u201d]<\/p>\n<p style=\"text-align: justify;\">Das schwei\u00adze\u00adri\u00adsche Daten\u00adschutz\u00adge\u00adsetz bil\u00addet die Grund\u00adlage die\u00adser Datenschutzerkl\u00e4rung.<\/p>\n<p>[\/et_pb_text][\/et_pb_column][\/et_pb_row][\/et_pb_section][et_pb_section bb_built=\u201c1\u201d admin_label=\u201csection\u201d custom_padding=\u201c60px|0px|60px|0px\u201d custom_padding_tablet=\u201c70px|||\u201d custom_padding_phone=\u201c14px||60px|\u201d module_id=\u201cow_fix_height_234\u201d custom_padding_last_edited=\u201con|desktop\u201d _builder_version=\u201c3.0.99\u201d custom_margin_phone=\u201c0px||0px|\u201d custom_margin_last_edited=\u201con|desktop\u201d prev_background_color=\u201c#000000\u201d][et_pb_row admin_label=\u201crow\u201d custom_padding=\u201c0px|0px|0px|0px\u201d background_position=\u201ctop_left\u201d background_repeat=\u201crepeat\u201d background_size=\u201cinitial\u201d _builder_version=\u201c3.0.99\u201d custom_margin_phone=\u201c0px||0px|\u201d custom_margin_last_edited=\u201con|phone\u201d custom_padding_last_edited=\u201con|phone\u201d][et_pb_column type=\u201c1_4\u201d][et_pb_blurb title=\u201d\u25ba L\u00f6sun\u00adgen\u201d image=\u201chttps:\/\/www.velopa.ch\/wp-content\/uploads\/2016\/12\/iconloesungen.png\u201d text_orientation=\u201ccenter\u201d module_class=\u201cow_clickable_box\u201d header_font_size=\u201c17px\u201d body_line_height=\u201c1em\u201d background_color=\u201d#eaeaea\u201d custom_padding=\u201c45px|25px|35px|25px\u201d custom_padding_tablet=\u201d||32px|\u201d custom_padding_last_edited=\u201con|tablet\u201d animation=\u201coff\u201d background_position=\u201ctop_left\u201d background_repeat=\u201crepeat\u201d background_size=\u201cinitial\u201d image_max_width=\u201c100%\u201d]<\/p>\n<p><a href=\"https:\/\/www.velopa.ch\/de\/loesungen\/\">link<\/a><\/p>\n<p>[\/et_pb_blurb][\/et_pb_column][et_pb_column type=\u201c1_4\u201d][et_pb_blurb title=\u201d\u25ba Kon\u00adtakt\u201d image=\u201chttps:\/\/www.velopa.ch\/wp-content\/uploads\/2017\/04\/kontakt.png\u201d text_orientation=\u201ccenter\u201d module_class=\u201cow_clickable_box\u201d header_font_size=\u201c17px\u201d body_line_height=\u201c1em\u201d background_color=\u201d#eaeaea\u201d custom_padding=\u201c45px|25px|35px|25px\u201d custom_padding_tablet=\u201d||32px|\u201d custom_padding_last_edited=\u201con|phone\u201d animation=\u201coff\u201d background_position=\u201ctop_left\u201d background_repeat=\u201crepeat\u201d background_size=\u201cinitial\u201d image_max_width=\u201c100%\u201d]<\/p>\n<p class=\"et-fb-mce-line-break-holder\" style=\"text-align: center;\"><a href=\"https:\/\/www.velopa.ch\/de\/kontakt\/\">link<\/a><\/p>\n<p>[\/et_pb_blurb][\/et_pb_column][et_pb_column type=\u201c1_4\u201d][et_pb_blurb title=\u201d\u25ba Pers. Bera\u00adtung\u201d image=\u201chttps:\/\/www.velopa.ch\/wp-content\/uploads\/2017\/04\/persoenliche-beratung.png\u201d text_orientation=\u201ccenter\u201d module_class=\u201cow_clickable_box\u201d header_font_size=\u201c17px\u201d body_line_height=\u201c1em\u201d background_color=\u201d#eaeaea\u201d custom_padding=\u201c45px|25px|35px|25px\u201d custom_padding_tablet=\u201d||32px|\u201d custom_padding_phone=\u201d||32px|\u201d custom_padding_last_edited=\u201con|phone\u201d animation=\u201coff\u201d background_position=\u201ctop_left\u201d background_repeat=\u201crepeat\u201d background_size=\u201cinitial\u201d image_max_width=\u201c100%\u201d]<\/p>\n<p class=\"et-fb-mce-line-break-holder\" style=\"text-align: center;\"><a href=\"https:\/\/www.velopa.ch\/de\/kontakt\/#persoenliche-beratung\">link<\/a><\/p>\n<p>[\/et_pb_blurb][\/et_pb_column][et_pb_column type=\u201c1_4\u201d][et_pb_blurb title=\u201d\u25ba Kata\u00adlog\u201d image=\u201chttps:\/\/www.velopa.ch\/wp-content\/uploads\/2017\/04\/katalog.png\u201d text_orientation=\u201ccenter\u201d module_class=\u201cow_clickable_box\u201d header_font_size=\u201c17px\u201d body_line_height=\u201c1em\u201d background_color=\u201d#eaeaea\u201d custom_padding=\u201c45px|25px|35px|25px\u201d custom_padding_tablet=\u201d||32px|\u201d custom_padding_last_edited=\u201con|phone\u201d animation=\u201coff\u201d url_new_window=\u201coff\u201d use_icon=\u201coff\u201d icon_color=\u201d#514f4f\u201d use_circle=\u201coff\u201d circle_color=\u201d#514f4f\u201d use_circle_border=\u201coff\u201d circle_border_color=\u201d#514f4f\u201d icon_placement=\u201ctop\u201d use_icon_font_size=\u201coff\u201d background_layout=\u201clight\u201d use_border_color=\u201coff\u201d border_color=\u201d#ffffff\u201d border_style=\u201csolid\u201d background_position=\u201ctop_left\u201d background_repeat=\u201crepeat\u201d background_size=\u201cinitial\u201d image_max_width=\u201c100%\u201d]<\/p>\n<p class=\"et-fb-mce-line-break-holder\" style=\"text-align: center;\"><a href=\"https:\/\/www.velopa.ch\/de\/kataloge\/\">link<\/a><\/p>\n<p class=\"et-fb-mce-line-break-holder\" style=\"text-align: center;\"><\/p>\n<p>[\/et_pb_blurb][\/et_pb_column][\/et_pb_row][\/et_pb_section]<\/p>\n","protected":false},"excerpt":{"rendered":"<p>Daten\u00adschutz 1. Daten\u00adschutz Der Schutz Ihrer per\u00ads\u00f6n\u00adli\u00adchen Daten und Ihrer Pri\u00advat\u00adsph\u00e4re ist uns wich\u00adtig. Dies gilt nat\u00fcr\u00adlich auch f\u00fcr Ihren Besuch auf unse\u00adren Web\u00adsei\u00adten. Wir m\u00f6ch\u00adten Ihnen daher die Daten\u00adver\u00adar\u00adbei\u00adtungs\u00advor\u00adg\u00e4nge auf unse\u00adren Web\u00adsei\u00adten trans\u00adpa\u00adrent machen und Ihnen erl\u00e4u\u00adtern, was wir zum Schutz Ihrer Daten unter\u00adneh\u00admen und wel\u00adche Daten wir \u00fcber\u00adhaupt erhe\u00adben. Wir ver\u00adpflich\u00adten uns,&nbsp;die&nbsp;[\u2026]<\/p>\n","protected":false},"author":2,"featured_media":0,"parent":0,"menu_order":0,"comment_status":"closed","ping_status":"closed","template":"","meta":{"_acf_changed":false,"_et_pb_use_builder":"on","_et_pb_old_content":"","_et_gb_content_width":"","wp_typography_post_enhancements_disabled":false,"footnotes":""},"class_list":["post-30673","page","type-page","status-publish","hentry"],"acf":[],"yoast_head":"<!-- This site is optimized with the Yoast SEO plugin v27.2 - https:\/\/yoast.com\/product\/yoast-seo-wordpress\/ -->\n<title>Datenschutz - Velopa Schweiz<\/title>\n<meta name=\"robots\" content=\"index, nofollow, max-snippet:-1, max-image-preview:large, max-video-preview:-1\" \/>\n<link rel=\"canonical\" href=\"https:\/\/www.velopa.ch\/de\/datenschutz\/\" \/>\n<meta property=\"og:locale\" content=\"de_DE\" \/>\n<meta property=\"og:type\" content=\"article\" \/>\n<meta property=\"og:title\" content=\"Datenschutz - Velopa Schweiz\" \/>\n<meta property=\"og:description\" content=\"Datenschutz 1. Datenschutz Der Schutz Ihrer pers\u00f6nlichen Daten und Ihrer Privatsph\u00e4re ist uns wichtig. Dies gilt nat\u00fcrlich auch f\u00fcr Ihren Besuch auf unseren Webseiten. Wir m\u00f6chten Ihnen daher die Datenverarbeitungsvorg\u00e4nge auf unseren Webseiten transparent machen und Ihnen erl\u00e4utern, was wir zum Schutz Ihrer Daten unternehmen und welche Daten wir \u00fcberhaupt erheben. Wir verpflichten uns, die [&hellip;]\" \/>\n<meta property=\"og:url\" content=\"https:\/\/www.velopa.ch\/de\/datenschutz\/\" \/>\n<meta property=\"og:site_name\" content=\"Velopa Schweiz\" \/>\n<meta property=\"article:modified_time\" content=\"2020-07-31T10:45:36+00:00\" \/>\n<meta name=\"twitter:card\" content=\"summary_large_image\" \/>\n<meta name=\"twitter:label1\" content=\"Gesch\u00e4tzte Lesezeit\" \/>\n\t<meta name=\"twitter:data1\" content=\"12\u00a0Minuten\" \/>\n<script type=\"application\/ld+json\" class=\"yoast-schema-graph\">{\"@context\":\"https:\/\/schema.org\",\"@graph\":[{\"@type\":\"WebPage\",\"@id\":\"https:\/\/www.velopa.ch\/de\/datenschutz\/\",\"url\":\"https:\/\/www.velopa.ch\/de\/datenschutz\/\",\"name\":\"Datenschutz - Velopa Schweiz\",\"isPartOf\":{\"@id\":\"https:\/\/www.velopa.ch\/de\/#website\"},\"datePublished\":\"2018-05-14T09:36:02+00:00\",\"dateModified\":\"2020-07-31T10:45:36+00:00\",\"breadcrumb\":{\"@id\":\"https:\/\/www.velopa.ch\/de\/datenschutz\/#breadcrumb\"},\"inLanguage\":\"de\",\"potentialAction\":[{\"@type\":\"ReadAction\",\"target\":[\"https:\/\/www.velopa.ch\/de\/datenschutz\/\"]}]},{\"@type\":\"BreadcrumbList\",\"@id\":\"https:\/\/www.velopa.ch\/de\/datenschutz\/#breadcrumb\",\"itemListElement\":[{\"@type\":\"ListItem\",\"position\":1,\"name\":\"Home\",\"item\":\"https:\/\/www.velopa.ch\/de\/\"},{\"@type\":\"ListItem\",\"position\":2,\"name\":\"Daten\u00adschutz\"}]},{\"@type\":\"WebSite\",\"@id\":\"https:\/\/www.velopa.ch\/de\/#website\",\"url\":\"https:\/\/www.velopa.ch\/de\/\",\"name\":\"Velopa Schweiz\",\"description\":\"Professionelle Veloparkier- , \u00dcberdachungs- und Absperrsysteme\",\"potentialAction\":[{\"@type\":\"SearchAction\",\"target\":{\"@type\":\"EntryPoint\",\"urlTemplate\":\"https:\/\/www.velopa.ch\/de\/?s={search_term_string}\"},\"query-input\":{\"@type\":\"PropertyValueSpecification\",\"valueRequired\":true,\"valueName\":\"search_term_string\"}}],\"inLanguage\":\"de\"}]}<\/script>\n<!-- \/ Yoast SEO plugin. -->","yoast_head_json":{"title":"Datenschutz - Velopa Schweiz","robots":{"index":"index","follow":"nofollow","max-snippet":"max-snippet:-1","max-image-preview":"max-image-preview:large","max-video-preview":"max-video-preview:-1"},"canonical":"https:\/\/www.velopa.ch\/de\/datenschutz\/","og_locale":"de_DE","og_type":"article","og_title":"Datenschutz - Velopa Schweiz","og_description":"Datenschutz 1. Datenschutz Der Schutz Ihrer pers\u00f6nlichen Daten und Ihrer Privatsph\u00e4re ist uns wichtig. Dies gilt nat\u00fcrlich auch f\u00fcr Ihren Besuch auf unseren Webseiten. Wir m\u00f6chten Ihnen daher die Datenverarbeitungsvorg\u00e4nge auf unseren Webseiten transparent machen und Ihnen erl\u00e4utern, was wir zum Schutz Ihrer Daten unternehmen und welche Daten wir \u00fcberhaupt erheben. Wir verpflichten uns, die [&hellip;]","og_url":"https:\/\/www.velopa.ch\/de\/datenschutz\/","og_site_name":"Velopa Schweiz","article_modified_time":"2020-07-31T10:45:36+00:00","twitter_card":"summary_large_image","twitter_misc":{"Gesch\u00e4tzte Lesezeit":"12\u00a0Minuten"},"schema":{"@context":"https:\/\/schema.org","@graph":[{"@type":"WebPage","@id":"https:\/\/www.velopa.ch\/de\/datenschutz\/","url":"https:\/\/www.velopa.ch\/de\/datenschutz\/","name":"Datenschutz - Velopa Schweiz","isPartOf":{"@id":"https:\/\/www.velopa.ch\/de\/#website"},"datePublished":"2018-05-14T09:36:02+00:00","dateModified":"2020-07-31T10:45:36+00:00","breadcrumb":{"@id":"https:\/\/www.velopa.ch\/de\/datenschutz\/#breadcrumb"},"inLanguage":"de","potentialAction":[{"@type":"ReadAction","target":["https:\/\/www.velopa.ch\/de\/datenschutz\/"]}]},{"@type":"BreadcrumbList","@id":"https:\/\/www.velopa.ch\/de\/datenschutz\/#breadcrumb","itemListElement":[{"@type":"ListItem","position":1,"name":"Home","item":"https:\/\/www.velopa.ch\/de\/"},{"@type":"ListItem","position":2,"name":"Daten\u00adschutz"}]},{"@type":"WebSite","@id":"https:\/\/www.velopa.ch\/de\/#website","url":"https:\/\/www.velopa.ch\/de\/","name":"Velopa Schweiz","description":"Professionelle Veloparkier- , \u00dcberdachungs- und Absperrsysteme","potentialAction":[{"@type":"SearchAction","target":{"@type":"EntryPoint","urlTemplate":"https:\/\/www.velopa.ch\/de\/?s={search_term_string}"},"query-input":{"@type":"PropertyValueSpecification","valueRequired":true,"valueName":"search_term_string"}}],"inLanguage":"de"}]}},"_links":{"self":[{"href":"https:\/\/www.velopa.ch\/de\/wp-json\/wp\/v2\/pages\/30673","targetHints":{"allow":["GET"]}}],"collection":[{"href":"https:\/\/www.velopa.ch\/de\/wp-json\/wp\/v2\/pages"}],"about":[{"href":"https:\/\/www.velopa.ch\/de\/wp-json\/wp\/v2\/types\/page"}],"author":[{"embeddable":true,"href":"https:\/\/www.velopa.ch\/de\/wp-json\/wp\/v2\/users\/2"}],"replies":[{"embeddable":true,"href":"https:\/\/www.velopa.ch\/de\/wp-json\/wp\/v2\/comments?post=30673"}],"version-history":[{"count":2,"href":"https:\/\/www.velopa.ch\/de\/wp-json\/wp\/v2\/pages\/30673\/revisions"}],"predecessor-version":[{"id":47580,"href":"https:\/\/www.velopa.ch\/de\/wp-json\/wp\/v2\/pages\/30673\/revisions\/47580"}],"wp:attachment":[{"href":"https:\/\/www.velopa.ch\/de\/wp-json\/wp\/v2\/media?parent=30673"}],"curies":[{"name":"wp","href":"https:\/\/api.w.org\/{rel}","templated":true}]}}