{"id":20337,"date":"2017-07-21T09:51:08","date_gmt":"2017-07-21T09:51:08","guid":{"rendered":"https:\/\/www.velopa.ch\/?page_id=20337"},"modified":"2018-05-17T08:59:41","modified_gmt":"2018-05-17T08:59:41","slug":"impressum","status":"publish","type":"page","link":"https:\/\/www.velopa.ch\/de\/impressum\/","title":{"rendered":"Impressum"},"content":{"rendered":"<p>[et_pb_section bb_built=\u201c1\u201d admin_label=\u201csection\u201d custom_padding=\u201c28px||14px|\u201d custom_padding_tablet=\u201c14px|||\u201d custom_padding_last_edited=\u201con|desktop\u201d][et_pb_row admin_label=\u201crow\u201d custom_padding=\u201c30px|50px|25px|50px\u201d custom_padding_phone=\u201d|25px||25px\u201d column_padding_mobile=\u201con\u201d custom_padding_last_edited=\u201con|desktop\u201d custom_margin_last_edited=\u201con|desktop\u201d background_position=\u201ctop_left\u201d background_repeat=\u201crepeat\u201d background_size=\u201cinitial\u201d _builder_version=\u201c3.0.99\u201d][et_pb_column type=\u201c4_4\u201d][et_pb_text custom_margin_phone=\u201d|30px||30px\u201d background_position=\u201ctop_left\u201d background_repeat=\u201crepeat\u201d background_size=\u201cinitial\u201d _builder_version=\u201c3.0.99\u201d background_layout=\u201clight\u201d]<\/p>\n<h1>Impressum<\/h1>\n<p>[\/et_pb_text][\/et_pb_column][\/et_pb_row][\/et_pb_section][et_pb_section bb_built=\u201c1\u201d admin_label=\u201csection\u201d custom_padding=\u201c14px||14px|\u201d custom_padding_last_edited=\u201con|desktop\u201d transparent_background=\u201coff\u201d allow_player_pause=\u201coff\u201d inner_shadow=\u201coff\u201d parallax=\u201coff\u201d parallax_method=\u201con\u201d make_fullwidth=\u201coff\u201d use_custom_width=\u201coff\u201d width_unit=\u201con\u201d make_equal=\u201coff\u201d use_custom_gutter=\u201coff\u201d][et_pb_row admin_label=\u201crow\u201d custom_padding=\u201c30px|50px|30px|50px\u201d custom_padding_phone=\u201d|25px||25px\u201d column_padding_mobile=\u201con\u201d custom_padding_last_edited=\u201con|tablet\u201d custom_margin_tablet=\u201c0px|||\u201d custom_margin_last_edited=\u201con|tablet\u201d allow_player_pause=\u201coff\u201d parallax=\u201coff\u201d parallax_method=\u201con\u201d parallax_1=\u201coff\u201d parallax_method_1=\u201coff\u201d make_fullwidth=\u201coff\u201d use_custom_width=\u201coff\u201d width_unit=\u201con\u201d use_custom_gutter=\u201coff\u201d make_equal=\u201coff\u201d custom_css_main_element=\u201cborder: 1px solid #eaeaea;\u201d background_position=\u201ctop_left\u201d background_repeat=\u201crepeat\u201d background_size=\u201cinitial\u201d][et_pb_column type=\u201c4_4\u201d][et_pb_text text_line_height_last_edited=\u201con|desktop\u201d header_line_height_last_edited=\u201con|desktop\u201d custom_margin_phone=\u201d|30px||30px\u201d background_layout=\u201clight\u201d text_orientation=\u201cleft\u201d use_border_color=\u201coff\u201d border_color=\u201d#ffffff\u201d border_style=\u201csolid\u201d background_position=\u201ctop_left\u201d background_repeat=\u201crepeat\u201d background_size=\u201cinitial\u201d]<\/p>\n<h3>Handelsregistereintrag<\/h3>\n<p>[\/et_pb_text][et_pb_text custom_margin_phone=\u201d|30px||30px\u201d background_layout=\u201clight\u201d text_orientation=\u201cleft\u201d use_border_color=\u201coff\u201d border_color=\u201d#ffffff\u201d border_style=\u201csolid\u201d background_position=\u201ctop_left\u201d background_repeat=\u201crepeat\u201d background_size=\u201cinitial\u201d]<\/p>\n<p style=\"text-align: justify;\">Ein\u00adge\u00adtra\u00adge\u00adner Fir\u00admen\u00adzweck: Fabri\u00adka\u00adtion, Ver\u00adtrieb und Ver\u00adwer\u00adtung der VELOPA-Par\u00adkie\u00adrungs\u00adein\u00adrich\u00adtun\u00adgen f\u00fcr Fahr\u00adr\u00e4\u00adder, Motos und Autos, Absperr\u00adpfos\u00adten f\u00fcr Park\u00adpl\u00e4tze, Hof\u00adein\u00adfahr\u00adten, Gara\u00adgen\u00advor\u00adpl\u00e4tze, Stras\u00adsen, Wege usw. sowie ver\u00adwand\u00adter Pro\u00addukte; Betei\u00adli\u00adgung an sowie Erwerb und Ver\u00ad\u00e4us\u00adse\u00adrung von Paten\u00adten, Lizen\u00adzen und ande\u00adren Rech\u00adten des gewerb\u00adli\u00adchen Eigen\u00adtums; kann sich an ande\u00adren Unter\u00adneh\u00admun\u00adgen betei\u00adli\u00adgen sowie Grund\u00adst\u00fc\u00adcke erwer\u00adben, hal\u00adten und ver\u00e4ussern.<\/p>\n<p>Num\u00admer: <span class=\"caps\">CH<\/span>\u2013\u200b020.3.927.636\u20130<br> Recht\u00adli\u00adcher Sitz: 8957 Spreitenbach<\/p>\n<p>[\/et_pb_text][\/et_pb_column][\/et_pb_row][\/et_pb_section][et_pb_section bb_built=\u201c1\u201d admin_label=\u201csection\u201d custom_padding=\u201c14px||14px|\u201d custom_padding_last_edited=\u201con|desktop\u201d][et_pb_row admin_label=\u201crow\u201d custom_padding=\u201c30px|50px|30px|50px\u201d custom_padding_phone=\u201d|25px||25px\u201d column_padding_mobile=\u201con\u201d custom_padding_last_edited=\u201con|tablet\u201d custom_margin_tablet=\u201c0px|||\u201d custom_margin_last_edited=\u201con|tablet\u201d custom_css_main_element=\u201cborder: 1px solid #eaeaea;\u201d background_position=\u201ctop_left\u201d background_repeat=\u201crepeat\u201d background_size=\u201cinitial\u201d][et_pb_column type=\u201c4_4\u201d][et_pb_text text_line_height_last_edited=\u201con|desktop\u201d header_line_height_last_edited=\u201con|desktop\u201d custom_margin_phone=\u201d|30px||30px\u201d background_layout=\u201clight\u201d text_orientation=\u201cleft\u201d use_border_color=\u201coff\u201d border_color=\u201d#ffffff\u201d border_style=\u201csolid\u201d background_position=\u201ctop_left\u201d background_repeat=\u201crepeat\u201d background_size=\u201cinitial\u201d]<\/p>\n<h3>Haftungsausschluss<\/h3>\n<p>[\/et_pb_text][et_pb_text custom_margin_phone=\u201d|30px||30px\u201d background_layout=\u201clight\u201d text_orientation=\u201cleft\u201d use_border_color=\u201coff\u201d border_color=\u201d#ffffff\u201d border_style=\u201csolid\u201d background_position=\u201ctop_left\u201d background_repeat=\u201crepeat\u201d background_size=\u201cinitial\u201d]<\/p>\n<p style=\"text-align: justify;\">Der Eigen\u00adt\u00fc\u00admer die\u00adser Seite \u00fcber\u00adnimmt kei\u00adner\u00adlei Gew\u00e4hr hin\u00adsicht\u00adlich der inhalt\u00adli\u00adchen Rich\u00adtig\u00adkeit, Genau\u00adig\u00adkeit, Aktua\u00adli\u00adt\u00e4t, Zuver\u00adl\u00e4s\u00adsig\u00adkeit und Voll\u00adst\u00e4n\u00addig\u00adkeit der Infor\u00adma\u00adtio\u00adnen. Haf\u00adtungs\u00adan\u00adspr\u00fc\u00adche gegen den Autor wegen Sch\u00e4\u00adden mate\u00adri\u00adel\u00adler oder imma\u00adte\u00adri\u00adel\u00adler Art, die aus dem Zugriff oder der Nut\u00adzung bzw. Nicht\u00adnut\u00adzung der ver\u00ad\u00f6f\u00adfent\u00adlich\u00adten Infor\u00adma\u00adtio\u00adnen, durch Miss\u00adbrauch der Ver\u00adbin\u00addung oder durch tech\u00adni\u00adsche St\u00f6\u00adrun\u00adgen ent\u00adstan\u00adden sind, wer\u00adden aus\u00adge\u00adschlos\u00adsen. Alle Ange\u00adbote sind unver\u00adbind\u00adlich. Der Autor beh\u00e4lt sich aus\u00addr\u00fcck\u00adlich vor, Teile der Sei\u00adten oder das gesamte Ange\u00adbot ohne geson\u00adderte Ank\u00fcn\u00addi\u00adgung zu ver\u00ad\u00e4n\u00addern, zu erg\u00e4n\u00adzen, zu l\u00f6schen oder die Ver\u00ad\u00f6f\u00adfent\u00adli\u00adchung zeit\u00adweise oder end\u00adg\u00fcl\u00adtig einzustellen.<\/p>\n<p>[\/et_pb_text][\/et_pb_column][\/et_pb_row][\/et_pb_section][et_pb_section bb_built=\u201c1\u201d admin_label=\u201csection\u201d custom_padding=\u201c14px||14px|\u201d custom_padding_last_edited=\u201con|desktop\u201d][et_pb_row admin_label=\u201crow\u201d custom_padding=\u201c30px|50px|30px|50px\u201d custom_padding_phone=\u201d|25px||25px\u201d column_padding_mobile=\u201con\u201d custom_padding_last_edited=\u201con|tablet\u201d custom_margin_tablet=\u201c0px|||\u201d custom_margin_last_edited=\u201con|tablet\u201d custom_css_main_element=\u201cborder: 1px solid #eaeaea;\u201d background_position=\u201ctop_left\u201d background_repeat=\u201crepeat\u201d background_size=\u201cinitial\u201d][et_pb_column type=\u201c4_4\u201d][et_pb_text text_line_height_last_edited=\u201con|desktop\u201d header_line_height_last_edited=\u201con|desktop\u201d custom_margin_phone=\u201d|30px||30px\u201d background_layout=\u201clight\u201d text_orientation=\u201cleft\u201d use_border_color=\u201coff\u201d border_color=\u201d#ffffff\u201d border_style=\u201csolid\u201d background_position=\u201ctop_left\u201d background_repeat=\u201crepeat\u201d background_size=\u201cinitial\u201d]<\/p>\n<h3>Haftung f\u00fcr Links<\/h3>\n<p>[\/et_pb_text][et_pb_text custom_margin_phone=\u201d|30px||30px\u201d background_layout=\u201clight\u201d text_orientation=\u201cleft\u201d use_border_color=\u201coff\u201d border_color=\u201d#ffffff\u201d border_style=\u201csolid\u201d background_position=\u201ctop_left\u201d background_repeat=\u201crepeat\u201d background_size=\u201cinitial\u201d]<\/p>\n<p style=\"text-align: justify;\">Ver\u00adweise und Links auf Web\u00adsei\u00adten Drit\u00adter lie\u00adgen aus\u00adser\u00adhalb unse\u00adres Ver\u00adant\u00adwor\u00adtungs\u00adbe\u00adreichs. Es wird jeg\u00adli\u00adche Ver\u00adant\u00adwor\u00adtung f\u00fcr sol\u00adche Web\u00adsei\u00adten abge\u00adlehnt. Der Zugriff und die Nut\u00adzung sol\u00adcher Web\u00adsei\u00adten erfol\u00adgen auf eigene Gefahr des Nut\u00adzers oder der Nutzerin.<\/p>\n<p>[\/et_pb_text][\/et_pb_column][\/et_pb_row][\/et_pb_section][et_pb_section bb_built=\u201c1\u201d admin_label=\u201csection\u201d custom_padding=\u201c14px||60px|\u201d custom_padding_last_edited=\u201con|desktop\u201d _builder_version=\u201c3.0.99\u201d][et_pb_row admin_label=\u201crow\u201d custom_padding=\u201c30px|50px|30px|50px\u201d custom_padding_phone=\u201d|25px||25px\u201d column_padding_mobile=\u201con\u201d custom_padding_last_edited=\u201con|tablet\u201d custom_margin_tablet=\u201c0px|||\u201d custom_margin_last_edited=\u201con|tablet\u201d custom_css_main_element=\u201cborder: 1px solid #eaeaea;\u201d background_position=\u201ctop_left\u201d background_repeat=\u201crepeat\u201d background_size=\u201cinitial\u201d][et_pb_column type=\u201c4_4\u201d][et_pb_text text_line_height_last_edited=\u201con|desktop\u201d header_line_height_last_edited=\u201con|desktop\u201d custom_margin_phone=\u201d|30px||30px\u201d background_layout=\u201clight\u201d text_orientation=\u201cleft\u201d use_border_color=\u201coff\u201d border_color=\u201d#ffffff\u201d border_style=\u201csolid\u201d background_position=\u201ctop_left\u201d background_repeat=\u201crepeat\u201d background_size=\u201cinitial\u201d _builder_version=\u201c3.0.99\u201d]<\/p>\n<h3>Urheberrechte<\/h3>\n<p>[\/et_pb_text][et_pb_text custom_margin_phone=\u201d|30px||30px\u201d background_layout=\u201clight\u201d text_orientation=\u201cleft\u201d use_border_color=\u201coff\u201d border_color=\u201d#ffffff\u201d border_style=\u201csolid\u201d background_position=\u201ctop_left\u201d background_repeat=\u201crepeat\u201d background_size=\u201cinitial\u201d]<\/p>\n<p style=\"text-align: justify;\">Die Urhe\u00adber- und alle ande\u00adren Rechte an Inhal\u00adten, Bil\u00addern, Fotos und ande\u00adren Dateien auf der Web\u00adsite geh\u00f6\u00adren aus\u00adschliess\u00adlich der Firma Velopa <span class=\"caps\">AG<\/span> oder den spe\u00adzi\u00adell genann\u00adten Rechts\u00adin\u00adha\u00adbern. F\u00fcr die Repro\u00adduk\u00adtion jeg\u00adli\u00adcher Ele\u00admente ist die schrift\u00adli\u00adche Zustim\u00admung der Urhe\u00adber\u00adrechts\u00adtr\u00e4\u00adger im Vor\u00adaus einzuholen.<\/p>\n<p>[\/et_pb_text][\/et_pb_column][\/et_pb_row][\/et_pb_section][et_pb_section bb_built=\u201c1\u201d admin_label=\u201csection\u201d custom_padding=\u201c60px|0px|60px|0px\u201d custom_padding_tablet=\u201c70px|||\u201d custom_padding_phone=\u201c14px||60px|\u201d module_id=\u201cow_fix_height_234\u201d custom_padding_last_edited=\u201con|desktop\u201d _builder_version=\u201c3.0.99\u201d custom_margin_phone=\u201c0px||0px|\u201d custom_margin_last_edited=\u201con|desktop\u201d global_module=\u201c6378\u201d][et_pb_row admin_label=\u201crow\u201d global_parent=\u201c6378\u201d custom_padding=\u201c0px|0px|0px|0px\u201d background_position=\u201ctop_left\u201d background_repeat=\u201crepeat\u201d background_size=\u201cinitial\u201d _builder_version=\u201c3.0.99\u201d custom_margin_phone=\u201c0px||0px|\u201d custom_margin_last_edited=\u201con|phone\u201d custom_padding_last_edited=\u201con|phone\u201d][et_pb_column type=\u201c1_4\u201d][et_pb_blurb global_parent=\u201c6378\u201d title=\u201d\u25ba L\u00f6sun\u00adgen\u201d image=\u201chttps:\/\/www.velopa.ch\/wp-content\/uploads\/2016\/12\/iconloesungen.png\u201d text_orientation=\u201ccenter\u201d module_class=\u201cow_clickable_box\u201d header_font_size=\u201c17px\u201d body_line_height=\u201c1em\u201d background_color=\u201d#eaeaea\u201d custom_padding=\u201c45px|25px|35px|25px\u201d custom_padding_tablet=\u201d||32px|\u201d custom_padding_last_edited=\u201con|tablet\u201d animation=\u201coff\u201d background_position=\u201ctop_left\u201d background_repeat=\u201crepeat\u201d background_size=\u201cinitial\u201d image_max_width=\u201c100%\u201d]<\/p>\n\n<p><a href=\"https:\/\/www.velopa.ch\/de\/loesungen\/\">link<\/a><\/p>\n<p>[\/et_pb_blurb][\/et_pb_column][et_pb_column type=\u201c1_4\u201d][et_pb_blurb global_parent=\u201c6378\u201d title=\u201d\u25ba Kon\u00adtakt\u201d image=\u201chttps:\/\/www.velopa.ch\/wp-content\/uploads\/2017\/04\/kontakt.png\u201d text_orientation=\u201ccenter\u201d module_class=\u201cow_clickable_box\u201d header_font_size=\u201c17px\u201d body_line_height=\u201c1em\u201d background_color=\u201d#eaeaea\u201d custom_padding=\u201c45px|25px|35px|25px\u201d custom_padding_tablet=\u201d||32px|\u201d custom_padding_last_edited=\u201con|phone\u201d animation=\u201coff\u201d background_position=\u201ctop_left\u201d background_repeat=\u201crepeat\u201d background_size=\u201cinitial\u201d image_max_width=\u201c100%\u201d]<\/p>\n<p class=\"et-fb-mce-line-break-holder\" style=\"text-align: center;\"><a href=\"https:\/\/www.velopa.ch\/de\/kontakt\/\">link<\/a><\/p>\n<p>[\/et_pb_blurb][\/et_pb_column][et_pb_column type=\u201c1_4\u201d][et_pb_blurb global_parent=\u201c6378\u201d title=\u201d\u25ba Pers. Bera\u00adtung\u201d image=\u201chttps:\/\/www.velopa.ch\/wp-content\/uploads\/2017\/04\/persoenliche-beratung.png\u201d text_orientation=\u201ccenter\u201d module_class=\u201cow_clickable_box\u201d header_font_size=\u201c17px\u201d body_line_height=\u201c1em\u201d background_color=\u201d#eaeaea\u201d custom_padding=\u201c45px|25px|35px|25px\u201d custom_padding_tablet=\u201d||32px|\u201d custom_padding_phone=\u201d||32px|\u201d custom_padding_last_edited=\u201con|phone\u201d animation=\u201coff\u201d background_position=\u201ctop_left\u201d background_repeat=\u201crepeat\u201d background_size=\u201cinitial\u201d image_max_width=\u201c100%\u201d]<\/p>\n<p class=\"et-fb-mce-line-break-holder\" style=\"text-align: center;\"><a href=\"https:\/\/www.velopa.ch\/de\/kontakt\/#persoenliche-beratung\">link<\/a><\/p>\n<p>[\/et_pb_blurb][\/et_pb_column][et_pb_column type=\u201c1_4\u201d][et_pb_blurb global_parent=\u201c6378\u201d title=\u201d\u25ba Kata\u00adlog\u201d image=\u201chttps:\/\/www.velopa.ch\/wp-content\/uploads\/2017\/04\/katalog.png\u201d text_orientation=\u201ccenter\u201d module_class=\u201cow_clickable_box\u201d header_font_size=\u201c17px\u201d body_line_height=\u201c1em\u201d background_color=\u201d#eaeaea\u201d custom_padding=\u201c45px|25px|35px|25px\u201d custom_padding_tablet=\u201d||32px|\u201d custom_padding_last_edited=\u201con|phone\u201d animation=\u201coff\u201d url_new_window=\u201coff\u201d use_icon=\u201coff\u201d icon_color=\u201d#514f4f\u201d use_circle=\u201coff\u201d circle_color=\u201d#514f4f\u201d use_circle_border=\u201coff\u201d circle_border_color=\u201d#514f4f\u201d icon_placement=\u201ctop\u201d use_icon_font_size=\u201coff\u201d background_layout=\u201clight\u201d use_border_color=\u201coff\u201d border_color=\u201d#ffffff\u201d border_style=\u201csolid\u201d background_position=\u201ctop_left\u201d background_repeat=\u201crepeat\u201d background_size=\u201cinitial\u201d image_max_width=\u201c100%\u201d]<\/p>\n<p class=\"et-fb-mce-line-break-holder\" style=\"text-align: center;\"><a href=\"https:\/\/www.velopa.ch\/de\/kataloge\/\">link<\/a><\/p>\n<p class=\"et-fb-mce-line-break-holder\" style=\"text-align: center;\"><\/p>\n<p>[\/et_pb_blurb][\/et_pb_column][\/et_pb_row][\/et_pb_section]<\/p>\n","protected":false},"excerpt":{"rendered":"<p>Impres\u00adsum Han\u00addels\u00adre\u00adgis\u00adter\u00adein\u00adtrag Ein\u00adge\u00adtra\u00adge\u00adner Fir\u00admen\u00adzweck: Fabri\u00adka\u00adtion, Ver\u00adtrieb und Ver\u00adwer\u00adtung der VELOPA-Par\u00adkie\u00adrungs\u00adein\u00adrich\u00adtun\u00adgen f\u00fcr Fahr\u00adr\u00e4\u00adder, Motos und Autos, Absperr\u00adpfos\u00adten f\u00fcr Park\u00adpl\u00e4tze, Hof\u00adein\u00adfahr\u00adten, Gara\u00adgen\u00advor\u00adpl\u00e4tze, Stras\u00adsen, Wege usw. sowie ver\u00adwand\u00adter Pro\u00addukte; Betei\u00adli\u00adgung an sowie Erwerb und Ver\u00ad\u00e4us\u00adse\u00adrung von Paten\u00adten, Lizen\u00adzen und ande\u00adren Rech\u00adten des gewerb\u00adli\u00adchen Eigen\u00adtums; kann sich an ande\u00adren Unter\u00adneh\u00admun\u00adgen betei\u00adli\u00adgen sowie Grund\u00adst\u00fc\u00adcke erwer\u00adben, hal\u00adten und ver\u00ad\u00e4us\u00adsern. Num\u00admer: <span class=\"caps\">CH<\/span>\u2013\u200b020.3.927.636\u20130 [\u2026]<\/p>\n","protected":false},"author":2,"featured_media":0,"parent":0,"menu_order":0,"comment_status":"closed","ping_status":"closed","template":"","meta":{"_acf_changed":false,"_et_pb_use_builder":"on","_et_pb_old_content":"","_et_gb_content_width":"","wp_typography_post_enhancements_disabled":false,"footnotes":""},"class_list":["post-20337","page","type-page","status-publish","hentry"],"acf":[],"yoast_head":"<!-- This site is optimized with the Yoast SEO plugin v27.2 - https:\/\/yoast.com\/product\/yoast-seo-wordpress\/ -->\n<title>Impressum - Velopa Schweiz<\/title>\n<meta name=\"robots\" content=\"index, follow, max-snippet:-1, max-image-preview:large, max-video-preview:-1\" \/>\n<link rel=\"canonical\" href=\"https:\/\/www.velopa.ch\/de\/impressum\/\" \/>\n<meta property=\"og:locale\" content=\"de_DE\" \/>\n<meta property=\"og:type\" content=\"article\" \/>\n<meta property=\"og:title\" content=\"Impressum - Velopa Schweiz\" \/>\n<meta property=\"og:description\" content=\"Impressum Handelsregistereintrag Eingetragener Firmenzweck: Fabrikation, Vertrieb und Verwertung der VELOPA-Parkierungseinrichtungen f\u00fcr Fahrr\u00e4der, Motos und Autos, Absperrpfosten f\u00fcr Parkpl\u00e4tze, Hofeinfahrten, Garagenvorpl\u00e4tze, Strassen, Wege usw. sowie verwandter Produkte; Beteiligung an sowie Erwerb und Ver\u00e4usserung von Patenten, Lizenzen und anderen Rechten des gewerblichen Eigentums; kann sich an anderen Unternehmungen beteiligen sowie Grundst\u00fccke erwerben, halten und ver\u00e4ussern. Nummer: CH\u2013\u200b020.3.927.636\u20130 [&hellip;]\" \/>\n<meta property=\"og:url\" content=\"https:\/\/www.velopa.ch\/de\/impressum\/\" \/>\n<meta property=\"og:site_name\" content=\"Velopa Schweiz\" \/>\n<meta property=\"article:modified_time\" content=\"2018-05-17T08:59:41+00:00\" \/>\n<meta name=\"twitter:card\" content=\"summary_large_image\" \/>\n<meta name=\"twitter:label1\" content=\"Gesch\u00e4tzte Lesezeit\" \/>\n\t<meta name=\"twitter:data1\" content=\"8\u00a0Minuten\" \/>\n<script type=\"application\/ld+json\" class=\"yoast-schema-graph\">{\"@context\":\"https:\/\/schema.org\",\"@graph\":[{\"@type\":\"WebPage\",\"@id\":\"https:\/\/www.velopa.ch\/de\/impressum\/\",\"url\":\"https:\/\/www.velopa.ch\/de\/impressum\/\",\"name\":\"Impressum - Velopa Schweiz\",\"isPartOf\":{\"@id\":\"https:\/\/www.velopa.ch\/de\/#website\"},\"datePublished\":\"2017-07-21T09:51:08+00:00\",\"dateModified\":\"2018-05-17T08:59:41+00:00\",\"breadcrumb\":{\"@id\":\"https:\/\/www.velopa.ch\/de\/impressum\/#breadcrumb\"},\"inLanguage\":\"de\",\"potentialAction\":[{\"@type\":\"ReadAction\",\"target\":[\"https:\/\/www.velopa.ch\/de\/impressum\/\"]}]},{\"@type\":\"BreadcrumbList\",\"@id\":\"https:\/\/www.velopa.ch\/de\/impressum\/#breadcrumb\",\"itemListElement\":[{\"@type\":\"ListItem\",\"position\":1,\"name\":\"Home\",\"item\":\"https:\/\/www.velopa.ch\/de\/\"},{\"@type\":\"ListItem\",\"position\":2,\"name\":\"Impres\u00adsum\"}]},{\"@type\":\"WebSite\",\"@id\":\"https:\/\/www.velopa.ch\/de\/#website\",\"url\":\"https:\/\/www.velopa.ch\/de\/\",\"name\":\"Velopa Schweiz\",\"description\":\"Professionelle Veloparkier- , \u00dcberdachungs- und Absperrsysteme\",\"potentialAction\":[{\"@type\":\"SearchAction\",\"target\":{\"@type\":\"EntryPoint\",\"urlTemplate\":\"https:\/\/www.velopa.ch\/de\/?s={search_term_string}\"},\"query-input\":{\"@type\":\"PropertyValueSpecification\",\"valueRequired\":true,\"valueName\":\"search_term_string\"}}],\"inLanguage\":\"de\"}]}<\/script>\n<!-- \/ Yoast SEO plugin. -->","yoast_head_json":{"title":"Impressum - Velopa Schweiz","robots":{"index":"index","follow":"follow","max-snippet":"max-snippet:-1","max-image-preview":"max-image-preview:large","max-video-preview":"max-video-preview:-1"},"canonical":"https:\/\/www.velopa.ch\/de\/impressum\/","og_locale":"de_DE","og_type":"article","og_title":"Impressum - Velopa Schweiz","og_description":"Impressum Handelsregistereintrag Eingetragener Firmenzweck: Fabrikation, Vertrieb und Verwertung der VELOPA-Parkierungseinrichtungen f\u00fcr Fahrr\u00e4der, Motos und Autos, Absperrpfosten f\u00fcr Parkpl\u00e4tze, Hofeinfahrten, Garagenvorpl\u00e4tze, Strassen, Wege usw. sowie verwandter Produkte; Beteiligung an sowie Erwerb und Ver\u00e4usserung von Patenten, Lizenzen und anderen Rechten des gewerblichen Eigentums; kann sich an anderen Unternehmungen beteiligen sowie Grundst\u00fccke erwerben, halten und ver\u00e4ussern. Nummer: CH\u2013\u200b020.3.927.636\u20130 [&hellip;]","og_url":"https:\/\/www.velopa.ch\/de\/impressum\/","og_site_name":"Velopa Schweiz","article_modified_time":"2018-05-17T08:59:41+00:00","twitter_card":"summary_large_image","twitter_misc":{"Gesch\u00e4tzte Lesezeit":"8\u00a0Minuten"},"schema":{"@context":"https:\/\/schema.org","@graph":[{"@type":"WebPage","@id":"https:\/\/www.velopa.ch\/de\/impressum\/","url":"https:\/\/www.velopa.ch\/de\/impressum\/","name":"Impressum - Velopa Schweiz","isPartOf":{"@id":"https:\/\/www.velopa.ch\/de\/#website"},"datePublished":"2017-07-21T09:51:08+00:00","dateModified":"2018-05-17T08:59:41+00:00","breadcrumb":{"@id":"https:\/\/www.velopa.ch\/de\/impressum\/#breadcrumb"},"inLanguage":"de","potentialAction":[{"@type":"ReadAction","target":["https:\/\/www.velopa.ch\/de\/impressum\/"]}]},{"@type":"BreadcrumbList","@id":"https:\/\/www.velopa.ch\/de\/impressum\/#breadcrumb","itemListElement":[{"@type":"ListItem","position":1,"name":"Home","item":"https:\/\/www.velopa.ch\/de\/"},{"@type":"ListItem","position":2,"name":"Impres\u00adsum"}]},{"@type":"WebSite","@id":"https:\/\/www.velopa.ch\/de\/#website","url":"https:\/\/www.velopa.ch\/de\/","name":"Velopa Schweiz","description":"Professionelle Veloparkier- , \u00dcberdachungs- und Absperrsysteme","potentialAction":[{"@type":"SearchAction","target":{"@type":"EntryPoint","urlTemplate":"https:\/\/www.velopa.ch\/de\/?s={search_term_string}"},"query-input":{"@type":"PropertyValueSpecification","valueRequired":true,"valueName":"search_term_string"}}],"inLanguage":"de"}]}},"_links":{"self":[{"href":"https:\/\/www.velopa.ch\/de\/wp-json\/wp\/v2\/pages\/20337","targetHints":{"allow":["GET"]}}],"collection":[{"href":"https:\/\/www.velopa.ch\/de\/wp-json\/wp\/v2\/pages"}],"about":[{"href":"https:\/\/www.velopa.ch\/de\/wp-json\/wp\/v2\/types\/page"}],"author":[{"embeddable":true,"href":"https:\/\/www.velopa.ch\/de\/wp-json\/wp\/v2\/users\/2"}],"replies":[{"embeddable":true,"href":"https:\/\/www.velopa.ch\/de\/wp-json\/wp\/v2\/comments?post=20337"}],"version-history":[{"count":0,"href":"https:\/\/www.velopa.ch\/de\/wp-json\/wp\/v2\/pages\/20337\/revisions"}],"wp:attachment":[{"href":"https:\/\/www.velopa.ch\/de\/wp-json\/wp\/v2\/media?parent=20337"}],"curies":[{"name":"wp","href":"https:\/\/api.w.org\/{rel}","templated":true}]}}